{"id":5259,"date":"2018-03-22T16:39:57","date_gmt":"2018-03-22T16:39:57","guid":{"rendered":"https:\/\/entrepueblos.org\/pagina-ejemplo\/"},"modified":"2024-06-11T09:13:52","modified_gmt":"2024-06-11T09:13:52","slug":"pagina-ejemplo","status":"publish","type":"page","link":"https:\/\/www.entrepobles.org\/repositoriweb\/","title":{"rendered":"INICI"},"content":{"rendered":"<div id='full_slider_1'  class='avia-fullwidth-slider main_color avia-shadow  av-small-hide av-mini-hide  avia-builder-el-0  el_before_av_slideshow_full  avia-builder-el-first  sliderhome  container_wrap sidebar_right' style=' '  ><div   data-size='featured'  data-lightbox_size='large'  data-animation='slide'  data-conditional_play=''  data-ids='35173,35234,35183,35226,35197,35212'  data-video_counter='0'  data-autoplay='true'  data-bg_slider='false'  data-slide_height=''  data-handle='av_slideshow_full'  data-interval='7'  data-class=' '  data-el_id=''  data-css_id=''  data-scroll_down=''  data-control_layout='av-control-hidden'  data-custom_markup=''  data-perma_caption=''  data-autoplay_stopper=''  data-image_attachment=''  data-min_height='450px'  data-lazy_loading='disabled'  data-src=''  data-position='top left'  data-repeat='no-repeat'  data-attach='scroll'  data-stretch=''  data-default-height='28.666666666667'  class='avia-slideshow avia-slideshow-1  av-control-hidden av-default-height-applied avia-slideshow-featured av_slideshow_full   avia-slide-slider '  itemprop=\"image\" itemscope=\"itemscope\" itemtype=\"https:\/\/schema.org\/ImageObject\" ><ul class='avia-slideshow-inner ' style='padding-bottom: 28.666666666667%;' ><li  class=' slide-1 ' ><a href='https:\/\/www.entrepobles.org\/qui-som\/' target=\"_blank\" rel=\"noopener noreferrer\" data-rel='slideshow-1' class='avia-slide-wrap '><div class = \"caption_fullwidth av-slideshow-caption caption_center\"><div class = \"container caption_container\"><div class = \"slideshow_caption\"><div class = \"slideshow_inner_caption\"><div class = \"slideshow_align_caption\"><h2  style='font-size:48px; ' class='avia-caption-title  '  itemprop=\"name\" >TEIXIM SOLIDARITAT POBLE A POBLE EN AM\u00c8RICA LLATINA<\/h2><\/div><\/div><\/div><\/div><\/div><img decoding=\"async\" class=\"wp-image-35173 avia-img-lazy-loading-not-35173\"  src=\"https:\/\/www.entrepobles.org\/repositoriweb\/wp-content\/uploads\/2023\/05\/Asamblea2023-32-1500x430.jpg\" width=\"1500\" height=\"430\" title='Asamblea2023-32' alt=''  itemprop=\"thumbnailUrl\"  style='min-height:450px; min-width:1570px; ' \/><div class='av-section-color-overlay' style='opacity: 0.4; background-color: #000000; '><\/div><\/a><\/li><li  class=' slide-2 ' ><a href='https:\/\/www.entrepobles.org\/qui-som\/el-nostre-enfocament\/' target=\"_blank\" rel=\"noopener noreferrer\" data-rel='slideshow-1' class='avia-slide-wrap '><div class = \"caption_fullwidth av-slideshow-caption caption_center\"><div class = \"container caption_container\"><div class = \"slideshow_caption\"><div class = \"slideshow_inner_caption\"><div class = \"slideshow_align_caption\"><h2  class='avia-caption-title  '  itemprop=\"name\" >CONSTRU\u00cfM ALTERNATIVES CR\u00cdTIQUES AL MODEL NEOLIBERAL<\/h2><\/div><\/div><\/div><\/div><\/div><img decoding=\"async\" class=\"wp-image-35234 avia-img-lazy-loading-not-35234\"  src=\"https:\/\/www.entrepobles.org\/repositoriweb\/wp-content\/uploads\/2023\/05\/defensoras-peru-1500x430.png\" width=\"1500\" height=\"430\" title='defensoras peru' alt=''  itemprop=\"thumbnailUrl\"  style='min-height:450px; min-width:1570px; ' \/><div class='av-section-color-overlay' style='opacity: 0.4; background-color: #000000; '><\/div><\/a><\/li><li  class=' slide-3 ' ><a href='https:\/\/www.entrepobles.org\/repositoriweb\/com-pots-participar\/' target=\"_blank\"  rel=\"noopener noreferrer\" data-rel='slideshow-1' class='avia-slide-wrap '   ><div class = \"caption_fullwidth av-slideshow-caption caption_center\"><div class = \"container caption_container\"><div class = \"slideshow_caption\"><div class = \"slideshow_inner_caption\"><div class = \"slideshow_align_caption\"><h2  class='avia-caption-title  '  itemprop=\"name\" >ESCULL LA TEVA APORTACI\u00d3 O FES UN DONATIU!<\/h2><\/div><\/div><\/div><\/div><\/div><img decoding=\"async\" class=\"wp-image-35183 avia-img-lazy-loading-not-35183\"  src=\"https:\/\/www.entrepobles.org\/repositoriweb\/wp-content\/uploads\/2023\/05\/Asamblea2023-281-1500x430.jpg\" width=\"1500\" height=\"430\" title='Asamblea2023-281' alt=''  itemprop=\"thumbnailUrl\"  style='min-height:450px; min-width:1570px; ' \/><div class='av-section-color-overlay' style='opacity: 0.4; background-color: #000000; '><\/div><\/a><\/li><li  class=' slide-4 ' ><a href='https:\/\/www.entrepobles.org\/repositoriweb\/cooperacio-solidaria\/' target=\"_blank\"  rel=\"noopener noreferrer\" data-rel='slideshow-1' class='avia-slide-wrap '   ><div class = \"caption_fullwidth av-slideshow-caption caption_center\"><div class = \"container caption_container\"><div class = \"slideshow_caption\"><div class = \"slideshow_inner_caption\"><div class = \"slideshow_align_caption\"><h2  class='avia-caption-title  '  itemprop=\"name\" >CONEIX ELS NOSTRES PROJECTES DE COOPERACI\u00d3 SOLID\u00c0RIA<\/h2><\/div><\/div><\/div><\/div><\/div><img decoding=\"async\" class=\"wp-image-35226 avia-img-lazy-loading-not-35226\"  src=\"https:\/\/www.entrepobles.org\/repositoriweb\/wp-content\/uploads\/2023\/05\/FuGxNfWX0AgEFUs-1500x430.jpg\" width=\"1500\" height=\"430\" title='FuGxNfWX0AgEFUs' alt=''  itemprop=\"thumbnailUrl\"  style='min-height:450px; min-width:1570px; ' \/><div class='av-section-color-overlay' style='opacity: 0.4; background-color: #000000; '><\/div><\/a><\/li><li  class=' slide-5 ' ><a href='https:\/\/www.entrepobles.org\/repositoriweb\/publicacions\/' target=\"_blank\"  rel=\"noopener noreferrer\" data-rel='slideshow-1' class='avia-slide-wrap '   ><div class = \"caption_fullwidth av-slideshow-caption caption_center\"><div class = \"container caption_container\"><div class = \"slideshow_caption\"><div class = \"slideshow_inner_caption\"><div class = \"slideshow_align_caption\"><h2  class='avia-caption-title  '  itemprop=\"name\" >CONSULTA I DESCARREGA\u2019T LES NOSTRES PUBLICACIONS<\/h2><\/div><\/div><\/div><\/div><\/div><img decoding=\"async\" class=\"wp-image-35197 avia-img-lazy-loading-not-35197\"  src=\"https:\/\/www.entrepobles.org\/repositoriweb\/wp-content\/uploads\/2023\/05\/Green-and-Brown-Scrapbook-Before-the-Wedding-Slideshow-1500x430.jpg\" width=\"1500\" height=\"430\" title='Green and Brown Scrapbook Before the Wedding Slideshow' alt=''  itemprop=\"thumbnailUrl\"  style='min-height:450px; min-width:1570px; ' \/><div class='av-section-color-overlay' style='opacity: 0.4; background-color: #000000; '><\/div><\/a><\/li><li  class=' slide-6 ' ><a href='https:\/\/www.entrepobles.org\/eventos\/' target=\"_blank\" rel=\"noopener noreferrer\" data-rel='slideshow-1' class='avia-slide-wrap '><div class = \"caption_fullwidth av-slideshow-caption caption_center\"><div class = \"container caption_container\"><div class = \"slideshow_caption\"><div class = \"slideshow_inner_caption\"><div class = \"slideshow_align_caption\"><h2  class='avia-caption-title  '  itemprop=\"name\" >EXPLORA LA NOSTRA AGENDA, I ACTUA!<\/h2><\/div><\/div><\/div><\/div><\/div><img decoding=\"async\" class=\"wp-image-35212 avia-img-lazy-loading-not-35212\"  src=\"https:\/\/www.entrepobles.org\/repositoriweb\/wp-content\/uploads\/2023\/05\/activistas-1500x430.jpg\" width=\"1500\" height=\"430\" title='activistas' alt=''  itemprop=\"thumbnailUrl\"  style='min-height:450px; min-width:1570px; ' \/><div class='av-section-color-overlay' style='opacity: 0.4; background-color: #000000; '><\/div><\/a><\/li><\/ul><div class='avia-slideshow-arrows avia-slideshow-controls'><a href='#prev' class='prev-slide' aria-hidden='true' data-av_icon='\ue87c' data-av_iconfont='entypo-fontello'>Anterior<\/a><a href='#next' class='next-slide' aria-hidden='true' data-av_icon='\ue87d' data-av_iconfont='entypo-fontello'>Seg\u00fcent<\/a><\/div><div class='avia-slideshow-dots avia-slideshow-controls'><a href='#1' class='goto-slide active' >1<\/a><a href='#2' class='goto-slide ' >2<\/a><a href='#3' class='goto-slide ' >3<\/a><a href='#4' class='goto-slide ' >4<\/a><a href='#5' class='goto-slide ' >5<\/a><a href='#6' class='goto-slide ' >6<\/a><\/div><\/div><\/div>\n<div id='full_slider_2'  class='avia-fullwidth-slider main_color avia-shadow  av-desktop-hide av-medium-hide  avia-builder-el-1  el_after_av_slideshow_full  el_before_av_two_third  sliderhome-mobile  slider-not-first container_wrap sidebar_right' style=' '  ><div   data-size='featured'  data-lightbox_size='large'  data-animation='slide'  data-conditional_play=''  data-ids='35173,35234,35183,35226,35230,35212'  data-video_counter='0'  data-autoplay='true'  data-bg_slider='false'  data-slide_height=''  data-handle='av_slideshow_full'  data-interval='7'  data-class=' '  data-el_id=''  data-css_id=''  data-scroll_down=''  data-control_layout='av-control-hidden'  data-custom_markup=''  data-perma_caption=''  data-autoplay_stopper=''  data-image_attachment=''  data-min_height='600px'  data-lazy_loading='disabled'  data-src=''  data-position='top left'  data-repeat='no-repeat'  data-attach='scroll'  data-stretch=''  data-default-height='28.666666666667'  class='avia-slideshow avia-slideshow-2  av-control-hidden av-default-height-applied avia-slideshow-featured av_slideshow_full   avia-slide-slider '  itemprop=\"image\" itemscope=\"itemscope\" itemtype=\"https:\/\/schema.org\/ImageObject\" ><ul class='avia-slideshow-inner ' style='padding-bottom: 28.666666666667%;' ><li  class=' slide-1 ' ><a href='https:\/\/www.entrepobles.org\/qui-som\/' target=\"_blank\" rel=\"noopener noreferrer\" data-rel='slideshow-2' class='avia-slide-wrap '><div class = \"caption_fullwidth av-slideshow-caption caption_center\"><div class = \"container caption_container\"><div class = \"slideshow_caption\"><div class = \"slideshow_inner_caption\"><div class = \"slideshow_align_caption\"><h2  class='avia-caption-title  '  itemprop=\"name\" >TEIXIM SOLIDARITAT POBLE A POBLE EN AM\u00c8RICA LLATINA<\/h2><\/div><\/div><\/div><\/div><\/div><img decoding=\"async\" class=\"wp-image-35173 avia-img-lazy-loading-not-35173\"  src=\"https:\/\/www.entrepobles.org\/repositoriweb\/wp-content\/uploads\/2023\/05\/Asamblea2023-32-1500x430.jpg\" width=\"1500\" height=\"430\" title='Asamblea2023-32' alt=''  itemprop=\"thumbnailUrl\"  style='min-height:600px; min-width:2094px; ' \/><div class='av-section-color-overlay' style='opacity: 0.4; background-color: #000000; '><\/div><\/a><\/li><li  class=' slide-2 ' ><a href='https:\/\/www.entrepobles.org\/qui-som\/el-nostre-enfocament\/' target=\"_blank\" rel=\"noopener noreferrer\" data-rel='slideshow-2' class='avia-slide-wrap '><div class = \"caption_fullwidth av-slideshow-caption caption_center\"><div class = \"container caption_container\"><div class = \"slideshow_caption\"><div class = \"slideshow_inner_caption\"><div class = \"slideshow_align_caption\"><h2  class='avia-caption-title  '  itemprop=\"name\" >CONSTRU\u00cfM ALTERNATIVES CR\u00cdTIQUES AL MODEL NEOLIBERAL<\/h2><\/div><\/div><\/div><\/div><\/div><img decoding=\"async\" class=\"wp-image-35234 avia-img-lazy-loading-not-35234\"  src=\"https:\/\/www.entrepobles.org\/repositoriweb\/wp-content\/uploads\/2023\/05\/defensoras-peru-1500x430.png\" width=\"1500\" height=\"430\" title='defensoras peru' alt=''  itemprop=\"thumbnailUrl\"  style='min-height:600px; min-width:2094px; ' \/><div class='av-section-color-overlay' style='opacity: 0.4; background-color: #000000; '><\/div><\/a><\/li><li  class=' slide-3 ' ><a href='https:\/\/www.entrepobles.org\/repositoriweb\/com-pots-participar\/' target=\"_blank\"  rel=\"noopener noreferrer\" data-rel='slideshow-2' class='avia-slide-wrap '   ><div class = \"caption_fullwidth av-slideshow-caption caption_center\"><div class = \"container caption_container\"><div class = \"slideshow_caption\"><div class = \"slideshow_inner_caption\"><div class = \"slideshow_align_caption\"><h2  class='avia-caption-title  '  itemprop=\"name\" >ESCULL LA TEVA APORTACI\u00d3 O FES UN DONATIU!<\/h2><\/div><\/div><\/div><\/div><\/div><img decoding=\"async\" class=\"wp-image-35183 avia-img-lazy-loading-not-35183\"  src=\"https:\/\/www.entrepobles.org\/repositoriweb\/wp-content\/uploads\/2023\/05\/Asamblea2023-281-1500x430.jpg\" width=\"1500\" height=\"430\" title='Asamblea2023-281' alt=''  itemprop=\"thumbnailUrl\"  style='min-height:600px; min-width:2094px; ' \/><div class='av-section-color-overlay' style='opacity: 0.4; background-color: #000000; '><\/div><\/a><\/li><li  class=' slide-4 ' ><a href='https:\/\/www.entrepobles.org\/repositoriweb\/cooperacio-solidaria\/' data-rel='slideshow-2' class='avia-slide-wrap '   ><div class = \"caption_fullwidth av-slideshow-caption caption_center\"><div class = \"container caption_container\"><div class = \"slideshow_caption\"><div class = \"slideshow_inner_caption\"><div class = \"slideshow_align_caption\"><h2  class='avia-caption-title  '  itemprop=\"name\" >CONEIX ELS NOSTRES PROJECTES DE COOPERACI\u00d3 SOLID\u00c0RIA<\/h2><\/div><\/div><\/div><\/div><\/div><img decoding=\"async\" class=\"wp-image-35226 avia-img-lazy-loading-not-35226\"  src=\"https:\/\/www.entrepobles.org\/repositoriweb\/wp-content\/uploads\/2023\/05\/FuGxNfWX0AgEFUs-1500x430.jpg\" width=\"1500\" height=\"430\" title='FuGxNfWX0AgEFUs' alt=''  itemprop=\"thumbnailUrl\"  style='min-height:600px; min-width:2094px; ' \/><div class='av-section-color-overlay' style='opacity: 0.4; background-color: #000000; '><\/div><\/a><\/li><li  class=' slide-5 ' ><a href='https:\/\/www.entrepobles.org\/repositoriweb\/publicacions\/' data-rel='slideshow-2' class='avia-slide-wrap '   ><div class = \"caption_fullwidth av-slideshow-caption caption_center\"><div class = \"container caption_container\"><div class = \"slideshow_caption\"><div class = \"slideshow_inner_caption\"><div class = \"slideshow_align_caption\"><h2  class='avia-caption-title  '  itemprop=\"name\" >CONSULTA I DESCARREGA\u2019T LES NOSTRES PUBLICACIONS<\/h2><\/div><\/div><\/div><\/div><\/div><img decoding=\"async\" class=\"wp-image-35230 avia-img-lazy-loading-not-35230\"  src=\"https:\/\/www.entrepobles.org\/repositoriweb\/wp-content\/uploads\/2023\/05\/publicacions-1500x430.jpg\" width=\"1500\" height=\"430\" title='Green and Brown Scrapbook Before the Wedding Slideshow - 1' alt=''  itemprop=\"thumbnailUrl\"  style='min-height:600px; min-width:2094px; ' \/><div class='av-section-color-overlay' style='opacity: 0.4; background-color: #000000; '><\/div><\/a><\/li><li  class=' slide-6 ' ><a href='https:\/\/www.entrepobles.org\/repositoriweb\/com-pots-participar\/' data-rel='slideshow-2' class='avia-slide-wrap '   ><div class = \"caption_fullwidth av-slideshow-caption caption_center\"><div class = \"container caption_container\"><div class = \"slideshow_caption\"><div class = \"slideshow_inner_caption\"><div class = \"slideshow_align_caption\"><h2  class='avia-caption-title  '  itemprop=\"name\" >EXPLORA LA NOSTRA AGENDA, I ACTUA!<\/h2><\/div><\/div><\/div><\/div><\/div><img decoding=\"async\" class=\"wp-image-35212 avia-img-lazy-loading-not-35212\"  src=\"https:\/\/www.entrepobles.org\/repositoriweb\/wp-content\/uploads\/2023\/05\/activistas-1500x430.jpg\" width=\"1500\" height=\"430\" title='activistas' alt=''  itemprop=\"thumbnailUrl\"  style='min-height:600px; min-width:2094px; ' \/><div class='av-section-color-overlay' style='opacity: 0.4; background-color: #000000; '><\/div><\/a><\/li><\/ul><div class='avia-slideshow-arrows avia-slideshow-controls'><a href='#prev' class='prev-slide' aria-hidden='true' data-av_icon='\ue87c' data-av_iconfont='entypo-fontello'>Anterior<\/a><a href='#next' class='next-slide' aria-hidden='true' data-av_icon='\ue87d' data-av_iconfont='entypo-fontello'>Seg\u00fcent<\/a><\/div><div class='avia-slideshow-dots avia-slideshow-controls'><a href='#1' class='goto-slide active' >1<\/a><a href='#2' class='goto-slide ' >2<\/a><a href='#3' class='goto-slide ' >3<\/a><a href='#4' class='goto-slide ' >4<\/a><a href='#5' class='goto-slide ' >5<\/a><a href='#6' class='goto-slide ' >6<\/a><\/div><\/div><\/div><div id='after_full_slider_2'  class='main_color av_default_container_wrap container_wrap sidebar_right' style=' '  ><div class='container' ><div class='template-page content  av-content-small alpha units'><div class='post-entry post-entry-type-page post-entry-5259'><div class='entry-content-wrapper clearfix'>\n<div class=\"flex_column av_two_third  flex_column_div av-zero-column-padding first  avia-builder-el-2  el_after_av_slideshow_full  el_before_av_one_third  avia-builder-el-first  \" style='border-radius:0px; '><p><div  style='padding-bottom:25px; ' class='av-special-heading av-special-heading-h3  blockquote modern-quote modern-centered  avia-builder-el-3  el_before_av_blog  avia-builder-el-first  titletext titlehome '><h3 class='av-special-heading-tag '  itemprop=\"headline\"  ><a href=\"https:\/\/www.entrepobles.org\/noticies\/\" target=\"_blank\" rel=\"noopener\">NOTICIES<\/a><\/h3><div class='special-heading-border'><div class='special-heading-inner-border' ><\/div><\/div><\/div><br \/>\n<div  data-autoplay=''  data-interval='5'  data-animation='fade'  data-show_slide_delay='90'  class='avia-content-slider avia-content-grid-active avia-content-slider1 avia-content-slider-even  avia-builder-el-4  el_after_av_heading  avia-builder-el-last  news-home '  itemscope=\"itemscope\" itemtype=\"https:\/\/schema.org\/Blog\" ><div class='avia-content-slider-inner'><div class='slide-entry-wrap'><article class='slide-entry flex_column  post-entry post-entry-43498 slide-entry-overview slide-loop-1 slide-parity-odd  av_one_half first real-thumbnail'  itemscope=\"itemscope\" itemtype=\"https:\/\/schema.org\/CreativeWork\" ><a href='https:\/\/www.entrepobles.org\/repositoriweb\/news\/gracias-chon-por-este-caminar-compartido-la-verdadera-grandeza-no-hace-ruido-solo-deja-huella\/' data-rel='slide-1' class='slide-image' title=''><img loading=\"lazy\" decoding=\"async\" width=\"440\" height=\"250\" src=\"https:\/\/www.entrepobles.org\/repositoriweb\/wp-content\/uploads\/2025\/08\/photo_2025-08-05-16.46.52-440x250.jpeg\" class=\"wp-image-43494 avia-img-lazy-loading-43494 attachment-noticia size-noticia wp-post-image\" alt=\"\" \/><\/a><div class='slide-content'><header class=\"entry-content-header\"><h3 class='slide-entry-title entry-title'  itemprop=\"headline\" ><a href='https:\/\/www.entrepobles.org\/repositoriweb\/news\/gracias-chon-por-este-caminar-compartido-la-verdadera-grandeza-no-hace-ruido-solo-deja-huella\/' title='Gracias Chon por este caminar compartido: La verdadera grandeza no hace ruido, s\u00f3lo deja huella.'>Gracias Chon por este caminar compartido: La verdadera grandeza no hace ruido, s\u00f3lo deja huella.<\/a><\/h3><span class=\"av-vertical-delimiter\"><\/span><\/header><div class='slide-meta'><time class='slide-meta-time updated'  itemprop=\"datePublished\" datetime=\"2025-08-05T14:49:47+00:00\" >5 agost, 2025<\/time><\/div><div class='slide-entry-excerpt entry-content'  itemprop=\"text\" >El 3 de agosto nos ha dejado nuestra compa\u00f1era y amiga, Ascensi\u00f3n Redondo, Chon, que nos ha acompa\u00f1ado desde la creaci\u00f3n de Entrepueblos \u2013 Entrepobles\u2026<div class=\"read-more-link\"><a href=\"https:\/\/www.entrepobles.org\/repositoriweb\/news\/gracias-chon-por-este-caminar-compartido-la-verdadera-grandeza-no-hace-ruido-solo-deja-huella\/\" class=\"more-link\">Llegir m\u00e9s<span class=\"more-link-arrow\"><\/span><\/a><\/div><\/div><\/div><footer class=\"entry-footer\"><\/footer><span class='hidden'>\n\t\t\t\t<span class='av-structured-data'  itemprop=\"image\" itemscope=\"itemscope\" itemtype=\"https:\/\/schema.org\/ImageObject\" >\n\t\t\t\t\t\t<span itemprop='url'>https:\/\/www.entrepobles.org\/repositoriweb\/wp-content\/uploads\/2025\/08\/photo_2025-08-05-16.46.52.jpeg<\/span>\n\t\t\t\t\t\t<span itemprop='height'>424<\/span>\n\t\t\t\t\t\t<span itemprop='width'>445<\/span>\n\t\t\t\t<\/span>\n\t\t\t\t<span class='av-structured-data'  itemprop=\"publisher\" itemtype=\"https:\/\/schema.org\/Organization\" itemscope=\"itemscope\" >\n\t\t\t\t\t\t<span itemprop='name'>Edita<\/span>\n\t\t\t\t\t\t<span itemprop='logo' itemscope itemtype='https:\/\/schema.org\/ImageObject'>\n\t\t\t\t\t\t\t<span itemprop='url'>https:\/\/entrepueblos.org\/wp-content\/uploads\/2018\/04\/Logo-entrepueblos-white156x136.png<\/span>\n\t\t\t\t\t\t <\/span>\n\t\t\t\t<\/span><span class='av-structured-data'  itemprop=\"author\" itemscope=\"itemscope\" itemtype=\"https:\/\/schema.org\/Person\" ><span itemprop='name'>Edita<\/span><\/span><span class='av-structured-data'  itemprop=\"datePublished\" datetime=\"2025-03-30T07:00:14+00:00\" >2025-08-05 14:49:47<\/span><span class='av-structured-data'  itemprop=\"dateModified\" itemtype=\"https:\/\/schema.org\/dateModified\" >2025-08-06 05:18:37<\/span><span class='av-structured-data'  itemprop=\"mainEntityOfPage\" itemtype=\"https:\/\/schema.org\/mainEntityOfPage\" ><span itemprop='name'>Gracias Chon por este caminar compartido: La verdadera grandeza no hace ruido, s\u00f3lo deja huella.<\/span><\/span><\/span><\/article><article class='slide-entry flex_column  post-entry post-entry-43158 slide-entry-overview slide-loop-2 slide-parity-even  av_one_half  real-thumbnail'  itemscope=\"itemscope\" itemtype=\"https:\/\/schema.org\/CreativeWork\" ><a href='https:\/\/www.entrepobles.org\/repositoriweb\/news\/joves-activistes-menorca\/' data-rel='slide-1' class='slide-image' title=''><img loading=\"lazy\" decoding=\"async\" width=\"440\" height=\"250\" src=\"https:\/\/www.entrepobles.org\/repositoriweb\/wp-content\/uploads\/2025\/06\/e1381fb4-d5b7-49a0-a028-1465cf0f6b6f-440x250.jpg\" class=\"wp-image-43159 avia-img-lazy-loading-43159 attachment-noticia size-noticia wp-post-image\" alt=\"\" \/><\/a><div class='slide-content'><header class=\"entry-content-header\"><h3 class='slide-entry-title entry-title'  itemprop=\"headline\" ><a href='https:\/\/www.entrepobles.org\/repositoriweb\/news\/joves-activistes-menorca\/' title='La veu cr\u00edtica de la joventut menorquina s\u2019al\u00e7a per un m\u00f3n millor'>La veu cr\u00edtica de la joventut menorquina s\u2019al\u00e7a per un m\u00f3n millor<\/a><\/h3><span class=\"av-vertical-delimiter\"><\/span><\/header><div class='slide-meta'><time class='slide-meta-time updated'  itemprop=\"datePublished\" datetime=\"2025-06-20T17:57:16+00:00\" >20 juny, 2025<\/time><\/div><div class='slide-entry-excerpt entry-content'  itemprop=\"text\" >\r\n\u201cUn activista no fa coses grosses, sin\u00f3 petites accions que canvien el m\u00f3n.\u201d\r\n\r\nAquesta \u00e9s una de les frases que recull el v\u00eddeo col\u00b7lectiu\u2026<div class=\"read-more-link\"><a href=\"https:\/\/www.entrepobles.org\/repositoriweb\/news\/joves-activistes-menorca\/\" class=\"more-link\">Llegir m\u00e9s<span class=\"more-link-arrow\"><\/span><\/a><\/div><\/div><\/div><footer class=\"entry-footer\"><\/footer><span class='hidden'>\n\t\t\t\t<span class='av-structured-data'  itemprop=\"image\" itemscope=\"itemscope\" itemtype=\"https:\/\/schema.org\/ImageObject\" >\n\t\t\t\t\t\t<span itemprop='url'>https:\/\/www.entrepobles.org\/repositoriweb\/wp-content\/uploads\/2025\/06\/e1381fb4-d5b7-49a0-a028-1465cf0f6b6f.jpg<\/span>\n\t\t\t\t\t\t<span itemprop='height'>1536<\/span>\n\t\t\t\t\t\t<span itemprop='width'>2048<\/span>\n\t\t\t\t<\/span>\n\t\t\t\t<span class='av-structured-data'  itemprop=\"publisher\" itemtype=\"https:\/\/schema.org\/Organization\" itemscope=\"itemscope\" >\n\t\t\t\t\t\t<span itemprop='name'>Edita<\/span>\n\t\t\t\t\t\t<span itemprop='logo' itemscope itemtype='https:\/\/schema.org\/ImageObject'>\n\t\t\t\t\t\t\t<span itemprop='url'>https:\/\/entrepueblos.org\/wp-content\/uploads\/2018\/04\/Logo-entrepueblos-white156x136.png<\/span>\n\t\t\t\t\t\t <\/span>\n\t\t\t\t<\/span><span class='av-structured-data'  itemprop=\"author\" itemscope=\"itemscope\" itemtype=\"https:\/\/schema.org\/Person\" ><span itemprop='name'>Edita<\/span><\/span><span class='av-structured-data'  itemprop=\"datePublished\" datetime=\"2025-03-30T07:00:14+00:00\" >2025-06-20 17:57:16<\/span><span class='av-structured-data'  itemprop=\"dateModified\" itemtype=\"https:\/\/schema.org\/dateModified\" >2025-06-20 18:13:16<\/span><span class='av-structured-data'  itemprop=\"mainEntityOfPage\" itemtype=\"https:\/\/schema.org\/mainEntityOfPage\" ><span itemprop='name'>La veu cr\u00edtica de la joventut menorquina s\u2019al\u00e7a per un m\u00f3n millor<\/span><\/span><\/span><\/article><\/div><div class='slide-entry-wrap'><article class='slide-entry flex_column  post-entry post-entry-43077 slide-entry-overview slide-loop-3 slide-parity-odd  av_one_half first real-thumbnail'  itemscope=\"itemscope\" itemtype=\"https:\/\/schema.org\/CreativeWork\" ><a href='https:\/\/www.entrepobles.org\/repositoriweb\/news\/temps-daccio-transicions-ecosocials-feministes\/' data-rel='slide-1' class='slide-image' title=''><img loading=\"lazy\" decoding=\"async\" width=\"440\" height=\"250\" src=\"https:\/\/www.entrepobles.org\/repositoriweb\/wp-content\/uploads\/2025\/06\/transicionsecosocials-440x250.png\" class=\"wp-image-43094 avia-img-lazy-loading-43094 attachment-noticia size-noticia wp-post-image\" alt=\"\" srcset=\"https:\/\/www.entrepobles.org\/repositoriweb\/wp-content\/uploads\/2025\/06\/transicionsecosocials-440x250.png 440w, https:\/\/www.entrepobles.org\/repositoriweb\/wp-content\/uploads\/2025\/06\/transicionsecosocials-300x169.png 300w\" sizes=\"auto, (max-width: 440px) 100vw, 440px\" \/><\/a><div class='slide-content'><header class=\"entry-content-header\"><h3 class='slide-entry-title entry-title'  itemprop=\"headline\" ><a href='https:\/\/www.entrepobles.org\/repositoriweb\/news\/temps-daccio-transicions-ecosocials-feministes\/' title='Temps d\u2019acci\u00f3 social: construint una transici\u00f3 ecosocial justa i feminista'>Temps d\u2019acci\u00f3 social: construint una transici\u00f3 ecosocial justa i feminista<\/a><\/h3><span class=\"av-vertical-delimiter\"><\/span><\/header><div class='slide-meta'><time class='slide-meta-time updated'  itemprop=\"datePublished\" datetime=\"2025-06-05T11:07:44+00:00\" >5 juny, 2025<\/time><\/div><div class='slide-entry-excerpt entry-content'  itemprop=\"text\" >Davant la crisi clim\u00e0tica, ecol\u00f2gica, econ\u00f2mica i de les cures, a Entrepobles ens preguntem: com constru\u00efm un futur m\u00e9s just sense deixar ning\u00fa enrere?\u2026<div class=\"read-more-link\"><a href=\"https:\/\/www.entrepobles.org\/repositoriweb\/news\/temps-daccio-transicions-ecosocials-feministes\/\" class=\"more-link\">Llegir m\u00e9s<span class=\"more-link-arrow\"><\/span><\/a><\/div><\/div><\/div><footer class=\"entry-footer\"><\/footer><span class='hidden'>\n\t\t\t\t<span class='av-structured-data'  itemprop=\"image\" itemscope=\"itemscope\" itemtype=\"https:\/\/schema.org\/ImageObject\" >\n\t\t\t\t\t\t<span itemprop='url'>https:\/\/www.entrepobles.org\/repositoriweb\/wp-content\/uploads\/2025\/06\/transicionsecosocials.png<\/span>\n\t\t\t\t\t\t<span itemprop='height'>900<\/span>\n\t\t\t\t\t\t<span itemprop='width'>1600<\/span>\n\t\t\t\t<\/span>\n\t\t\t\t<span class='av-structured-data'  itemprop=\"publisher\" itemtype=\"https:\/\/schema.org\/Organization\" itemscope=\"itemscope\" >\n\t\t\t\t\t\t<span itemprop='name'>Edita<\/span>\n\t\t\t\t\t\t<span itemprop='logo' itemscope itemtype='https:\/\/schema.org\/ImageObject'>\n\t\t\t\t\t\t\t<span itemprop='url'>https:\/\/entrepueblos.org\/wp-content\/uploads\/2018\/04\/Logo-entrepueblos-white156x136.png<\/span>\n\t\t\t\t\t\t <\/span>\n\t\t\t\t<\/span><span class='av-structured-data'  itemprop=\"author\" itemscope=\"itemscope\" itemtype=\"https:\/\/schema.org\/Person\" ><span itemprop='name'>Edita<\/span><\/span><span class='av-structured-data'  itemprop=\"datePublished\" datetime=\"2025-03-30T07:00:14+00:00\" >2025-06-05 11:07:44<\/span><span class='av-structured-data'  itemprop=\"dateModified\" itemtype=\"https:\/\/schema.org\/dateModified\" >2025-07-28 09:14:24<\/span><span class='av-structured-data'  itemprop=\"mainEntityOfPage\" itemtype=\"https:\/\/schema.org\/mainEntityOfPage\" ><span itemprop='name'>Temps d\u2019acci\u00f3 social: construint una transici\u00f3 ecosocial justa i feminista<\/span><\/span><\/span><\/article><article class='slide-entry flex_column  post-entry post-entry-42190 slide-entry-overview slide-loop-4 slide-parity-even  post-entry-last  av_one_half  real-thumbnail'  itemscope=\"itemscope\" itemtype=\"https:\/\/schema.org\/CreativeWork\" ><a href='https:\/\/www.entrepobles.org\/repositoriweb\/news\/estreno-en-abierto-las-caminantas-un-documental\/' data-rel='slide-1' class='slide-image' title=''><img loading=\"lazy\" decoding=\"async\" width=\"440\" height=\"250\" src=\"https:\/\/www.entrepobles.org\/repositoriweb\/wp-content\/uploads\/2025\/03\/Lascaminantas_documental_entrepueblos-440x250.png\" class=\"wp-image-42162 avia-img-lazy-loading-42162 attachment-noticia size-noticia wp-post-image\" alt=\"\" srcset=\"https:\/\/www.entrepobles.org\/repositoriweb\/wp-content\/uploads\/2025\/03\/Lascaminantas_documental_entrepueblos-440x250.png 440w, https:\/\/www.entrepobles.org\/repositoriweb\/wp-content\/uploads\/2025\/03\/Lascaminantas_documental_entrepueblos-300x169.png 300w\" sizes=\"auto, (max-width: 440px) 100vw, 440px\" \/><\/a><div class='slide-content'><header class=\"entry-content-header\"><h3 class='slide-entry-title entry-title'  itemprop=\"headline\" ><a href='https:\/\/www.entrepobles.org\/repositoriweb\/news\/estreno-en-abierto-las-caminantas-un-documental\/' title='Estreno en abierto: &quot;Las Caminantas&quot;, un documental sobre las trabajadoras del hogar y los cuidados'>Estreno en abierto: \"Las Caminantas\", un documental sobre las trabajadoras del hogar y los cuidados<\/a><\/h3><span class=\"av-vertical-delimiter\"><\/span><\/header><div class='slide-meta'><time class='slide-meta-time updated'  itemprop=\"datePublished\" datetime=\"2025-03-30T07:00:14+00:00\" >30 mar\u00e7, 2025<\/time><\/div><div class='slide-entry-excerpt entry-content'  itemprop=\"text\" >\u00a0\u00bfLas trabajadoras del hogar y los cuidados sostienen la vida\u2026 pero, \u00bfqui\u00e9n las cuida a ellas?\r\n\r\nEste 30 de marzo, D\u00eda Internacional de las Trabajadoras\u2026<div class=\"read-more-link\"><a href=\"https:\/\/www.entrepobles.org\/repositoriweb\/news\/estreno-en-abierto-las-caminantas-un-documental\/\" class=\"more-link\">Llegir m\u00e9s<span class=\"more-link-arrow\"><\/span><\/a><\/div><\/div><\/div><footer class=\"entry-footer\"><\/footer><span class='hidden'>\n\t\t\t\t<span class='av-structured-data'  itemprop=\"image\" itemscope=\"itemscope\" itemtype=\"https:\/\/schema.org\/ImageObject\" >\n\t\t\t\t\t\t<span itemprop='url'>https:\/\/www.entrepobles.org\/repositoriweb\/wp-content\/uploads\/2025\/03\/Lascaminantas_documental_entrepueblos.png<\/span>\n\t\t\t\t\t\t<span itemprop='height'>621<\/span>\n\t\t\t\t\t\t<span itemprop='width'>1101<\/span>\n\t\t\t\t<\/span>\n\t\t\t\t<span class='av-structured-data'  itemprop=\"publisher\" itemtype=\"https:\/\/schema.org\/Organization\" itemscope=\"itemscope\" >\n\t\t\t\t\t\t<span itemprop='name'>Edita<\/span>\n\t\t\t\t\t\t<span itemprop='logo' itemscope itemtype='https:\/\/schema.org\/ImageObject'>\n\t\t\t\t\t\t\t<span itemprop='url'>https:\/\/entrepueblos.org\/wp-content\/uploads\/2018\/04\/Logo-entrepueblos-white156x136.png<\/span>\n\t\t\t\t\t\t <\/span>\n\t\t\t\t<\/span><span class='av-structured-data'  itemprop=\"author\" itemscope=\"itemscope\" itemtype=\"https:\/\/schema.org\/Person\" ><span itemprop='name'>Edita<\/span><\/span><span class='av-structured-data'  itemprop=\"datePublished\" datetime=\"2025-03-30T07:00:14+00:00\" >2025-03-30 07:00:14<\/span><span class='av-structured-data'  itemprop=\"dateModified\" itemtype=\"https:\/\/schema.org\/dateModified\" >2025-03-30 07:00:17<\/span><span class='av-structured-data'  itemprop=\"mainEntityOfPage\" itemtype=\"https:\/\/schema.org\/mainEntityOfPage\" ><span itemprop='name'>Estreno en abierto: &#8220;Las Caminantas&#8221;, un documental sobre las trabajadoras del hogar y los cuidados<\/span><\/span><\/span><\/article><\/div><\/div><\/div><\/p><\/div>\n<div class=\"flex_column av_one_third  flex_column_div av-zero-column-padding   \" style='border-radius:0px; '><p><div  style='padding-bottom:25px; ' class='av-special-heading av-special-heading-h3  blockquote modern-quote modern-centered  titletext titlehome '><h3 class='av-special-heading-tag '  itemprop=\"headline\"  ><a href=\"https:\/\/www.entrepobles.org\/publicacions\/\" target=\"_blank\" rel=\"noopener\">PUBLICACIONS<\/a><\/h3><div class='special-heading-border'><div class='special-heading-inner-border' ><\/div><\/div><\/div><br \/>\n<div  data-autoplay='1'  data-interval='5'  data-animation='fade'  data-show_slide_delay='90'  class='avia-content-slider avia-content-slider-active avia-content-slider2 avia-content-slider-odd  sliderpost-home news-home '  itemscope=\"itemscope\" itemtype=\"https:\/\/schema.org\/Blog\" ><div class='avia-content-slider-inner'><div class='slide-entry-wrap'><article class='slide-entry flex_column  post-entry post-entry-43650 slide-entry-overview slide-loop-1 slide-parity-odd  av_fullwidth first real-thumbnail'  itemscope=\"itemscope\" itemtype=\"https:\/\/schema.org\/CreativeWork\" ><a href='https:\/\/www.entrepobles.org\/repositoriweb\/publicaciones\/flama-ecofeminista-suplement\/' data-rel='slide-2' class='slide-image' title=''><img loading=\"lazy\" decoding=\"async\" width=\"440\" height=\"250\" src=\"https:\/\/www.entrepobles.org\/repositoriweb\/wp-content\/uploads\/2025\/09\/SUPLEMENT-Amb-la-Directa-592-publiquem-Flama-Eco-feminista.Un-suplement-de-@efabyayala25-@-440x250.jpg\" class=\"wp-image-43655 avia-img-lazy-loading-43655 attachment-noticia size-noticia wp-post-image\" alt=\"\" \/><\/a><div class='slide-content'><header class=\"entry-content-header\"><h3 class='slide-entry-title entry-title'  itemprop=\"headline\" ><a href='https:\/\/www.entrepobles.org\/repositoriweb\/publicaciones\/flama-ecofeminista-suplement\/' title='Flama Ecofeminista: Aprenentatges de la primera trobada d&#039;Economia feminista d&#039;Abya Yala'>Flama Ecofeminista: Aprenentatges de la primera trobada d'Economia feminista d'Abya Yala<\/a><\/h3><span class=\"av-vertical-delimiter\"><\/span><\/header><div class='slide-meta'><time class='slide-meta-time updated'  itemprop=\"datePublished\" datetime=\"2025-09-16T11:17:44+00:00\" >16 setembre, 2025<\/time><\/div><div class='slide-entry-excerpt entry-content'  itemprop=\"text\" >Nou suplement en col\u00b7laboraci\u00f3 amb La Directa, Flama Ecofeminista: Aprenentatges de la primera trobada d'Economia feminista d'Abya Yala\r\nA la I Trobada\u2026<div class=\"read-more-link\"><a href=\"https:\/\/www.entrepobles.org\/repositoriweb\/publicaciones\/flama-ecofeminista-suplement\/\" class=\"more-link\">Llegir m\u00e9s<span class=\"more-link-arrow\"><\/span><\/a><\/div><\/div><\/div><footer class=\"entry-footer\"><\/footer><span class='hidden'>\n\t\t\t\t<span class='av-structured-data'  itemprop=\"image\" itemscope=\"itemscope\" itemtype=\"https:\/\/schema.org\/ImageObject\" >\n\t\t\t\t\t\t<span itemprop='url'>https:\/\/www.entrepobles.org\/repositoriweb\/wp-content\/uploads\/2025\/09\/SUPLEMENT-Amb-la-Directa-592-publiquem-Flama-Eco-feminista.Un-suplement-de-@efabyayala25-@.jpg<\/span>\n\t\t\t\t\t\t<span itemprop='height'>1350<\/span>\n\t\t\t\t\t\t<span itemprop='width'>1080<\/span>\n\t\t\t\t<\/span>\n\t\t\t\t<span class='av-structured-data'  itemprop=\"publisher\" itemtype=\"https:\/\/schema.org\/Organization\" itemscope=\"itemscope\" >\n\t\t\t\t\t\t<span itemprop='name'>Edita<\/span>\n\t\t\t\t\t\t<span itemprop='logo' itemscope itemtype='https:\/\/schema.org\/ImageObject'>\n\t\t\t\t\t\t\t<span itemprop='url'>https:\/\/entrepueblos.org\/wp-content\/uploads\/2018\/04\/Logo-entrepueblos-white156x136.png<\/span>\n\t\t\t\t\t\t <\/span>\n\t\t\t\t<\/span><span class='av-structured-data'  itemprop=\"author\" itemscope=\"itemscope\" itemtype=\"https:\/\/schema.org\/Person\" ><span itemprop='name'>Edita<\/span><\/span><span class='av-structured-data'  itemprop=\"datePublished\" datetime=\"2025-07-24T10:21:00+00:00\" >2025-09-16 11:17:44<\/span><span class='av-structured-data'  itemprop=\"dateModified\" itemtype=\"https:\/\/schema.org\/dateModified\" >2025-09-16 11:49:11<\/span><span class='av-structured-data'  itemprop=\"mainEntityOfPage\" itemtype=\"https:\/\/schema.org\/mainEntityOfPage\" ><span itemprop='name'>Flama Ecofeminista: Aprenentatges de la primera trobada d&#8217;Economia feminista d&#8217;Abya Yala<\/span><\/span><\/span><\/article><\/div><div class='slide-entry-wrap'><article class='slide-entry flex_column  post-entry post-entry-43476 slide-entry-overview slide-loop-2 slide-parity-odd  av_fullwidth first real-thumbnail'  itemscope=\"itemscope\" itemtype=\"https:\/\/schema.org\/CreativeWork\" ><a href='https:\/\/www.entrepobles.org\/repositoriweb\/publicaciones\/memoria-dactivitats-2024\/' data-rel='slide-2' class='slide-image' title=''><img loading=\"lazy\" decoding=\"async\" width=\"440\" height=\"250\" src=\"https:\/\/www.entrepobles.org\/repositoriweb\/wp-content\/uploads\/2025\/07\/capcaleramemoria2024cat-440x250.png\" class=\"wp-image-43478 avia-img-lazy-loading-43478 attachment-noticia size-noticia wp-post-image\" alt=\"\" \/><\/a><div class='slide-content'><header class=\"entry-content-header\"><h3 class='slide-entry-title entry-title'  itemprop=\"headline\" ><a href='https:\/\/www.entrepobles.org\/repositoriweb\/publicaciones\/memoria-dactivitats-2024\/' title='Mem\u00f2ria d\u2019activitats 2024: Resist\u00e8ncies que sostenen la vida. Feminismes, sobiranies i lluites per la just\u00edcia global'>Mem\u00f2ria d\u2019activitats 2024: Resist\u00e8ncies que sostenen la vida. Feminismes, sobiranies i lluites per la just\u00edcia global<\/a><\/h3><span class=\"av-vertical-delimiter\"><\/span><\/header><div class='slide-meta'><time class='slide-meta-time updated'  itemprop=\"datePublished\" datetime=\"2025-07-31T11:59:32+00:00\" >31 juliol, 2025<\/time><\/div><div class='slide-entry-excerpt entry-content'  itemprop=\"text\" >Qu\u00e8 hem fet aquest any?\r\nM\u00e9s de 200 activitats d\u2019educaci\u00f3, sensibilitzaci\u00f3 i incid\u00e8ncia feminista, ecosocial i antiracista impulsades des d\u2019Entrepobles\u2026<div class=\"read-more-link\"><a href=\"https:\/\/www.entrepobles.org\/repositoriweb\/publicaciones\/memoria-dactivitats-2024\/\" class=\"more-link\">Llegir m\u00e9s<span class=\"more-link-arrow\"><\/span><\/a><\/div><\/div><\/div><footer class=\"entry-footer\"><\/footer><span class='hidden'>\n\t\t\t\t<span class='av-structured-data'  itemprop=\"image\" itemscope=\"itemscope\" itemtype=\"https:\/\/schema.org\/ImageObject\" >\n\t\t\t\t\t\t<span itemprop='url'>https:\/\/www.entrepobles.org\/repositoriweb\/wp-content\/uploads\/2025\/07\/capcaleramemoria2024cat.png<\/span>\n\t\t\t\t\t\t<span itemprop='height'>1072<\/span>\n\t\t\t\t\t\t<span itemprop='width'>2174<\/span>\n\t\t\t\t<\/span>\n\t\t\t\t<span class='av-structured-data'  itemprop=\"publisher\" itemtype=\"https:\/\/schema.org\/Organization\" itemscope=\"itemscope\" >\n\t\t\t\t\t\t<span itemprop='name'>Edita<\/span>\n\t\t\t\t\t\t<span itemprop='logo' itemscope itemtype='https:\/\/schema.org\/ImageObject'>\n\t\t\t\t\t\t\t<span itemprop='url'>https:\/\/entrepueblos.org\/wp-content\/uploads\/2018\/04\/Logo-entrepueblos-white156x136.png<\/span>\n\t\t\t\t\t\t <\/span>\n\t\t\t\t<\/span><span class='av-structured-data'  itemprop=\"author\" itemscope=\"itemscope\" itemtype=\"https:\/\/schema.org\/Person\" ><span itemprop='name'>Edita<\/span><\/span><span class='av-structured-data'  itemprop=\"datePublished\" datetime=\"2025-07-24T10:21:00+00:00\" >2025-07-31 11:59:32<\/span><span class='av-structured-data'  itemprop=\"dateModified\" itemtype=\"https:\/\/schema.org\/dateModified\" >2025-07-31 11:59:59<\/span><span class='av-structured-data'  itemprop=\"mainEntityOfPage\" itemtype=\"https:\/\/schema.org\/mainEntityOfPage\" ><span itemprop='name'>Mem\u00f2ria d\u2019activitats 2024: Resist\u00e8ncies que sostenen la vida. Feminismes, sobiranies i lluites per la just\u00edcia global<\/span><\/span><\/span><\/article><\/div><div class='slide-entry-wrap'><article class='slide-entry flex_column  post-entry post-entry-43381 slide-entry-overview slide-loop-3 slide-parity-odd  post-entry-last  av_fullwidth first real-thumbnail'  itemscope=\"itemscope\" itemtype=\"https:\/\/schema.org\/CreativeWork\" ><a href='https:\/\/www.entrepobles.org\/repositoriweb\/publicaciones\/guia-de-emergencia-climatica-una-propuesta-educativa-para-1o-y-2o-eso\/' data-rel='slide-2' class='slide-image' title=''><img loading=\"lazy\" decoding=\"async\" width=\"440\" height=\"250\" src=\"https:\/\/www.entrepobles.org\/repositoriweb\/wp-content\/uploads\/2025\/07\/emergenciaclimatica_guia-440x250.png\" class=\"wp-image-43385 avia-img-lazy-loading-43385 attachment-noticia size-noticia wp-post-image\" alt=\"\" \/><\/a><div class='slide-content'><header class=\"entry-content-header\"><h3 class='slide-entry-title entry-title'  itemprop=\"headline\" ><a href='https:\/\/www.entrepobles.org\/repositoriweb\/publicaciones\/guia-de-emergencia-climatica-una-propuesta-educativa-para-1o-y-2o-eso\/' title='Gu\u00eda de Emergencia Clim\u00e1tica: Una propuesta educativa para 1\u00ba y 2\u00ba ESO'>Gu\u00eda de Emergencia Clim\u00e1tica: Una propuesta educativa para 1\u00ba y 2\u00ba ESO<\/a><\/h3><span class=\"av-vertical-delimiter\"><\/span><\/header><div class='slide-meta'><time class='slide-meta-time updated'  itemprop=\"datePublished\" datetime=\"2025-07-24T10:21:00+00:00\" >24 juliol, 2025<\/time><\/div><div class='slide-entry-excerpt entry-content'  itemprop=\"text\" >En los \u00faltimos a\u00f1os, dada la situaci\u00f3n de emergencia clim\u00e1tica en la que nos encontramos, venimos preparando gu\u00edas para impulsar este tipo de educaci\u00f3n\u2026<div class=\"read-more-link\"><a href=\"https:\/\/www.entrepobles.org\/repositoriweb\/publicaciones\/guia-de-emergencia-climatica-una-propuesta-educativa-para-1o-y-2o-eso\/\" class=\"more-link\">Llegir m\u00e9s<span class=\"more-link-arrow\"><\/span><\/a><\/div><\/div><\/div><footer class=\"entry-footer\"><\/footer><span class='hidden'>\n\t\t\t\t<span class='av-structured-data'  itemprop=\"image\" itemscope=\"itemscope\" itemtype=\"https:\/\/schema.org\/ImageObject\" >\n\t\t\t\t\t\t<span itemprop='url'>https:\/\/www.entrepobles.org\/repositoriweb\/wp-content\/uploads\/2025\/07\/emergenciaclimatica_guia.png<\/span>\n\t\t\t\t\t\t<span itemprop='height'>769<\/span>\n\t\t\t\t\t\t<span itemprop='width'>763<\/span>\n\t\t\t\t<\/span>\n\t\t\t\t<span class='av-structured-data'  itemprop=\"publisher\" itemtype=\"https:\/\/schema.org\/Organization\" itemscope=\"itemscope\" >\n\t\t\t\t\t\t<span itemprop='name'>Edita<\/span>\n\t\t\t\t\t\t<span itemprop='logo' itemscope itemtype='https:\/\/schema.org\/ImageObject'>\n\t\t\t\t\t\t\t<span itemprop='url'>https:\/\/entrepueblos.org\/wp-content\/uploads\/2018\/04\/Logo-entrepueblos-white156x136.png<\/span>\n\t\t\t\t\t\t <\/span>\n\t\t\t\t<\/span><span class='av-structured-data'  itemprop=\"author\" itemscope=\"itemscope\" itemtype=\"https:\/\/schema.org\/Person\" ><span itemprop='name'>Edita<\/span><\/span><span class='av-structured-data'  itemprop=\"datePublished\" datetime=\"2025-07-24T10:21:00+00:00\" >2025-07-24 10:21:00<\/span><span class='av-structured-data'  itemprop=\"dateModified\" itemtype=\"https:\/\/schema.org\/dateModified\" >2025-07-24 10:23:29<\/span><span class='av-structured-data'  itemprop=\"mainEntityOfPage\" itemtype=\"https:\/\/schema.org\/mainEntityOfPage\" ><span itemprop='name'>Gu\u00eda de Emergencia Clim\u00e1tica: Una propuesta educativa para 1\u00ba y 2\u00ba ESO<\/span><\/span><\/span><\/article><\/div><\/div><div class='avia-slideshow-arrows avia-slideshow-controls'><a href='#prev' class='prev-slide' aria-hidden='true' data-av_icon='\ue87c' data-av_iconfont='entypo-fontello'>Anterior<\/a><a href='#next' class='next-slide' aria-hidden='true' data-av_icon='\ue87d' data-av_iconfont='entypo-fontello'>Seg\u00fcent<\/a><\/div><\/div><br \/>\n<div  style='padding-bottom:25px; ' class='av-special-heading av-special-heading-h3  blockquote modern-quote modern-centered  titletext '><h3 class='av-special-heading-tag '  itemprop=\"headline\"  ><a href=\"https:\/\/www.entrepobles.org\/eventos\/\" target=\"_blank\" rel=\"noopener\">AGENDA<\/a><\/h3><div class='special-heading-border'><div class='special-heading-inner-border' ><\/div><\/div><\/div><br \/>\n<div  class='avia-builder-widget-area clearfix '><div  class=\"tribe-compatibility-container tribe-theme-enfold\" >\n\t<div\n\t\t class=\"tribe-common tribe-events tribe-events-view tribe-events-view--widget-events-list tribe-events-widget\" \t\tdata-js=\"tribe-events-view\"\n\t\tdata-view-rest-url=\"https:\/\/www.entrepobles.org\/repositoriweb\/wp-json\/tribe\/views\/v2\/html\"\n\t\tdata-view-manage-url=\"1\"\n\t\t\t\t\t\t\tdata-view-breakpoint-pointer=\"ccd26854-82dc-42a7-b466-248022b40187\"\n\t\t\t>\n\t\t<div class=\"tribe-events-widget-events-list\">\n\n\t\t\t\n\t\t\t<script data-js=\"tribe-events-view-data\" type=\"application\/json\">\n\t{\"slug\":\"widget-events-list\",\"prev_url\":\"\",\"next_url\":\"\",\"view_class\":\"Tribe\\\\Events\\\\Views\\\\V2\\\\Views\\\\Widgets\\\\Widget_List_View\",\"view_slug\":\"widget-events-list\",\"view_label\":\"View\",\"view\":null,\"should_manage_url\":true,\"id\":null,\"alias-slugs\":null,\"title\":\"Propers Esdeveniments \\u2013 Entrepueblos\",\"limit\":\"5\",\"no_upcoming_events\":false,\"featured_events_only\":false,\"jsonld_enable\":true,\"tribe_is_list_widget\":false,\"admin_fields\":{\"title\":{\"label\":\"T\\u00edtol:\",\"type\":\"text\",\"classes\":\"\",\"dependency\":\"\",\"id\":\"widget-tribe-widget-events-list-3-title\",\"name\":\"widget-tribe-widget-events-list[3][title]\",\"options\":[],\"placeholder\":\"\",\"value\":null},\"limit\":{\"label\":\"Mostra:\",\"type\":\"number\",\"default\":5,\"min\":1,\"max\":10,\"step\":1,\"classes\":\"\",\"dependency\":\"\",\"id\":\"widget-tribe-widget-events-list-3-limit\",\"name\":\"widget-tribe-widget-events-list[3][limit]\",\"options\":[],\"placeholder\":\"\",\"value\":null},\"no_upcoming_events\":{\"label\":\"Oculta aquest giny si no hi ha esdeveniments propers.\",\"type\":\"checkbox\",\"classes\":\"\",\"dependency\":\"\",\"id\":\"widget-tribe-widget-events-list-3-no_upcoming_events\",\"name\":\"widget-tribe-widget-events-list[3][no_upcoming_events]\",\"options\":[],\"placeholder\":\"\",\"value\":null},\"featured_events_only\":{\"label\":\"Mostra el giny si hi ha esdeveniments destacats\",\"type\":\"checkbox\",\"classes\":\"\",\"dependency\":\"\",\"id\":\"widget-tribe-widget-events-list-3-featured_events_only\",\"name\":\"widget-tribe-widget-events-list[3][featured_events_only]\",\"options\":[],\"placeholder\":\"\",\"value\":null},\"jsonld_enable\":{\"label\":\"Genera les dades JSON-LD\",\"type\":\"checkbox\",\"classes\":\"\",\"dependency\":\"\",\"id\":\"widget-tribe-widget-events-list-3-jsonld_enable\",\"name\":\"widget-tribe-widget-events-list[3][jsonld_enable]\",\"options\":[],\"placeholder\":\"\",\"value\":null}},\"wpml_language\":\"all\",\"events\":[],\"url\":\"https:\\\/\\\/www.entrepobles.org\\\/repositoriweb\\\/?post_type=tribe_events&eventDisplay=widget-events-list\",\"url_event_date\":false,\"bar\":{\"keyword\":\"\",\"date\":\"\"},\"today\":\"2026-04-28 00:00:00\",\"now\":\"2026-04-28 17:33:17\",\"home_url\":\"https:\\\/\\\/www.entrepobles.org\\\/repositoriweb\\\/\",\"rest_url\":\"https:\\\/\\\/www.entrepobles.org\\\/repositoriweb\\\/wp-json\\\/tribe\\\/views\\\/v2\\\/html\",\"rest_method\":\"GET\",\"rest_nonce\":\"\",\"today_url\":\"https:\\\/\\\/www.entrepobles.org\\\/repositoriweb\\\/?post_type=tribe_events&eventDisplay=widget-events-list\",\"today_title\":\"Cliqueu per seleccionar la data d'avui\",\"today_label\":\"Avui\",\"prev_label\":\"\",\"next_label\":\"\",\"date_formats\":{\"compact\":\"d\\\/m\\\/Y\",\"month_and_year_compact\":\"m\\\/Y\",\"month_and_year\":\"F Y\",\"time_range_separator\":\" - \",\"date_time_separator\":\" @ \"},\"messages\":{\"notice\":[\"No hi ha esdeveniments pr\\u00f2xims.\"]},\"start_of_week\":\"1\",\"header_title\":\"\",\"header_title_element\":\"h1\",\"content_title\":\"\",\"breadcrumbs\":[],\"before_events\":\"\",\"after_events\":\"\\n<!--\\nThis calendar is powered by The Events Calendar.\\nhttp:\\\/\\\/evnt.is\\\/18wn\\n-->\\n\",\"display_events_bar\":false,\"disable_event_search\":false,\"live_refresh\":true,\"ical\":{\"display_link\":true,\"link\":{\"url\":\"https:\\\/\\\/www.entrepobles.org\\\/repositoriweb\\\/?post_type=tribe_events&#038;eventDisplay=widget-events-list&#038;ical=1\",\"text\":\"Exporta Esdeveniments\",\"title\":\"Utilitzeu-ho per compartir informaci\\u00f3 del calendari a trav\\u00e9s de Google Calendar, Apple iCal i altres aplicacions compatibles.\"}},\"container_classes\":[\"tribe-common\",\"tribe-events\",\"tribe-events-view\",\"tribe-events-view--widget-events-list\",\"tribe-events-widget\"],\"container_data\":[],\"is_past\":false,\"breakpoints\":{\"xsmall\":500,\"medium\":768,\"full\":960},\"breakpoint_pointer\":\"ccd26854-82dc-42a7-b466-248022b40187\",\"is_initial_load\":false,\"public_views\":{\"list\":{\"view_class\":\"Tribe\\\\Events\\\\Views\\\\V2\\\\Views\\\\List_View\",\"view_url\":\"https:\\\/\\\/www.entrepobles.org\\\/repositoriweb\\\/eventos\\\/llista\\\/\",\"view_label\":\"Llista\"},\"month\":{\"view_class\":\"Tribe\\\\Events\\\\Views\\\\V2\\\\Views\\\\Month_View\",\"view_url\":\"https:\\\/\\\/www.entrepobles.org\\\/repositoriweb\\\/eventos\\\/mes\\\/\",\"view_label\":\"Mes\"}},\"show_latest_past\":false,\"past\":false,\"compatibility_classes\":[\"tribe-compatibility-container\",\"tribe-theme-enfold\"],\"view_more_text\":\"Visualitza el calendari\",\"view_more_title\":\"Visualitza m\\u00e9s esdeveniments.\",\"view_more_link\":\"https:\\\/\\\/www.entrepobles.org\\\/repositoriweb\\\/eventos\\\/\",\"widget_title\":\"Pr\\u00f3ximos eventos\",\"hide_if_no_upcoming_events\":false,\"display\":[],\"subscribe_links\":{\"gcal\":{\"label\":\"Google Calendar\",\"single_label\":\"Afegeix a Google Calendar\",\"visible\":true,\"block_slug\":\"hasGoogleCalendar\"},\"ical\":{\"label\":\"iCalendar\",\"single_label\":\"Afegeix a iCalendar\",\"visible\":true,\"block_slug\":\"hasiCal\"},\"outlook-365\":{\"label\":\"Outlook 365\",\"single_label\":\"Outlook 365\",\"visible\":true,\"block_slug\":\"hasOutlook365\"},\"outlook-live\":{\"label\":\"Outlook Live\",\"single_label\":\"Outlook Live\",\"visible\":true,\"block_slug\":\"hasOutlookLive\"},\"ics\":{\"label\":\"Exporta el fitxer .ics\",\"single_label\":\"Exporta el fitxer .ics\",\"visible\":true,\"block_slug\":null},\"outlook-ics\":{\"label\":\"Exporta el fitxer .ics d'Outlook\",\"single_label\":\"Exporta el fitxer .ics d'Outlook\",\"visible\":true,\"block_slug\":null}},\"_context\":{\"slug\":\"widget-events-list\"}}<\/script>\n\n\t\t\t\t\t\t\t<header class=\"tribe-events-widget-events-list__header\">\n\t\t\t\t\t<h2 class=\"tribe-events-widget-events-list__header-title tribe-common-h6 tribe-common-h--alt\">\n\t\t\t\t\t\tPr\u00f3ximos eventos\t\t\t\t\t<\/h2>\n\t\t\t\t<\/header>\n\t\t\t\n\t\t\t\n\t\t\t\t<div  class=\"tribe-events-header__messages tribe-events-c-messages tribe-common-b2\"  >\n\t\t\t<div class=\"tribe-events-c-messages__message tribe-events-c-messages__message--notice\" role=\"alert\">\n\t\t\t<svg  class=\"tribe-common-c-svgicon tribe-common-c-svgicon--messages-not-found tribe-events-c-messages__message-icon-svg\"  viewBox=\"0 0 21 23\" xmlns=\"http:\/\/www.w3.org\/2000\/svg\"><g fill-rule=\"evenodd\"><path d=\"M.5 2.5h20v20H.5z\"\/><path stroke-linecap=\"round\" d=\"M7.583 11.583l5.834 5.834m0-5.834l-5.834 5.834\" class=\"tribe-common-c-svgicon__svg-stroke\"\/><path stroke-linecap=\"round\" d=\"M4.5.5v4m12-4v4\"\/><path stroke-linecap=\"square\" d=\"M.5 7.5h20\"\/><\/g><\/svg>\n\t\t\t<ul class=\"tribe-events-c-messages__message-list\" role=\"alert\" aria-live=\"polite\">\n\t\t\t\t\t\t\t\t\t<li\n\t\t\t\t\t\tclass=\"tribe-events-c-messages__message-list-item\"\n\t\t\t\t\t\t data-key=\"0\" \t\t\t\t\t>\n\t\t\t\t\tNo hi ha esdeveniments pr\u00f2xims.\t\t\t\t\t<\/li>\n\t\t\t\t\t\t\t<\/ul>\n\t\t<\/div>\n\t<\/div>\n\n\t\t\t\t\t<\/div>\n\t<\/div>\n<\/div>\n<script data-js='tribe-events-view-nonce-data' type='application\/json'>{\"tvn1\":\"5b8522d399\",\"tvn2\":\"\"}<\/script><\/div><\/p><\/div>\n<\/div><\/div><\/div><!-- close content main div --><\/div><\/div><div id='av_section_1'  class='avia-section main_color avia-section-default avia-no-border-styling  avia-full-stretch av-parallax-section av-section-color-overlay-active avia-bg-style-parallax  home-section-project  container_wrap sidebar_right' style=' '  data-section-bg-repeat='stretch'><div class='av-parallax' data-avia-parallax-ratio='0.3' ><div class='av-parallax-inner main_color  avia-full-stretch' style = 'background-repeat: no-repeat; background-image: url(https:\/\/www.entrepobles.org\/repositoriweb\/wp-content\/uploads\/2018\/05\/consulta_ayabaca-141.jpg);background-attachment: scroll; background-position: center center; ' ><\/div><\/div><div class='av-section-color-overlay-wrap'><div class='av-section-color-overlay' style='opacity: 0.7; background-color: #000000; '><\/div><div class='container' ><div class='template-page content  av-content-small alpha units'><div class='post-entry post-entry-type-page post-entry-5259'><div class='entry-content-wrapper clearfix'>\n<div class='flex_column_table av-equal-height-column-flextable -flextable' ><div class=\"flex_column av_one_half  no_margin flex_column_table_cell av-equal-height-column av-align-top av-zero-column-padding first  home-column-project \" style='border-radius:0px; '><p><div  style='padding-bottom:25px; color:#ffffff;' class='av-special-heading av-special-heading-h3 custom-color-heading blockquote modern-quote modern-centered  titletext titlehome '><h3 class='av-special-heading-tag '  itemprop=\"headline\"  ><a style=\"text-decoration: none;\" href=\"https:\/\/www.entrepobles.org\/cooperacio-solidaria\/\" target=\"_blank\" rel=\"noopener\">COOPERACI\u00d3 SOLIDARIA<\/a><\/h3><div class='special-heading-border'><div class='special-heading-inner-border' style='border-color:#ffffff'><\/div><\/div><\/div><br \/>\n<section class=\"av_textblock_section \"  itemscope=\"itemscope\" itemtype=\"https:\/\/schema.org\/CreativeWork\" ><div class='avia_textblock valores-text av_inherit_color '  style='color:#ffffff; '  itemprop=\"text\" ><div>Cooperem amb organitzacions i moviments socials a Nicaragua, El Salvador, Guatemala, Cuba, Equador, Per\u00fa, Hondures i al MST de Brasil, donant suport a processos emancipadors.<\/div>\n<\/div><\/section><br \/>\n<div  class='avia-button-wrap avia-button-left  homebutton' ><a href='https:\/\/www.entrepobles.org\/repositoriweb\/cooperacio-solidaria\/'  class='avia-button  avia-color-theme-color   avia-icon_select-no avia-size-medium avia-position-left '  target=\"_blank\"  rel=\"noopener noreferrer\"  ><span class='avia_iconbox_title' >VEURE PROJECTES<\/span><\/a><\/div><\/p><\/div><\/div><!--close column table wrapper. Autoclose: 1 --><div class='flex_column_table av-equal-height-column-flextable -flextable' ><div class=\"flex_column av_one_half  no_margin flex_column_table_cell av-equal-height-column av-align-top av-zero-column-padding   home-column-project \" style='border-radius:0px; '><p><div  style='padding-bottom:25px; color:#ffffff;' class='av-special-heading av-special-heading-h3 custom-color-heading blockquote modern-quote modern-centered  titletext titlehome '><h3 class='av-special-heading-tag '  itemprop=\"headline\"  ><a style=\"text-decoration: none;\" href=\"https:\/\/www.entrepobles.org\/educacio-emancipadora\/\" target=\"_blank\" rel=\"noopener\">EDUCACI\u00d3 EMANCIPAT\u00d2RIA<\/a><\/h3><div class='special-heading-border'><div class='special-heading-inner-border' style='border-color:#ffffff'><\/div><\/div><\/div><br \/>\n<section class=\"av_textblock_section \"  itemscope=\"itemscope\" itemtype=\"https:\/\/schema.org\/CreativeWork\" ><div class='avia_textblock valores-text av_inherit_color '  style='color:#ffffff; '  itemprop=\"text\" ><div>Defensem una educaci\u00f3 popular emancipadora com a proc\u00e9s d&#8217;empoderament social. Elaborem eines per transformar l&#8217;actual model social i pol\u00edtic.<\/div>\n<\/div><\/section><br \/>\n<div  class='avia-button-wrap avia-button-left  homebutton' ><a href='https:\/\/www.entrepobles.org\/repositoriweb\/educacio-emancipadora\/'  class='avia-button  avia-color-theme-color   avia-icon_select-no avia-size-medium avia-position-left '  target=\"_blank\"  rel=\"noopener noreferrer\"  ><span class='avia_iconbox_title' >VEURE PROJECTES<\/span><\/a><\/div><\/p><\/div><\/div><!--close column table wrapper. Autoclose: 1 -->\n<\/div><\/div><\/div><!-- close content main div --><\/div><\/div><\/div><div id='after_section_1'  class='main_color av_default_container_wrap container_wrap sidebar_right' style=' '  ><div class='container' ><div class='template-page content  av-content-small alpha units'><div class='post-entry post-entry-type-page post-entry-5259'><div class='entry-content-wrapper clearfix'>\n<div class=\"flex_column av_one_full  flex_column_div av-zero-column-padding first  \" style='border-radius:0px; '><p><div  style='padding-bottom:10px; ' class='av-special-heading av-special-heading-h3  blockquote modern-quote modern-centered  titlesection '><h3 class='av-special-heading-tag '  itemprop=\"headline\"  >BLOGS<\/h3><div class='special-heading-border'><div class='special-heading-inner-border' ><\/div><\/div><\/div><br \/>\n<div   data-autoplay='true'  data-interval='3'  data-animation='slide'  class='avia-logo-element-container av-border-deactivate avia-logo-slider avia-content-slider avia-smallarrow-slider avia-content-slider-active noHover avia-content-slider1 avia-content-slider-odd  trabajo-redes  av-small-hide av-mini-hide' ><div class='avia-smallarrow-slider-heading  no-logo-slider-heading '><div class='new-special-heading'>&nbsp;<\/div><\/div><div class='avia-content-slider-inner'><div class='slide-entry-wrap' ><div  class='slide-entry flex_column no_margin post-entry slide-entry-overview slide-loop-1 slide-parity-odd  av_one_third first real-thumbnail'><a href='http:\/\/www.donamcine.org' data-rel='slide-1' class='slide-image' title='' target=\"_blank\" rel=\"noopener noreferrer\"><span class='av-partner-fake-img' style='padding-bottom:56.738768718802%; background-image:url(https:\/\/www.entrepobles.org\/repositoriweb\/wp-content\/uploads\/2024\/01\/banner_Donamcine_24_ok.jpg);'><\/span><\/a><\/div><div  class='slide-entry flex_column no_margin post-entry slide-entry-overview slide-loop-2 slide-parity-even  av_one_third  real-thumbnail'><a href='http:\/\/cultopias.org\/' data-rel='slide-1' class='slide-image' title='' target=\"_blank\" rel=\"noopener noreferrer\"><span class='av-partner-fake-img' style='padding-bottom:56.738768718802%; background-image:url(https:\/\/www.entrepobles.org\/repositoriweb\/wp-content\/uploads\/2021\/02\/banner-cultopias-1.jpg);'><\/span><\/a><\/div><div  class='slide-entry flex_column no_margin post-entry slide-entry-overview slide-loop-3 slide-parity-odd  av_one_third  real-thumbnail'><a href='https:\/\/www.entrepobles.org\/news\/campanya-europea-drets-per-les-persones-normes-per-les-transnacionals-stop-isds\/' data-rel='slide-1' class='slide-image' title='' target=\"_blank\" rel=\"noopener noreferrer\"><span class='av-partner-fake-img' style='padding-bottom:56.738768718802%; background-image:url(https:\/\/www.entrepobles.org\/repositoriweb\/wp-content\/uploads\/2019\/01\/StopISDS_Logo_CA-1.jpg);'><\/span><\/a><\/div><\/div><div class='slide-entry-wrap' ><div  class='slide-entry flex_column no_margin post-entry slide-entry-overview slide-loop-4 slide-parity-odd  av_one_third first real-thumbnail'><a href='https:\/\/alertadh.org\/' data-rel='slide-1' class='slide-image' title=''  ><span class='av-partner-fake-img' style='padding-bottom:56.738768718802%; background-image:url(https:\/\/www.entrepobles.org\/repositoriweb\/wp-content\/uploads\/2021\/02\/banner-alerta_dh.jpg);'><\/span><\/a><\/div><div  class='slide-entry flex_column no_margin post-entry slide-entry-overview slide-loop-5 slide-parity-even  av_one_third  real-thumbnail'><a href='https:\/\/www.entrepobles.org\/publicaciones\/dialogos-feministas-y-ecologistas\/' data-rel='slide-1' class='slide-image' title='' target=\"_blank\" rel=\"noopener noreferrer\"><span class='av-partner-fake-img' style='padding-bottom:56.738768718802%; background-image:url(https:\/\/www.entrepobles.org\/repositoriweb\/wp-content\/uploads\/2021\/02\/banner-dialogos-ecofem.jpg);'><\/span><\/a><\/div><div  class='slide-entry flex_column no_margin post-entry slide-entry-overview slide-loop-6 slide-parity-odd  av_one_third  real-thumbnail'><a href='https:\/\/activistesperlavida.cat\/' data-rel='slide-1' class='slide-image' title='' target=\"_blank\" rel=\"noopener noreferrer\"><span class='av-partner-fake-img' style='padding-bottom:56.738768718802%; background-image:url(https:\/\/www.entrepobles.org\/repositoriweb\/wp-content\/uploads\/2021\/05\/Cartel-WEB3.jpg);'><\/span><\/a><\/div><\/div><div class='slide-entry-wrap' ><div  class='slide-entry flex_column no_margin post-entry slide-entry-overview slide-loop-7 slide-parity-odd  post-entry-last  av_one_third first real-thumbnail'><a href='https:\/\/ciutatsvivibles.entrepobles.org\/' data-rel='slide-1' class='slide-image' title=''  ><span class='av-partner-fake-img' style='padding-bottom:56.738768718802%; background-image:url(https:\/\/www.entrepobles.org\/repositoriweb\/wp-content\/uploads\/2024\/01\/WEB_BANNER.png);'><\/span><\/a><\/div><\/div><\/div><div class='avia-slideshow-dots avia-slideshow-controls'><a href='#1' class='goto-slide active' >1<\/a><a href='#2' class='goto-slide ' >2<\/a><a href='#3' class='goto-slide ' >3<\/a><\/div><\/div><br \/>\n<div   data-autoplay='true'  data-interval='3'  data-animation='slide'  class='avia-logo-element-container av-border-deactivate avia-logo-slider avia-content-slider avia-smallarrow-slider avia-content-slider-active noHover avia-content-slider2 avia-content-slider-odd  trabajo-redes  av-desktop-hide av-medium-hide' ><div class='avia-smallarrow-slider-heading  no-logo-slider-heading '><div class='new-special-heading'>&nbsp;<\/div><\/div><div class='avia-content-slider-inner'><div class='slide-entry-wrap' ><div  class='slide-entry flex_column no_margin post-entry slide-entry-overview slide-loop-1 slide-parity-odd  av_fullwidth first real-thumbnail'><a href='http:\/\/www.donamcine.org' data-rel='slide-2' class='slide-image' title='' target=\"_blank\" rel=\"noopener noreferrer\"><span class='av-partner-fake-img' style='padding-bottom:56.738768718802%; background-image:url(https:\/\/www.entrepobles.org\/repositoriweb\/wp-content\/uploads\/2024\/01\/banner_Donamcine_24_ok.jpg);'><\/span><\/a><\/div><\/div><div class='slide-entry-wrap' ><div  class='slide-entry flex_column no_margin post-entry slide-entry-overview slide-loop-2 slide-parity-odd  av_fullwidth first real-thumbnail'><a href='http:\/\/cultopias.org\/' data-rel='slide-2' class='slide-image' title='' target=\"_blank\" rel=\"noopener noreferrer\"><span class='av-partner-fake-img' style='padding-bottom:56.738768718802%; background-image:url(https:\/\/www.entrepobles.org\/repositoriweb\/wp-content\/uploads\/2021\/02\/banner-cultopias-1.jpg);'><\/span><\/a><\/div><\/div><div class='slide-entry-wrap' ><div  class='slide-entry flex_column no_margin post-entry slide-entry-overview slide-loop-3 slide-parity-odd  av_fullwidth first real-thumbnail'><a href='https:\/\/www.entrepobles.org\/news\/campanya-europea-drets-per-les-persones-normes-per-les-transnacionals-stop-isds\/' data-rel='slide-2' class='slide-image' title='' target=\"_blank\" rel=\"noopener noreferrer\"><span class='av-partner-fake-img' style='padding-bottom:56.738768718802%; background-image:url(https:\/\/www.entrepobles.org\/repositoriweb\/wp-content\/uploads\/2019\/01\/StopISDS_Logo_CA-1.jpg);'><\/span><\/a><\/div><\/div><div class='slide-entry-wrap' ><div  class='slide-entry flex_column no_margin post-entry slide-entry-overview slide-loop-4 slide-parity-odd  av_fullwidth first real-thumbnail'><a href='https:\/\/alertadh.org\/' data-rel='slide-2' class='slide-image' title='' target=\"_blank\" rel=\"noopener noreferrer\"><span class='av-partner-fake-img' style='padding-bottom:56.738768718802%; background-image:url(https:\/\/www.entrepobles.org\/repositoriweb\/wp-content\/uploads\/2021\/02\/banner-alerta_dh.jpg);'><\/span><\/a><\/div><\/div><div class='slide-entry-wrap' ><div  class='slide-entry flex_column no_margin post-entry slide-entry-overview slide-loop-5 slide-parity-odd  av_fullwidth first real-thumbnail'><a href='https:\/\/www.entrepobles.org\/publicaciones\/economia-feminista-desafios-propuestas-y-alianzas\/' data-rel='slide-2' class='slide-image' title='' target=\"_blank\" rel=\"noopener noreferrer\"><span class='av-partner-fake-img' style='padding-bottom:56.738768718802%; background-image:url(https:\/\/www.entrepobles.org\/repositoriweb\/wp-content\/uploads\/2021\/02\/banner-dialogos-ecofem.jpg);'><\/span><\/a><\/div><\/div><div class='slide-entry-wrap' ><div  class='slide-entry flex_column no_margin post-entry slide-entry-overview slide-loop-6 slide-parity-odd  post-entry-last  av_fullwidth first real-thumbnail'><a href='https:\/\/activistesperlavida.cat\/' data-rel='slide-2' class='slide-image' title='' target=\"_blank\" rel=\"noopener noreferrer\"><span class='av-partner-fake-img' style='padding-bottom:56.738768718802%; background-image:url(https:\/\/www.entrepobles.org\/repositoriweb\/wp-content\/uploads\/2021\/05\/Cartel-WEB3.jpg);'><\/span><\/a><\/div><\/div><\/div><div class='avia-slideshow-dots avia-slideshow-controls'><a href='#1' class='goto-slide active' >1<\/a><a href='#2' class='goto-slide ' >2<\/a><a href='#3' class='goto-slide ' >3<\/a><a href='#4' class='goto-slide ' >4<\/a><a href='#5' class='goto-slide ' >5<\/a><a href='#6' class='goto-slide ' >6<\/a><\/div><\/div><br \/>\n<section class=\"av_textblock_section \"  itemscope=\"itemscope\" itemtype=\"https:\/\/schema.org\/CreativeWork\" ><div class='avia_textblock  '   itemprop=\"text\" >\n<\/div><\/section><\/p><\/div><div class=\"flex_column av_one_full  flex_column_div av-zero-column-padding first  \" style='border-radius:0px; '><p><div  style='padding-bottom:10px; ' class='av-special-heading av-special-heading-h3  blockquote modern-quote modern-centered  titlesection '><h3 class='av-special-heading-tag '  itemprop=\"headline\"  >TREBALL EN XARXA<\/h3><div class='special-heading-border'><div class='special-heading-inner-border' ><\/div><\/div><\/div><br \/>\n<div   data-autoplay='true'  data-interval='3'  data-animation='slide'  class='avia-logo-element-container av-border-deactivate avia-logo-slider avia-content-slider avia-smallarrow-slider avia-content-slider-active noHover avia-content-slider3 avia-content-slider-odd  trabajo-redes  av-small-hide av-mini-hide' ><div class='avia-smallarrow-slider-heading  no-logo-slider-heading '><div class='new-special-heading'>&nbsp;<\/div><\/div><div class='avia-content-slider-inner'><div class='slide-entry-wrap' ><div  class='slide-entry flex_column no_margin post-entry slide-entry-overview slide-loop-1 slide-parity-odd  av_one_fifth first real-thumbnail'><a href='https:\/\/eulatnetwork.org\/' data-rel='slide-3' class='slide-image' title='' target=\"_blank\" rel=\"noopener noreferrer\"><span class='av-partner-fake-img' style='padding-bottom:47.058823529412%; background-image:url(https:\/\/www.entrepobles.org\/repositoriweb\/wp-content\/uploads\/2018\/07\/eulatb.jpg);'><\/span><\/a><\/div><div  class='slide-entry flex_column no_margin post-entry slide-entry-overview slide-loop-2 slide-parity-even  av_one_fifth  real-thumbnail'><a href='https:\/\/www.stopcorporateimpunity.org\/' data-rel='slide-3' class='slide-image' title='' target=\"_blank\" rel=\"noopener noreferrer\"><span class='av-partner-fake-img' style='padding-bottom:47.058823529412%; background-image:url(https:\/\/www.entrepobles.org\/repositoriweb\/wp-content\/uploads\/2018\/07\/dismantleb.jpg);'><\/span><\/a><\/div><div  class='slide-entry flex_column no_margin post-entry slide-entry-overview slide-loop-3 slide-parity-odd  av_one_fifth  real-thumbnail'><a href='http:\/\/www.noalttip.org\/' data-rel='slide-3' class='slide-image' title='' target=\"_blank\" rel=\"noopener noreferrer\"><span class='av-partner-fake-img' style='padding-bottom:47.058823529412%; background-image:url(https:\/\/www.entrepobles.org\/repositoriweb\/wp-content\/uploads\/2018\/07\/notcib.jpg);'><\/span><\/a><\/div><div  class='slide-entry flex_column no_margin post-entry slide-entry-overview slide-loop-4 slide-parity-even  av_one_fifth  real-thumbnail'><a href='http:\/\/www.europaperu.org\/' data-rel='slide-3' class='slide-image' title=''  ><span class='av-partner-fake-img' style='padding-bottom:47.058823529412%; background-image:url(https:\/\/www.entrepobles.org\/repositoriweb\/wp-content\/uploads\/2018\/07\/pepb.jpg);'><\/span><\/a><\/div><div  class='slide-entry flex_column no_margin post-entry slide-entry-overview slide-loop-5 slide-parity-odd  av_one_fifth  real-thumbnail'><a href='https:\/\/alianzaporunacooperacionfeministaglobal.wordpress.com\/' data-rel='slide-3' class='slide-image' title='' target=\"_blank\" rel=\"noopener noreferrer\"><span class='av-partner-fake-img' style='padding-bottom:47.058823529412%; background-image:url(https:\/\/www.entrepobles.org\/repositoriweb\/wp-content\/uploads\/2019\/11\/alianzab.jpg);'><\/span><\/a><\/div><\/div><div class='slide-entry-wrap' ><div  class='slide-entry flex_column no_margin post-entry slide-entry-overview slide-loop-6 slide-parity-odd  av_one_fifth first real-thumbnail'><a href='http:\/\/www.revistapueblos.org\/' data-rel='slide-3' class='slide-image' title='' target=\"_blank\" rel=\"noopener noreferrer\"><span class='av-partner-fake-img' style='padding-bottom:47.058823529412%; background-image:url(https:\/\/www.entrepobles.org\/repositoriweb\/wp-content\/uploads\/2018\/07\/coordinadorab.jpg);'><\/span><\/a><\/div><div  class='slide-entry flex_column no_margin post-entry slide-entry-overview slide-loop-7 slide-parity-even  av_one_fifth  real-thumbnail'><a href='https:\/\/www.coop57.coop\/' data-rel='slide-3' class='slide-image' title='' target=\"_blank\" rel=\"noopener noreferrer\"><span class='av-partner-fake-img' style='padding-bottom:47.058823529412%; background-image:url(https:\/\/www.entrepobles.org\/repositoriweb\/wp-content\/uploads\/2018\/07\/coop-57b.jpg);'><\/span><\/a><\/div><div  class='slide-entry flex_column no_margin post-entry slide-entry-overview slide-loop-8 slide-parity-odd  av_one_fifth  real-thumbnail'><a href='https:\/\/plataformaruralblog.wordpress.com\/' data-rel='slide-3' class='slide-image' title='' target=\"_blank\" rel=\"noopener noreferrer\"><span class='av-partner-fake-img' style='padding-bottom:47.058823529412%; background-image:url(https:\/\/www.entrepobles.org\/repositoriweb\/wp-content\/uploads\/2018\/07\/plataformaruralb.jpg);'><\/span><\/a><\/div><div  class='slide-entry flex_column no_margin post-entry slide-entry-overview slide-loop-9 slide-parity-even  av_one_fifth  real-thumbnail'><a href='https:\/\/www.ecologiapolitica.info\/' data-rel='slide-3' class='slide-image' title='' target=\"_blank\" rel=\"noopener noreferrer\"><span class='av-partner-fake-img' style='padding-bottom:47.058823529412%; background-image:url(https:\/\/www.entrepobles.org\/repositoriweb\/wp-content\/uploads\/2018\/07\/ecologiapoliticab.jpg);'><\/span><\/a><\/div><div  class='slide-entry flex_column no_margin post-entry slide-entry-overview slide-loop-10 slide-parity-odd  post-entry-last  av_one_fifth  real-thumbnail'><a href='http:\/\/www.revistapueblos.org\/' data-rel='slide-3' class='slide-image' title='' target=\"_blank\" rel=\"noopener noreferrer\"><span class='av-partner-fake-img' style='padding-bottom:47.058823529412%; background-image:url(https:\/\/www.entrepobles.org\/repositoriweb\/wp-content\/uploads\/2018\/07\/pueblosb.jpg);'><\/span><\/a><\/div><\/div><\/div><div class='avia-slideshow-dots avia-slideshow-controls'><a href='#1' class='goto-slide active' >1<\/a><a href='#2' class='goto-slide ' >2<\/a><\/div><\/div><br \/>\n<div   data-autoplay='true'  data-interval='3'  data-animation='slide'  class='avia-logo-element-container av-border-deactivate avia-logo-slider avia-content-slider avia-smallarrow-slider avia-content-slider-active noHover avia-content-slider4 avia-content-slider-even  trabajo-redes  av-desktop-hide av-medium-hide' ><div class='avia-smallarrow-slider-heading  no-logo-slider-heading '><div class='new-special-heading'>&nbsp;<\/div><\/div><div class='avia-content-slider-inner'><div class='slide-entry-wrap' ><div  class='slide-entry flex_column no_margin post-entry slide-entry-overview slide-loop-1 slide-parity-odd  av_one_half first real-thumbnail'><a href='https:\/\/eulatnetwork.org\/' data-rel='slide-4' class='slide-image' title='' target=\"_blank\" rel=\"noopener noreferrer\"><span class='av-partner-fake-img' style='padding-bottom:47.058823529412%; background-image:url(https:\/\/www.entrepobles.org\/repositoriweb\/wp-content\/uploads\/2018\/07\/eulatb.jpg);'><\/span><\/a><\/div><div  class='slide-entry flex_column no_margin post-entry slide-entry-overview slide-loop-2 slide-parity-even  av_one_half  real-thumbnail'><a href='https:\/\/www.stopcorporateimpunity.org\/' data-rel='slide-4' class='slide-image' title='' target=\"_blank\" rel=\"noopener noreferrer\"><span class='av-partner-fake-img' style='padding-bottom:47.058823529412%; background-image:url(https:\/\/www.entrepobles.org\/repositoriweb\/wp-content\/uploads\/2018\/07\/dismantleb.jpg);'><\/span><\/a><\/div><\/div><div class='slide-entry-wrap' ><div  class='slide-entry flex_column no_margin post-entry slide-entry-overview slide-loop-3 slide-parity-odd  av_one_half first real-thumbnail'><a href='http:\/\/www.noalttip.org\/' data-rel='slide-4' class='slide-image' title='' target=\"_blank\" rel=\"noopener noreferrer\"><span class='av-partner-fake-img' style='padding-bottom:47.058823529412%; background-image:url(https:\/\/www.entrepobles.org\/repositoriweb\/wp-content\/uploads\/2018\/07\/notcib.jpg);'><\/span><\/a><\/div><div  class='slide-entry flex_column no_margin post-entry slide-entry-overview slide-loop-4 slide-parity-even  av_one_half  real-thumbnail'><a href='http:\/\/www.europaperu.org\/' data-rel='slide-4' class='slide-image' title=''  ><span class='av-partner-fake-img' style='padding-bottom:47.058823529412%; background-image:url(https:\/\/www.entrepobles.org\/repositoriweb\/wp-content\/uploads\/2018\/07\/pepb.jpg);'><\/span><\/a><\/div><\/div><div class='slide-entry-wrap' ><div  class='slide-entry flex_column no_margin post-entry slide-entry-overview slide-loop-5 slide-parity-odd  av_one_half first real-thumbnail'><a href='https:\/\/alianzaporunacooperacionfeministaglobal.wordpress.com\/' data-rel='slide-4' class='slide-image' title='' target=\"_blank\" rel=\"noopener noreferrer\"><span class='av-partner-fake-img' style='padding-bottom:47.058823529412%; background-image:url(https:\/\/www.entrepobles.org\/repositoriweb\/wp-content\/uploads\/2019\/11\/alianzab.jpg);'><\/span><\/a><\/div><div  class='slide-entry flex_column no_margin post-entry slide-entry-overview slide-loop-6 slide-parity-even  av_one_half  real-thumbnail'><a href='http:\/\/www.revistapueblos.org\/' data-rel='slide-4' class='slide-image' title='' target=\"_blank\" rel=\"noopener noreferrer\"><span class='av-partner-fake-img' style='padding-bottom:47.058823529412%; background-image:url(https:\/\/www.entrepobles.org\/repositoriweb\/wp-content\/uploads\/2018\/07\/coordinadorab.jpg);'><\/span><\/a><\/div><\/div><div class='slide-entry-wrap' ><div  class='slide-entry flex_column no_margin post-entry slide-entry-overview slide-loop-7 slide-parity-odd  av_one_half first real-thumbnail'><a href='https:\/\/www.coop57.coop\/' data-rel='slide-4' class='slide-image' title='' target=\"_blank\" rel=\"noopener noreferrer\"><span class='av-partner-fake-img' style='padding-bottom:47.058823529412%; background-image:url(https:\/\/www.entrepobles.org\/repositoriweb\/wp-content\/uploads\/2018\/07\/coop-57b.jpg);'><\/span><\/a><\/div><div  class='slide-entry flex_column no_margin post-entry slide-entry-overview slide-loop-8 slide-parity-even  av_one_half  real-thumbnail'><a href='https:\/\/plataformaruralblog.wordpress.com\/' data-rel='slide-4' class='slide-image' title='' target=\"_blank\" rel=\"noopener noreferrer\"><span class='av-partner-fake-img' style='padding-bottom:47.058823529412%; background-image:url(https:\/\/www.entrepobles.org\/repositoriweb\/wp-content\/uploads\/2018\/07\/plataformaruralb.jpg);'><\/span><\/a><\/div><\/div><div class='slide-entry-wrap' ><div  class='slide-entry flex_column no_margin post-entry slide-entry-overview slide-loop-9 slide-parity-odd  av_one_half first real-thumbnail'><a href='https:\/\/www.ecologiapolitica.info\/' data-rel='slide-4' class='slide-image' title='' target=\"_blank\" rel=\"noopener noreferrer\"><span class='av-partner-fake-img' style='padding-bottom:47.058823529412%; background-image:url(https:\/\/www.entrepobles.org\/repositoriweb\/wp-content\/uploads\/2018\/07\/ecologiapoliticab.jpg);'><\/span><\/a><\/div><div  class='slide-entry flex_column no_margin post-entry slide-entry-overview slide-loop-10 slide-parity-even  post-entry-last  av_one_half  real-thumbnail'><a href='http:\/\/www.revistapueblos.org\/' data-rel='slide-4' class='slide-image' title='' target=\"_blank\" rel=\"noopener noreferrer\"><span class='av-partner-fake-img' style='padding-bottom:47.058823529412%; background-image:url(https:\/\/www.entrepobles.org\/repositoriweb\/wp-content\/uploads\/2018\/07\/pueblosb.jpg);'><\/span><\/a><\/div><\/div><\/div><div class='avia-slideshow-dots avia-slideshow-controls'><a href='#1' class='goto-slide active' >1<\/a><a href='#2' class='goto-slide ' >2<\/a><a href='#3' class='goto-slide ' >3<\/a><a href='#4' class='goto-slide ' >4<\/a><a href='#5' class='goto-slide ' >5<\/a><\/div><\/div><br \/>\n<section class=\"av_textblock_section \"  itemscope=\"itemscope\" itemtype=\"https:\/\/schema.org\/CreativeWork\" ><div class='avia_textblock  '   itemprop=\"text\" ><div class='formcraft-css body-append image_button_cover placement-left'><a data-toggle='fc_modal' data-target='#modal-69f0ef5d8c454' style='background-color: #4488ee; color: white' class=''><\/a><div data-auto='' class='fc-form-modal fc_modal fc_fade animate-left' id='modal-69f0ef5d8c454'>\n      <div class='fc_modal-dialog fc_modal-dialog-2'>\n        <div data-bind='' data-uniq='69f0ef5d8c454' class='uniq-69f0ef5d8c454 formcraft-css form-live align-left'>\n          <button class='fc_close' type='button' class='close' data-dismiss='fc_modal' aria-label='Close'>\n            <span aria-hidden='true'>&times;<\/span>\n          <\/button>\n          <script> window.formcraftLogic = window.formcraftLogic || {}; window.formcraftLogic[2] = [[[[\"field3\",\"equal_to\",\"[field10]\"],[\"field3\",\"not_equal_to\"]],[[\"show_fields\",\"field8\"]],\"and\"]]; <\/script><div class=\"fc-pagination-cover fc-pagination-1\">\n\t\t\t\t<div class=\"fc-pagination\" style=\"width: 100%\">\n\t\t\t\t\t<div class=\"pagination-trigger \" data-index=\"0\">\n\t\t\t\t\t\t<span class=\"page-number\"><span >1<\/span><\/span>\n\t\t\t\t\t\t<span class=\"page-name \">Step 1<\/span>\n\t\t\t\t\t\t\n\t\t\t\t\t<\/div>\n\t\t\t\t<\/div>\n\t\t\t<\/div>\n\t\t\t\n\t\t\t<style scoped=\"scoped\" >\n\t\t\t@media (max-width : 480px) {\n\t\t\t\t.fc_modal-dialog-2 .fc-pagination-cover .fc-pagination\n\t\t\t\t{\n\t\t\t\t\tbackground-color: white !important;\n\t\t\t\t}\n\t\t\t}\n\t\t\t.formcraft-css .fc-form.fc-form-2 .form-element .submit-cover .submit-button,\n\t\t\t.formcraft-css .fc-form.fc-form-2 .form-element .fileupload-cover .button-file,\n\t\t\t.formcraft-css .fc-form.fc-form-2 .form-element .field-cover .button,\n\t\t\t.formcraft-datepicker .ui-datepicker-header,\n\t\t\t.formcraft-datepicker .ui-datepicker-title,\n\t\t\t.formcraft-css .fc-form.fc-form-2 .stripe-amount-show\n\t\t\t{\n\t\t\t\tbackground: #923da0;\n\t\t\t\tcolor: #fff;\n\t\t\t}\n\t\t\t.formcraft-datepicker td .ui-state-active,\n\t\t\t.formcraft-datepicker td .ui-state-hover,\n\t\t\t.formcraft-css .fc-form.fc-form-2 .form-element .slider-cover .ui-slider-range\n\t\t\t{\n\t\t\t\tbackground: #923da0;\n\t\t\t}\n\t\t\t#ui-datepicker-div.formcraft-datepicker .ui-datepicker-header,\n\t\t\t.formcraft-css .fc-form .field-cover>div.full hr\n\t\t\t{\n\t\t\t\tborder-color: #80358c;\n\t\t\t}\n\t\t\t#ui-datepicker-div.formcraft-datepicker .ui-datepicker-prev:hover,\n\t\t\t#ui-datepicker-div.formcraft-datepicker .ui-datepicker-next:hover,\n\t\t\t#ui-datepicker-div.formcraft-datepicker select.ui-datepicker-month:hover,\n\t\t\t#ui-datepicker-div.formcraft-datepicker select.ui-datepicker-year:hover\n\t\t\t{\n\t\t\t\tbackground-color: #80358c;\n\t\t\t}\n\t\t\t.formcraft-css .fc-pagination>div.active .page-number,\n\t\t\t.formcraft-css .form-cover-builder .fc-pagination>div:first-child .page-number\n\t\t\t{\n\t\t\t\tbackground-color: #923da0;\n\t\t\t\tcolor: #fff;\n\t\t\t}\n\t\t\t#ui-datepicker-div.formcraft-datepicker table.ui-datepicker-calendar th,\n\t\t\t#ui-datepicker-div.formcraft-datepicker table.ui-datepicker-calendar td.ui-datepicker-today a,\n\t\t\t.formcraft-css .fc-form.fc-form-2 .form-element .star-cover label,\n\t\t\thtml .formcraft-css .fc-form.label-floating .form-element .field-cover.has-focus>span,\n\t\t\t.formcraft-css .fc-form.fc-form-2 .form-element .customText-cover a,\n\t\t\t.formcraft-css .prev-next>div span:hover\n\t\t\t{\n\t\t\t\tcolor: #923da0;\n\t\t\t}\n\t\t\t.formcraft-css .fc-form.fc-form-2 .form-element .customText-cover a:hover\n\t\t\t{\n\t\t\t\tcolor: #80358c;\n\t\t\t}\n\t\t\thtml .formcraft-css .fc-form.fc-form-2.label-floating .form-element .field-cover > span\n\t\t\t{\n\t\t\t\tcolor: #666666;\n\t\t\t}\n\t\t\t.formcraft-css .fc-form.fc-form-2 .form-element .field-cover input[type=\"text\"],\n\t\t\t.formcraft-css .fc-form.fc-form-2 .form-element .field-cover input[type=\"email\"],\n\t\t\t.formcraft-css .fc-form.fc-form-2 .form-element .field-cover input[type=\"password\"],\n\t\t\t.formcraft-css .fc-form.fc-form-2 .form-element .field-cover input[type=\"tel\"],\n\t\t\t.formcraft-css .fc-form.fc-form-2 .form-element .field-cover textarea,\n\t\t\t.formcraft-css .fc-form.fc-form-2 .form-element .field-cover select,\n\t\t\t.formcraft-css .fc-form.fc-form-2 .form-element .field-cover .time-fields-cover\n\t\t\t{\n\t\t\t\tcolor: #777;\n\t\t\t}\n\t\t\t.formcraft-css .fc-form.fc-form-2 .form-element .field-cover input[type=\"text\"],\n\t\t\t.formcraft-css .fc-form.fc-form-2 .form-element .field-cover input[type=\"password\"],\n\t\t\t.formcraft-css .fc-form.fc-form-2 .form-element .field-cover input[type=\"email\"],\n\t\t\t.formcraft-css .fc-form.fc-form-2 .form-element .field-cover input[type=\"tel\"],\n\t\t\t.formcraft-css .fc-form.fc-form-2 .form-element .field-cover select,\n\t\t\t.formcraft-css .fc-form.fc-form-2 .form-element .field-cover textarea\n\t\t\t{\n\t\t\t\tbackground-color: #fafafa;\n\t\t\t}\n\t\t\t.formcraft-css .fc-form.fc-form-2 .form-element .star-cover label .star\n\t\t\t{\n\t\t\t\ttext-shadow: 0px 1px 0px #80358c;\n\t\t\t}\n\t\t\t.formcraft-css .fc-form.fc-form-2 .form-element .slider-cover .ui-slider-range\n\t\t\t{\n\t\t\t\tbox-shadow: 0px 1px 1px #80358c inset;\n\t\t\t}\n\t\t\t.formcraft-css .fc-form.fc-form-2 .form-element .fileupload-cover .button-file,\n\t\t\t.formcraft-css .fc-form.fc-form-2 .form-element .stripe-amount-show\n\t\t\t{\n\t\t\t\tborder-color: #80358c;\n\t\t\t}\n\t\t\t.formcraft-css .fc-form.fc-form-2 .stripe-cover.field-cover div.stripe-amount-show::before\n\t\t\t{\n\t\t\t\tborder-top-color: #80358c;\n\t\t\t}\n\t\t\t.formcraft-css .fc-form.fc-form-2 .stripe-cover.field-cover div.stripe-amount-show::after\n\t\t\t{\n\t\t\t\tborder-right-color: #923da0;\n\t\t\t}\n\t\t\t.formcraft-css .fc-form.fc-form-2 .form-element .stripe-amount-show,\n\t\t\t.formcraft-css .fc-form.fc-form-2 .form-element .submit-cover .submit-button .text,\n\t\t\t.formcraft-css .fc-form.fc-form-2 .form-element .field-cover .button\n\t\t\t{\n\t\t\t\ttext-shadow: 1px 0px 3px #80358c;\n\t\t\t}\n\t\t\t.formcraft-css .fc-form.fc-form-2 .form-element .form-element-html input[type=\"password\"]:focus,\n\t\t\t.formcraft-css .fc-form.fc-form-2 .form-element .form-element-html input[type=\"email\"]:focus,\n\t\t\t.formcraft-css .fc-form.fc-form-2 .form-element .form-element-html input[type=\"tel\"]:focus,\n\t\t\t.formcraft-css .fc-form.fc-form-2 .form-element .form-element-html input[type=\"text\"]:focus,\n\t\t\t.formcraft-css .fc-form.fc-form-2 .form-element .form-element-html textarea:focus,\n\t\t\t.formcraft-css .fc-form.fc-form-2 .form-element .form-element-html select:focus\n\t\t\t{\n\t\t\t\tborder-color: #923da0;\n\t\t\t}\n\t\t\t.formcraft-css .fc-form.fc-form-2 .form-element .form-element-html .field-cover .is-read-only:focus {\n\t\t\t\tborder-color: #ccc;\n\t\t\t}\n\t\t\t.formcraft-css .fc-form.fc-form-2\t\t\t{\n\t\t\t\tfont-family: inherit;\n\t\t\t}\n\t\t\t@media (max-width : 480px) {\n\t\t\t\thtml .dedicated-page,\n\t\t\t\thtml .dedicated-page .formcraft-css .fc-pagination > div.active\n\t\t\t\t{\n\t\t\t\t\tbackground: white;\n\t\t\t\t}\n\t\t\t}\n\t\t<\/style>\n\t\t<div class=\"form-cover\">\n\t\t\t<form data-thousand=\"\" data-decimal=\".\" data-delay=\"\" data-id=\"2\" class=\"fc-form fc-form-2 align- fc-temp-class spin- save-form- dont-submit-hidden- remove-asterisk- icons-hide- disable-enter- label-block frame-visible field-alignment-left\" style=\"width: 650px; color: #666666; font-size: 100%; background: white\">\n\t\t\t\t<div class=\"form-page form-page-0\" data-index=\"0\">\n\t\t\t\t\t\n\t\t\t\t\t<div class=\"form-page-content     \">\n\t\t\t\t\t\t<div data-identifier=\"field7\" data-index=\"0\" style=\"width: 100%\" class=\" form-element form-element-field7 options-false index-false form-element-0 default-false form-element-type-heading is-required-false odd -handle\">\n\t\t\t\t\t\t\t<div class=\"form-element-html\"><div ><div style=\"background-color:\" class=\"heading-cover field-cover \"><div style=\"text-align: left; font-size: 1.4em; padding-top: 1em; padding-bottom: ; color:\" class=\"bold-\"><span >INSCRIPCI\u00d3N NEWSLETTER<\/span><\/div><input type=\"hidden\" data-field-id=\"field7\" name=\"field7[]\" value=\"INSCRIPCI\u00d3N NEWSLETTER\"><\/div><\/div><\/div>\n\t\t\t\t\t\t\t\n\t\t\t\t\t\t<\/div><div data-identifier=\"field1\" data-index=\"1\" style=\"width: 50%\" class=\" even form-element form-element-field1 options-false index-false form-element-1 default-false form-element-type-oneLineText is-required-true -handle\">\n\t\t\t\t\t\t\t<div class=\"form-element-html\"><div ><div class=\"oneLineText-cover field-cover \"><span class=\"sub-label-false\"><span class=\"main-label\"><span >Nombre<\/span><\/span><span class=\"sub-label\"><\/span><\/span><div><span class=\"error\"><\/span><input type=\"text\" placeholder=\"\" make-read-only=\"false\" data-field-id=\"field1\" name=\"field1[]\" data-min-char=\"\" data-max-char=\"\" data-val-type=\"\" data-regexp=\"\" data-is-required=\"true\" data-allow-spaces=\"\" class=\"validation-lenient\" data-placement=\"right\" data-toggle=\"tooltip\" tooltip=\"\" data-trigger=\"focus\" data-html=\"true\" data-input-mask=\"\" data-mask-placeholder=\"\" data-original-title=\"\"><i class=\"formcraft-icon formcraft-icon-type-\"><\/i><\/div><\/div><\/div><\/div>\n\t\t\t\t\t\t\t\n\t\t\t\t\t\t<\/div><div data-identifier=\"field12\" data-index=\"2\" style=\"width: 50%\" class=\" form-element form-element-field12 options-false index-false form-element-2 default-false form-element-type-oneLineText is-required-false odd -handle\">\n\t\t\t\t\t\t\t<div class=\"form-element-html\"><div ><div class=\"oneLineText-cover field-cover \"><span class=\"sub-label-false\"><span class=\"main-label\"><span >Apellidos<\/span><\/span><span class=\"sub-label\"><\/span><\/span><div><span class=\"error\"><\/span><input type=\"text\" placeholder=\"\" make-read-only=\"false\" data-field-id=\"field12\" name=\"field12[]\" data-min-char=\"\" data-max-char=\"\" data-val-type=\"\" data-regexp=\"\" data-is-required=\"false\" data-allow-spaces=\"\" class=\"validation-lenient\" data-placement=\"right\" data-toggle=\"tooltip\" tooltip=\"\" data-trigger=\"focus\" data-html=\"true\" data-input-mask=\"\" data-mask-placeholder=\"\" data-original-title=\"\"><i class=\"formcraft-icon formcraft-icon-type-\"><\/i><\/div><\/div><\/div><\/div>\n\t\t\t\t\t\t\t\n\t\t\t\t\t\t<\/div><div data-identifier=\"field3\" data-index=\"3\" style=\"width: 50%\" class=\" even form-element form-element-field3 options-false index-false form-element-3 default-false form-element-type-email is-required-true -handle\">\n\t\t\t\t\t\t\t<div class=\"form-element-html\"><div ><div class=\"email-cover field-cover \"><span class=\"sub-label-true\"><span class=\"main-label\"><span >Correo electr\u00f3nico<\/span><\/span><span class=\"sub-label\"><\/span><\/span><div><span class=\"error\"><\/span><input placeholder=\"\" data-field-id=\"field3\" type=\"text\" data-val-type=\"email\" make-read-only=\"\" data-is-required=\"true\" name=\"field3\" class=\"validation-lenient\" data-placement=\"right\" data-toggle=\"tooltip\" tooltip=\"\" data-trigger=\"focus\" data-html=\"true\" data-original-title=\"\"><i class=\"formcraft-icon\">email<\/i><\/div><\/div><\/div><\/div>\n\t\t\t\t\t\t\t\n\t\t\t\t\t\t<\/div><div data-identifier=\"field10\" data-index=\"4\" style=\"width: 50%\" class=\" form-element form-element-field10 options-false index-false form-element-4 default-false form-element-type-email is-required-false odd -handle\">\n\t\t\t\t\t\t\t<div class=\"form-element-html\"><div ><div class=\"email-cover field-cover \"><span class=\"sub-label-true\"><span class=\"main-label\"><span >Repite el correo electr\u00f3nico<\/span><\/span><span class=\"sub-label\"><\/span><\/span><div><span class=\"error\"><\/span><input placeholder=\"\" data-field-id=\"field10\" type=\"text\" data-val-type=\"email\" make-read-only=\"\" data-is-required=\"false\" name=\"field10\" class=\"validation-lenient\" data-placement=\"right\" data-toggle=\"tooltip\" tooltip=\"\" data-trigger=\"focus\" data-html=\"true\" data-original-title=\"\"><i class=\"formcraft-icon\">email<\/i><\/div><\/div><\/div><\/div>\n\t\t\t\t\t\t\t\n\t\t\t\t\t\t<\/div><div data-identifier=\"field5\" data-index=\"5\" style=\"width: 50%\" class=\" even form-element form-element-field5 options-false index-false form-element-5 default-false form-element-type-checkbox is-required-true -handle\">\n\t\t\t\t\t\t\t<div class=\"form-element-html\"><div ><div class=\"images- checkbox-cover field-cover\"><span class=\"sub-label-true\"><span class=\"main-label\"><span >Idioma<\/span><\/span><span class=\"sub-label\"><span >escoge tu idioma de preferencia (opcional)<\/span><\/span><\/span><div data-placement=\"right\" data-toggle=\"tooltip\" tooltip=\"\" data-trigger=\"hover\" data-html=\"true\" data-original-title=\"\"><span class=\"error\"><\/span><label style=\"width:\" ><img alt=\"\"><input data-field-id=\"field5\" type=\"radio\" data-is-required=\"true\" name=\"field5[]\" value=\"Castellano\" class=\"validation-lenient\"><span><span >Castellano<\/span><\/span><\/label><label style=\"width:\" ><img alt=\"\"><input data-field-id=\"field5\" type=\"radio\" data-is-required=\"true\" name=\"field5[]\" value=\"Catal\u00e0\" class=\"validation-lenient\"><span><span >Catal\u00e0<\/span><\/span><\/label><\/div><\/div><\/div><\/div>\n\t\t\t\t\t\t\t\n\t\t\t\t\t\t<\/div><div data-identifier=\"field9\" data-index=\"6\" style=\"width: 50%\" class=\" form-element form-element-field9 options-false index-false form-element-6 default-false form-element-type-checkbox is-required-true odd -handle\">\n\t\t\t\t\t\t\t<div class=\"form-element-html\"><div ><div class=\"images- checkbox-cover field-cover\"><span class=\"sub-label-false\"><span class=\"main-label\"><\/span><span class=\"sub-label\"><\/span><\/span><div data-placement=\"right\" data-toggle=\"tooltip\" tooltip=\"\" data-trigger=\"hover\" data-html=\"true\" data-original-title=\"\"><span class=\"error\"><\/span><label style=\"width:\" ><img alt=\"\"><input data-field-id=\"field9\" type=\"radio\" data-is-required=\"true\" name=\"field9[]\" value=\"<a href=\\\"\/\/www.entrepueblos.org\/politica-de-privacidad\/&quot;\\\" target=\\\"&quot;_blank&quot;\\\" rel=\\\"noopener\\\">ACEPTAR POL\u00cdTICA DE PRIVACIDAD<\/a>\" class=\"validation-lenient\"><span><a href=\"http:\/\/www.entrepueblos.org\/politica-de-privacidad\/\" target=\"_blank\" rel=\"noopener\">ACEPTAR POL\u00cdTICA DE PRIVACIDAD<\/a><\/span><\/label><\/div><\/div><\/div><\/div>\n\t\t\t\t\t\t\t\n\t\t\t\t\t\t<\/div><div data-identifier=\"field8\" data-index=\"7\" style=\"width: 100%\" class=\" even form-element form-element-field8 options-false index-false form-element-7 default-false form-element-type-submit is-required-false -handle\">\n\t\t\t\t\t\t\t<div class=\"form-element-html\"><div ><div class=\"align-left wide-false submit-cover field-cover\"><button type=\"submit\" class=\"button submit-button\"><span class=\"text \">INSCRIPCI\u00d3N<\/span><span class=\"spin-cover\"><i style=\"color:\" class=\"loading-icon icon-cog animate-spin\"><\/i><\/span><\/button><\/div><div class=\"submit-response \"><\/div><input type=\"text\" class=\"required_field \" name=\"website\"><\/div><\/div>\n\t\t\t\t\t\t\t\n\t\t\t\t\t\t<\/div>\n\t\t\t\t\t<\/div>\n\t\t\t\t<\/div>\n\t\t\t<\/form>\n\t\t\t<div class=\"prev-next prev-next-1\" style=\"width: 650px; color: #666666; font-size: 100%; background: white\">\n\t\t\t\t<div><input type=\"text\" class=\"  \"><span class=\"inactive page-prev \"><i class=\"formcraft-icon\">keyboard_arrow_left<\/i>Previous<\/span><\/div>\n\t\t\t\t<div><input type=\"text\" class=\"  \"><span class=\"page-next \">Next<i class=\"formcraft-icon\">keyboard_arrow_right<\/i><\/span><\/div>\n\t\t\t<\/div>\n\t\t<\/div>\n        <\/div><a class=\"powered-by\" target=\"_blank\" href=\"http:\/\/formcraft-wp.com?source=pb\" rel=\"noopener\">FormCraft - WordPress form builder<\/a><\/div>\n      <\/div>\n      <\/div>\n<\/div><\/section><\/p><\/div><\/p>\n","protected":false},"excerpt":{"rendered":"","protected":false},"author":9,"featured_media":0,"parent":0,"menu_order":0,"comment_status":"closed","ping_status":"closed","template":"","meta":{"_acf_changed":false,"_price":"","_stock":"","_tribe_ticket_header":"","_tribe_default_ticket_provider":"","_tribe_ticket_capacity":"0","_ticket_start_date":"","_ticket_end_date":"","_tribe_ticket_show_description":"","_tribe_ticket_show_not_going":false,"_tribe_ticket_use_global_stock":"","_tribe_ticket_global_stock_level":"","_global_stock_mode":"","_global_stock_cap":"","_tribe_rsvp_for_event":"","_tribe_ticket_going_count":"","_tribe_ticket_not_going_count":"","_tribe_tickets_list":"[]","_tribe_ticket_has_attendee_info_fields":false,"footnotes":"","_tec_slr_enabled":"","_tec_slr_layout":""},"class_list":["post-5259","page","type-page","status-publish","hentry"],"acf":[],"yoast_head":"<!-- This site is optimized with the Yoast SEO plugin v25.0 - https:\/\/yoast.com\/wordpress\/plugins\/seo\/ -->\n<title>INICI - Entrepueblos<\/title>\n<meta name=\"robots\" content=\"index, follow, max-snippet:-1, max-image-preview:large, max-video-preview:-1\" \/>\n<link rel=\"canonical\" href=\"https:\/\/www.entrepobles.org\/repositoriweb\/\" \/>\n<meta property=\"og:locale\" content=\"ca_ES\" \/>\n<meta property=\"og:type\" content=\"article\" \/>\n<meta property=\"og:title\" content=\"INICI - Entrepueblos\" \/>\n<meta property=\"og:url\" content=\"https:\/\/www.entrepobles.org\/repositoriweb\/\" \/>\n<meta property=\"og:site_name\" content=\"Entrepueblos\" \/>\n<meta property=\"article:modified_time\" content=\"2024-06-11T09:13:52+00:00\" \/>\n<meta name=\"twitter:card\" content=\"summary_large_image\" \/>\n<meta name=\"twitter:label1\" content=\"Temps estimat de lectura\" \/>\n\t<meta name=\"twitter:data1\" content=\"22 minuts\" \/>\n<script type=\"application\/ld+json\" class=\"yoast-schema-graph\">{\"@context\":\"https:\/\/schema.org\",\"@graph\":[{\"@type\":\"WebPage\",\"@id\":\"https:\/\/www.entrepobles.org\/repositoriweb\/\",\"url\":\"https:\/\/www.entrepobles.org\/repositoriweb\/\",\"name\":\"INICI - Entrepueblos\",\"isPartOf\":{\"@id\":\"https:\/\/www.entrepueblos.org\/repositoriweb\/#website\"},\"datePublished\":\"2018-03-22T16:39:57+00:00\",\"dateModified\":\"2024-06-11T09:13:52+00:00\",\"breadcrumb\":{\"@id\":\"https:\/\/www.entrepobles.org\/repositoriweb\/#breadcrumb\"},\"inLanguage\":\"ca\",\"potentialAction\":[{\"@type\":\"ReadAction\",\"target\":[\"https:\/\/www.entrepobles.org\/repositoriweb\/\"]}]},{\"@type\":\"BreadcrumbList\",\"@id\":\"https:\/\/www.entrepobles.org\/repositoriweb\/#breadcrumb\",\"itemListElement\":[{\"@type\":\"ListItem\",\"position\":1,\"name\":\"Portada\",\"item\":\"https:\/\/www.entrepobles.org\/repositoriweb\/\"},{\"@type\":\"ListItem\",\"position\":2,\"name\":\"INICI\"}]},{\"@type\":\"WebSite\",\"@id\":\"https:\/\/www.entrepueblos.org\/repositoriweb\/#website\",\"url\":\"https:\/\/www.entrepueblos.org\/repositoriweb\/\",\"name\":\"Entrepueblos\",\"description\":\"Cooperaci\u00f3n pueblo a pueblo\",\"potentialAction\":[{\"@type\":\"SearchAction\",\"target\":{\"@type\":\"EntryPoint\",\"urlTemplate\":\"https:\/\/www.entrepueblos.org\/repositoriweb\/?s={search_term_string}\"},\"query-input\":{\"@type\":\"PropertyValueSpecification\",\"valueRequired\":true,\"valueName\":\"search_term_string\"}}],\"inLanguage\":\"ca\"}]}<\/script>\n<!-- \/ Yoast SEO plugin. -->","yoast_head_json":{"title":"INICI - Entrepueblos","robots":{"index":"index","follow":"follow","max-snippet":"max-snippet:-1","max-image-preview":"max-image-preview:large","max-video-preview":"max-video-preview:-1"},"canonical":"https:\/\/www.entrepobles.org\/repositoriweb\/","og_locale":"ca_ES","og_type":"article","og_title":"INICI - Entrepueblos","og_url":"https:\/\/www.entrepobles.org\/repositoriweb\/","og_site_name":"Entrepueblos","article_modified_time":"2024-06-11T09:13:52+00:00","twitter_card":"summary_large_image","twitter_misc":{"Temps estimat de lectura":"22 minuts"},"schema":{"@context":"https:\/\/schema.org","@graph":[{"@type":"WebPage","@id":"https:\/\/www.entrepobles.org\/repositoriweb\/","url":"https:\/\/www.entrepobles.org\/repositoriweb\/","name":"INICI - Entrepueblos","isPartOf":{"@id":"https:\/\/www.entrepueblos.org\/repositoriweb\/#website"},"datePublished":"2018-03-22T16:39:57+00:00","dateModified":"2024-06-11T09:13:52+00:00","breadcrumb":{"@id":"https:\/\/www.entrepobles.org\/repositoriweb\/#breadcrumb"},"inLanguage":"ca","potentialAction":[{"@type":"ReadAction","target":["https:\/\/www.entrepobles.org\/repositoriweb\/"]}]},{"@type":"BreadcrumbList","@id":"https:\/\/www.entrepobles.org\/repositoriweb\/#breadcrumb","itemListElement":[{"@type":"ListItem","position":1,"name":"Portada","item":"https:\/\/www.entrepobles.org\/repositoriweb\/"},{"@type":"ListItem","position":2,"name":"INICI"}]},{"@type":"WebSite","@id":"https:\/\/www.entrepueblos.org\/repositoriweb\/#website","url":"https:\/\/www.entrepueblos.org\/repositoriweb\/","name":"Entrepueblos","description":"Cooperaci\u00f3n pueblo a pueblo","potentialAction":[{"@type":"SearchAction","target":{"@type":"EntryPoint","urlTemplate":"https:\/\/www.entrepueblos.org\/repositoriweb\/?s={search_term_string}"},"query-input":{"@type":"PropertyValueSpecification","valueRequired":true,"valueName":"search_term_string"}}],"inLanguage":"ca"}]}},"ticketed":false,"_links":{"self":[{"href":"https:\/\/www.entrepobles.org\/repositoriweb\/wp-json\/wp\/v2\/pages\/5259","targetHints":{"allow":["GET"]}}],"collection":[{"href":"https:\/\/www.entrepobles.org\/repositoriweb\/wp-json\/wp\/v2\/pages"}],"about":[{"href":"https:\/\/www.entrepobles.org\/repositoriweb\/wp-json\/wp\/v2\/types\/page"}],"author":[{"embeddable":true,"href":"https:\/\/www.entrepobles.org\/repositoriweb\/wp-json\/wp\/v2\/users\/9"}],"replies":[{"embeddable":true,"href":"https:\/\/www.entrepobles.org\/repositoriweb\/wp-json\/wp\/v2\/comments?post=5259"}],"version-history":[{"count":69,"href":"https:\/\/www.entrepobles.org\/repositoriweb\/wp-json\/wp\/v2\/pages\/5259\/revisions"}],"predecessor-version":[{"id":39302,"href":"https:\/\/www.entrepobles.org\/repositoriweb\/wp-json\/wp\/v2\/pages\/5259\/revisions\/39302"}],"wp:attachment":[{"href":"https:\/\/www.entrepobles.org\/repositoriweb\/wp-json\/wp\/v2\/media?parent=5259"}],"curies":[{"name":"wp","href":"https:\/\/api.w.org\/{rel}","templated":true}]}}