{"id":5272,"date":"2018-07-13T08:37:51","date_gmt":"2018-07-13T08:37:51","guid":{"rendered":"https:\/\/entrepueblos.org\/?page_id=5272"},"modified":"2024-11-18T15:44:47","modified_gmt":"2024-11-18T15:44:47","slug":"qui-som","status":"publish","type":"page","link":"https:\/\/www.entrepobles.org\/repositoriweb\/qui-som\/","title":{"rendered":"QUI SOM"},"content":{"rendered":"<div id='av_section_1'  class='avia-section main_color avia-section-default avia-no-border-styling  avia-full-stretch av-parallax-section av-section-color-overlay-active avia-bg-style-parallax  avia-builder-el-0  el_before_av_section  avia-builder-el-first  header-section  av-small-hide av-mini-hide av-minimum-height av-minimum-height-50  container_wrap sidebar_right' style=' '  data-section-bg-repeat='stretch' data-av_minimum_height_pc='50'><div class='av-parallax' data-avia-parallax-ratio='0.3' ><div class='av-parallax-inner main_color  avia-full-stretch' style = 'background-repeat: no-repeat; background-image: url(https:\/\/www.entrepobles.org\/repositoriweb\/wp-content\/uploads\/2018\/05\/30-asambleaweb.jpg);background-attachment: scroll; background-position: bottom center; ' ><\/div><\/div><div class='av-section-color-overlay-wrap'><div class='av-section-color-overlay' style='opacity: 0.7; background-color: #3f3f3f; '><\/div><div class='container' ><main  role=\"main\" itemprop=\"mainContentOfPage\"  class='template-page content  av-content-small alpha units'><div class='post-entry post-entry-type-page post-entry-5272'><div class='entry-content-wrapper clearfix'>\n<div class='flex_column_table av-equal-height-column-flextable -flextable' ><div class=\"flex_column av_one_full  flex_column_table_cell av-equal-height-column av-align-middle av-zero-column-padding first  avia-builder-el-1  avia-builder-el-no-sibling  title-ot \" style='border-radius:0px; '><section class=\"av_textblock_section \"  itemscope=\"itemscope\" itemtype=\"https:\/\/schema.org\/CreativeWork\" ><div class='avia_textblock ot-title av_inherit_color '  style='color:#ffffff; '  itemprop=\"text\" ><h2 style=\"text-align: center;\">35 anys de comprom\u00eds per a la transformaci\u00f3 social duent a terme propostes de cooperaci\u00f3 solid\u00e0ria<\/h2>\n<\/div><\/section><\/div><\/div><!--close column table wrapper. Autoclose: 1 -->\n\n<\/div><\/div><\/main><!-- close content main element --><\/div><\/div><\/div><div id='av_section_2'  class='avia-section main_color avia-section-default avia-no-border-styling  avia-full-stretch av-parallax-section av-section-color-overlay-active avia-bg-style-parallax  avia-builder-el-3  el_after_av_section  el_before_av_submenu  header-section-mobile  av-desktop-hide av-medium-hide av-minimum-height av-minimum-height-75  container_wrap sidebar_right' style=' '  data-section-bg-repeat='stretch' data-av_minimum_height_pc='75'><div class='av-parallax' data-avia-parallax-ratio='0.3' ><div class='av-parallax-inner main_color  avia-full-stretch' style = 'background-repeat: no-repeat; background-image: url(https:\/\/www.entrepobles.org\/repositoriweb\/wp-content\/uploads\/2018\/05\/30-asambleaweb.jpg);background-attachment: scroll; background-position: center center; ' ><\/div><\/div><div class='av-section-color-overlay-wrap'><div class='av-section-color-overlay' style='opacity: 0.7; background-color: #3f3f3f; '><\/div><div class='container' ><div class='template-page content  av-content-small alpha units'><div class='post-entry post-entry-type-page post-entry-5272'><div class='entry-content-wrapper clearfix'>\n<div class='flex_column_table av-equal-height-column-flextable -flextable' ><div class=\"flex_column av_one_full  flex_column_table_cell av-equal-height-column av-align-middle av-zero-column-padding first  avia-builder-el-4  avia-builder-el-no-sibling  title-ot-mobile \" style='border-radius:0px; '><section class=\"av_textblock_section \"  itemscope=\"itemscope\" itemtype=\"https:\/\/schema.org\/CreativeWork\" ><div class='avia_textblock text-title-mobile av_inherit_color '  style='color:#ffffff; '  itemprop=\"text\" ><h2 style=\"text-align: center;\">35 anys de comprom\u00eds per a la transformaci\u00f3 social duent a terme propostes de cooperaci\u00f3 solid\u00e0ria<\/h2>\n<\/div><\/section><\/div><\/div><!--close column table wrapper. Autoclose: 1 -->\n\n<\/div><\/div><\/div><!-- close content main div --><\/div><\/div><\/div><div id='sub_menu1'  class='av-submenu-container main_color  avia-builder-el-6  el_after_av_section  el_before_av_one_full  menu-who  submenu-not-first container_wrap sidebar_right' style='  z-index:301' ><div class='container av-menu-mobile-disabled '><ul id='av-custom-submenu-1' class='av-subnav-menu av-submenu-pos-center'>\n<li class='menu-item menu-item-top-level  menu-item-top-level-1'><a href='https:\/\/www.entrepobles.org\/repositoriweb\/qui-som\/el-nostre-enfocament\/' ><span class='avia-bullet'><\/span><span class='avia-menu-text'>EL NOSTRE ENFOCAMENT<\/span><\/a><\/li>\n<li class='menu-item menu-item-top-level  menu-item-top-level-2'><a href='https:\/\/www.entrepobles.org\/repositoriweb\/qui-som\/missio-visio-valors\/' ><span class='avia-bullet'><\/span><span class='avia-menu-text'>VISI\u00d3, MISSI\u00d3, VALORS<\/span><\/a><\/li>\n<li class='menu-item menu-item-top-level  menu-item-top-level-3'><a href='https:\/\/www.entrepobles.org\/repositoriweb\/qui-som\/com-ens-organitzem\/' ><span class='avia-bullet'><\/span><span class='avia-menu-text'>COM ENS ORGANITZEM<\/span><\/a><\/li>\n<li class='menu-item menu-item-top-level  menu-item-top-level-4'><a href='https:\/\/www.entrepobles.org\/repositoriweb\/qui-som\/portal-de-transparencia\/' ><span class='avia-bullet'><\/span><span class='avia-menu-text'>PORTAL DE TRANSPAR\u00c8NCIA<\/span><\/a><\/li>\n<\/ul><\/div><\/div><div id='after_submenu'  class='main_color av_default_container_wrap container_wrap sidebar_right' style=' '  ><div class='container' ><div class='template-page content  av-content-small alpha units'><div class='post-entry post-entry-type-page post-entry-5272'><div class='entry-content-wrapper clearfix'>\n<div class=\"flex_column av_one_full  flex_column_div av-zero-column-padding first  avia-builder-el-7  el_after_av_submenu  el_before_av_one_full  avia-builder-el-first  quienes-somos-textblock \" style='border-radius:0px; '><section class=\"av_textblock_section \"  itemscope=\"itemscope\" itemtype=\"https:\/\/schema.org\/CreativeWork\" ><div class='avia_textblock  '   itemprop=\"text\" ><p>Som una associaci\u00f3 de solidaritat internacional independent, feminista, amb base social activista, constitu\u00efda el 1988 pels Comit\u00e8s de Solidaritat amb Am\u00e8rica Llatina.<\/p>\n<p>A trav\u00e9s de la cooperaci\u00f3 solid\u00e0ria, l&#8217;educaci\u00f3 emancipat\u00f2ria i la incid\u00e8ncia pol\u00edtica, promovem la <strong>transformaci\u00f3 social<\/strong> al costat d&#8217;organitzacions i moviments alternatius de tot el m\u00f3n.<\/p>\n<p>Formem part d&#8217;aliances de suport mutu per al ple exercici de les <strong>sobiranies<\/strong>, els <strong>drets humans<\/strong> i els <strong>drets de la naturalesa<\/strong>.<\/p>\n<p>Col\u00b7laborem en activitats i processos, tant formatius com organitzatius, promovent espais cooperatius, de treball en equip, lliures de viol\u00e8ncies, en els quals posar <strong>les cures i la vida en el centre.<\/strong><\/p>\n<\/div><\/section><\/div>\n<div class=\"flex_column av_one_full  flex_column_div av-zero-column-padding first  avia-builder-el-9  el_after_av_one_full  avia-builder-el-last  quienes-somos-textblock column-top-margin\" style='border-radius:0px; '><div  class='avia-image-container  av-styling-    avia-builder-el-10  avia-builder-el-no-sibling  avia-align-center '  itemprop=\"image\" itemscope=\"itemscope\" itemtype=\"https:\/\/schema.org\/ImageObject\"  ><div class='avia-image-container-inner'><div class='avia-image-overlay-wrap'><img decoding=\"async\" class='wp-image-9045 avia-img-lazy-loading-not-9045 avia_image' src=\"https:\/\/www.entrepobles.org\/repositoriweb\/wp-content\/uploads\/2018\/05\/enfoque.jpg\" alt='' title='enfoque' height=\"1333\" width=\"2000\"  itemprop=\"thumbnailUrl\" srcset=\"https:\/\/www.entrepobles.org\/repositoriweb\/wp-content\/uploads\/2018\/05\/enfoque.jpg 2000w, https:\/\/www.entrepobles.org\/repositoriweb\/wp-content\/uploads\/2018\/05\/enfoque-300x200.jpg 300w, https:\/\/www.entrepobles.org\/repositoriweb\/wp-content\/uploads\/2018\/05\/enfoque-768x512.jpg 768w, https:\/\/www.entrepobles.org\/repositoriweb\/wp-content\/uploads\/2018\/05\/enfoque-1030x686.jpg 1030w, https:\/\/www.entrepobles.org\/repositoriweb\/wp-content\/uploads\/2018\/05\/enfoque-1500x1000.jpg 1500w, https:\/\/www.entrepobles.org\/repositoriweb\/wp-content\/uploads\/2018\/05\/enfoque-705x470.jpg 705w, https:\/\/www.entrepobles.org\/repositoriweb\/wp-content\/uploads\/2018\/05\/enfoque-450x300.jpg 450w\" sizes=\"(max-width: 2000px) 100vw, 2000px\" \/><\/div><\/div><\/div><\/div>\n","protected":false},"excerpt":{"rendered":"","protected":false},"author":9,"featured_media":0,"parent":0,"menu_order":0,"comment_status":"closed","ping_status":"closed","template":"","meta":{"_acf_changed":false,"_price":"","_stock":"","_tribe_ticket_header":"","_tribe_default_ticket_provider":"","_tribe_ticket_capacity":"0","_ticket_start_date":"","_ticket_end_date":"","_tribe_ticket_show_description":"","_tribe_ticket_show_not_going":false,"_tribe_ticket_use_global_stock":"","_tribe_ticket_global_stock_level":"","_global_stock_mode":"","_global_stock_cap":"","_tribe_rsvp_for_event":"","_tribe_ticket_going_count":"","_tribe_ticket_not_going_count":"","_tribe_tickets_list":"[]","_tribe_ticket_has_attendee_info_fields":false,"footnotes":"","_tec_slr_enabled":"","_tec_slr_layout":""},"class_list":["post-5272","page","type-page","status-publish","hentry"],"acf":[],"yoast_head":"<!-- This site is optimized with the Yoast SEO plugin v25.0 - https:\/\/yoast.com\/wordpress\/plugins\/seo\/ -->\n<title>QUI SOM - Entrepueblos<\/title>\n<meta name=\"robots\" content=\"index, follow, max-snippet:-1, max-image-preview:large, max-video-preview:-1\" \/>\n<link rel=\"canonical\" href=\"https:\/\/www.entrepobles.org\/repositoriweb\/qui-som\/\" \/>\n<meta property=\"og:locale\" content=\"ca_ES\" \/>\n<meta property=\"og:type\" content=\"article\" \/>\n<meta property=\"og:title\" content=\"QUI SOM - Entrepueblos\" \/>\n<meta property=\"og:url\" content=\"https:\/\/www.entrepobles.org\/repositoriweb\/qui-som\/\" \/>\n<meta property=\"og:site_name\" content=\"Entrepueblos\" \/>\n<meta property=\"article:modified_time\" content=\"2024-11-18T15:44:47+00:00\" \/>\n<meta name=\"twitter:card\" content=\"summary_large_image\" \/>\n<meta name=\"twitter:label1\" content=\"Temps estimat de lectura\" \/>\n\t<meta name=\"twitter:data1\" content=\"5 minuts\" \/>\n<script type=\"application\/ld+json\" class=\"yoast-schema-graph\">{\"@context\":\"https:\/\/schema.org\",\"@graph\":[{\"@type\":\"WebPage\",\"@id\":\"https:\/\/www.entrepobles.org\/repositoriweb\/qui-som\/\",\"url\":\"https:\/\/www.entrepobles.org\/repositoriweb\/qui-som\/\",\"name\":\"QUI SOM - Entrepueblos\",\"isPartOf\":{\"@id\":\"https:\/\/www.entrepueblos.org\/repositoriweb\/#website\"},\"datePublished\":\"2018-07-13T08:37:51+00:00\",\"dateModified\":\"2024-11-18T15:44:47+00:00\",\"breadcrumb\":{\"@id\":\"https:\/\/www.entrepobles.org\/repositoriweb\/qui-som\/#breadcrumb\"},\"inLanguage\":\"ca\",\"potentialAction\":[{\"@type\":\"ReadAction\",\"target\":[\"https:\/\/www.entrepobles.org\/repositoriweb\/qui-som\/\"]}]},{\"@type\":\"BreadcrumbList\",\"@id\":\"https:\/\/www.entrepobles.org\/repositoriweb\/qui-som\/#breadcrumb\",\"itemListElement\":[{\"@type\":\"ListItem\",\"position\":1,\"name\":\"Portada\",\"item\":\"https:\/\/www.entrepobles.org\/repositoriweb\/\"},{\"@type\":\"ListItem\",\"position\":2,\"name\":\"QUI SOM\"}]},{\"@type\":\"WebSite\",\"@id\":\"https:\/\/www.entrepueblos.org\/repositoriweb\/#website\",\"url\":\"https:\/\/www.entrepueblos.org\/repositoriweb\/\",\"name\":\"Entrepueblos\",\"description\":\"Cooperaci\u00f3n pueblo a pueblo\",\"potentialAction\":[{\"@type\":\"SearchAction\",\"target\":{\"@type\":\"EntryPoint\",\"urlTemplate\":\"https:\/\/www.entrepueblos.org\/repositoriweb\/?s={search_term_string}\"},\"query-input\":{\"@type\":\"PropertyValueSpecification\",\"valueRequired\":true,\"valueName\":\"search_term_string\"}}],\"inLanguage\":\"ca\"}]}<\/script>\n<!-- \/ Yoast SEO plugin. -->","yoast_head_json":{"title":"QUI SOM - Entrepueblos","robots":{"index":"index","follow":"follow","max-snippet":"max-snippet:-1","max-image-preview":"max-image-preview:large","max-video-preview":"max-video-preview:-1"},"canonical":"https:\/\/www.entrepobles.org\/repositoriweb\/qui-som\/","og_locale":"ca_ES","og_type":"article","og_title":"QUI SOM - Entrepueblos","og_url":"https:\/\/www.entrepobles.org\/repositoriweb\/qui-som\/","og_site_name":"Entrepueblos","article_modified_time":"2024-11-18T15:44:47+00:00","twitter_card":"summary_large_image","twitter_misc":{"Temps estimat de lectura":"5 minuts"},"schema":{"@context":"https:\/\/schema.org","@graph":[{"@type":"WebPage","@id":"https:\/\/www.entrepobles.org\/repositoriweb\/qui-som\/","url":"https:\/\/www.entrepobles.org\/repositoriweb\/qui-som\/","name":"QUI SOM - Entrepueblos","isPartOf":{"@id":"https:\/\/www.entrepueblos.org\/repositoriweb\/#website"},"datePublished":"2018-07-13T08:37:51+00:00","dateModified":"2024-11-18T15:44:47+00:00","breadcrumb":{"@id":"https:\/\/www.entrepobles.org\/repositoriweb\/qui-som\/#breadcrumb"},"inLanguage":"ca","potentialAction":[{"@type":"ReadAction","target":["https:\/\/www.entrepobles.org\/repositoriweb\/qui-som\/"]}]},{"@type":"BreadcrumbList","@id":"https:\/\/www.entrepobles.org\/repositoriweb\/qui-som\/#breadcrumb","itemListElement":[{"@type":"ListItem","position":1,"name":"Portada","item":"https:\/\/www.entrepobles.org\/repositoriweb\/"},{"@type":"ListItem","position":2,"name":"QUI SOM"}]},{"@type":"WebSite","@id":"https:\/\/www.entrepueblos.org\/repositoriweb\/#website","url":"https:\/\/www.entrepueblos.org\/repositoriweb\/","name":"Entrepueblos","description":"Cooperaci\u00f3n pueblo a pueblo","potentialAction":[{"@type":"SearchAction","target":{"@type":"EntryPoint","urlTemplate":"https:\/\/www.entrepueblos.org\/repositoriweb\/?s={search_term_string}"},"query-input":{"@type":"PropertyValueSpecification","valueRequired":true,"valueName":"search_term_string"}}],"inLanguage":"ca"}]}},"ticketed":false,"_links":{"self":[{"href":"https:\/\/www.entrepobles.org\/repositoriweb\/wp-json\/wp\/v2\/pages\/5272","targetHints":{"allow":["GET"]}}],"collection":[{"href":"https:\/\/www.entrepobles.org\/repositoriweb\/wp-json\/wp\/v2\/pages"}],"about":[{"href":"https:\/\/www.entrepobles.org\/repositoriweb\/wp-json\/wp\/v2\/types\/page"}],"author":[{"embeddable":true,"href":"https:\/\/www.entrepobles.org\/repositoriweb\/wp-json\/wp\/v2\/users\/9"}],"replies":[{"embeddable":true,"href":"https:\/\/www.entrepobles.org\/repositoriweb\/wp-json\/wp\/v2\/comments?post=5272"}],"version-history":[{"count":12,"href":"https:\/\/www.entrepobles.org\/repositoriweb\/wp-json\/wp\/v2\/pages\/5272\/revisions"}],"predecessor-version":[{"id":40715,"href":"https:\/\/www.entrepobles.org\/repositoriweb\/wp-json\/wp\/v2\/pages\/5272\/revisions\/40715"}],"wp:attachment":[{"href":"https:\/\/www.entrepobles.org\/repositoriweb\/wp-json\/wp\/v2\/media?parent=5272"}],"curies":[{"name":"wp","href":"https:\/\/api.w.org\/{rel}","templated":true}]}}