{"id":5295,"date":"2018-04-19T17:23:30","date_gmt":"2018-04-19T17:23:30","guid":{"rendered":"https:\/\/entrepueblos.org\/qui-som\/nuestro-enfoque\/"},"modified":"2023-04-26T14:42:36","modified_gmt":"2023-04-26T14:42:36","slug":"el-nostre-enfocament","status":"publish","type":"page","link":"https:\/\/www.entrepobles.org\/repositoriweb\/qui-som\/el-nostre-enfocament\/","title":{"rendered":"EL NOSTRE ENFOCAMENT"},"content":{"rendered":"<div id='av_section_1'  class='avia-section main_color avia-section-default avia-no-border-styling  avia-full-stretch av-parallax-section av-section-color-overlay-active avia-bg-style-parallax  avia-builder-el-0  el_before_av_section  avia-builder-el-first  header-section  av-small-hide av-mini-hide av-minimum-height av-minimum-height-custom  container_wrap sidebar_right' style=' '  data-section-bg-repeat='stretch'><div class='av-parallax' data-avia-parallax-ratio='0.3' ><div class='av-parallax-inner main_color  avia-full-stretch' style = 'background-repeat: no-repeat; background-image: url(https:\/\/www.entrepobles.org\/repositoriweb\/wp-content\/uploads\/2018\/05\/ropalimpia4.jpg);background-attachment: scroll; background-position: bottom center; ' ><\/div><\/div><div class='av-section-color-overlay-wrap'><div class='av-section-color-overlay' style='opacity: 0.7; background-color: #3f3f3f; '><\/div><div class='container' style='height:400px'><main  role=\"main\" itemprop=\"mainContentOfPage\"  class='template-page content  av-content-small alpha units'><div class='post-entry post-entry-type-page post-entry-5295'><div class='entry-content-wrapper clearfix'>\n<div class=\"flex_column av_one_full  flex_column_div av-zero-column-padding first  avia-builder-el-1  avia-builder-el-no-sibling  title-ot \" style='border-radius:0px; '><section class=\"av_textblock_section \"  itemscope=\"itemscope\" itemtype=\"https:\/\/schema.org\/CreativeWork\" ><div class='avia_textblock ot-title av_inherit_color '  style='color:#ffffff; '  itemprop=\"text\" ><h2 style=\"text-align: center;\">EL NOSTRE ENFOCAMENT<\/h2>\n<\/div><\/section><\/div><\/div><\/div><\/main><!-- close content main element --><\/div><\/div><\/div><div id='av_section_2'  class='avia-section main_color avia-section-default avia-no-border-styling  avia-full-stretch av-parallax-section av-section-color-overlay-active avia-bg-style-parallax  avia-builder-el-3  el_after_av_section  el_before_av_submenu  header-section-mobile  av-desktop-hide av-medium-hide av-minimum-height av-minimum-height-custom  container_wrap sidebar_right' style=' '  data-section-bg-repeat='stretch'><div class='av-parallax' data-avia-parallax-ratio='0.3' ><div class='av-parallax-inner main_color  avia-full-stretch' style = 'background-repeat: no-repeat; background-image: url(https:\/\/www.entrepobles.org\/repositoriweb\/wp-content\/uploads\/2018\/05\/ropalimpia4.jpg);background-attachment: scroll; background-position: bottom center; ' ><\/div><\/div><div class='av-section-color-overlay-wrap'><div class='av-section-color-overlay' style='opacity: 0.7; background-color: #3f3f3f; '><\/div><div class='container' style='height:350px'><div class='template-page content  av-content-small alpha units'><div class='post-entry post-entry-type-page post-entry-5295'><div class='entry-content-wrapper clearfix'>\n<div class=\"flex_column av_one_full  flex_column_div av-zero-column-padding first  avia-builder-el-4  avia-builder-el-no-sibling  title-ot-mobile \" style='border-radius:0px; '><section class=\"av_textblock_section \"  itemscope=\"itemscope\" itemtype=\"https:\/\/schema.org\/CreativeWork\" ><div class='avia_textblock text-title-mobile av_inherit_color '  style='color:#ffffff; '  itemprop=\"text\" ><h2 style=\"text-align: center;\">EL NOSTRE ENFOCAMENT<\/h2>\n<\/div><\/section><\/div><\/div><\/div><\/div><!-- close content main div --><\/div><\/div><\/div><div id='sub_menu1'  class='av-submenu-container main_color  avia-builder-el-6  el_after_av_section  el_before_av_one_full  menu-who  submenu-not-first container_wrap sidebar_right' style='  z-index:301' ><div class='container av-menu-mobile-disabled '><ul id='av-custom-submenu-1' class='av-subnav-menu av-submenu-pos-center'>\n<li class='menu-item menu-item-top-level  menu-item-top-level-1'><a href='https:\/\/www.entrepobles.org\/repositoriweb\/qui-som\/' ><span class='avia-bullet'><\/span><span class='avia-menu-text'>QUI SOM<\/span><\/a><\/li>\n<li class='menu-item menu-item-top-level  menu-item-top-level-2'><a href='https:\/\/www.entrepobles.org\/repositoriweb\/qui-som\/el-nostre-enfocament\/' ><span class='avia-bullet'><\/span><span class='avia-menu-text'>EL NOSTRE ENFOCAMENT<\/span><\/a><\/li>\n<li class='menu-item menu-item-top-level  menu-item-top-level-3'><a href='https:\/\/www.entrepobles.org\/repositoriweb\/qui-som\/missio-visio-valors\/' ><span class='avia-bullet'><\/span><span class='avia-menu-text'>VISI\u00d3, MISSI\u00d3, VALORS<\/span><\/a><\/li>\n<li class='menu-item menu-item-top-level  menu-item-top-level-4'><a href='https:\/\/www.entrepobles.org\/repositoriweb\/qui-som\/com-ens-organitzem\/' ><span class='avia-bullet'><\/span><span class='avia-menu-text'>COM ENS ORGANITZEM<\/span><\/a><\/li>\n<li class='menu-item menu-item-top-level  menu-item-top-level-5'><a href='https:\/\/www.entrepobles.org\/repositoriweb\/qui-som\/portal-de-transparencia\/' ><span class='avia-bullet'><\/span><span class='avia-menu-text'>PORTAL DE TRANSPAR\u00c8NCIA<\/span><\/a><\/li>\n<\/ul><\/div><\/div><div id='after_submenu'  class='main_color av_default_container_wrap container_wrap sidebar_right' style=' '  ><div class='container' ><div class='template-page content  av-content-small alpha units'><div class='post-entry post-entry-type-page post-entry-5295'><div class='entry-content-wrapper clearfix'><\/p>\n<div class=\"flex_column av_one_full  flex_column_div av-zero-column-padding first  avia-builder-el-7  el_after_av_submenu  el_before_av_one_full  avia-builder-el-first  \" style='border-radius:0px; '><section class=\"av_textblock_section \"  itemscope=\"itemscope\" itemtype=\"https:\/\/schema.org\/CreativeWork\" ><div class='avia_textblock nuestro-enfoque-intro '   itemprop=\"text\" ><p>Promovem alternatives per a la sostenibilitat de la vida. Incidim en la cr\u00edtica al model de societat capitalista, denunciant les causes que generen l&#8217;empobriment, les desigualtats i la degradaci\u00f3 ambiental.<\/p>\n<p>Fomentem l&#8217;internacionalisme promovent xarxes i aliances per a l\u2019apoderament social i la incid\u00e8ncia des dels moviments socials, la reflexi\u00f3-acci\u00f3 emancipadora, en els \u00e0mbits de <strong>feminismes, sobiranies i just\u00edcies<\/strong>, amb un enfocament local-global.<\/p>\n<\/div><\/section><\/div><div class=\"flex_column av_one_full  flex_column_div av-zero-column-padding first  avia-builder-el-9  el_after_av_one_full  avia-builder-el-last  column-top-margin\" style='border-radius:0px; '><div  class=\"tabcontainer   top_tab   avia-builder-el-10  avia-builder-el-no-sibling  tab-who\" role=\"tablist\">\n\n<section class=\"av_tab_section\"  itemscope=\"itemscope\" itemtype=\"https:\/\/schema.org\/CreativeWork\" ><div aria-controls=\"tab-id-1-content\" role=\"tab\" tabindex=\"0\" data-fake-id=\"#tab-id-1\" class=\"tab active_tab\"  itemprop=\"headline\" >Com entenem la cooperaci\u00f3 solid\u00e0ria<\/div>\n<div id=\"tab-id-1-content\" class=\"tab_content active_tab_content\" aria-hidden=\"false\">\n<div class=\"tab_inner_content invers-color\"  itemprop=\"text\" >\n<p>El primer requisit de la Solidaritat, \u00e9s la implicaci\u00f3 en aconseguir transformacions en el nostre propi entorn.<\/p>\n<table id=\"table-desktop\" style=\"width: 100%;\">\n<tbody>\n<tr>\n<th>\n<h4 style=\"font-weight: 400; letter-spacing: 0.15em; font-size: 1.15em; text-align: center;\">FEMINISMES<\/h4>\n<\/th>\n<th>\n<h4 style=\"font-weight: 400; font-size: 1.15em; letter-spacing: 0.15em; text-align: center;\">SOBIRANIES<\/h4>\n<\/th>\n<th>\n<h4 style=\"font-weight: 400; font-size: 1.15em; letter-spacing: 0.15em; text-align: center;\">DRETS I JUST\u00cdCIES<\/h4>\n<\/th>\n<\/tr>\n<tr>\n<td style=\"width: 33%;\">\n<p style=\"text-align: left;\">Per una vida lliure de viol\u00e8ncies.<\/p>\n<p style=\"text-align: left;\">Els nostres cossos, les nostres identitats.<\/p>\n<p style=\"text-align: left;\">Per la sostenibilitat de la vida.<\/p>\n<\/td>\n<td style=\"width: 33%;\">\n<p style=\"text-align: left;\">Ecologisme social.<\/p>\n<p style=\"text-align: left;\">Econom\u00eda social i solid\u00e0ria.<\/p>\n<p style=\"text-align: left;\">Sobirania aliment\u00e0ria i Defensa del territori.<\/p>\n<p style=\"text-align: left;\">Front la impunitat d\u2019empreses transnacionals i els Tractats comercials.<\/p>\n<\/td>\n<td style=\"width: 33%;\">\n<p style=\"text-align: left;\">Protecci\u00f3 a defensors-es de DD.HH.<\/p>\n<p style=\"text-align: left;\">Migracions, refugi i drets socials.<\/p>\n<p style=\"text-align: left;\">Pobles ind\u00edgenes.<\/p>\n<p style=\"text-align: left;\">Mem\u00f2ria hist\u00f2rica.<\/p>\n<\/td>\n<\/tr>\n<\/tbody>\n<\/table>\n<table id=\"table-mobile\" style=\"width: 100%;\">\n<tbody>\n<tr>\n<th>\n<h4 style=\"font-weight: 400; letter-spacing: 0.15em; font-size: 1.15em; text-align: center;\">FEMINISMES<\/h4>\n<\/th>\n<td>\n<p style=\"text-align: left;\">Per una vida lliure de viol\u00e8ncies.<\/p>\n<p style=\"text-align: left;\">Els nostres cossos, les nostres identitats.<\/p>\n<p style=\"text-align: left;\">Per la sostenibilitat de la vida.<\/p>\n<\/td>\n<\/tr>\n<tr>\n<th>\n<h4 style=\"font-weight: 400; font-size: 1.15em; letter-spacing: 0.15em; text-align: center;\">SOBIRANIES<\/h4>\n<\/th>\n<td>\n<p style=\"text-align: left;\">Ecologisme social.<\/p>\n<p style=\"text-align: left;\">Econom\u00eda social y solidaria.<\/p>\n<p style=\"text-align: left;\">Sobirania aliment\u00e0ria i Defensa del territori.<\/p>\n<p style=\"text-align: left;\">Front la impunitat d\u2019empreses transnacionals i els Tractats comercials.<\/p>\n<\/td>\n<\/tr>\n<tr>\n<th>\n<h4 style=\"font-weight: 400; font-size: 1.15em; letter-spacing: 0.15em; text-align: center;\">DRETS I JUST\u00cdCIES<\/h4>\n<\/th>\n<td>\n<p style=\"text-align: left;\">Protecci\u00f3 a defensors-es de DD.HH.<\/p>\n<p style=\"text-align: left;\">Migracions, refugi i drets socials.<\/p>\n<p style=\"text-align: left;\">Pobles ind\u00edgenes.<\/p>\n<p style=\"text-align: left;\">Mem\u00f2ria hist\u00f2rica.<\/p>\n<\/td>\n<\/tr>\n<\/tbody>\n<\/table>\n\n<\/div>\n<\/div>\n<\/section>\n\n<section class=\"av_tab_section\"  itemscope=\"itemscope\" itemtype=\"https:\/\/schema.org\/CreativeWork\" ><div aria-controls=\"tab-id-2-content\" role=\"tab\" tabindex=\"0\" data-fake-id=\"#tab-id-2\" class=\"tab \"  itemprop=\"headline\" >Les nostres xarxes i aliances<\/div>\n<div id=\"tab-id-2-content\" class=\"tab_content \" aria-hidden=\"true\">\n<div class=\"tab_inner_content invers-color\"  itemprop=\"text\" >\n<p>Apostem per la <strong>&#8220;cooperaci\u00f3 en la cooperaci\u00f3&#8221; <\/strong>amb uns objectius comuns d&#8217;equitat, just\u00edcia i sostenibilitat.<\/p>\n<p>Formem <strong>aliances i xarxes<\/strong> de suport mutu amb organitzacions afins, feministes, ecologistes, populars, camperoles, ind\u00edgenes arreu del m\u00f3n, principalment, a territoris d&#8217;Am\u00e8rica Llatina i al nostre territori, en la recerca d\u00b4<strong>alternatives<\/strong> al model de desenvolupament hegem\u00f2nic.<\/p>\n<h4 class=\"valores-text\">COOPERACI\u00d3 INTERNACIONAL<\/h4>\n<p><strong>Als pa\u00efsos on cooperem<\/strong>, ens recolzem i treballem amb entitats compromeses socialment, transformadores i activament cr\u00edtiques amb la seva pr\u00f2pia societat, generadores d&#8217;espais socials participatius, amb camps i l\u00ednies d&#8217;actuaci\u00f3 coincidents amb les nostres pr\u00f2pies l\u00ednies de treball, amb les que volem construir relacions igualit\u00e0ries, bidireccionals i de suport mutu.<\/p>\n<p>A trav\u00e9s d&#8217;aquest treball de Cooperaci\u00f3 Solid\u00e0ria, hem vingut acompanyant molts i variats processos de transformaci\u00f3 social, primer a Am\u00e8rica Central, despr\u00e9s a Cuba, a la zona andina, al Marroc i al Brasil en suport al MST, aix\u00ed com la solidaritat amb la nostra frontera sud.<\/p>\n<p>Tamb\u00e9 ens hem incorporat a xarxes internacionals d&#8217;incid\u00e8ncia social i pol\u00edtica, contra el poder de les transnacionals, els tractats de comer\u00e7 i inversi\u00f3 en curs, les pol\u00edtiques migrat\u00f2ries de la UE i els seus estats membre, per la sobirania aliment\u00e0ria o l&#8217;internacionalisme feminista.<\/p>\n<h4 class=\"valores-text\">COOPERACI\u00d3 ESTATAL<\/h4>\n<p>Entrepobles tamb\u00e9 forma part de plataformes d&#8217;\u00e0mbit estatal en els \u00e0mbits dels moviments feministes, per la sobirania aliment\u00e0ria, contra els tractats de comer\u00e7 i inversi\u00f3, per la banca i les finances \u00e8tiques i per la incid\u00e8ncia en les pol\u00edtiques de cooperaci\u00f3.<\/p>\n<p>Als nostres territoris col\u00b7laborem amb altres entitats, col\u00b7lectius i moviments socials amb les que tenim punts de vista i acci\u00f3 comunes. Establim aliances, formes de col\u00b7laboraci\u00f3 m\u00fatua i plataformes d&#8217;acci\u00f3 comuna. En algunes ocasions mitjan\u00e7ant aliances estables i generals, mentre que en altres casos consisteixen en acords espec\u00edfics de col\u00b7laboraci\u00f3 per tem\u00e0tica o per pa\u00eds. Apostem per la &#8220;cooperaci\u00f3 en la cooperaci\u00f3&#8221; i ens resistim a entrar en les din\u00e0miques competitives.<\/p>\n<blockquote>\n<p><strong><em>Sabem que les <a href=\"https:\/\/entrepueblos.org\/ca\/organitzacions-territorials\/\">organitzacions locals<\/a> s\u00f3n les que millor coneixen les respostes i els camins de l&#8217;emancipaci\u00f3 dels seus pobles.<\/em><\/strong><\/p>\n<\/blockquote>\n\n<\/div>\n<\/div>\n<\/section>\n\n<\/div><\/div><\/p>\n","protected":false},"excerpt":{"rendered":"","protected":false},"author":9,"featured_media":0,"parent":5272,"menu_order":0,"comment_status":"closed","ping_status":"closed","template":"","meta":{"_acf_changed":false,"_price":"","_stock":"","_tribe_ticket_header":"","_tribe_default_ticket_provider":"","_tribe_ticket_capacity":"0","_ticket_start_date":"","_ticket_end_date":"","_tribe_ticket_show_description":"","_tribe_ticket_show_not_going":false,"_tribe_ticket_use_global_stock":"","_tribe_ticket_global_stock_level":"","_global_stock_mode":"","_global_stock_cap":"","_tribe_rsvp_for_event":"","_tribe_ticket_going_count":"","_tribe_ticket_not_going_count":"","_tribe_tickets_list":"[]","_tribe_ticket_has_attendee_info_fields":false,"footnotes":"","_tec_slr_enabled":"","_tec_slr_layout":""},"class_list":["post-5295","page","type-page","status-publish","hentry"],"acf":[],"yoast_head":"<!-- This site is optimized with the Yoast SEO plugin v25.0 - https:\/\/yoast.com\/wordpress\/plugins\/seo\/ -->\n<title>EL NOSTRE ENFOCAMENT - Entrepueblos<\/title>\n<meta name=\"robots\" content=\"index, follow, max-snippet:-1, max-image-preview:large, max-video-preview:-1\" \/>\n<link rel=\"canonical\" href=\"https:\/\/www.entrepobles.org\/repositoriweb\/qui-som\/el-nostre-enfocament\/\" \/>\n<meta property=\"og:locale\" content=\"ca_ES\" \/>\n<meta property=\"og:type\" content=\"article\" \/>\n<meta property=\"og:title\" content=\"EL NOSTRE ENFOCAMENT - Entrepueblos\" \/>\n<meta property=\"og:url\" content=\"https:\/\/www.entrepobles.org\/repositoriweb\/qui-som\/el-nostre-enfocament\/\" \/>\n<meta property=\"og:site_name\" content=\"Entrepueblos\" \/>\n<meta property=\"article:modified_time\" content=\"2023-04-26T14:42:36+00:00\" \/>\n<meta name=\"twitter:card\" content=\"summary_large_image\" \/>\n<meta name=\"twitter:label1\" content=\"Temps estimat de lectura\" \/>\n\t<meta name=\"twitter:data1\" content=\"7 minuts\" \/>\n<script type=\"application\/ld+json\" class=\"yoast-schema-graph\">{\"@context\":\"https:\/\/schema.org\",\"@graph\":[{\"@type\":\"WebPage\",\"@id\":\"https:\/\/www.entrepobles.org\/repositoriweb\/qui-som\/el-nostre-enfocament\/\",\"url\":\"https:\/\/www.entrepobles.org\/repositoriweb\/qui-som\/el-nostre-enfocament\/\",\"name\":\"EL NOSTRE ENFOCAMENT - Entrepueblos\",\"isPartOf\":{\"@id\":\"https:\/\/www.entrepueblos.org\/repositoriweb\/#website\"},\"datePublished\":\"2018-04-19T17:23:30+00:00\",\"dateModified\":\"2023-04-26T14:42:36+00:00\",\"breadcrumb\":{\"@id\":\"https:\/\/www.entrepobles.org\/repositoriweb\/qui-som\/el-nostre-enfocament\/#breadcrumb\"},\"inLanguage\":\"ca\",\"potentialAction\":[{\"@type\":\"ReadAction\",\"target\":[\"https:\/\/www.entrepobles.org\/repositoriweb\/qui-som\/el-nostre-enfocament\/\"]}]},{\"@type\":\"BreadcrumbList\",\"@id\":\"https:\/\/www.entrepobles.org\/repositoriweb\/qui-som\/el-nostre-enfocament\/#breadcrumb\",\"itemListElement\":[{\"@type\":\"ListItem\",\"position\":1,\"name\":\"Portada\",\"item\":\"https:\/\/www.entrepobles.org\/repositoriweb\/\"},{\"@type\":\"ListItem\",\"position\":2,\"name\":\"QUI SOM\",\"item\":\"https:\/\/www.entrepobles.org\/repositoriweb\/qui-som\/\"},{\"@type\":\"ListItem\",\"position\":3,\"name\":\"EL NOSTRE ENFOCAMENT\"}]},{\"@type\":\"WebSite\",\"@id\":\"https:\/\/www.entrepueblos.org\/repositoriweb\/#website\",\"url\":\"https:\/\/www.entrepueblos.org\/repositoriweb\/\",\"name\":\"Entrepueblos\",\"description\":\"Cooperaci\u00f3n pueblo a pueblo\",\"potentialAction\":[{\"@type\":\"SearchAction\",\"target\":{\"@type\":\"EntryPoint\",\"urlTemplate\":\"https:\/\/www.entrepueblos.org\/repositoriweb\/?s={search_term_string}\"},\"query-input\":{\"@type\":\"PropertyValueSpecification\",\"valueRequired\":true,\"valueName\":\"search_term_string\"}}],\"inLanguage\":\"ca\"}]}<\/script>\n<!-- \/ Yoast SEO plugin. -->","yoast_head_json":{"title":"EL NOSTRE ENFOCAMENT - Entrepueblos","robots":{"index":"index","follow":"follow","max-snippet":"max-snippet:-1","max-image-preview":"max-image-preview:large","max-video-preview":"max-video-preview:-1"},"canonical":"https:\/\/www.entrepobles.org\/repositoriweb\/qui-som\/el-nostre-enfocament\/","og_locale":"ca_ES","og_type":"article","og_title":"EL NOSTRE ENFOCAMENT - Entrepueblos","og_url":"https:\/\/www.entrepobles.org\/repositoriweb\/qui-som\/el-nostre-enfocament\/","og_site_name":"Entrepueblos","article_modified_time":"2023-04-26T14:42:36+00:00","twitter_card":"summary_large_image","twitter_misc":{"Temps estimat de lectura":"7 minuts"},"schema":{"@context":"https:\/\/schema.org","@graph":[{"@type":"WebPage","@id":"https:\/\/www.entrepobles.org\/repositoriweb\/qui-som\/el-nostre-enfocament\/","url":"https:\/\/www.entrepobles.org\/repositoriweb\/qui-som\/el-nostre-enfocament\/","name":"EL NOSTRE ENFOCAMENT - Entrepueblos","isPartOf":{"@id":"https:\/\/www.entrepueblos.org\/repositoriweb\/#website"},"datePublished":"2018-04-19T17:23:30+00:00","dateModified":"2023-04-26T14:42:36+00:00","breadcrumb":{"@id":"https:\/\/www.entrepobles.org\/repositoriweb\/qui-som\/el-nostre-enfocament\/#breadcrumb"},"inLanguage":"ca","potentialAction":[{"@type":"ReadAction","target":["https:\/\/www.entrepobles.org\/repositoriweb\/qui-som\/el-nostre-enfocament\/"]}]},{"@type":"BreadcrumbList","@id":"https:\/\/www.entrepobles.org\/repositoriweb\/qui-som\/el-nostre-enfocament\/#breadcrumb","itemListElement":[{"@type":"ListItem","position":1,"name":"Portada","item":"https:\/\/www.entrepobles.org\/repositoriweb\/"},{"@type":"ListItem","position":2,"name":"QUI SOM","item":"https:\/\/www.entrepobles.org\/repositoriweb\/qui-som\/"},{"@type":"ListItem","position":3,"name":"EL NOSTRE ENFOCAMENT"}]},{"@type":"WebSite","@id":"https:\/\/www.entrepueblos.org\/repositoriweb\/#website","url":"https:\/\/www.entrepueblos.org\/repositoriweb\/","name":"Entrepueblos","description":"Cooperaci\u00f3n pueblo a pueblo","potentialAction":[{"@type":"SearchAction","target":{"@type":"EntryPoint","urlTemplate":"https:\/\/www.entrepueblos.org\/repositoriweb\/?s={search_term_string}"},"query-input":{"@type":"PropertyValueSpecification","valueRequired":true,"valueName":"search_term_string"}}],"inLanguage":"ca"}]}},"ticketed":false,"_links":{"self":[{"href":"https:\/\/www.entrepobles.org\/repositoriweb\/wp-json\/wp\/v2\/pages\/5295","targetHints":{"allow":["GET"]}}],"collection":[{"href":"https:\/\/www.entrepobles.org\/repositoriweb\/wp-json\/wp\/v2\/pages"}],"about":[{"href":"https:\/\/www.entrepobles.org\/repositoriweb\/wp-json\/wp\/v2\/types\/page"}],"author":[{"embeddable":true,"href":"https:\/\/www.entrepobles.org\/repositoriweb\/wp-json\/wp\/v2\/users\/9"}],"replies":[{"embeddable":true,"href":"https:\/\/www.entrepobles.org\/repositoriweb\/wp-json\/wp\/v2\/comments?post=5295"}],"version-history":[{"count":13,"href":"https:\/\/www.entrepobles.org\/repositoriweb\/wp-json\/wp\/v2\/pages\/5295\/revisions"}],"predecessor-version":[{"id":34564,"href":"https:\/\/www.entrepobles.org\/repositoriweb\/wp-json\/wp\/v2\/pages\/5295\/revisions\/34564"}],"up":[{"embeddable":true,"href":"https:\/\/www.entrepobles.org\/repositoriweb\/wp-json\/wp\/v2\/pages\/5272"}],"wp:attachment":[{"href":"https:\/\/www.entrepobles.org\/repositoriweb\/wp-json\/wp\/v2\/media?parent=5295"}],"curies":[{"name":"wp","href":"https:\/\/api.w.org\/{rel}","templated":true}]}}