{"id":5301,"date":"2018-07-13T09:29:44","date_gmt":"2018-07-13T09:29:44","guid":{"rendered":"https:\/\/entrepueblos.org\/?page_id=5301"},"modified":"2023-04-26T14:27:21","modified_gmt":"2023-04-26T14:27:21","slug":"missio-visio-valors","status":"publish","type":"page","link":"https:\/\/www.entrepobles.org\/repositoriweb\/qui-som\/missio-visio-valors\/","title":{"rendered":"MISSI\u00d3, VISI\u00d3 i VALORS"},"content":{"rendered":"<div id='av_section_1'  class='avia-section main_color avia-section-default avia-no-border-styling  avia-full-stretch av-parallax-section av-section-color-overlay-active avia-bg-style-parallax  avia-builder-el-0  el_before_av_section  avia-builder-el-first  header-section  av-small-hide av-mini-hide av-minimum-height av-minimum-height-custom  container_wrap sidebar_right' style=' '  data-section-bg-repeat='stretch'><div class='av-parallax' data-avia-parallax-ratio='0.3' ><div class='av-parallax-inner main_color  avia-full-stretch' style = 'background-repeat: no-repeat; background-image: url(https:\/\/www.entrepobles.org\/repositoriweb\/wp-content\/uploads\/2018\/05\/mineria.jpg);background-attachment: scroll; background-position: center center; ' ><\/div><\/div><div class='av-section-color-overlay-wrap'><div class='av-section-color-overlay' style='opacity: 0.7; background-color: #3f3f3f; '><\/div><div class='container' style='height:400px'><main  role=\"main\" itemprop=\"mainContentOfPage\"  class='template-page content  av-content-small alpha units'><div class='post-entry post-entry-type-page post-entry-5301'><div class='entry-content-wrapper clearfix'>\n<div class=\"flex_column av_one_full  flex_column_div av-zero-column-padding first  avia-builder-el-1  avia-builder-el-no-sibling  title-ot \" style='border-radius:0px; '><section class=\"av_textblock_section \"  itemscope=\"itemscope\" itemtype=\"https:\/\/schema.org\/CreativeWork\" ><div class='avia_textblock ot-title av_inherit_color '  style='color:#ffffff; '  itemprop=\"text\" ><h2 style=\"text-align: center;\">MISSI\u00d3, VISI\u00d3, VALORS<\/h2>\n<\/div><\/section><\/div><\/div><\/div><\/main><!-- close content main element --><\/div><\/div><\/div><div id='av_section_2'  class='avia-section main_color avia-section-default avia-no-border-styling  avia-full-stretch av-parallax-section av-section-color-overlay-active avia-bg-style-parallax  avia-builder-el-3  el_after_av_section  el_before_av_submenu  header-section-mobile  av-desktop-hide av-medium-hide av-minimum-height av-minimum-height-custom  container_wrap sidebar_right' style=' '  data-section-bg-repeat='stretch'><div class='av-parallax' data-avia-parallax-ratio='0.3' ><div class='av-parallax-inner main_color  avia-full-stretch' style = 'background-repeat: no-repeat; background-image: url(https:\/\/www.entrepobles.org\/repositoriweb\/wp-content\/uploads\/2018\/05\/mineria.jpg);background-attachment: scroll; background-position: center center; ' ><\/div><\/div><div class='av-section-color-overlay-wrap'><div class='av-section-color-overlay' style='opacity: 0.7; background-color: #3f3f3f; '><\/div><div class='container' style='height:350px'><div class='template-page content  av-content-small alpha units'><div class='post-entry post-entry-type-page post-entry-5301'><div class='entry-content-wrapper clearfix'>\n<div class=\"flex_column av_one_full  flex_column_div av-zero-column-padding first  avia-builder-el-4  avia-builder-el-no-sibling  title-ot-mobile \" style='border-radius:0px; '><section class=\"av_textblock_section \"  itemscope=\"itemscope\" itemtype=\"https:\/\/schema.org\/CreativeWork\" ><div class='avia_textblock text-title-mobile av_inherit_color '  style='color:#ffffff; '  itemprop=\"text\" ><h2 style=\"text-align: center;\">MISSI\u00d3, VISI\u00d3, VALORS<\/h2>\n<\/div><\/section><\/div><\/div><\/div><\/div><!-- close content main div --><\/div><\/div><\/div><div id='sub_menu1'  class='av-submenu-container main_color  avia-builder-el-6  el_after_av_section  el_before_av_one_full  menu-who  submenu-not-first container_wrap sidebar_right' style='  z-index:301' ><div class='container av-menu-mobile-disabled '><ul id='av-custom-submenu-1' class='av-subnav-menu av-submenu-pos-center'>\n<li class='menu-item menu-item-top-level  menu-item-top-level-1'><a href='https:\/\/www.entrepobles.org\/repositoriweb\/qui-som\/' ><span class='avia-bullet'><\/span><span class='avia-menu-text'>QUI SOM<\/span><\/a><\/li>\n<li class='menu-item menu-item-top-level  menu-item-top-level-2'><a href='https:\/\/www.entrepobles.org\/repositoriweb\/qui-som\/el-nostre-enfocament\/' ><span class='avia-bullet'><\/span><span class='avia-menu-text'>EL NOSTRE ENFOCAMENT<\/span><\/a><\/li>\n<li class='menu-item menu-item-top-level  menu-item-top-level-3'><a href='https:\/\/www.entrepobles.org\/repositoriweb\/qui-som\/missio-visio-valors\/' ><span class='avia-bullet'><\/span><span class='avia-menu-text'>VISI\u00d3, MISSI\u00d3, VALORS<\/span><\/a><\/li>\n<li class='menu-item menu-item-top-level  menu-item-top-level-4'><a href='https:\/\/www.entrepobles.org\/repositoriweb\/qui-som\/com-ens-organitzem\/' ><span class='avia-bullet'><\/span><span class='avia-menu-text'>COM ENS ORGANITZEM<\/span><\/a><\/li>\n<li class='menu-item menu-item-top-level  menu-item-top-level-5'><a href='https:\/\/www.entrepobles.org\/repositoriweb\/qui-som\/portal-de-transparencia\/' ><span class='avia-bullet'><\/span><span class='avia-menu-text'>PORTAL DE TRANSPAR\u00c8NCIA<\/span><\/a><\/li>\n<\/ul><\/div><\/div><div id='after_submenu'  class='main_color av_default_container_wrap container_wrap sidebar_right' style=' '  ><div class='container' ><div class='template-page content  av-content-small alpha units'><div class='post-entry post-entry-type-page post-entry-5301'><div class='entry-content-wrapper clearfix'><\/p>\n<div class=\"flex_column av_one_full  flex_column_div av-zero-column-padding first  avia-builder-el-7  el_after_av_submenu  el_before_av_one_full  avia-builder-el-first  \" style='border-radius:0px; '><p><div  style='padding-bottom:20px; ' class='av-special-heading av-special-heading-h3  blockquote modern-quote modern-centered  avia-builder-el-8  el_before_av_textblock  avia-builder-el-first  titletext '><h3 class='av-special-heading-tag '  itemprop=\"headline\"  >VISI\u00d3<\/h3><div class='special-heading-border'><div class='special-heading-inner-border' ><\/div><\/div><\/div><br \/>\n<section class=\"av_textblock_section \"  itemscope=\"itemscope\" itemtype=\"https:\/\/schema.org\/CreativeWork\" ><div class='avia_textblock valores-text '   itemprop=\"text\" ><p><strong>Entrepobles\u00a0<\/strong>\u00e9s una organitzaci\u00f3 amb base social activista i din\u00e0mica interna participativa, equitativa i inclusiva. Mitjan\u00e7ant el desenvolupament de les seves capacitats i la sistematitzaci\u00f3 de les seves experi\u00e8ncies, contribueix a la generaci\u00f3 d&#8217;espais de reflexi\u00f3-acci\u00f3 transformadora i emancipadora, en els \u00e0mbits de feminismes, sobiranies i just\u00edcies, amb un enfocament local-global.<\/p>\n<p>Treballem en la nostra societat i fomentem l&#8217;internacionalisme impulsant la cooperaci\u00f3 solid\u00e0ria entre persones i pobles. Per a aix\u00f2 promovem xarxes i aliances per a l\u2019apoderament social i la incid\u00e8ncia des dels moviments socials.<\/p>\n<\/div><\/section><\/p><\/div><div class=\"flex_column av_one_full  flex_column_div av-zero-column-padding first  avia-builder-el-10  el_after_av_one_full  el_before_av_one_full  column-top-margin\" style='border-radius:0px; '><p><div  style='padding-bottom:20px; ' class='av-special-heading av-special-heading-h3  blockquote modern-quote modern-centered  avia-builder-el-11  el_before_av_textblock  avia-builder-el-first  titletext '><h3 class='av-special-heading-tag '  itemprop=\"headline\"  >MISSI\u00d3<\/h3><div class='special-heading-border'><div class='special-heading-inner-border' ><\/div><\/div><\/div><br \/>\n<section class=\"av_textblock_section \"  itemscope=\"itemscope\" itemtype=\"https:\/\/schema.org\/CreativeWork\" ><div class='avia_textblock valores-text '   itemprop=\"text\" ><p><strong>Entrepobles<\/strong>\u00a0\u00e9s una associaci\u00f3 de dones i homes que treballem per l&#8217;equitat i la just\u00edcia social, i promovem alternatives per a la sostenibilitat de la vida. Incidim en la cr\u00edtica al model de societat capitalista, denunciant les causes que generen l&#8217;empobriment, les desigualtats i la degradaci\u00f3 ambiental.<\/p>\n<p>Fomentem accions emancipadores en el nostre entorn i recolzem la seva interrelaci\u00f3 amb les que es desenvolupen en altres pa\u00efsos, entenent la solidaritat internacional com el suport mutu entre persones, organitzacions i moviments socials que, des de diferents pa\u00efsos i contextos, denuncien, lluiten, proposen i construeixen pel ple exercici dels drets humans, pol\u00edtics, econ\u00f2mics, socials, culturals, aix\u00ed com pels de la natura. \u00c9s a dir, el que en altres contextos es coneix com el &#8220;Bon Viure&#8221;. Concebem la cooperaci\u00f3 com el treball com\u00fa i coordinat que porta a la pr\u00e0ctica aquesta voluntat solid\u00e0ria.<\/p>\n<\/div><\/section><\/p><\/div><div class=\"flex_column av_one_full  flex_column_div av-zero-column-padding first  avia-builder-el-13  el_after_av_one_full  avia-builder-el-last  column-top-margin\" style='border-radius:0px; '><p><div  style='padding-bottom:30px; ' class='av-special-heading av-special-heading-h3  blockquote modern-quote modern-centered  avia-builder-el-14  el_before_av_textblock  avia-builder-el-first  titletext '><h3 class='av-special-heading-tag '  itemprop=\"headline\"  >VALORS<\/h3><div class='special-heading-border'><div class='special-heading-inner-border' ><\/div><\/div><\/div><br \/>\n<section class=\"av_textblock_section \"  itemscope=\"itemscope\" itemtype=\"https:\/\/schema.org\/CreativeWork\" ><div class='avia_textblock valores-text '   itemprop=\"text\" ><h4>Concepci\u00f3 integral de l&#8217;emancipaci\u00f3<\/h4>\n<p>Sabem que els moviments socials s&#8217;articulen sovint al voltant de problem\u00e0tiques espec\u00edfiques. Per\u00f2, es pot dividir el discurs transformador en parts? Entrepobles subratlla la seva complicitat estrat\u00e8gica amb tots aquells col\u00b7lectius que, en diferents contextos, treballen per promoure el <strong>di\u00e0leg, la interacci\u00f3 i la conflu\u00e8ncia entre diferents moviments, propostes i sabers per a una emancipaci\u00f3 integral.<\/strong> Per a aix\u00f2 es necessiten an\u00e0lisis, propostes i experi\u00e8ncies inclusives de la diversitat i capa\u00e7os d&#8217;abordar la complexitat, lluitar contra els exclusivismes, les l\u00f2giques unidimensionals i les discriminacions en el si dels moviments emancipadors.<\/p>\n<h4>Associacionisme, cooperativisme i lideratges col\u00b7lectius.<\/h4>\n<p>Pensem que els mitjans justifiquen els fins. \u00c9s a dir que a les nostres pr\u00e0ctiques quotidianes i a la nostra forma d&#8217;organitzar-nos expressem m\u00e9s fidelment que amb declaracions la societat per la que treballem. Per aix\u00f2, en els processos d&#8217;emancipaci\u00f3 apostem perqu\u00e8 es sentin totes les veus, pels <strong>lideratges col\u00b7lectius<\/strong> participatius i inclusius. No es tracta nom\u00e9s d&#8217;arrabassar el poder als que el monopolitzen, sin\u00f3 de socialitzar a trav\u00e9s de l&#8217;apoderament, la implicaci\u00f3 i la responsabilitzaci\u00f3 de les persones i els col\u00b7lectius, en lloc de dipositar-los de nou en lideratges personals, jer\u00e0rquics i patriarcals.<\/p>\n<h4>Educaci\u00f3 popular<\/h4>\n<p>En aquest sentit destaquem l&#8217;important paper que ha jugat en les \u00faltimes d\u00e8cades, el moviment <strong>d&#8217;educaci\u00f3 popular<\/strong>, aglutinat sobre la base de l&#8217;obra de Paulo Freire, que segueix sent avui dia un referent, tant en el pla te\u00f2ric com en l&#8217;experi\u00e8ncia pr\u00e0ctica, per als processos d\u2019apoderament dels sectors socials oprimits.<\/p>\n<h4>Austeritat responsable i solid\u00e0ria<\/h4>\n<p>La coher\u00e8ncia entre fins i mitjans ens fa reivindicar tamb\u00e9 <strong>l&#8217;austeritat<\/strong> com a criteri b\u00e0sic per a la nostra acci\u00f3. No l&#8217;austeritat invocada des del poder, basada en l&#8217;explotaci\u00f3 i l&#8217;engany, sin\u00f3 la que es fonamenta en el respecte i la responsabilitat social i ambiental, amb la comunitat, amb tots els pobles i amb les futures generacions.<\/p>\n<h4>Independ\u00e8ncia i capacitat cr\u00edtica<\/h4>\n<p>La visibilitzaci\u00f3 del que fem a <strong>Entrepobles<\/strong> no \u00e9s una finalitat en si mateixa, per\u00f2 t\u00e9 la import\u00e0ncia d&#8217;emmarcar cada acci\u00f3 concreta en el context de l&#8217;estrat\u00e8gia general de la nostra associaci\u00f3, amb la finalitat de promoure la participaci\u00f3 i l&#8217;ampliaci\u00f3 de la nostra base social, objectiu indispensable per mantenir la nostra <strong>independ\u00e8ncia i capacitat cr\u00edtica.<\/strong><\/p>\n<\/div><\/section><\/p><\/div><\/p>\n","protected":false},"excerpt":{"rendered":"","protected":false},"author":9,"featured_media":0,"parent":5272,"menu_order":0,"comment_status":"closed","ping_status":"closed","template":"","meta":{"_acf_changed":false,"_price":"","_stock":"","_tribe_ticket_header":"","_tribe_default_ticket_provider":"","_tribe_ticket_capacity":"0","_ticket_start_date":"","_ticket_end_date":"","_tribe_ticket_show_description":"","_tribe_ticket_show_not_going":false,"_tribe_ticket_use_global_stock":"","_tribe_ticket_global_stock_level":"","_global_stock_mode":"","_global_stock_cap":"","_tribe_rsvp_for_event":"","_tribe_ticket_going_count":"","_tribe_ticket_not_going_count":"","_tribe_tickets_list":"[]","_tribe_ticket_has_attendee_info_fields":false,"footnotes":"","_tec_slr_enabled":"","_tec_slr_layout":""},"class_list":["post-5301","page","type-page","status-publish","hentry"],"acf":[],"yoast_head":"<!-- This site is optimized with the Yoast SEO plugin v25.0 - https:\/\/yoast.com\/wordpress\/plugins\/seo\/ -->\n<title>MISSI\u00d3, VISI\u00d3 i VALORS - Entrepueblos<\/title>\n<meta name=\"robots\" content=\"index, follow, max-snippet:-1, max-image-preview:large, max-video-preview:-1\" \/>\n<link rel=\"canonical\" href=\"https:\/\/www.entrepobles.org\/repositoriweb\/qui-som\/missio-visio-valors\/\" \/>\n<meta property=\"og:locale\" content=\"ca_ES\" \/>\n<meta property=\"og:type\" content=\"article\" \/>\n<meta property=\"og:title\" content=\"MISSI\u00d3, VISI\u00d3 i VALORS - Entrepueblos\" \/>\n<meta property=\"og:url\" content=\"https:\/\/www.entrepobles.org\/repositoriweb\/qui-som\/missio-visio-valors\/\" \/>\n<meta property=\"og:site_name\" content=\"Entrepueblos\" \/>\n<meta property=\"article:modified_time\" content=\"2023-04-26T14:27:21+00:00\" \/>\n<meta name=\"twitter:card\" content=\"summary_large_image\" \/>\n<meta name=\"twitter:label1\" content=\"Temps estimat de lectura\" \/>\n\t<meta name=\"twitter:data1\" content=\"9 minuts\" \/>\n<script type=\"application\/ld+json\" class=\"yoast-schema-graph\">{\"@context\":\"https:\/\/schema.org\",\"@graph\":[{\"@type\":\"WebPage\",\"@id\":\"https:\/\/www.entrepobles.org\/repositoriweb\/qui-som\/missio-visio-valors\/\",\"url\":\"https:\/\/www.entrepobles.org\/repositoriweb\/qui-som\/missio-visio-valors\/\",\"name\":\"MISSI\u00d3, VISI\u00d3 i VALORS - Entrepueblos\",\"isPartOf\":{\"@id\":\"https:\/\/www.entrepueblos.org\/repositoriweb\/#website\"},\"datePublished\":\"2018-07-13T09:29:44+00:00\",\"dateModified\":\"2023-04-26T14:27:21+00:00\",\"breadcrumb\":{\"@id\":\"https:\/\/www.entrepobles.org\/repositoriweb\/qui-som\/missio-visio-valors\/#breadcrumb\"},\"inLanguage\":\"ca\",\"potentialAction\":[{\"@type\":\"ReadAction\",\"target\":[\"https:\/\/www.entrepobles.org\/repositoriweb\/qui-som\/missio-visio-valors\/\"]}]},{\"@type\":\"BreadcrumbList\",\"@id\":\"https:\/\/www.entrepobles.org\/repositoriweb\/qui-som\/missio-visio-valors\/#breadcrumb\",\"itemListElement\":[{\"@type\":\"ListItem\",\"position\":1,\"name\":\"Portada\",\"item\":\"https:\/\/www.entrepobles.org\/repositoriweb\/\"},{\"@type\":\"ListItem\",\"position\":2,\"name\":\"QUI SOM\",\"item\":\"https:\/\/www.entrepobles.org\/repositoriweb\/qui-som\/\"},{\"@type\":\"ListItem\",\"position\":3,\"name\":\"MISSI\u00d3, VISI\u00d3 i VALORS\"}]},{\"@type\":\"WebSite\",\"@id\":\"https:\/\/www.entrepueblos.org\/repositoriweb\/#website\",\"url\":\"https:\/\/www.entrepueblos.org\/repositoriweb\/\",\"name\":\"Entrepueblos\",\"description\":\"Cooperaci\u00f3n pueblo a pueblo\",\"potentialAction\":[{\"@type\":\"SearchAction\",\"target\":{\"@type\":\"EntryPoint\",\"urlTemplate\":\"https:\/\/www.entrepueblos.org\/repositoriweb\/?s={search_term_string}\"},\"query-input\":{\"@type\":\"PropertyValueSpecification\",\"valueRequired\":true,\"valueName\":\"search_term_string\"}}],\"inLanguage\":\"ca\"}]}<\/script>\n<!-- \/ Yoast SEO plugin. -->","yoast_head_json":{"title":"MISSI\u00d3, VISI\u00d3 i VALORS - Entrepueblos","robots":{"index":"index","follow":"follow","max-snippet":"max-snippet:-1","max-image-preview":"max-image-preview:large","max-video-preview":"max-video-preview:-1"},"canonical":"https:\/\/www.entrepobles.org\/repositoriweb\/qui-som\/missio-visio-valors\/","og_locale":"ca_ES","og_type":"article","og_title":"MISSI\u00d3, VISI\u00d3 i VALORS - Entrepueblos","og_url":"https:\/\/www.entrepobles.org\/repositoriweb\/qui-som\/missio-visio-valors\/","og_site_name":"Entrepueblos","article_modified_time":"2023-04-26T14:27:21+00:00","twitter_card":"summary_large_image","twitter_misc":{"Temps estimat de lectura":"9 minuts"},"schema":{"@context":"https:\/\/schema.org","@graph":[{"@type":"WebPage","@id":"https:\/\/www.entrepobles.org\/repositoriweb\/qui-som\/missio-visio-valors\/","url":"https:\/\/www.entrepobles.org\/repositoriweb\/qui-som\/missio-visio-valors\/","name":"MISSI\u00d3, VISI\u00d3 i VALORS - Entrepueblos","isPartOf":{"@id":"https:\/\/www.entrepueblos.org\/repositoriweb\/#website"},"datePublished":"2018-07-13T09:29:44+00:00","dateModified":"2023-04-26T14:27:21+00:00","breadcrumb":{"@id":"https:\/\/www.entrepobles.org\/repositoriweb\/qui-som\/missio-visio-valors\/#breadcrumb"},"inLanguage":"ca","potentialAction":[{"@type":"ReadAction","target":["https:\/\/www.entrepobles.org\/repositoriweb\/qui-som\/missio-visio-valors\/"]}]},{"@type":"BreadcrumbList","@id":"https:\/\/www.entrepobles.org\/repositoriweb\/qui-som\/missio-visio-valors\/#breadcrumb","itemListElement":[{"@type":"ListItem","position":1,"name":"Portada","item":"https:\/\/www.entrepobles.org\/repositoriweb\/"},{"@type":"ListItem","position":2,"name":"QUI SOM","item":"https:\/\/www.entrepobles.org\/repositoriweb\/qui-som\/"},{"@type":"ListItem","position":3,"name":"MISSI\u00d3, VISI\u00d3 i VALORS"}]},{"@type":"WebSite","@id":"https:\/\/www.entrepueblos.org\/repositoriweb\/#website","url":"https:\/\/www.entrepueblos.org\/repositoriweb\/","name":"Entrepueblos","description":"Cooperaci\u00f3n pueblo a pueblo","potentialAction":[{"@type":"SearchAction","target":{"@type":"EntryPoint","urlTemplate":"https:\/\/www.entrepueblos.org\/repositoriweb\/?s={search_term_string}"},"query-input":{"@type":"PropertyValueSpecification","valueRequired":true,"valueName":"search_term_string"}}],"inLanguage":"ca"}]}},"ticketed":false,"_links":{"self":[{"href":"https:\/\/www.entrepobles.org\/repositoriweb\/wp-json\/wp\/v2\/pages\/5301","targetHints":{"allow":["GET"]}}],"collection":[{"href":"https:\/\/www.entrepobles.org\/repositoriweb\/wp-json\/wp\/v2\/pages"}],"about":[{"href":"https:\/\/www.entrepobles.org\/repositoriweb\/wp-json\/wp\/v2\/types\/page"}],"author":[{"embeddable":true,"href":"https:\/\/www.entrepobles.org\/repositoriweb\/wp-json\/wp\/v2\/users\/9"}],"replies":[{"embeddable":true,"href":"https:\/\/www.entrepobles.org\/repositoriweb\/wp-json\/wp\/v2\/comments?post=5301"}],"version-history":[{"count":12,"href":"https:\/\/www.entrepobles.org\/repositoriweb\/wp-json\/wp\/v2\/pages\/5301\/revisions"}],"predecessor-version":[{"id":34552,"href":"https:\/\/www.entrepobles.org\/repositoriweb\/wp-json\/wp\/v2\/pages\/5301\/revisions\/34552"}],"up":[{"embeddable":true,"href":"https:\/\/www.entrepobles.org\/repositoriweb\/wp-json\/wp\/v2\/pages\/5272"}],"wp:attachment":[{"href":"https:\/\/www.entrepobles.org\/repositoriweb\/wp-json\/wp\/v2\/media?parent=5301"}],"curies":[{"name":"wp","href":"https:\/\/api.w.org\/{rel}","templated":true}]}}