{"id":5334,"date":"2018-04-30T10:30:46","date_gmt":"2018-04-30T10:30:46","guid":{"rendered":"https:\/\/entrepueblos.org\/noticias\/"},"modified":"2018-07-13T10:57:28","modified_gmt":"2018-07-13T10:57:28","slug":"noticies","status":"publish","type":"page","link":"https:\/\/www.entrepobles.org\/repositoriweb\/noticies\/","title":{"rendered":"NOT\u00cdCIES"},"content":{"rendered":"<div id='av_section_1'  class='avia-section main_color avia-section-default avia-no-border-styling  avia-full-stretch av-parallax-section av-section-color-overlay-active avia-bg-style-parallax  avia-builder-el-0  el_before_av_section  avia-builder-el-first  header-section  av-small-hide av-mini-hide av-minimum-height av-minimum-height-custom  container_wrap sidebar_right' style=' '  data-section-bg-repeat='stretch'><div class='av-parallax' data-avia-parallax-ratio='0.3' ><div class='av-parallax-inner main_color  avia-full-stretch' style = 'background-repeat: no-repeat; background-image: url(https:\/\/www.entrepobles.org\/repositoriweb\/wp-content\/uploads\/2018\/05\/marcha-angeles-contra-impunida0039.jpg);background-attachment: scroll; background-position: center center; ' ><\/div><\/div><div class='av-section-color-overlay-wrap'><div class='av-section-color-overlay' style='opacity: 0.7; background-color: #3f3f3f; '><\/div><div class='container' style='height:400px'><main  role=\"main\" itemprop=\"mainContentOfPage\"  class='template-page content  av-content-small alpha units'><div class='post-entry post-entry-type-page post-entry-5334'><div class='entry-content-wrapper clearfix'>\n<div class=\"flex_column av_one_full  flex_column_div av-zero-column-padding first  avia-builder-el-1  avia-builder-el-no-sibling  title-ot \" style='border-radius:0px; '><section class=\"av_textblock_section \"  itemscope=\"itemscope\" itemtype=\"https:\/\/schema.org\/CreativeWork\" ><div class='avia_textblock ot-title av_inherit_color '  style='color:#ffffff; '  itemprop=\"text\" ><h2 style=\"text-align: center;\">\u00daLTIMES NOT\u00cdCIES<\/h2>\n<\/div><\/section><\/div>\n\n<\/div><\/div><\/main><!-- close content main element --><\/div><\/div><\/div><div id='av_section_2'  class='avia-section main_color avia-section-default avia-no-border-styling  avia-full-stretch av-parallax-section av-section-color-overlay-active avia-bg-style-parallax  avia-builder-el-3  el_after_av_section  el_before_av_one_full  header-section-mobile  av-desktop-hide av-medium-hide av-minimum-height av-minimum-height-custom  container_wrap sidebar_right' style=' '  data-section-bg-repeat='stretch'><div class='av-parallax' data-avia-parallax-ratio='0.3' ><div class='av-parallax-inner main_color  avia-full-stretch' style = 'background-repeat: no-repeat; background-image: url(https:\/\/www.entrepobles.org\/repositoriweb\/wp-content\/uploads\/2018\/05\/marcha-angeles-contra-impunida0039.jpg);background-attachment: scroll; background-position: center center; ' ><\/div><\/div><div class='av-section-color-overlay-wrap'><div class='av-section-color-overlay' style='opacity: 0.7; background-color: #3f3f3f; '><\/div><div class='container' style='height:350px'><div class='template-page content  av-content-small alpha units'><div class='post-entry post-entry-type-page post-entry-5334'><div class='entry-content-wrapper clearfix'>\n<div class=\"flex_column av_one_full  flex_column_div av-zero-column-padding first  avia-builder-el-4  avia-builder-el-no-sibling  title-ot-mobile \" style='border-radius:0px; '><section class=\"av_textblock_section \"  itemscope=\"itemscope\" itemtype=\"https:\/\/schema.org\/CreativeWork\" ><div class='avia_textblock text-title-mobile av_inherit_color '  style='color:#ffffff; '  itemprop=\"text\" ><h2 style=\"text-align: center;\">\u00daLTIMES NOT\u00cdCIES<\/h2>\n<\/div><\/section><\/div>\n<\/div><\/div><\/div><!-- close content main div --><\/div><\/div><\/div><div id='after_section_2'  class='main_color av_default_container_wrap container_wrap sidebar_right' style=' '  ><div class='container' ><div class='template-page content  av-content-small alpha units'><div class='post-entry post-entry-type-page post-entry-5334'><div class='entry-content-wrapper clearfix'>\n<div class=\"flex_column av_one_full  flex_column_div av-zero-column-padding first  avia-builder-el-6  el_after_av_section  avia-builder-el-no-sibling  \" style='border-radius:0px; '><p><br \/>\n<div  class='av-alb-blogposts template-blog  av-blog-meta-author-disabled av-blog-meta-comments-disabled first-news-page '  itemscope=\"itemscope\" itemtype=\"https:\/\/schema.org\/Blog\" ><article class='post-entry post-entry-type-standard post-entry-43921 post-loop-1 post-parity-odd post-entry-last single-big post with-slider post-43921 news type-news status-publish has-post-thumbnail hentry category-ecuador-ca tag-ecuador-ca'  itemscope=\"itemscope\" itemtype=\"https:\/\/schema.org\/CreativeWork\" ><div class=\"big-preview single-big\"><a href=\"https:\/\/www.entrepobles.org\/repositoriweb\/news\/comunicat-repressio-equador\/\" title=\"13 de abril del 2025, un total de 189.654 ecuatorianos residentes en Espa\u00f1a est\u00e1n habilitados para ejercer su derecho al voto en la segunda vuelta de las Elecciones Generales del Ecuador, para elegir al binomio presidencial de la legislatura 2025-2029.    Fotograf\u00eda: Salgado Alb\u00e1n.\"><img loading=\"lazy\" decoding=\"async\" width=\"710\" height=\"375\" src=\"https:\/\/www.entrepobles.org\/repositoriweb\/wp-content\/uploads\/2025\/04\/ALB2887-710x375.jpg\" class=\"wp-image-42360 avia-img-lazy-loading-42360 attachment-noticia_grande size-noticia_grande wp-post-image\" alt=\"\" \/><\/a><\/div><div class='blog-meta'><\/div><div class='entry-content-wrapper clearfix standard-content'><header class=\"entry-content-header\"><h2 class='post-title entry-title '  itemprop=\"headline\" >\t<a href='https:\/\/www.entrepobles.org\/repositoriweb\/news\/comunicat-repressio-equador\/' rel='bookmark' title='Permanent Link: Entrepobles s\u2019adhereix al comunicat de La Fede-Just\u00edcia Global sobre la repressi\u00f3 i les vulneracions de drets humans a l\u2019Equador'>Entrepobles s\u2019adhereix al comunicat de La Fede-Just\u00edcia Global sobre la repressi\u00f3 i les vulneracions de drets humans a l\u2019Equador\t\t\t<span class='post-format-icon minor-meta'><\/span>\t<\/a><\/h2><span class='post-meta-infos'><time class='date-container minor-meta updated'  itemprop=\"datePublished\" datetime=\"2025-10-07T15:52:54+00:00\" >7 Octubre, 2025<\/time><span class='text-sep text-sep-date'>\/<\/span><span class=\"blog-categories minor-meta\"><a href=\"https:\/\/www.entrepobles.org\/repositoriweb\/category\/territoris\/ecuador-ca\/\" rel=\"tag\">Ecuador<\/a> <\/span><span class=\"text-sep text-sep-cat\">\/<\/span><span class=\"blog-author minor-meta\">by <span class=\"entry-author-link\"  itemprop=\"author\" ><span class=\"vcard author\"><span class=\"fn\"><a href=\"https:\/\/www.entrepobles.org\/repositoriweb\/author\/edita\/\" title=\"Entrades de Edita\" rel=\"author\">Edita<\/a><\/span><\/span><\/span><\/span><\/span><\/header><div class=\"entry-content\"  itemprop=\"text\" ><p>El text expressa la preocupaci\u00f3 de les organitzacions socials davant la deriva autorit\u00e0ria del govern equatori\u00e0 i fa una crida al respecte dels drets\u2026<\/p>\n<div class=\"read-more-link\"><a href=\"https:\/\/www.entrepobles.org\/repositoriweb\/news\/comunicat-repressio-equador\/\" class=\"more-link\">Llegir m\u00e9s<span class=\"more-link-arrow\">  &rarr;<\/span><\/a><\/div>\n<\/div><footer class=\"entry-footer\"><\/footer><div class='post_delimiter'><\/div><\/div><div class='post_author_timeline'><\/div><\/article><\/div><br \/>\n<div  data-autoplay=''  data-interval='5'  data-animation='fade'  data-show_slide_delay='90'  class='avia-content-slider avia-content-grid-active avia-content-slider1 avia-content-slider-even  news-page news-second section_load_ajax '  itemscope=\"itemscope\" itemtype=\"https:\/\/schema.org\/Blog\" ><div class='avia-content-slider-inner'><div class='slide-entry-wrap'><article class='slide-entry flex_column  post-entry post-entry-43787 slide-entry-overview slide-loop-1 slide-parity-odd  av_one_half first real-thumbnail'  itemscope=\"itemscope\" itemtype=\"https:\/\/schema.org\/CreativeWork\" ><a href='https:\/\/www.entrepobles.org\/repositoriweb\/news\/28s-entrepobles-i-apdha-clamen-pel-dret-a-lavortament-legal-segur-i-gratuit\/' data-rel='slide-1' class='slide-image' title=''><img loading=\"lazy\" decoding=\"async\" width=\"440\" height=\"250\" src=\"https:\/\/www.entrepobles.org\/repositoriweb\/wp-content\/uploads\/2025\/09\/catala-440x250.png\" class=\"wp-image-43784 avia-img-lazy-loading-43784 attachment-noticia size-noticia wp-post-image\" alt=\"\" srcset=\"https:\/\/www.entrepobles.org\/repositoriweb\/wp-content\/uploads\/2025\/09\/catala-440x250.png 440w, https:\/\/www.entrepobles.org\/repositoriweb\/wp-content\/uploads\/2025\/09\/catala-300x169.png 300w\" sizes=\"auto, (max-width: 440px) 100vw, 440px\" \/><\/a><div class='slide-content'><header class=\"entry-content-header\"><h3 class='slide-entry-title entry-title'  itemprop=\"headline\" ><a href='https:\/\/www.entrepobles.org\/repositoriweb\/news\/28s-entrepobles-i-apdha-clamen-pel-dret-a-lavortament-legal-segur-i-gratuit\/' title='28S: Entrepobles i APDHA clamen pel dret a l\u2019avortament legal, segur i gratu\u00eft'>28S: Entrepobles i APDHA clamen pel dret a l\u2019avortament legal, segur i gratu\u00eft<\/a><\/h3><span class=\"av-vertical-delimiter\"><\/span><\/header><div class='slide-meta'><time class='slide-meta-time updated'  itemprop=\"datePublished\" datetime=\"2025-09-26T11:45:07+00:00\" >26 setembre, 2025<\/time><\/div><div class='slide-entry-excerpt entry-content'  itemprop=\"text\" >El 28 de setembre, Dia d\u2019Acci\u00f3 Global pel Dret a l\u2019Avortament legal, segur i gratu\u00eft, les organitzacions Associaci\u00f3 Pro Drets Humans d\u2019Andalusia\u2026<div class=\"read-more-link\"><a href=\"https:\/\/www.entrepobles.org\/repositoriweb\/news\/28s-entrepobles-i-apdha-clamen-pel-dret-a-lavortament-legal-segur-i-gratuit\/\" class=\"more-link\">Llegir m\u00e9s<span class=\"more-link-arrow\"><\/span><\/a><\/div><\/div><\/div><footer class=\"entry-footer\"><\/footer><span class='hidden'>\n\t\t\t\t<span class='av-structured-data'  itemprop=\"image\" itemscope=\"itemscope\" itemtype=\"https:\/\/schema.org\/ImageObject\" >\n\t\t\t\t\t\t<span itemprop='url'>https:\/\/www.entrepobles.org\/repositoriweb\/wp-content\/uploads\/2025\/09\/catala.png<\/span>\n\t\t\t\t\t\t<span itemprop='height'>1080<\/span>\n\t\t\t\t\t\t<span itemprop='width'>1920<\/span>\n\t\t\t\t<\/span>\n\t\t\t\t<span class='av-structured-data'  itemprop=\"publisher\" itemtype=\"https:\/\/schema.org\/Organization\" itemscope=\"itemscope\" >\n\t\t\t\t\t\t<span itemprop='name'>Edita<\/span>\n\t\t\t\t\t\t<span itemprop='logo' itemscope itemtype='https:\/\/schema.org\/ImageObject'>\n\t\t\t\t\t\t\t<span itemprop='url'>https:\/\/entrepueblos.org\/wp-content\/uploads\/2018\/04\/Logo-entrepueblos-white156x136.png<\/span>\n\t\t\t\t\t\t <\/span>\n\t\t\t\t<\/span><span class='av-structured-data'  itemprop=\"author\" itemscope=\"itemscope\" itemtype=\"https:\/\/schema.org\/Person\" ><span itemprop='name'>Edita<\/span><\/span><span class='av-structured-data'  itemprop=\"datePublished\" datetime=\"2025-06-05T11:07:44+00:00\" >2025-09-26 11:45:07<\/span><span class='av-structured-data'  itemprop=\"dateModified\" itemtype=\"https:\/\/schema.org\/dateModified\" >2025-09-26 11:45:07<\/span><span class='av-structured-data'  itemprop=\"mainEntityOfPage\" itemtype=\"https:\/\/schema.org\/mainEntityOfPage\" ><span itemprop='name'>28S: Entrepobles i APDHA clamen pel dret a l\u2019avortament legal, segur i gratu\u00eft<\/span><\/span><\/span><\/article><article class='slide-entry flex_column  post-entry post-entry-43498 slide-entry-overview slide-loop-2 slide-parity-even  av_one_half  real-thumbnail'  itemscope=\"itemscope\" itemtype=\"https:\/\/schema.org\/CreativeWork\" ><a href='https:\/\/www.entrepobles.org\/repositoriweb\/news\/gracias-chon-por-este-caminar-compartido-la-verdadera-grandeza-no-hace-ruido-solo-deja-huella\/' data-rel='slide-1' class='slide-image' title=''><img loading=\"lazy\" decoding=\"async\" width=\"440\" height=\"250\" src=\"https:\/\/www.entrepobles.org\/repositoriweb\/wp-content\/uploads\/2025\/08\/photo_2025-08-05-16.46.52-440x250.jpeg\" class=\"wp-image-43494 avia-img-lazy-loading-43494 attachment-noticia size-noticia wp-post-image\" alt=\"\" \/><\/a><div class='slide-content'><header class=\"entry-content-header\"><h3 class='slide-entry-title entry-title'  itemprop=\"headline\" ><a href='https:\/\/www.entrepobles.org\/repositoriweb\/news\/gracias-chon-por-este-caminar-compartido-la-verdadera-grandeza-no-hace-ruido-solo-deja-huella\/' title='Gracias Chon por este caminar compartido: La verdadera grandeza no hace ruido, s\u00f3lo deja huella.'>Gracias Chon por este caminar compartido: La verdadera grandeza no hace ruido, s\u00f3lo deja huella.<\/a><\/h3><span class=\"av-vertical-delimiter\"><\/span><\/header><div class='slide-meta'><time class='slide-meta-time updated'  itemprop=\"datePublished\" datetime=\"2025-08-05T14:49:47+00:00\" >5 agost, 2025<\/time><\/div><div class='slide-entry-excerpt entry-content'  itemprop=\"text\" >El 3 de agosto nos ha dejado nuestra compa\u00f1era y amiga, Ascensi\u00f3n Redondo, Chon, que nos ha acompa\u00f1ado desde la creaci\u00f3n de Entrepueblos \u2013 Entrepobles\u2026<div class=\"read-more-link\"><a href=\"https:\/\/www.entrepobles.org\/repositoriweb\/news\/gracias-chon-por-este-caminar-compartido-la-verdadera-grandeza-no-hace-ruido-solo-deja-huella\/\" class=\"more-link\">Llegir m\u00e9s<span class=\"more-link-arrow\"><\/span><\/a><\/div><\/div><\/div><footer class=\"entry-footer\"><\/footer><span class='hidden'>\n\t\t\t\t<span class='av-structured-data'  itemprop=\"image\" itemscope=\"itemscope\" itemtype=\"https:\/\/schema.org\/ImageObject\" >\n\t\t\t\t\t\t<span itemprop='url'>https:\/\/www.entrepobles.org\/repositoriweb\/wp-content\/uploads\/2025\/08\/photo_2025-08-05-16.46.52.jpeg<\/span>\n\t\t\t\t\t\t<span itemprop='height'>424<\/span>\n\t\t\t\t\t\t<span itemprop='width'>445<\/span>\n\t\t\t\t<\/span>\n\t\t\t\t<span class='av-structured-data'  itemprop=\"publisher\" itemtype=\"https:\/\/schema.org\/Organization\" itemscope=\"itemscope\" >\n\t\t\t\t\t\t<span itemprop='name'>Edita<\/span>\n\t\t\t\t\t\t<span itemprop='logo' itemscope itemtype='https:\/\/schema.org\/ImageObject'>\n\t\t\t\t\t\t\t<span itemprop='url'>https:\/\/entrepueblos.org\/wp-content\/uploads\/2018\/04\/Logo-entrepueblos-white156x136.png<\/span>\n\t\t\t\t\t\t <\/span>\n\t\t\t\t<\/span><span class='av-structured-data'  itemprop=\"author\" itemscope=\"itemscope\" itemtype=\"https:\/\/schema.org\/Person\" ><span itemprop='name'>Edita<\/span><\/span><span class='av-structured-data'  itemprop=\"datePublished\" datetime=\"2025-06-05T11:07:44+00:00\" >2025-08-05 14:49:47<\/span><span class='av-structured-data'  itemprop=\"dateModified\" itemtype=\"https:\/\/schema.org\/dateModified\" >2025-08-06 05:18:37<\/span><span class='av-structured-data'  itemprop=\"mainEntityOfPage\" itemtype=\"https:\/\/schema.org\/mainEntityOfPage\" ><span itemprop='name'>Gracias Chon por este caminar compartido: La verdadera grandeza no hace ruido, s\u00f3lo deja huella.<\/span><\/span><\/span><\/article><\/div><div class='slide-entry-wrap'><article class='slide-entry flex_column  post-entry post-entry-43158 slide-entry-overview slide-loop-3 slide-parity-odd  av_one_half first real-thumbnail'  itemscope=\"itemscope\" itemtype=\"https:\/\/schema.org\/CreativeWork\" ><a href='https:\/\/www.entrepobles.org\/repositoriweb\/news\/joves-activistes-menorca\/' data-rel='slide-1' class='slide-image' title=''><img loading=\"lazy\" decoding=\"async\" width=\"440\" height=\"250\" src=\"https:\/\/www.entrepobles.org\/repositoriweb\/wp-content\/uploads\/2025\/06\/e1381fb4-d5b7-49a0-a028-1465cf0f6b6f-440x250.jpg\" class=\"wp-image-43159 avia-img-lazy-loading-43159 attachment-noticia size-noticia wp-post-image\" alt=\"\" \/><\/a><div class='slide-content'><header class=\"entry-content-header\"><h3 class='slide-entry-title entry-title'  itemprop=\"headline\" ><a href='https:\/\/www.entrepobles.org\/repositoriweb\/news\/joves-activistes-menorca\/' title='La veu cr\u00edtica de la joventut menorquina s\u2019al\u00e7a per un m\u00f3n millor'>La veu cr\u00edtica de la joventut menorquina s\u2019al\u00e7a per un m\u00f3n millor<\/a><\/h3><span class=\"av-vertical-delimiter\"><\/span><\/header><div class='slide-meta'><time class='slide-meta-time updated'  itemprop=\"datePublished\" datetime=\"2025-06-20T17:57:16+00:00\" >20 juny, 2025<\/time><\/div><div class='slide-entry-excerpt entry-content'  itemprop=\"text\" >\r\n\u201cUn activista no fa coses grosses, sin\u00f3 petites accions que canvien el m\u00f3n.\u201d\r\n\r\nAquesta \u00e9s una de les frases que recull el v\u00eddeo col\u00b7lectiu\u2026<div class=\"read-more-link\"><a href=\"https:\/\/www.entrepobles.org\/repositoriweb\/news\/joves-activistes-menorca\/\" class=\"more-link\">Llegir m\u00e9s<span class=\"more-link-arrow\"><\/span><\/a><\/div><\/div><\/div><footer class=\"entry-footer\"><\/footer><span class='hidden'>\n\t\t\t\t<span class='av-structured-data'  itemprop=\"image\" itemscope=\"itemscope\" itemtype=\"https:\/\/schema.org\/ImageObject\" >\n\t\t\t\t\t\t<span itemprop='url'>https:\/\/www.entrepobles.org\/repositoriweb\/wp-content\/uploads\/2025\/06\/e1381fb4-d5b7-49a0-a028-1465cf0f6b6f.jpg<\/span>\n\t\t\t\t\t\t<span itemprop='height'>1536<\/span>\n\t\t\t\t\t\t<span itemprop='width'>2048<\/span>\n\t\t\t\t<\/span>\n\t\t\t\t<span class='av-structured-data'  itemprop=\"publisher\" itemtype=\"https:\/\/schema.org\/Organization\" itemscope=\"itemscope\" >\n\t\t\t\t\t\t<span itemprop='name'>Edita<\/span>\n\t\t\t\t\t\t<span itemprop='logo' itemscope itemtype='https:\/\/schema.org\/ImageObject'>\n\t\t\t\t\t\t\t<span itemprop='url'>https:\/\/entrepueblos.org\/wp-content\/uploads\/2018\/04\/Logo-entrepueblos-white156x136.png<\/span>\n\t\t\t\t\t\t <\/span>\n\t\t\t\t<\/span><span class='av-structured-data'  itemprop=\"author\" itemscope=\"itemscope\" itemtype=\"https:\/\/schema.org\/Person\" ><span itemprop='name'>Edita<\/span><\/span><span class='av-structured-data'  itemprop=\"datePublished\" datetime=\"2025-06-05T11:07:44+00:00\" >2025-06-20 17:57:16<\/span><span class='av-structured-data'  itemprop=\"dateModified\" itemtype=\"https:\/\/schema.org\/dateModified\" >2025-06-20 18:13:16<\/span><span class='av-structured-data'  itemprop=\"mainEntityOfPage\" itemtype=\"https:\/\/schema.org\/mainEntityOfPage\" ><span itemprop='name'>La veu cr\u00edtica de la joventut menorquina s\u2019al\u00e7a per un m\u00f3n millor<\/span><\/span><\/span><\/article><article class='slide-entry flex_column  post-entry post-entry-43077 slide-entry-overview slide-loop-4 slide-parity-even  post-entry-last  av_one_half  real-thumbnail'  itemscope=\"itemscope\" itemtype=\"https:\/\/schema.org\/CreativeWork\" ><a href='https:\/\/www.entrepobles.org\/repositoriweb\/news\/temps-daccio-transicions-ecosocials-feministes\/' data-rel='slide-1' class='slide-image' title=''><img loading=\"lazy\" decoding=\"async\" width=\"440\" height=\"250\" src=\"https:\/\/www.entrepobles.org\/repositoriweb\/wp-content\/uploads\/2025\/06\/transicionsecosocials-440x250.png\" class=\"wp-image-43094 avia-img-lazy-loading-43094 attachment-noticia size-noticia wp-post-image\" alt=\"\" srcset=\"https:\/\/www.entrepobles.org\/repositoriweb\/wp-content\/uploads\/2025\/06\/transicionsecosocials-440x250.png 440w, https:\/\/www.entrepobles.org\/repositoriweb\/wp-content\/uploads\/2025\/06\/transicionsecosocials-300x169.png 300w\" sizes=\"auto, (max-width: 440px) 100vw, 440px\" \/><\/a><div class='slide-content'><header class=\"entry-content-header\"><h3 class='slide-entry-title entry-title'  itemprop=\"headline\" ><a href='https:\/\/www.entrepobles.org\/repositoriweb\/news\/temps-daccio-transicions-ecosocials-feministes\/' title='Temps d\u2019acci\u00f3 social: construint una transici\u00f3 ecosocial justa i feminista'>Temps d\u2019acci\u00f3 social: construint una transici\u00f3 ecosocial justa i feminista<\/a><\/h3><span class=\"av-vertical-delimiter\"><\/span><\/header><div class='slide-meta'><time class='slide-meta-time updated'  itemprop=\"datePublished\" datetime=\"2025-06-05T11:07:44+00:00\" >5 juny, 2025<\/time><\/div><div class='slide-entry-excerpt entry-content'  itemprop=\"text\" >Davant la crisi clim\u00e0tica, ecol\u00f2gica, econ\u00f2mica i de les cures, a Entrepobles ens preguntem: com constru\u00efm un futur m\u00e9s just sense deixar ning\u00fa enrere?\u2026<div class=\"read-more-link\"><a href=\"https:\/\/www.entrepobles.org\/repositoriweb\/news\/temps-daccio-transicions-ecosocials-feministes\/\" class=\"more-link\">Llegir m\u00e9s<span class=\"more-link-arrow\"><\/span><\/a><\/div><\/div><\/div><footer class=\"entry-footer\"><\/footer><span class='hidden'>\n\t\t\t\t<span class='av-structured-data'  itemprop=\"image\" itemscope=\"itemscope\" itemtype=\"https:\/\/schema.org\/ImageObject\" >\n\t\t\t\t\t\t<span itemprop='url'>https:\/\/www.entrepobles.org\/repositoriweb\/wp-content\/uploads\/2025\/06\/transicionsecosocials.png<\/span>\n\t\t\t\t\t\t<span itemprop='height'>900<\/span>\n\t\t\t\t\t\t<span itemprop='width'>1600<\/span>\n\t\t\t\t<\/span>\n\t\t\t\t<span class='av-structured-data'  itemprop=\"publisher\" itemtype=\"https:\/\/schema.org\/Organization\" itemscope=\"itemscope\" >\n\t\t\t\t\t\t<span itemprop='name'>Edita<\/span>\n\t\t\t\t\t\t<span itemprop='logo' itemscope itemtype='https:\/\/schema.org\/ImageObject'>\n\t\t\t\t\t\t\t<span itemprop='url'>https:\/\/entrepueblos.org\/wp-content\/uploads\/2018\/04\/Logo-entrepueblos-white156x136.png<\/span>\n\t\t\t\t\t\t <\/span>\n\t\t\t\t<\/span><span class='av-structured-data'  itemprop=\"author\" itemscope=\"itemscope\" itemtype=\"https:\/\/schema.org\/Person\" ><span itemprop='name'>Edita<\/span><\/span><span class='av-structured-data'  itemprop=\"datePublished\" datetime=\"2025-06-05T11:07:44+00:00\" >2025-06-05 11:07:44<\/span><span class='av-structured-data'  itemprop=\"dateModified\" itemtype=\"https:\/\/schema.org\/dateModified\" >2025-07-28 09:14:24<\/span><span class='av-structured-data'  itemprop=\"mainEntityOfPage\" itemtype=\"https:\/\/schema.org\/mainEntityOfPage\" ><span itemprop='name'>Temps d\u2019acci\u00f3 social: construint una transici\u00f3 ecosocial justa i feminista<\/span><\/span><\/span><\/article><\/div><\/div><div class='pagination-wrap pagination-slider'><div><a href='https:\/\/www.entrepobles.org\/repositoriweb\/wp-json\/wp\/v2\/pages\/5334\/page\/2\/' class='load-more'>VEURE'N M\u00c9S<\/a><\/div><\/div><\/div><\/p><\/div>\n","protected":false},"excerpt":{"rendered":"","protected":false},"author":9,"featured_media":0,"parent":0,"menu_order":0,"comment_status":"closed","ping_status":"closed","template":"","meta":{"_acf_changed":false,"_price":"","_stock":"","_tribe_ticket_header":"","_tribe_default_ticket_provider":"","_tribe_ticket_capacity":"0","_ticket_start_date":"","_ticket_end_date":"","_tribe_ticket_show_description":"","_tribe_ticket_show_not_going":false,"_tribe_ticket_use_global_stock":"","_tribe_ticket_global_stock_level":"","_global_stock_mode":"","_global_stock_cap":"","_tribe_rsvp_for_event":"","_tribe_ticket_going_count":"","_tribe_ticket_not_going_count":"","_tribe_tickets_list":"[]","_tribe_ticket_has_attendee_info_fields":false,"footnotes":"","_tec_slr_enabled":"","_tec_slr_layout":""},"class_list":["post-5334","page","type-page","status-publish","hentry"],"acf":[],"yoast_head":"<!-- This site is optimized with the Yoast SEO plugin v25.0 - https:\/\/yoast.com\/wordpress\/plugins\/seo\/ -->\n<title>NOT\u00cdCIES - Entrepueblos<\/title>\n<meta name=\"robots\" content=\"index, follow, max-snippet:-1, max-image-preview:large, max-video-preview:-1\" \/>\n<link rel=\"canonical\" href=\"https:\/\/www.entrepobles.org\/repositoriweb\/noticies\/\" \/>\n<meta property=\"og:locale\" content=\"ca_ES\" \/>\n<meta property=\"og:type\" content=\"article\" \/>\n<meta property=\"og:title\" content=\"NOT\u00cdCIES - Entrepueblos\" \/>\n<meta property=\"og:url\" content=\"https:\/\/www.entrepobles.org\/repositoriweb\/noticies\/\" \/>\n<meta property=\"og:site_name\" content=\"Entrepueblos\" \/>\n<meta property=\"article:modified_time\" content=\"2018-07-13T10:57:28+00:00\" \/>\n<meta name=\"twitter:card\" content=\"summary_large_image\" \/>\n<meta name=\"twitter:label1\" content=\"Temps estimat de lectura\" \/>\n\t<meta name=\"twitter:data1\" content=\"3 minuts\" \/>\n<script type=\"application\/ld+json\" class=\"yoast-schema-graph\">{\"@context\":\"https:\/\/schema.org\",\"@graph\":[{\"@type\":\"WebPage\",\"@id\":\"https:\/\/www.entrepobles.org\/repositoriweb\/noticies\/\",\"url\":\"https:\/\/www.entrepobles.org\/repositoriweb\/noticies\/\",\"name\":\"NOT\u00cdCIES - Entrepueblos\",\"isPartOf\":{\"@id\":\"https:\/\/www.entrepueblos.org\/repositoriweb\/#website\"},\"datePublished\":\"2018-04-30T10:30:46+00:00\",\"dateModified\":\"2018-07-13T10:57:28+00:00\",\"breadcrumb\":{\"@id\":\"https:\/\/www.entrepobles.org\/repositoriweb\/noticies\/#breadcrumb\"},\"inLanguage\":\"ca\",\"potentialAction\":[{\"@type\":\"ReadAction\",\"target\":[\"https:\/\/www.entrepobles.org\/repositoriweb\/noticies\/\"]}]},{\"@type\":\"BreadcrumbList\",\"@id\":\"https:\/\/www.entrepobles.org\/repositoriweb\/noticies\/#breadcrumb\",\"itemListElement\":[{\"@type\":\"ListItem\",\"position\":1,\"name\":\"Portada\",\"item\":\"https:\/\/www.entrepobles.org\/repositoriweb\/\"},{\"@type\":\"ListItem\",\"position\":2,\"name\":\"NOT\u00cdCIES\"}]},{\"@type\":\"WebSite\",\"@id\":\"https:\/\/www.entrepueblos.org\/repositoriweb\/#website\",\"url\":\"https:\/\/www.entrepueblos.org\/repositoriweb\/\",\"name\":\"Entrepueblos\",\"description\":\"Cooperaci\u00f3n pueblo a pueblo\",\"potentialAction\":[{\"@type\":\"SearchAction\",\"target\":{\"@type\":\"EntryPoint\",\"urlTemplate\":\"https:\/\/www.entrepueblos.org\/repositoriweb\/?s={search_term_string}\"},\"query-input\":{\"@type\":\"PropertyValueSpecification\",\"valueRequired\":true,\"valueName\":\"search_term_string\"}}],\"inLanguage\":\"ca\"}]}<\/script>\n<!-- \/ Yoast SEO plugin. -->","yoast_head_json":{"title":"NOT\u00cdCIES - Entrepueblos","robots":{"index":"index","follow":"follow","max-snippet":"max-snippet:-1","max-image-preview":"max-image-preview:large","max-video-preview":"max-video-preview:-1"},"canonical":"https:\/\/www.entrepobles.org\/repositoriweb\/noticies\/","og_locale":"ca_ES","og_type":"article","og_title":"NOT\u00cdCIES - Entrepueblos","og_url":"https:\/\/www.entrepobles.org\/repositoriweb\/noticies\/","og_site_name":"Entrepueblos","article_modified_time":"2018-07-13T10:57:28+00:00","twitter_card":"summary_large_image","twitter_misc":{"Temps estimat de lectura":"3 minuts"},"schema":{"@context":"https:\/\/schema.org","@graph":[{"@type":"WebPage","@id":"https:\/\/www.entrepobles.org\/repositoriweb\/noticies\/","url":"https:\/\/www.entrepobles.org\/repositoriweb\/noticies\/","name":"NOT\u00cdCIES - Entrepueblos","isPartOf":{"@id":"https:\/\/www.entrepueblos.org\/repositoriweb\/#website"},"datePublished":"2018-04-30T10:30:46+00:00","dateModified":"2018-07-13T10:57:28+00:00","breadcrumb":{"@id":"https:\/\/www.entrepobles.org\/repositoriweb\/noticies\/#breadcrumb"},"inLanguage":"ca","potentialAction":[{"@type":"ReadAction","target":["https:\/\/www.entrepobles.org\/repositoriweb\/noticies\/"]}]},{"@type":"BreadcrumbList","@id":"https:\/\/www.entrepobles.org\/repositoriweb\/noticies\/#breadcrumb","itemListElement":[{"@type":"ListItem","position":1,"name":"Portada","item":"https:\/\/www.entrepobles.org\/repositoriweb\/"},{"@type":"ListItem","position":2,"name":"NOT\u00cdCIES"}]},{"@type":"WebSite","@id":"https:\/\/www.entrepueblos.org\/repositoriweb\/#website","url":"https:\/\/www.entrepueblos.org\/repositoriweb\/","name":"Entrepueblos","description":"Cooperaci\u00f3n pueblo a pueblo","potentialAction":[{"@type":"SearchAction","target":{"@type":"EntryPoint","urlTemplate":"https:\/\/www.entrepueblos.org\/repositoriweb\/?s={search_term_string}"},"query-input":{"@type":"PropertyValueSpecification","valueRequired":true,"valueName":"search_term_string"}}],"inLanguage":"ca"}]}},"ticketed":false,"_links":{"self":[{"href":"https:\/\/www.entrepobles.org\/repositoriweb\/wp-json\/wp\/v2\/pages\/5334","targetHints":{"allow":["GET"]}}],"collection":[{"href":"https:\/\/www.entrepobles.org\/repositoriweb\/wp-json\/wp\/v2\/pages"}],"about":[{"href":"https:\/\/www.entrepobles.org\/repositoriweb\/wp-json\/wp\/v2\/types\/page"}],"author":[{"embeddable":true,"href":"https:\/\/www.entrepobles.org\/repositoriweb\/wp-json\/wp\/v2\/users\/9"}],"replies":[{"embeddable":true,"href":"https:\/\/www.entrepobles.org\/repositoriweb\/wp-json\/wp\/v2\/comments?post=5334"}],"version-history":[{"count":2,"href":"https:\/\/www.entrepobles.org\/repositoriweb\/wp-json\/wp\/v2\/pages\/5334\/revisions"}],"predecessor-version":[{"id":5340,"href":"https:\/\/www.entrepobles.org\/repositoriweb\/wp-json\/wp\/v2\/pages\/5334\/revisions\/5340"}],"wp:attachment":[{"href":"https:\/\/www.entrepobles.org\/repositoriweb\/wp-json\/wp\/v2\/media?parent=5334"}],"curies":[{"name":"wp","href":"https:\/\/api.w.org\/{rel}","templated":true}]}}