{"id":5343,"date":"2018-05-02T18:26:56","date_gmt":"2018-05-02T18:26:56","guid":{"rendered":"https:\/\/entrepueblos.org\/cooperacion-solidaria\/"},"modified":"2024-07-17T11:12:37","modified_gmt":"2024-07-17T11:12:37","slug":"cooperacio-solidaria","status":"publish","type":"page","link":"https:\/\/www.entrepobles.org\/repositoriweb\/cooperacio-solidaria\/","title":{"rendered":"COOPERACI\u00d3 SOLID\u00c0RIA"},"content":{"rendered":"<div id='av_section_1'  class='avia-section main_color avia-section-default avia-no-border-styling  avia-full-stretch av-parallax-section av-section-color-overlay-active avia-bg-style-parallax  avia-builder-el-0  el_before_av_section  avia-builder-el-first  header-section  av-small-hide av-mini-hide av-minimum-height av-minimum-height-50  container_wrap sidebar_right' style=' '  data-section-bg-repeat='stretch' data-av_minimum_height_pc='50'><div class='av-parallax' data-avia-parallax-ratio='0.3' ><div class='av-parallax-inner main_color  avia-full-stretch' style = 'background-repeat: no-repeat; background-image: url(https:\/\/www.entrepobles.org\/repositoriweb\/wp-content\/uploads\/2018\/05\/proyectos.jpg);background-attachment: scroll; background-position: center center; ' ><\/div><\/div><div class='av-section-color-overlay-wrap'><div class='av-section-color-overlay' style='opacity: 0.7; background-color: #3f3f3f; '><\/div><div class='container' ><main  role=\"main\" itemprop=\"mainContentOfPage\"  class='template-page content  av-content-small alpha units'><div class='post-entry post-entry-type-page post-entry-5343'><div class='entry-content-wrapper clearfix'>\n<div class=\"flex_column av_one_full  flex_column_div av-zero-column-padding first  avia-builder-el-1  avia-builder-el-no-sibling  title-ot \" style='border-radius:0px; '><section class=\"av_textblock_section \"  itemscope=\"itemscope\" itemtype=\"https:\/\/schema.org\/CreativeWork\" ><div class='avia_textblock ot-title av_inherit_color '  style='color:#ffffff; '  itemprop=\"text\" ><h2 style=\"text-align: center;\">Cooperem amb organitzacions i moviments socials a l&#8217;Am\u00e8rica Central, Cuba, Equador, Per\u00fa i MST de Brasil, donant suport a processos emancipadors<\/h2>\n<\/div><\/section><\/div><\/div><\/div><\/main><!-- close content main element --><\/div><\/div><\/div><div id='av_section_2'  class='avia-section main_color avia-section-default avia-no-border-styling  avia-full-stretch av-parallax-section av-section-color-overlay-active avia-bg-style-parallax  avia-builder-el-3  el_after_av_section  el_before_av_one_full  header-section-mobile  av-desktop-hide av-medium-hide av-minimum-height av-minimum-height-75  container_wrap sidebar_right' style=' '  data-section-bg-repeat='stretch' data-av_minimum_height_pc='75'><div class='av-parallax' data-avia-parallax-ratio='0.3' ><div class='av-parallax-inner main_color  avia-full-stretch' style = 'background-repeat: no-repeat; background-image: url(https:\/\/www.entrepobles.org\/repositoriweb\/wp-content\/uploads\/2018\/05\/proyectos.jpg);background-attachment: scroll; background-position: center center; ' ><\/div><\/div><div class='av-section-color-overlay-wrap'><div class='av-section-color-overlay' style='opacity: 0.7; background-color: #3f3f3f; '><\/div><div class='container' ><div class='template-page content  av-content-small alpha units'><div class='post-entry post-entry-type-page post-entry-5343'><div class='entry-content-wrapper clearfix'>\n<div class=\"flex_column av_one_full  flex_column_div av-zero-column-padding first  avia-builder-el-4  avia-builder-el-no-sibling  title-ot-mobile \" style='border-radius:0px; '><section class=\"av_textblock_section \"  itemscope=\"itemscope\" itemtype=\"https:\/\/schema.org\/CreativeWork\" ><div class='avia_textblock text-title-mobile av_inherit_color '  style='color:#ffffff; '  itemprop=\"text\" ><h2 style=\"text-align: center;\">Cooperem amb organitzacions i moviments socials internacionalment, donant suport a processos emancipadors<\/h2>\n<\/div><\/section><\/div><\/div><\/div><\/div><!-- close content main div --><\/div><\/div><\/div><div id='after_section_2'  class='main_color av_default_container_wrap container_wrap sidebar_right' style=' '  ><div class='container' ><div class='template-page content  av-content-small alpha units'><div class='post-entry post-entry-type-page post-entry-5343'><div class='entry-content-wrapper clearfix'><div class=\"flex_column av_one_full  flex_column_div av-zero-column-padding first  avia-builder-el-6  el_after_av_section  avia-builder-el-no-sibling  project-list \" style='border-radius:0px; '><section class=\"av_textblock_section \"  itemscope=\"itemscope\" itemtype=\"https:\/\/schema.org\/CreativeWork\" ><div class='avia_textblock filtros-mobile-block '   itemprop=\"text\" ><div class=\"temas-filtro mobile\">\n<h3 class=\"widgettitle title-filtro\">FILTRAR PER TEMES<\/h3>\n<div class='category_filter'><ul>\t<li class=\"cat-item cat-item-58\"><a href=\"https:\/\/www.entrepobles.org\/repositoriweb\/category\/temas-ca\/defensa-del-territori\/\">Defensa del territori<\/a>\n<\/li>\n\t<li class=\"cat-item cat-item-59\"><a href=\"https:\/\/www.entrepobles.org\/repositoriweb\/category\/temas-ca\/ecologisme-social\/\">Ecologisme social<\/a>\n<\/li>\n\t<li class=\"cat-item cat-item-60\"><a href=\"https:\/\/www.entrepobles.org\/repositoriweb\/category\/temas-ca\/economia-social-y-solidaria-ca\/\">Economia social y solid\u00e0ria<\/a>\n<\/li>\n\t<li class=\"cat-item cat-item-61\"><a href=\"https:\/\/www.entrepobles.org\/repositoriweb\/category\/temas-ca\/educacio-emancipatoria\/\">Educaci\u00f3 emancipat\u00f2ria<\/a>\n<\/li>\n\t<li class=\"cat-item cat-item-66\"><a href=\"https:\/\/www.entrepobles.org\/repositoriweb\/category\/temas-ca\/feminismes\/\">Feminismes<\/a>\n<\/li>\n\t<li class=\"cat-item cat-item-67\"><a href=\"https:\/\/www.entrepobles.org\/repositoriweb\/category\/temas-ca\/memoria-historica-ca\/\">Mem\u00f2ria hist\u00f2rica<\/a>\n<\/li>\n\t<li class=\"cat-item cat-item-68\"><a href=\"https:\/\/www.entrepobles.org\/repositoriweb\/category\/temas-ca\/migracions-i-refugi\/\">Migracions i refugi<\/a>\n<\/li>\n\t<li class=\"cat-item cat-item-69\"><a href=\"https:\/\/www.entrepobles.org\/repositoriweb\/category\/temas-ca\/multinacionals-i-tractats\/\">Multinacionals i tractats<\/a>\n<\/li>\n\t<li class=\"cat-item cat-item-72\"><a href=\"https:\/\/www.entrepobles.org\/repositoriweb\/category\/temas-ca\/pobles-indigenes\/\">Pobles ind\u00edgenes<\/a>\n<\/li>\n\t<li class=\"cat-item cat-item-71\"><a href=\"https:\/\/www.entrepobles.org\/repositoriweb\/category\/temas-ca\/proteccio-a-defensores-dd-hh\/\">Protecci\u00f3 a defensores DD.HH.<\/a>\n<\/li>\n\t<li class=\"cat-item cat-item-73\"><a href=\"https:\/\/www.entrepobles.org\/repositoriweb\/category\/temas-ca\/sobirania-alimentaria\/\">Sobirania aliment\u00e0ria<\/a>\n<\/li>\n\t<li class=\"cat-item cat-item-70\"><a href=\"https:\/\/www.entrepobles.org\/repositoriweb\/category\/temas-ca\/zaltres\/\">Altres<\/a>\n<\/li>\n<\/ul><\/div><\/div>\n<div class=\"country-filter\">\n<h3 class=\"widgettitle title-filtro\">FILTRAR PER PA\u00cfSOS<\/h3>\n<div class='category_filter'><ul>\t<li class=\"cat-item cat-item-86\"><a href=\"https:\/\/www.entrepobles.org\/repositoriweb\/category\/territoris\/brasil-ca\/\">Brasil<\/a>\n<\/li>\n\t<li class=\"cat-item cat-item-87\"><a href=\"https:\/\/www.entrepobles.org\/repositoriweb\/category\/territoris\/chiapas-ca\/\">Chiapas<\/a>\n<\/li>\n\t<li class=\"cat-item cat-item-88\"><a href=\"https:\/\/www.entrepobles.org\/repositoriweb\/category\/territoris\/cuba-ca\/\">Cuba<\/a>\n<\/li>\n\t<li class=\"cat-item cat-item-89\"><a href=\"https:\/\/www.entrepobles.org\/repositoriweb\/category\/territoris\/ecuador-ca\/\">Ecuador<\/a>\n<\/li>\n\t<li class=\"cat-item cat-item-90\"><a href=\"https:\/\/www.entrepobles.org\/repositoriweb\/category\/territoris\/el-salvador-ca\/\">El salvador<\/a>\n<\/li>\n\t<li class=\"cat-item cat-item-91\"><a href=\"https:\/\/www.entrepobles.org\/repositoriweb\/category\/territoris\/guatemala-ca\/\">Guatemala<\/a>\n<\/li>\n\t<li class=\"cat-item cat-item-92\"><a href=\"https:\/\/www.entrepobles.org\/repositoriweb\/category\/territoris\/honduras-ca\/\">Honduras<\/a>\n<\/li>\n\t<li class=\"cat-item cat-item-93\"><a href=\"https:\/\/www.entrepobles.org\/repositoriweb\/category\/territoris\/marroc\/\">Marroc<\/a>\n<\/li>\n\t<li class=\"cat-item cat-item-1124\"><a href=\"https:\/\/www.entrepobles.org\/repositoriweb\/category\/territoris\/menorca\/\">Menorca<\/a>\n<\/li>\n\t<li class=\"cat-item cat-item-94\"><a href=\"https:\/\/www.entrepobles.org\/repositoriweb\/category\/territoris\/nicaragua-ca\/\">Nicaragua<\/a>\n<\/li>\n\t<li class=\"cat-item cat-item-966\"><a href=\"https:\/\/www.entrepobles.org\/repositoriweb\/category\/territoris\/palestina-territoris\/\">Palestina<\/a>\n<\/li>\n\t<li class=\"cat-item cat-item-95\"><a href=\"https:\/\/www.entrepobles.org\/repositoriweb\/category\/territoris\/peru-ca\/\">Per\u00fa<\/a>\n<\/li>\n<\/ul><\/div><\/div>\n<div class='filter_clean'><a>Limpiar filtros<\/a><\/div>\n<\/div><\/section><br \/>\n<section class=\"av_textblock_section  av-medium-hide av-small-hide av-mini-hide\"  itemscope=\"itemscope\" itemtype=\"https:\/\/schema.org\/CreativeWork\" ><div class='avia_textblock title-filtro '   itemprop=\"text\" ><h3>FILTRAR PER PA\u00cdS<\/h3>\n<\/div><\/section><br \/>\n<section class=\"av_textblock_section \"  itemscope=\"itemscope\" itemtype=\"https:\/\/schema.org\/CreativeWork\" ><div class='avia_textblock coop-mapa '   itemprop=\"text\" ><div class=\"map-section\"><div id=\"mapplic1\"><\/div><\/div>\n<\/div><\/section><br \/>\n<br \/>\n<div  class='av-alb-blogposts template-blog  av-blog-meta-author-disabled av-blog-meta-comments-disabled pr_cooperativos section_load_ajax '  itemscope=\"itemscope\" itemtype=\"https:\/\/schema.org\/Blog\" ><article class='post-entry post-entry-type-standard post-entry-43771 post-loop-1 post-parity-odd single-small post proyecto proyecto-cooperativo section_load_ajax with-slider post-43771 pr_cooperativos type-pr_cooperativos status-publish has-post-thumbnail hentry category-defensa-del-territori category-feminismes category-projectes'  itemscope=\"itemscope\" itemtype=\"https:\/\/schema.org\/CreativeWork\" ><div class='blog-meta'><a href='https:\/\/www.entrepobles.org\/repositoriweb\/pr_cooperativos\/las-guardianas-de-la-tierra-abya-ayala-y-pais-valen\/' class='small-preview' title='Las guardianas de la Tierra II.  Sociedad civil valenciana comprometida con la defensa de los bienes comunes, y sensibilizada con los derechos de quienes los defienden en el Abya Ayala y el Pa\u00eds Valenci\u00e1.'><img loading=\"lazy\" decoding=\"async\" width=\"300\" height=\"300\" src=\"https:\/\/www.entrepobles.org\/repositoriweb\/wp-content\/uploads\/2025\/09\/fotolrv2-300x300.jpg\" class=\"wp-image-43767 avia-img-lazy-loading-43767 attachment-proyecto size-proyecto wp-post-image\" alt=\"\" srcset=\"https:\/\/www.entrepobles.org\/repositoriweb\/wp-content\/uploads\/2025\/09\/fotolrv2-300x300.jpg 300w, https:\/\/www.entrepobles.org\/repositoriweb\/wp-content\/uploads\/2025\/09\/fotolrv2-80x80.jpg 80w, https:\/\/www.entrepobles.org\/repositoriweb\/wp-content\/uploads\/2025\/09\/fotolrv2-36x36.jpg 36w, https:\/\/www.entrepobles.org\/repositoriweb\/wp-content\/uploads\/2025\/09\/fotolrv2-180x180.jpg 180w\" sizes=\"auto, (max-width: 300px) 100vw, 300px\" \/><span class=\"iconfont\" aria-hidden='true' data-av_icon='\ue836' data-av_iconfont='entypo-fontello'><\/span><\/a><\/div><div class='entry-content-wrapper clearfix standard-content'><header class=\"entry-content-header\"><div class='estado'>En execuci\u00f3<\/div><div class=\"temas\"><div class=\"Defensadelterritori term-58\">Defensa del territori<\/div><div class=\"Feminismes term-66\">Feminismes<\/div><div class=\"clearfix\"><\/div><\/div><div class=\"clearfix\"><\/div><\/span><h2 class='post-title entry-title '  itemprop=\"headline\" >\t<a href='https:\/\/www.entrepobles.org\/repositoriweb\/pr_cooperativos\/las-guardianas-de-la-tierra-abya-ayala-y-pais-valen\/' rel='bookmark' title='Permanent Link: Las guardianas de la Tierra II.  Sociedad civil valenciana comprometida con la defensa de los bienes comunes, y sensibilizada con los derechos de quienes los defienden en el Abya Ayala y el Pa\u00eds Valenci\u00e1.'>Las guardianas de la Tierra II.  Sociedad civil valenciana comprometida con la defensa de los bienes comunes, y sensibilizada con los derechos de quienes los defienden en el Abya Ayala y el Pa\u00eds Valenci\u00e1.\t\t\t<span class='post-format-icon minor-meta'><\/span>\t<\/a><\/h2><\/header><div class=\"entry-content\"  itemprop=\"text\" ><p>La intervenci\u00f3n, responde por un lado a la necesidad de dar continuidad al proyecto anterior subvencionado por el Ayuntamiento de Valencia (Guardianas\u2026<\/p>\n<div class=\"read-more-link\"><a href=\"https:\/\/www.entrepobles.org\/repositoriweb\/pr_cooperativos\/las-guardianas-de-la-tierra-abya-ayala-y-pais-valen\/\" class=\"more-link\">Llegir m\u00e9s<span class=\"more-link-arrow\">  &rarr;<\/span><\/a><\/div>\n<\/div><footer class=\"entry-footer\"><\/footer><div class='post_delimiter'><\/div><\/div><div class='post_author_timeline'><\/div><\/article><article class='post-entry post-entry-type-standard post-entry-39772 post-loop-2 post-parity-even single-small post proyecto proyecto-cooperativo section_load_ajax with-slider post-39772 pr_cooperativos type-pr_cooperativos status-publish has-post-thumbnail hentry category-economia-social-y-solidaria-ca category-ecuador-ca category-projectes'  itemscope=\"itemscope\" itemtype=\"https:\/\/schema.org\/CreativeWork\" ><div class='blog-meta'><a href='https:\/\/www.entrepobles.org\/repositoriweb\/pr_cooperativos\/fortaleciendo-el-tejido-social-y-organizativo-cotacachi\/' class='small-preview' title='Fortaleciendo el tejido social y organizativo del sistema de participaci\u00f3n cantonal de Cotacachi'><img loading=\"lazy\" decoding=\"async\" width=\"300\" height=\"300\" src=\"https:\/\/www.entrepobles.org\/repositoriweb\/wp-content\/uploads\/2024\/07\/Gira-intercambio-Intag-300x300.jpg\" class=\"wp-image-39891 avia-img-lazy-loading-39891 attachment-proyecto size-proyecto wp-post-image\" alt=\"\" srcset=\"https:\/\/www.entrepobles.org\/repositoriweb\/wp-content\/uploads\/2024\/07\/Gira-intercambio-Intag-300x300.jpg 300w, https:\/\/www.entrepobles.org\/repositoriweb\/wp-content\/uploads\/2024\/07\/Gira-intercambio-Intag-80x80.jpg 80w, https:\/\/www.entrepobles.org\/repositoriweb\/wp-content\/uploads\/2024\/07\/Gira-intercambio-Intag-36x36.jpg 36w, https:\/\/www.entrepobles.org\/repositoriweb\/wp-content\/uploads\/2024\/07\/Gira-intercambio-Intag-180x180.jpg 180w\" sizes=\"auto, (max-width: 300px) 100vw, 300px\" \/><span class=\"iconfont\" aria-hidden='true' data-av_icon='\ue836' data-av_iconfont='entypo-fontello'><\/span><\/a><\/div><div class='entry-content-wrapper clearfix standard-content'><header class=\"entry-content-header\"><div class='estado'>En execuci\u00f3<\/div><div class=\"pais\"><div class=\"Ecuador\">Ecuador<\/div><div class=\"clearfix\"><\/div><\/div><div class=\"clearfix\"><\/div><div class=\"temas\"><div class=\"Economiasocialysolidria term-60\">Economia social y solid\u00e0ria<\/div><div class=\"clearfix\"><\/div><\/div><div class=\"clearfix\"><\/div><\/span><h2 class='post-title entry-title '  itemprop=\"headline\" >\t<a href='https:\/\/www.entrepobles.org\/repositoriweb\/pr_cooperativos\/fortaleciendo-el-tejido-social-y-organizativo-cotacachi\/' rel='bookmark' title='Permanent Link: Fortaleciendo el tejido social y organizativo del sistema de participaci\u00f3n cantonal de Cotacachi'>Fortaleciendo el tejido social y organizativo del sistema de participaci\u00f3n cantonal de Cotacachi\t\t\t<span class='post-format-icon minor-meta'><\/span>\t<\/a><\/h2><\/header><div class=\"entry-content\"  itemprop=\"text\" ><p>El proyecto busca fortalecer el tejido socio-organizativo del cant\u00f3n Cotacachi, con el fin de promover procesos de incidencia ante pol\u00edticas p\u00fablicas,\u2026<\/p>\n<div class=\"read-more-link\"><a href=\"https:\/\/www.entrepobles.org\/repositoriweb\/pr_cooperativos\/fortaleciendo-el-tejido-social-y-organizativo-cotacachi\/\" class=\"more-link\">Llegir m\u00e9s<span class=\"more-link-arrow\">  &rarr;<\/span><\/a><\/div>\n<\/div><footer class=\"entry-footer\"><\/footer><div class='post_delimiter'><\/div><\/div><div class='post_author_timeline'><\/div><\/article><article class='post-entry post-entry-type-standard post-entry-39793 post-loop-3 post-parity-odd single-small post proyecto proyecto-cooperativo section_load_ajax with-slider post-39793 pr_cooperativos type-pr_cooperativos status-publish has-post-thumbnail hentry category-defensa-del-territori category-ecuador-ca category-projectes category-proteccio-a-defensores-dd-hh'  itemscope=\"itemscope\" itemtype=\"https:\/\/schema.org\/CreativeWork\" ><div class='blog-meta'><a href='https:\/\/www.entrepobles.org\/repositoriweb\/pr_cooperativos\/defensoras-ecuador\/' class='small-preview' title='Mujeres defensoras, pueblos ind\u00edgenas y sociedad civil en defensa de los Derechos Humanos y de la Naturaleza'><img loading=\"lazy\" decoding=\"async\" width=\"300\" height=\"300\" src=\"https:\/\/www.entrepobles.org\/repositoriweb\/wp-content\/uploads\/2024\/07\/ceremonia-sanacion-caso-ninas-apaguen-mecheros--300x300.jpg\" class=\"wp-image-39900 avia-img-lazy-loading-39900 attachment-proyecto size-proyecto wp-post-image\" alt=\"\" srcset=\"https:\/\/www.entrepobles.org\/repositoriweb\/wp-content\/uploads\/2024\/07\/ceremonia-sanacion-caso-ninas-apaguen-mecheros--300x300.jpg 300w, https:\/\/www.entrepobles.org\/repositoriweb\/wp-content\/uploads\/2024\/07\/ceremonia-sanacion-caso-ninas-apaguen-mecheros--80x80.jpg 80w, https:\/\/www.entrepobles.org\/repositoriweb\/wp-content\/uploads\/2024\/07\/ceremonia-sanacion-caso-ninas-apaguen-mecheros--36x36.jpg 36w, https:\/\/www.entrepobles.org\/repositoriweb\/wp-content\/uploads\/2024\/07\/ceremonia-sanacion-caso-ninas-apaguen-mecheros--180x180.jpg 180w\" sizes=\"auto, (max-width: 300px) 100vw, 300px\" \/><span class=\"iconfont\" aria-hidden='true' data-av_icon='\ue836' data-av_iconfont='entypo-fontello'><\/span><\/a><\/div><div class='entry-content-wrapper clearfix standard-content'><header class=\"entry-content-header\"><div class='estado'>En execuci\u00f3<\/div><div class=\"pais\"><div class=\"Ecuador\">Ecuador<\/div><div class=\"clearfix\"><\/div><\/div><div class=\"clearfix\"><\/div><div class=\"temas\"><div class=\"Defensadelterritori term-58\">Defensa del territori<\/div><div class=\"ProtecciadefensoresDDHH term-71\">Protecci\u00f3 a defensores DD.HH.<\/div><div class=\"clearfix\"><\/div><\/div><div class=\"clearfix\"><\/div><\/span><h2 class='post-title entry-title '  itemprop=\"headline\" >\t<a href='https:\/\/www.entrepobles.org\/repositoriweb\/pr_cooperativos\/defensoras-ecuador\/' rel='bookmark' title='Permanent Link: Mujeres defensoras, pueblos ind\u00edgenas y sociedad civil en defensa de los Derechos Humanos y de la Naturaleza'>Mujeres defensoras, pueblos ind\u00edgenas y sociedad civil en defensa de los Derechos Humanos y de la Naturaleza\t\t\t<span class='post-format-icon minor-meta'><\/span>\t<\/a><\/h2><\/header><div class=\"entry-content\"  itemprop=\"text\" ><p>El proyecto quiere contribuir a empoderar y potenciar la participaci\u00f3n pol\u00edtica y organizativa de las mujeres en su rol de defensoras del territorio;\u2026<\/p>\n<div class=\"read-more-link\"><a href=\"https:\/\/www.entrepobles.org\/repositoriweb\/pr_cooperativos\/defensoras-ecuador\/\" class=\"more-link\">Llegir m\u00e9s<span class=\"more-link-arrow\">  &rarr;<\/span><\/a><\/div>\n<\/div><footer class=\"entry-footer\"><\/footer><div class='post_delimiter'><\/div><\/div><div class='post_author_timeline'><\/div><\/article><article class='post-entry post-entry-type-standard post-entry-39764 post-loop-4 post-parity-even single-small post proyecto proyecto-cooperativo section_load_ajax with-slider post-39764 pr_cooperativos type-pr_cooperativos status-publish has-post-thumbnail hentry category-ecuador-ca category-feminismes category-projectes'  itemscope=\"itemscope\" itemtype=\"https:\/\/schema.org\/CreativeWork\" ><div class='blog-meta'><a href='https:\/\/www.entrepobles.org\/repositoriweb\/pr_cooperativos\/vivas-nos-queremos\/' class='small-preview' title='Vivas y libres nos queremos: acompa\u00f1amiento feminista para acceder a la justicia y a los derechos reproductivos'><img loading=\"lazy\" decoding=\"async\" width=\"300\" height=\"300\" src=\"https:\/\/www.entrepobles.org\/repositoriweb\/wp-content\/uploads\/2024\/07\/GJC4H1wXoAEQ3mn-300x300.jpg\" class=\"wp-image-39761 avia-img-lazy-loading-39761 attachment-proyecto size-proyecto wp-post-image\" alt=\"\" srcset=\"https:\/\/www.entrepobles.org\/repositoriweb\/wp-content\/uploads\/2024\/07\/GJC4H1wXoAEQ3mn-300x300.jpg 300w, https:\/\/www.entrepobles.org\/repositoriweb\/wp-content\/uploads\/2024\/07\/GJC4H1wXoAEQ3mn-1030x1030.jpg 1030w, https:\/\/www.entrepobles.org\/repositoriweb\/wp-content\/uploads\/2024\/07\/GJC4H1wXoAEQ3mn-80x80.jpg 80w, https:\/\/www.entrepobles.org\/repositoriweb\/wp-content\/uploads\/2024\/07\/GJC4H1wXoAEQ3mn-768x768.jpg 768w, https:\/\/www.entrepobles.org\/repositoriweb\/wp-content\/uploads\/2024\/07\/GJC4H1wXoAEQ3mn-1536x1536.jpg 1536w, https:\/\/www.entrepobles.org\/repositoriweb\/wp-content\/uploads\/2024\/07\/GJC4H1wXoAEQ3mn-36x36.jpg 36w, https:\/\/www.entrepobles.org\/repositoriweb\/wp-content\/uploads\/2024\/07\/GJC4H1wXoAEQ3mn-180x180.jpg 180w, https:\/\/www.entrepobles.org\/repositoriweb\/wp-content\/uploads\/2024\/07\/GJC4H1wXoAEQ3mn-1500x1500.jpg 1500w, https:\/\/www.entrepobles.org\/repositoriweb\/wp-content\/uploads\/2024\/07\/GJC4H1wXoAEQ3mn-705x705.jpg 705w, https:\/\/www.entrepobles.org\/repositoriweb\/wp-content\/uploads\/2024\/07\/GJC4H1wXoAEQ3mn.jpg 2048w\" sizes=\"auto, (max-width: 300px) 100vw, 300px\" \/><span class=\"iconfont\" aria-hidden='true' data-av_icon='\ue836' data-av_iconfont='entypo-fontello'><\/span><\/a><\/div><div class='entry-content-wrapper clearfix standard-content'><header class=\"entry-content-header\"><div class='estado'>En execuci\u00f3<\/div><div class=\"pais\"><div class=\"Ecuador\">Ecuador<\/div><div class=\"clearfix\"><\/div><\/div><div class=\"clearfix\"><\/div><div class=\"temas\"><div class=\"Feminismes term-66\">Feminismes<\/div><div class=\"clearfix\"><\/div><\/div><div class=\"clearfix\"><\/div><\/span><h2 class='post-title entry-title '  itemprop=\"headline\" >\t<a href='https:\/\/www.entrepobles.org\/repositoriweb\/pr_cooperativos\/vivas-nos-queremos\/' rel='bookmark' title='Permanent Link: Vivas y libres nos queremos: acompa\u00f1amiento feminista para acceder a la justicia y a los derechos reproductivos'>Vivas y libres nos queremos: acompa\u00f1amiento feminista para acceder a la justicia y a los derechos reproductivos\t\t\t<span class='post-format-icon minor-meta'><\/span>\t<\/a><\/h2><\/header><div class=\"entry-content\"  itemprop=\"text\" ><p>Proyecto para contribuir a una vida libre de violencias y el efectivo cumplimiento de los derechos sexuales y reproductivos de mujeres, adolescentes y\u2026<\/p>\n<div class=\"read-more-link\"><a href=\"https:\/\/www.entrepobles.org\/repositoriweb\/pr_cooperativos\/vivas-nos-queremos\/\" class=\"more-link\">Llegir m\u00e9s<span class=\"more-link-arrow\">  &rarr;<\/span><\/a><\/div>\n<\/div><footer class=\"entry-footer\"><\/footer><div class='post_delimiter'><\/div><\/div><div class='post_author_timeline'><\/div><\/article><article class='post-entry post-entry-type-standard post-entry-39755 post-loop-5 post-parity-odd single-small post proyecto proyecto-cooperativo section_load_ajax with-slider post-39755 pr_cooperativos type-pr_cooperativos status-publish has-post-thumbnail hentry category-economia-social-y-solidaria-ca category-ecuador-ca category-sobirania-alimentaria'  itemscope=\"itemscope\" itemtype=\"https:\/\/schema.org\/CreativeWork\" ><div class='blog-meta'><a href='https:\/\/www.entrepobles.org\/repositoriweb\/pr_cooperativos\/maquita-guayas\/' class='small-preview' title='Consolidando un modelo de desarrollo socioecon\u00f3mico local basado en relaciones justas, equitativas y ambientalmente sostenibles'><img loading=\"lazy\" decoding=\"async\" width=\"300\" height=\"300\" src=\"https:\/\/www.entrepobles.org\/repositoriweb\/wp-content\/uploads\/2024\/07\/376244321_342301228147205_6507896168116232094_n-300x300.jpg\" class=\"wp-image-39752 avia-img-lazy-loading-39752 attachment-proyecto size-proyecto wp-post-image\" alt=\"\" srcset=\"https:\/\/www.entrepobles.org\/repositoriweb\/wp-content\/uploads\/2024\/07\/376244321_342301228147205_6507896168116232094_n-300x300.jpg 300w, https:\/\/www.entrepobles.org\/repositoriweb\/wp-content\/uploads\/2024\/07\/376244321_342301228147205_6507896168116232094_n-80x80.jpg 80w, https:\/\/www.entrepobles.org\/repositoriweb\/wp-content\/uploads\/2024\/07\/376244321_342301228147205_6507896168116232094_n-36x36.jpg 36w, https:\/\/www.entrepobles.org\/repositoriweb\/wp-content\/uploads\/2024\/07\/376244321_342301228147205_6507896168116232094_n-180x180.jpg 180w\" sizes=\"auto, (max-width: 300px) 100vw, 300px\" \/><span class=\"iconfont\" aria-hidden='true' data-av_icon='\ue836' data-av_iconfont='entypo-fontello'><\/span><\/a><\/div><div class='entry-content-wrapper clearfix standard-content'><header class=\"entry-content-header\"><div class='estado'>En execuci\u00f3<\/div><div class=\"pais\"><div class=\"Ecuador\">Ecuador<\/div><div class=\"clearfix\"><\/div><\/div><div class=\"clearfix\"><\/div><div class=\"temas\"><div class=\"Economiasocialysolidria term-60\">Economia social y solid\u00e0ria<\/div><div class=\"Sobiraniaalimentria term-73\">Sobirania aliment\u00e0ria<\/div><div class=\"clearfix\"><\/div><\/div><div class=\"clearfix\"><\/div><\/span><h2 class='post-title entry-title '  itemprop=\"headline\" >\t<a href='https:\/\/www.entrepobles.org\/repositoriweb\/pr_cooperativos\/maquita-guayas\/' rel='bookmark' title='Permanent Link: Consolidando un modelo de desarrollo socioecon\u00f3mico local basado en relaciones justas, equitativas y ambientalmente sostenibles'>Consolidando un modelo de desarrollo socioecon\u00f3mico local basado en relaciones justas, equitativas y ambientalmente sostenibles\t\t\t<span class='post-format-icon minor-meta'><\/span>\t<\/a><\/h2><\/header><div class=\"entry-content\"  itemprop=\"text\" ><p>&nbsp; Proyecto que busca la sostenibilidad de los procesos emprendidos y dirigidos hacia un desarrollo econ\u00f3mico, equitativo y sostenible, que aseguren\u2026<\/p>\n<div class=\"read-more-link\"><a href=\"https:\/\/www.entrepobles.org\/repositoriweb\/pr_cooperativos\/maquita-guayas\/\" class=\"more-link\">Llegir m\u00e9s<span class=\"more-link-arrow\">  &rarr;<\/span><\/a><\/div>\n<\/div><footer class=\"entry-footer\"><\/footer><div class='post_delimiter'><\/div><\/div><div class='post_author_timeline'><\/div><\/article><article class='post-entry post-entry-type-standard post-entry-39721 post-loop-6 post-parity-even single-small post proyecto proyecto-cooperativo section_load_ajax with-slider post-39721 pr_cooperativos type-pr_cooperativos status-publish has-post-thumbnail hentry category-peru-ca category-pobles-indigenes category-projectes category-proteccio-a-defensores-dd-hh'  itemscope=\"itemscope\" itemtype=\"https:\/\/schema.org\/CreativeWork\" ><div class='blog-meta'><a href='https:\/\/www.entrepobles.org\/repositoriweb\/pr_cooperativos\/peru-ciudadania\/' class='small-preview' title='Marcha de afectados por el vertido de Repsol en Chancay, Per\u00fa'><img loading=\"lazy\" decoding=\"async\" width=\"300\" height=\"300\" src=\"https:\/\/www.entrepobles.org\/repositoriweb\/wp-content\/uploads\/2023\/02\/MARCHA-CHANCAY-1-300x300.jpeg\" class=\"wp-image-33097 avia-img-lazy-loading-33097 attachment-proyecto size-proyecto wp-post-image\" alt=\"Marcha de afectados por el vertido de Repsol en Chancay, Per\u00fa\" srcset=\"https:\/\/www.entrepobles.org\/repositoriweb\/wp-content\/uploads\/2023\/02\/MARCHA-CHANCAY-1-300x300.jpeg 300w, https:\/\/www.entrepobles.org\/repositoriweb\/wp-content\/uploads\/2023\/02\/MARCHA-CHANCAY-1-80x80.jpeg 80w, https:\/\/www.entrepobles.org\/repositoriweb\/wp-content\/uploads\/2023\/02\/MARCHA-CHANCAY-1-36x36.jpeg 36w, https:\/\/www.entrepobles.org\/repositoriweb\/wp-content\/uploads\/2023\/02\/MARCHA-CHANCAY-1-180x180.jpeg 180w\" sizes=\"auto, (max-width: 300px) 100vw, 300px\" \/><span class=\"iconfont\" aria-hidden='true' data-av_icon='\ue836' data-av_iconfont='entypo-fontello'><\/span><\/a><\/div><div class='entry-content-wrapper clearfix standard-content'><header class=\"entry-content-header\"><div class='estado'>En execuci\u00f3<\/div><div class=\"pais\"><div class=\"Per\">Per\u00fa<\/div><div class=\"clearfix\"><\/div><\/div><div class=\"clearfix\"><\/div><div class=\"temas\"><div class=\"Poblesindgenes term-72\">Pobles ind\u00edgenes<\/div><div class=\"ProtecciadefensoresDDHH term-71\">Protecci\u00f3 a defensores DD.HH.<\/div><div class=\"clearfix\"><\/div><\/div><div class=\"clearfix\"><\/div><\/span><h2 class='post-title entry-title '  itemprop=\"headline\" >\t<a href='https:\/\/www.entrepobles.org\/repositoriweb\/pr_cooperativos\/peru-ciudadania\/' rel='bookmark' title='Permanent Link: Construyendo movimiento y ciudadan\u00eda ambiental e ind\u00edgena para la defensa y ejercicio de derechos en Per\u00fa'>Construyendo movimiento y ciudadan\u00eda ambiental e ind\u00edgena para la defensa y ejercicio de derechos en Per\u00fa\t\t\t<span class='post-format-icon minor-meta'><\/span>\t<\/a><\/h2><\/header><div class=\"entry-content\"  itemprop=\"text\" ><p>El objetivo de este proyecto es contribuir al desarrollo humano sostenible y el cumplimiento de los derechos humanos en las poblaciones ind\u00edgenas y comunidades\u2026<\/p>\n<div class=\"read-more-link\"><a href=\"https:\/\/www.entrepobles.org\/repositoriweb\/pr_cooperativos\/peru-ciudadania\/\" class=\"more-link\">Llegir m\u00e9s<span class=\"more-link-arrow\">  &rarr;<\/span><\/a><\/div>\n<\/div><footer class=\"entry-footer\"><\/footer><div class='post_delimiter'><\/div><\/div><div class='post_author_timeline'><\/div><\/article><article class='post-entry post-entry-type-standard post-entry-39714 post-loop-7 post-parity-odd single-small post proyecto proyecto-cooperativo section_load_ajax with-slider post-39714 pr_cooperativos type-pr_cooperativos status-publish has-post-thumbnail hentry category-peru-ca category-pobles-indigenes category-proteccio-a-defensores-dd-hh category-temas-ca'  itemscope=\"itemscope\" itemtype=\"https:\/\/schema.org\/CreativeWork\" ><div class='blog-meta'><a href='https:\/\/www.entrepobles.org\/repositoriweb\/pr_cooperativos\/proteccion-de-defensores-y-defensoras-peru\/' class='small-preview' title='Sororidad para combatir la violencia en Cajamarca'><img loading=\"lazy\" decoding=\"async\" width=\"300\" height=\"300\" src=\"https:\/\/www.entrepobles.org\/repositoriweb\/wp-content\/uploads\/2023\/01\/DSC_1657-300x300.jpg\" class=\"wp-image-32868 avia-img-lazy-loading-32868 attachment-proyecto size-proyecto wp-post-image\" alt=\"Sororidad para combatir la violencia en Cajamarca\" srcset=\"https:\/\/www.entrepobles.org\/repositoriweb\/wp-content\/uploads\/2023\/01\/DSC_1657-300x300.jpg 300w, https:\/\/www.entrepobles.org\/repositoriweb\/wp-content\/uploads\/2023\/01\/DSC_1657-80x80.jpg 80w, https:\/\/www.entrepobles.org\/repositoriweb\/wp-content\/uploads\/2023\/01\/DSC_1657-36x36.jpg 36w, https:\/\/www.entrepobles.org\/repositoriweb\/wp-content\/uploads\/2023\/01\/DSC_1657-180x180.jpg 180w\" sizes=\"auto, (max-width: 300px) 100vw, 300px\" \/><span class=\"iconfont\" aria-hidden='true' data-av_icon='\ue836' data-av_iconfont='entypo-fontello'><\/span><\/a><\/div><div class='entry-content-wrapper clearfix standard-content'><header class=\"entry-content-header\"><div class='estado'>En execuci\u00f3<\/div><div class=\"pais\"><div class=\"Per\">Per\u00fa<\/div><div class=\"clearfix\"><\/div><\/div><div class=\"clearfix\"><\/div><div class=\"temas\"><div class=\"Poblesindgenes term-72\">Pobles ind\u00edgenes<\/div><div class=\"ProtecciadefensoresDDHH term-71\">Protecci\u00f3 a defensores DD.HH.<\/div><div class=\"clearfix\"><\/div><\/div><div class=\"clearfix\"><\/div><\/span><h2 class='post-title entry-title '  itemprop=\"headline\" >\t<a href='https:\/\/www.entrepobles.org\/repositoriweb\/pr_cooperativos\/proteccion-de-defensores-y-defensoras-peru\/' rel='bookmark' title='Permanent Link: Derecho a defender derechos. Protecci\u00f3n de defensores y defensoras en Per\u00fa'>Derecho a defender derechos. Protecci\u00f3n de defensores y defensoras en Per\u00fa\t\t\t<span class='post-format-icon minor-meta'><\/span>\t<\/a><\/h2><\/header><div class=\"entry-content\"  itemprop=\"text\" ><p>El objetivo de este proyecto es generar un entorno que facilite la defensa de derechos y la participaci\u00f3n democr\u00e1tica, con especial atenci\u00f3n a la superaci\u00f3n\u2026<\/p>\n<div class=\"read-more-link\"><a href=\"https:\/\/www.entrepobles.org\/repositoriweb\/pr_cooperativos\/proteccion-de-defensores-y-defensoras-peru\/\" class=\"more-link\">Llegir m\u00e9s<span class=\"more-link-arrow\">  &rarr;<\/span><\/a><\/div>\n<\/div><footer class=\"entry-footer\"><\/footer><div class='post_delimiter'><\/div><\/div><div class='post_author_timeline'><\/div><\/article><article class='post-entry post-entry-type-standard post-entry-39725 post-loop-8 post-parity-even single-small post proyecto proyecto-cooperativo section_load_ajax with-slider post-39725 pr_cooperativos type-pr_cooperativos status-publish has-post-thumbnail hentry category-chiapas-ca category-economia-social-y-solidaria-ca category-pobles-indigenes category-projectes'  itemscope=\"itemscope\" itemtype=\"https:\/\/schema.org\/CreativeWork\" ><div class='blog-meta'><a href='https:\/\/www.entrepobles.org\/repositoriweb\/pr_cooperativos\/chiapas-cideci-fase2\/' class='small-preview' title='Fortalecer el sistema ind\u00edgena-intercultural de aprendizaje y estudios para las comunidades y organizaciones sociales de Chiapas. Fase II'><img loading=\"lazy\" decoding=\"async\" width=\"300\" height=\"300\" src=\"https:\/\/www.entrepobles.org\/repositoriweb\/wp-content\/uploads\/2021\/05\/CIDECI-Chiapas-300x300.jpeg\" class=\"wp-image-25733 avia-img-lazy-loading-25733 attachment-proyecto size-proyecto wp-post-image\" alt=\"CIDECI Chiapas\" srcset=\"https:\/\/www.entrepobles.org\/repositoriweb\/wp-content\/uploads\/2021\/05\/CIDECI-Chiapas-300x300.jpeg 300w, https:\/\/www.entrepobles.org\/repositoriweb\/wp-content\/uploads\/2021\/05\/CIDECI-Chiapas-80x80.jpeg 80w, https:\/\/www.entrepobles.org\/repositoriweb\/wp-content\/uploads\/2021\/05\/CIDECI-Chiapas-36x36.jpeg 36w, https:\/\/www.entrepobles.org\/repositoriweb\/wp-content\/uploads\/2021\/05\/CIDECI-Chiapas-180x180.jpeg 180w\" sizes=\"auto, (max-width: 300px) 100vw, 300px\" \/><span class=\"iconfont\" aria-hidden='true' data-av_icon='\ue836' data-av_iconfont='entypo-fontello'><\/span><\/a><\/div><div class='entry-content-wrapper clearfix standard-content'><header class=\"entry-content-header\"><div class='estado'>En execuci\u00f3<\/div><div class=\"pais\"><div class=\"Chiapas\">Chiapas<\/div><div class=\"clearfix\"><\/div><\/div><div class=\"clearfix\"><\/div><div class=\"temas\"><div class=\"Economiasocialysolidria term-60\">Economia social y solid\u00e0ria<\/div><div class=\"Poblesindgenes term-72\">Pobles ind\u00edgenes<\/div><div class=\"clearfix\"><\/div><\/div><div class=\"clearfix\"><\/div><\/span><h2 class='post-title entry-title '  itemprop=\"headline\" >\t<a href='https:\/\/www.entrepobles.org\/repositoriweb\/pr_cooperativos\/chiapas-cideci-fase2\/' rel='bookmark' title='Permanent Link: Fortalecer el sistema ind\u00edgena-intercultural de aprendizaje y estudios para las comunidades y organizaciones sociales de Chiapas. Fase II'>Fortalecer el sistema ind\u00edgena-intercultural de aprendizaje y estudios para las comunidades y organizaciones sociales de Chiapas. Fase II\t\t\t<span class='post-format-icon minor-meta'><\/span>\t<\/a><\/h2><\/header><div class=\"entry-content\"  itemprop=\"text\" ><p>El objetivo de la fase II de este proyecto es contribuir a la mejora de las condiciones socioecon\u00f3micas y culturales de la poblaci\u00f3n joven ind\u00edgena\u2026<\/p>\n<div class=\"read-more-link\"><a href=\"https:\/\/www.entrepobles.org\/repositoriweb\/pr_cooperativos\/chiapas-cideci-fase2\/\" class=\"more-link\">Llegir m\u00e9s<span class=\"more-link-arrow\">  &rarr;<\/span><\/a><\/div>\n<\/div><footer class=\"entry-footer\"><\/footer><div class='post_delimiter'><\/div><\/div><div class='post_author_timeline'><\/div><\/article><article class='post-entry post-entry-type-standard post-entry-39694 post-loop-9 post-parity-odd single-small post proyecto proyecto-cooperativo section_load_ajax with-slider post-39694 pr_cooperativos type-pr_cooperativos status-publish has-post-thumbnail hentry category-feminismes category-guatemala-ca category-projectes category-sobirania-alimentaria'  itemscope=\"itemscope\" itemtype=\"https:\/\/schema.org\/CreativeWork\" ><div class='blog-meta'><a href='https:\/\/www.entrepobles.org\/repositoriweb\/pr_cooperativos\/cuc-burgos\/' class='small-preview' title='Mejora de las condiciones socioecon\u00f3micas y de participaci\u00f3n de mujeres ind\u00edgenas campesinas de Guatemala'><img loading=\"lazy\" decoding=\"async\" width=\"300\" height=\"300\" src=\"https:\/\/www.entrepobles.org\/repositoriweb\/wp-content\/uploads\/2024\/07\/Kich_2_2-300x300.jpg\" class=\"wp-image-39692 avia-img-lazy-loading-39692 attachment-proyecto size-proyecto wp-post-image\" alt=\"\" srcset=\"https:\/\/www.entrepobles.org\/repositoriweb\/wp-content\/uploads\/2024\/07\/Kich_2_2-300x300.jpg 300w, https:\/\/www.entrepobles.org\/repositoriweb\/wp-content\/uploads\/2024\/07\/Kich_2_2-80x80.jpg 80w, https:\/\/www.entrepobles.org\/repositoriweb\/wp-content\/uploads\/2024\/07\/Kich_2_2-36x36.jpg 36w, https:\/\/www.entrepobles.org\/repositoriweb\/wp-content\/uploads\/2024\/07\/Kich_2_2-180x180.jpg 180w\" sizes=\"auto, (max-width: 300px) 100vw, 300px\" \/><span class=\"iconfont\" aria-hidden='true' data-av_icon='\ue836' data-av_iconfont='entypo-fontello'><\/span><\/a><\/div><div class='entry-content-wrapper clearfix standard-content'><header class=\"entry-content-header\"><div class='estado'>En execuci\u00f3<\/div><div class=\"pais\"><div class=\"Guatemala\">Guatemala<\/div><div class=\"clearfix\"><\/div><\/div><div class=\"clearfix\"><\/div><div class=\"temas\"><div class=\"Feminismes term-66\">Feminismes<\/div><div class=\"Sobiraniaalimentria term-73\">Sobirania aliment\u00e0ria<\/div><div class=\"clearfix\"><\/div><\/div><div class=\"clearfix\"><\/div><\/span><h2 class='post-title entry-title '  itemprop=\"headline\" >\t<a href='https:\/\/www.entrepobles.org\/repositoriweb\/pr_cooperativos\/cuc-burgos\/' rel='bookmark' title='Permanent Link: Mejora de las condiciones socioecon\u00f3micas y de participaci\u00f3n de mujeres ind\u00edgenas campesinas de Guatemala'>Mejora de las condiciones socioecon\u00f3micas y de participaci\u00f3n de mujeres ind\u00edgenas campesinas de Guatemala\t\t\t<span class='post-format-icon minor-meta'><\/span>\t<\/a><\/h2><\/header><div class=\"entry-content\"  itemprop=\"text\" ><p>Este proyecto tiene por objetivo fortalecer y afianzar las capacidades y habilidades de las mujeres organizadas que forman parte de las estructuras actuales\u2026<\/p>\n<div class=\"read-more-link\"><a href=\"https:\/\/www.entrepobles.org\/repositoriweb\/pr_cooperativos\/cuc-burgos\/\" class=\"more-link\">Llegir m\u00e9s<span class=\"more-link-arrow\">  &rarr;<\/span><\/a><\/div>\n<\/div><footer class=\"entry-footer\"><\/footer><div class='post_delimiter'><\/div><\/div><div class='post_author_timeline'><\/div><\/article><article class='post-entry post-entry-type-standard post-entry-39671 post-loop-10 post-parity-even post-entry-last single-small post proyecto proyecto-cooperativo section_load_ajax with-slider post-39671 pr_cooperativos type-pr_cooperativos status-publish has-post-thumbnail hentry category-el-salvador-5-ca category-el-salvador-ca category-projectes category-sobirania-alimentaria'  itemscope=\"itemscope\" itemtype=\"https:\/\/schema.org\/CreativeWork\" ><div class='blog-meta'><a href='https:\/\/www.entrepobles.org\/repositoriweb\/pr_cooperativos\/confras-soberania-alimentaria\/' class='small-preview' title='Fortalecimiento de la igualdad de g\u00e9nero, la soberan\u00eda alimentaria y la justicia ambiental en cooperativas agropecuarias de El Salvador'><img loading=\"lazy\" decoding=\"async\" width=\"300\" height=\"300\" src=\"https:\/\/www.entrepobles.org\/repositoriweb\/wp-content\/uploads\/2024\/07\/GQDGfotXMAEBIYb-300x300.jpg\" class=\"wp-image-39669 avia-img-lazy-loading-39669 attachment-proyecto size-proyecto wp-post-image\" alt=\"\" srcset=\"https:\/\/www.entrepobles.org\/repositoriweb\/wp-content\/uploads\/2024\/07\/GQDGfotXMAEBIYb-300x300.jpg 300w, https:\/\/www.entrepobles.org\/repositoriweb\/wp-content\/uploads\/2024\/07\/GQDGfotXMAEBIYb-80x80.jpg 80w, https:\/\/www.entrepobles.org\/repositoriweb\/wp-content\/uploads\/2024\/07\/GQDGfotXMAEBIYb-36x36.jpg 36w, https:\/\/www.entrepobles.org\/repositoriweb\/wp-content\/uploads\/2024\/07\/GQDGfotXMAEBIYb-180x180.jpg 180w\" sizes=\"auto, (max-width: 300px) 100vw, 300px\" \/><span class=\"iconfont\" aria-hidden='true' data-av_icon='\ue836' data-av_iconfont='entypo-fontello'><\/span><\/a><\/div><div class='entry-content-wrapper clearfix standard-content'><header class=\"entry-content-header\"><div class='estado'>En execuci\u00f3<\/div><div class=\"pais\"><div class=\"Elsalvador\">El salvador<\/div><div class=\"clearfix\"><\/div><\/div><div class=\"clearfix\"><\/div><div class=\"temas\"><div class=\"Sobiraniaalimentria term-73\">Sobirania aliment\u00e0ria<\/div><div class=\"clearfix\"><\/div><\/div><div class=\"clearfix\"><\/div><\/span><h2 class='post-title entry-title '  itemprop=\"headline\" >\t<a href='https:\/\/www.entrepobles.org\/repositoriweb\/pr_cooperativos\/confras-soberania-alimentaria\/' rel='bookmark' title='Permanent Link: Fortalecimiento de la igualdad de g\u00e9nero, la soberan\u00eda alimentaria y la justicia ambiental en cooperativas agropecuarias de El Salvador'>Fortalecimiento de la igualdad de g\u00e9nero, la soberan\u00eda alimentaria y la justicia ambiental en cooperativas agropecuarias de El Salvador\t\t\t<span class='post-format-icon minor-meta'><\/span>\t<\/a><\/h2><\/header><div class=\"entry-content\"  itemprop=\"text\" ><p>Proyecto para promover la resiliencia de las cooperativas agropecuarias del Corredor Seco para fortalecer la igualdad de g\u00e9nero, la soberan\u00eda alimentaria\u2026<\/p>\n<div class=\"read-more-link\"><a href=\"https:\/\/www.entrepobles.org\/repositoriweb\/pr_cooperativos\/confras-soberania-alimentaria\/\" class=\"more-link\">Llegir m\u00e9s<span class=\"more-link-arrow\">  &rarr;<\/span><\/a><\/div>\n<\/div><footer class=\"entry-footer\"><\/footer><div class='post_delimiter'><\/div><\/div><div class='post_author_timeline'><\/div><\/article><div><a href='https:\/\/www.entrepobles.org\/repositoriweb\/wp-json\/wp\/v2\/pages\/5343\/page\/2\/' class='load-more'>VEURE'N M\u00c9S<\/a><\/div><\/div><\/p><\/div><\/p>\n","protected":false},"excerpt":{"rendered":"","protected":false},"author":9,"featured_media":0,"parent":0,"menu_order":0,"comment_status":"closed","ping_status":"closed","template":"","meta":{"_acf_changed":false,"_price":"","_stock":"","_tribe_ticket_header":"","_tribe_default_ticket_provider":"","_tribe_ticket_capacity":"0","_ticket_start_date":"","_ticket_end_date":"","_tribe_ticket_show_description":"","_tribe_ticket_show_not_going":false,"_tribe_ticket_use_global_stock":"","_tribe_ticket_global_stock_level":"","_global_stock_mode":"","_global_stock_cap":"","_tribe_rsvp_for_event":"","_tribe_ticket_going_count":"","_tribe_ticket_not_going_count":"","_tribe_tickets_list":"[]","_tribe_ticket_has_attendee_info_fields":false,"footnotes":"","_tec_slr_enabled":"","_tec_slr_layout":""},"class_list":["post-5343","page","type-page","status-publish","hentry"],"acf":[],"yoast_head":"<!-- This site is optimized with the Yoast SEO plugin v25.0 - https:\/\/yoast.com\/wordpress\/plugins\/seo\/ -->\n<title>COOPERACI\u00d3 SOLID\u00c0RIA - Entrepueblos<\/title>\n<meta name=\"robots\" content=\"index, follow, max-snippet:-1, max-image-preview:large, max-video-preview:-1\" \/>\n<link rel=\"canonical\" href=\"https:\/\/www.entrepobles.org\/repositoriweb\/cooperacio-solidaria\/\" \/>\n<meta property=\"og:locale\" content=\"ca_ES\" \/>\n<meta property=\"og:type\" content=\"article\" \/>\n<meta property=\"og:title\" content=\"COOPERACI\u00d3 SOLID\u00c0RIA - Entrepueblos\" \/>\n<meta property=\"og:url\" content=\"https:\/\/www.entrepobles.org\/repositoriweb\/cooperacio-solidaria\/\" \/>\n<meta property=\"og:site_name\" content=\"Entrepueblos\" \/>\n<meta property=\"article:modified_time\" content=\"2024-07-17T11:12:37+00:00\" \/>\n<meta name=\"twitter:card\" content=\"summary_large_image\" \/>\n<meta name=\"twitter:label1\" content=\"Temps estimat de lectura\" \/>\n\t<meta name=\"twitter:data1\" content=\"4 minuts\" \/>\n<script type=\"application\/ld+json\" class=\"yoast-schema-graph\">{\"@context\":\"https:\/\/schema.org\",\"@graph\":[{\"@type\":\"WebPage\",\"@id\":\"https:\/\/www.entrepobles.org\/repositoriweb\/cooperacio-solidaria\/\",\"url\":\"https:\/\/www.entrepobles.org\/repositoriweb\/cooperacio-solidaria\/\",\"name\":\"COOPERACI\u00d3 SOLID\u00c0RIA - Entrepueblos\",\"isPartOf\":{\"@id\":\"https:\/\/www.entrepueblos.org\/repositoriweb\/#website\"},\"datePublished\":\"2018-05-02T18:26:56+00:00\",\"dateModified\":\"2024-07-17T11:12:37+00:00\",\"breadcrumb\":{\"@id\":\"https:\/\/www.entrepobles.org\/repositoriweb\/cooperacio-solidaria\/#breadcrumb\"},\"inLanguage\":\"ca\",\"potentialAction\":[{\"@type\":\"ReadAction\",\"target\":[\"https:\/\/www.entrepobles.org\/repositoriweb\/cooperacio-solidaria\/\"]}]},{\"@type\":\"BreadcrumbList\",\"@id\":\"https:\/\/www.entrepobles.org\/repositoriweb\/cooperacio-solidaria\/#breadcrumb\",\"itemListElement\":[{\"@type\":\"ListItem\",\"position\":1,\"name\":\"Portada\",\"item\":\"https:\/\/www.entrepobles.org\/repositoriweb\/\"},{\"@type\":\"ListItem\",\"position\":2,\"name\":\"COOPERACI\u00d3 SOLID\u00c0RIA\"}]},{\"@type\":\"WebSite\",\"@id\":\"https:\/\/www.entrepueblos.org\/repositoriweb\/#website\",\"url\":\"https:\/\/www.entrepueblos.org\/repositoriweb\/\",\"name\":\"Entrepueblos\",\"description\":\"Cooperaci\u00f3n pueblo a pueblo\",\"potentialAction\":[{\"@type\":\"SearchAction\",\"target\":{\"@type\":\"EntryPoint\",\"urlTemplate\":\"https:\/\/www.entrepueblos.org\/repositoriweb\/?s={search_term_string}\"},\"query-input\":{\"@type\":\"PropertyValueSpecification\",\"valueRequired\":true,\"valueName\":\"search_term_string\"}}],\"inLanguage\":\"ca\"}]}<\/script>\n<!-- \/ Yoast SEO plugin. -->","yoast_head_json":{"title":"COOPERACI\u00d3 SOLID\u00c0RIA - Entrepueblos","robots":{"index":"index","follow":"follow","max-snippet":"max-snippet:-1","max-image-preview":"max-image-preview:large","max-video-preview":"max-video-preview:-1"},"canonical":"https:\/\/www.entrepobles.org\/repositoriweb\/cooperacio-solidaria\/","og_locale":"ca_ES","og_type":"article","og_title":"COOPERACI\u00d3 SOLID\u00c0RIA - Entrepueblos","og_url":"https:\/\/www.entrepobles.org\/repositoriweb\/cooperacio-solidaria\/","og_site_name":"Entrepueblos","article_modified_time":"2024-07-17T11:12:37+00:00","twitter_card":"summary_large_image","twitter_misc":{"Temps estimat de lectura":"4 minuts"},"schema":{"@context":"https:\/\/schema.org","@graph":[{"@type":"WebPage","@id":"https:\/\/www.entrepobles.org\/repositoriweb\/cooperacio-solidaria\/","url":"https:\/\/www.entrepobles.org\/repositoriweb\/cooperacio-solidaria\/","name":"COOPERACI\u00d3 SOLID\u00c0RIA - Entrepueblos","isPartOf":{"@id":"https:\/\/www.entrepueblos.org\/repositoriweb\/#website"},"datePublished":"2018-05-02T18:26:56+00:00","dateModified":"2024-07-17T11:12:37+00:00","breadcrumb":{"@id":"https:\/\/www.entrepobles.org\/repositoriweb\/cooperacio-solidaria\/#breadcrumb"},"inLanguage":"ca","potentialAction":[{"@type":"ReadAction","target":["https:\/\/www.entrepobles.org\/repositoriweb\/cooperacio-solidaria\/"]}]},{"@type":"BreadcrumbList","@id":"https:\/\/www.entrepobles.org\/repositoriweb\/cooperacio-solidaria\/#breadcrumb","itemListElement":[{"@type":"ListItem","position":1,"name":"Portada","item":"https:\/\/www.entrepobles.org\/repositoriweb\/"},{"@type":"ListItem","position":2,"name":"COOPERACI\u00d3 SOLID\u00c0RIA"}]},{"@type":"WebSite","@id":"https:\/\/www.entrepueblos.org\/repositoriweb\/#website","url":"https:\/\/www.entrepueblos.org\/repositoriweb\/","name":"Entrepueblos","description":"Cooperaci\u00f3n pueblo a pueblo","potentialAction":[{"@type":"SearchAction","target":{"@type":"EntryPoint","urlTemplate":"https:\/\/www.entrepueblos.org\/repositoriweb\/?s={search_term_string}"},"query-input":{"@type":"PropertyValueSpecification","valueRequired":true,"valueName":"search_term_string"}}],"inLanguage":"ca"}]}},"ticketed":false,"_links":{"self":[{"href":"https:\/\/www.entrepobles.org\/repositoriweb\/wp-json\/wp\/v2\/pages\/5343","targetHints":{"allow":["GET"]}}],"collection":[{"href":"https:\/\/www.entrepobles.org\/repositoriweb\/wp-json\/wp\/v2\/pages"}],"about":[{"href":"https:\/\/www.entrepobles.org\/repositoriweb\/wp-json\/wp\/v2\/types\/page"}],"author":[{"embeddable":true,"href":"https:\/\/www.entrepobles.org\/repositoriweb\/wp-json\/wp\/v2\/users\/9"}],"replies":[{"embeddable":true,"href":"https:\/\/www.entrepobles.org\/repositoriweb\/wp-json\/wp\/v2\/comments?post=5343"}],"version-history":[{"count":6,"href":"https:\/\/www.entrepobles.org\/repositoriweb\/wp-json\/wp\/v2\/pages\/5343\/revisions"}],"predecessor-version":[{"id":39741,"href":"https:\/\/www.entrepobles.org\/repositoriweb\/wp-json\/wp\/v2\/pages\/5343\/revisions\/39741"}],"wp:attachment":[{"href":"https:\/\/www.entrepobles.org\/repositoriweb\/wp-json\/wp\/v2\/media?parent=5343"}],"curies":[{"name":"wp","href":"https:\/\/api.w.org\/{rel}","templated":true}]}}