{"id":5373,"date":"2018-05-08T16:24:56","date_gmt":"2018-05-08T16:24:56","guid":{"rendered":"https:\/\/entrepueblos.org\/educacion-emancipatoria\/"},"modified":"2018-07-16T08:33:02","modified_gmt":"2018-07-16T08:33:02","slug":"educacio-emancipadora","status":"publish","type":"page","link":"https:\/\/www.entrepobles.org\/repositoriweb\/educacio-emancipadora\/","title":{"rendered":"EDUCACI\u00d3 EMANCIPADORA"},"content":{"rendered":"<div id='av_section_1'  class='avia-section main_color avia-section-default avia-no-border-styling  avia-full-stretch av-parallax-section av-section-color-overlay-active avia-bg-style-parallax  avia-builder-el-0  el_before_av_section  avia-builder-el-first  header-section  av-small-hide av-mini-hide av-minimum-height av-minimum-height-50  container_wrap sidebar_right' style=' '  data-section-bg-repeat='stretch' data-av_minimum_height_pc='50'><div class='av-parallax' data-avia-parallax-ratio='0.3' ><div class='av-parallax-inner main_color  avia-full-stretch' style = 'background-repeat: no-repeat; background-image: url(https:\/\/www.entrepobles.org\/repositoriweb\/wp-content\/uploads\/2018\/05\/proyectos.jpg);background-attachment: scroll; background-position: center center; ' ><\/div><\/div><div class='av-section-color-overlay-wrap'><div class='av-section-color-overlay' style='opacity: 0.7; background-color: #3f3f3f; '><\/div><div class='container' ><main  role=\"main\" itemprop=\"mainContentOfPage\"  class='template-page content  av-content-small alpha units'><div class='post-entry post-entry-type-page post-entry-5373'><div class='entry-content-wrapper clearfix'>\n<div class=\"flex_column av_one_full  flex_column_div av-zero-column-padding first  avia-builder-el-1  avia-builder-el-no-sibling  title-ot \" style='border-radius:0px; '><section class=\"av_textblock_section \"  itemscope=\"itemscope\" itemtype=\"https:\/\/schema.org\/CreativeWork\" ><div class='avia_textblock ot-title av_inherit_color '  style='color:#ffffff; '  itemprop=\"text\" ><h2 style=\"text-align: center;\">Pretenem una educaci\u00f3 popular emancipadora com a proc\u00e9s d&#8217;empoderament social.<\/h2>\n<\/div><\/section><\/div><\/div><\/div><\/main><!-- close content main element --><\/div><\/div><\/div><div id='av_section_2'  class='avia-section main_color avia-section-default avia-no-border-styling  avia-full-stretch av-parallax-section av-section-color-overlay-active avia-bg-style-parallax  avia-builder-el-3  el_after_av_section  el_before_av_codeblock  header-section-mobile  av-desktop-hide av-medium-hide av-minimum-height av-minimum-height-75  container_wrap sidebar_right' style=' '  data-section-bg-repeat='stretch' data-av_minimum_height_pc='75'><div class='av-parallax' data-avia-parallax-ratio='0.3' ><div class='av-parallax-inner main_color  avia-full-stretch' style = 'background-repeat: no-repeat; background-image: url(https:\/\/www.entrepobles.org\/repositoriweb\/wp-content\/uploads\/2018\/05\/proyectos.jpg);background-attachment: scroll; background-position: center center; ' ><\/div><\/div><div class='av-section-color-overlay-wrap'><div class='av-section-color-overlay' style='opacity: 0.7; background-color: #3f3f3f; '><\/div><div class='container' ><div class='template-page content  av-content-small alpha units'><div class='post-entry post-entry-type-page post-entry-5373'><div class='entry-content-wrapper clearfix'>\n<div class=\"flex_column av_one_full  flex_column_div av-zero-column-padding first  avia-builder-el-4  avia-builder-el-no-sibling  title-ot-mobile \" style='border-radius:0px; '><section class=\"av_textblock_section \"  itemscope=\"itemscope\" itemtype=\"https:\/\/schema.org\/CreativeWork\" ><div class='avia_textblock text-title-mobile av_inherit_color '  style='color:#ffffff; '  itemprop=\"text\" ><h2 style=\"text-align: center;\">Pretenem una educaci\u00f3 popular emancipadora com a proc\u00e9s d&#8217;empoderament social.<\/h2>\n<\/div><\/section><\/div><\/div><\/div><\/div><!-- close content main div --><\/div><\/div><\/div><div id='after_section_2'  class='main_color av_default_container_wrap container_wrap sidebar_right' style=' '  ><div class='container' ><div class='template-page content  av-content-small alpha units'><div class='post-entry post-entry-type-page post-entry-5373'><div class='entry-content-wrapper clearfix'><\/p>\n<div class=\"flex_column av_one_full  flex_column_div av-zero-column-padding first  avia-builder-el-7  el_after_av_codeblock  avia-builder-el-last  \" style='border-radius:0px; '><section class=\"av_textblock_section \"  itemscope=\"itemscope\" itemtype=\"https:\/\/schema.org\/CreativeWork\" ><div class='avia_textblock filtros-mobile-block '   itemprop=\"text\" ><div class=\"temas-filtro mobile\">\n<h3 class=\"widgettitle title-filtro\">FILTRAR PER TEMES<\/h3>\n<div class='category_filter'><ul>\t<li class=\"cat-item cat-item-58\"><a href=\"https:\/\/www.entrepobles.org\/repositoriweb\/category\/temas-ca\/defensa-del-territori\/\">Defensa del territori<\/a>\n<\/li>\n\t<li class=\"cat-item cat-item-59\"><a href=\"https:\/\/www.entrepobles.org\/repositoriweb\/category\/temas-ca\/ecologisme-social\/\">Ecologisme social<\/a>\n<\/li>\n\t<li class=\"cat-item cat-item-60\"><a href=\"https:\/\/www.entrepobles.org\/repositoriweb\/category\/temas-ca\/economia-social-y-solidaria-ca\/\">Economia social y solid\u00e0ria<\/a>\n<\/li>\n\t<li class=\"cat-item cat-item-61\"><a href=\"https:\/\/www.entrepobles.org\/repositoriweb\/category\/temas-ca\/educacio-emancipatoria\/\">Educaci\u00f3 emancipat\u00f2ria<\/a>\n<\/li>\n\t<li class=\"cat-item cat-item-66\"><a href=\"https:\/\/www.entrepobles.org\/repositoriweb\/category\/temas-ca\/feminismes\/\">Feminismes<\/a>\n<\/li>\n\t<li class=\"cat-item cat-item-67\"><a href=\"https:\/\/www.entrepobles.org\/repositoriweb\/category\/temas-ca\/memoria-historica-ca\/\">Mem\u00f2ria hist\u00f2rica<\/a>\n<\/li>\n\t<li class=\"cat-item cat-item-68\"><a href=\"https:\/\/www.entrepobles.org\/repositoriweb\/category\/temas-ca\/migracions-i-refugi\/\">Migracions i refugi<\/a>\n<\/li>\n\t<li class=\"cat-item cat-item-69\"><a href=\"https:\/\/www.entrepobles.org\/repositoriweb\/category\/temas-ca\/multinacionals-i-tractats\/\">Multinacionals i tractats<\/a>\n<\/li>\n\t<li class=\"cat-item cat-item-72\"><a href=\"https:\/\/www.entrepobles.org\/repositoriweb\/category\/temas-ca\/pobles-indigenes\/\">Pobles ind\u00edgenes<\/a>\n<\/li>\n\t<li class=\"cat-item cat-item-71\"><a href=\"https:\/\/www.entrepobles.org\/repositoriweb\/category\/temas-ca\/proteccio-a-defensores-dd-hh\/\">Protecci\u00f3 a defensores DD.HH.<\/a>\n<\/li>\n\t<li class=\"cat-item cat-item-73\"><a href=\"https:\/\/www.entrepobles.org\/repositoriweb\/category\/temas-ca\/sobirania-alimentaria\/\">Sobirania aliment\u00e0ria<\/a>\n<\/li>\n\t<li class=\"cat-item cat-item-70\"><a href=\"https:\/\/www.entrepobles.org\/repositoriweb\/category\/temas-ca\/zaltres\/\">Altres<\/a>\n<\/li>\n<\/ul><\/div><\/div>\n<div class=\"formato-filtro mobile\">\n<h3 class=\"widgettitle title-filtro\">FILTRAR PER FORMAT<\/h3>\n<div class='category_filter'><ul>\t<li class=\"cat-item cat-item-75\"><a href=\"https:\/\/www.entrepobles.org\/repositoriweb\/category\/formats\/blogs-ca\/\">Blogs<\/a>\n<\/li>\n\t<li class=\"cat-item cat-item-77\"><a href=\"https:\/\/www.entrepobles.org\/repositoriweb\/category\/formats\/documentals\/\">Documentals<\/a>\n<\/li>\n\t<li class=\"cat-item cat-item-78\"><a href=\"https:\/\/www.entrepobles.org\/repositoriweb\/category\/formats\/exposicions\/\">Exposicions<\/a>\n<\/li>\n\t<li class=\"cat-item cat-item-79\"><a href=\"https:\/\/www.entrepobles.org\/repositoriweb\/category\/formats\/guies-didactiques\/\">Guies did\u00e0ctiques<\/a>\n<\/li>\n\t<li class=\"cat-item cat-item-80\"><a href=\"https:\/\/www.entrepobles.org\/repositoriweb\/category\/formats\/llibres\/\">Llibres<\/a>\n<\/li>\n\t<li class=\"cat-item cat-item-83\"><a href=\"https:\/\/www.entrepobles.org\/repositoriweb\/category\/formats\/revistes-i-butlletins\/\">Revistes i butlletins<\/a>\n<\/li>\n\t<li class=\"cat-item cat-item-945\"><a href=\"https:\/\/www.entrepobles.org\/repositoriweb\/category\/formats\/videos-formats\/\">Videos<\/a>\n<\/li>\n\t<li class=\"cat-item cat-item-82\"><a href=\"https:\/\/www.entrepobles.org\/repositoriweb\/category\/formats\/zaltres-ca\/\">Altres<\/a>\n<ul class='children'>\n\t<li class=\"cat-item cat-item-944\"><a href=\"https:\/\/www.entrepobles.org\/repositoriweb\/category\/formats\/zaltres-ca\/videos-zaltres-ca\/\">Videos<\/a>\n<\/li>\n<\/ul>\n<\/li>\n<\/ul><\/div><\/div>\n<div class='filter_clean'><a>Limpiar filtros<\/a><\/div>\n<\/div><\/section><br \/>\n<div  class='av-alb-blogposts template-blog  av-blog-meta-author-disabled av-blog-meta-comments-disabled section_load_ajax '  itemscope=\"itemscope\" itemtype=\"https:\/\/schema.org\/Blog\" ><article class='post-entry post-entry-type-standard post-entry-43358 post-loop-1 post-parity-odd single-small post proyecto proyecto-educativo section_load_ajax with-slider post-43358 pr_educativos type-pr_educativos status-publish has-post-thumbnail hentry category-defensa-del-territori category-proteccio-a-defensores-dd-hh'  itemscope=\"itemscope\" itemtype=\"https:\/\/schema.org\/CreativeWork\" ><div class='blog-meta'><a href='https:\/\/www.entrepobles.org\/repositoriweb\/pr_educativos\/cuidant-el-planeta-justicia-ambiental-transicio-ecosocial\/' class='small-preview' title='Cuidant el planeta: Joventut i ciutadania valenciana mobilitzades per la just\u00edcia ambiental i la transici\u00f3 ecosocial'><img loading=\"lazy\" decoding=\"async\" width=\"180\" height=\"180\" src=\"https:\/\/www.entrepobles.org\/repositoriweb\/wp-content\/uploads\/2025\/07\/POST-XARXES-CUIDANT-EL-PLANETA-1-180x180.png\" class=\"wp-image-43371 avia-img-lazy-loading-43371 attachment-square size-square wp-post-image\" alt=\"\" srcset=\"https:\/\/www.entrepobles.org\/repositoriweb\/wp-content\/uploads\/2025\/07\/POST-XARXES-CUIDANT-EL-PLANETA-1-180x180.png 180w, https:\/\/www.entrepobles.org\/repositoriweb\/wp-content\/uploads\/2025\/07\/POST-XARXES-CUIDANT-EL-PLANETA-1-300x300.png 300w, https:\/\/www.entrepobles.org\/repositoriweb\/wp-content\/uploads\/2025\/07\/POST-XARXES-CUIDANT-EL-PLANETA-1-1030x1030.png 1030w, https:\/\/www.entrepobles.org\/repositoriweb\/wp-content\/uploads\/2025\/07\/POST-XARXES-CUIDANT-EL-PLANETA-1-80x80.png 80w, https:\/\/www.entrepobles.org\/repositoriweb\/wp-content\/uploads\/2025\/07\/POST-XARXES-CUIDANT-EL-PLANETA-1-768x768.png 768w, https:\/\/www.entrepobles.org\/repositoriweb\/wp-content\/uploads\/2025\/07\/POST-XARXES-CUIDANT-EL-PLANETA-1-36x36.png 36w, https:\/\/www.entrepobles.org\/repositoriweb\/wp-content\/uploads\/2025\/07\/POST-XARXES-CUIDANT-EL-PLANETA-1-705x705.png 705w, https:\/\/www.entrepobles.org\/repositoriweb\/wp-content\/uploads\/2025\/07\/POST-XARXES-CUIDANT-EL-PLANETA-1.png 1080w\" sizes=\"auto, (max-width: 180px) 100vw, 180px\" \/><span class=\"iconfont\" aria-hidden='true' data-av_icon='\ue836' data-av_iconfont='entypo-fontello'><\/span><\/a><\/div><div class='entry-content-wrapper clearfix standard-content'><header class=\"entry-content-header\"><div class='estado'>En execuci\u00f3<\/div><div class=\"temas\"><div class=\"Defensadelterritori term-58\">Defensa del territori<\/div><div class=\"ProtecciadefensoresDDHH term-71\">Protecci\u00f3 a defensores DD.HH.<\/div><div class=\"clearfix\"><\/div><\/div><div class=\"clearfix\"><\/div><\/span><h2 class='post-title entry-title '  itemprop=\"headline\" >\t<a href='https:\/\/www.entrepobles.org\/repositoriweb\/pr_educativos\/cuidant-el-planeta-justicia-ambiental-transicio-ecosocial\/' rel='bookmark' title='Permanent Link: Cuidant el planeta: Joventut i ciutadania valenciana mobilitzades per la just\u00edcia ambiental i la transici\u00f3 ecosocial'>Cuidant el planeta: Joventut i ciutadania valenciana mobilitzades per la just\u00edcia ambiental i la transici\u00f3 ecosocial\t\t\t<span class='post-format-icon minor-meta'><\/span>\t<\/a><\/h2><\/header><div class=\"entry-content\"  itemprop=\"text\" ><p>L&#8217;emerg\u00e8ncia clim\u00e0tica suposa el major desafiament global al qual s&#8217;enfronta el conjunt de la humanitat i aquesta t\u00e9 conseq\u00fc\u00e8ncies potencialment\u2026<\/p>\n<div class=\"read-more-link\"><a href=\"https:\/\/www.entrepobles.org\/repositoriweb\/pr_educativos\/cuidant-el-planeta-justicia-ambiental-transicio-ecosocial\/\" class=\"more-link\">Llegir m\u00e9s<span class=\"more-link-arrow\">  &rarr;<\/span><\/a><\/div>\n<\/div><footer class=\"entry-footer\"><\/footer><div class='post_delimiter'><\/div><\/div><div class='post_author_timeline'><\/div><\/article><article class='post-entry post-entry-type-standard post-entry-43353 post-loop-2 post-parity-even single-small post proyecto proyecto-educativo section_load_ajax  post-43353 pr_educativos type-pr_educativos status-publish hentry category-projectes category-proteccio-a-defensores-dd-hh'  itemscope=\"itemscope\" itemtype=\"https:\/\/schema.org\/CreativeWork\" ><div class='blog-meta'><a href='https:\/\/www.entrepobles.org\/repositoriweb\/pr_educativos\/enredant-resistencies-defensa-bens-comuns\/' class='small-preview' title='Enredant resist\u00e8ncies per la defensa dels b\u00e9ns comuns que posen la vida en el centre.'><span class=\"iconfont\" aria-hidden='true' data-av_icon='\ue836' data-av_iconfont='entypo-fontello'><\/span><\/a><\/div><div class='entry-content-wrapper clearfix standard-content'><header class=\"entry-content-header\"><div class='estado'>En execuci\u00f3<\/div><div class=\"temas\"><div class=\"ProtecciadefensoresDDHH term-71\">Protecci\u00f3 a defensores DD.HH.<\/div><div class=\"clearfix\"><\/div><\/div><div class=\"clearfix\"><\/div><\/span><h2 class='post-title entry-title '  itemprop=\"headline\" >\t<a href='https:\/\/www.entrepobles.org\/repositoriweb\/pr_educativos\/enredant-resistencies-defensa-bens-comuns\/' rel='bookmark' title='Permanent Link: Enredant resist\u00e8ncies per la defensa dels b\u00e9ns comuns que posen la vida en el centre.'>Enredant resist\u00e8ncies per la defensa dels b\u00e9ns comuns que posen la vida en el centre.\t\t\t<span class='post-format-icon minor-meta'><\/span>\t<\/a><\/h2><\/header><div class=\"entry-content\"  itemprop=\"text\" ><p>L&#8217;augment en la viol\u00e8ncia, els atacs i la criminalitzaci\u00f3 cap a les persones defensores est\u00e0 afavorint el retroc\u00e9s en el compliment efectiu dels\u2026<\/p>\n<div class=\"read-more-link\"><a href=\"https:\/\/www.entrepobles.org\/repositoriweb\/pr_educativos\/enredant-resistencies-defensa-bens-comuns\/\" class=\"more-link\">Llegir m\u00e9s<span class=\"more-link-arrow\">  &rarr;<\/span><\/a><\/div>\n<\/div><footer class=\"entry-footer\"><\/footer><div class='post_delimiter'><\/div><\/div><div class='post_author_timeline'><\/div><\/article><article class='post-entry post-entry-type-standard post-entry-43347 post-loop-3 post-parity-odd single-small post proyecto proyecto-educativo section_load_ajax  post-43347 pr_educativos type-pr_educativos status-publish hentry category-defensa-del-territori category-proteccio-a-defensores-dd-hh'  itemscope=\"itemscope\" itemtype=\"https:\/\/schema.org\/CreativeWork\" ><div class='blog-meta'><a href='https:\/\/www.entrepobles.org\/repositoriweb\/pr_educativos\/tejiendo-redes-defensa-ddhh-tierra\/' class='small-preview' title='Tejiendo redes desde Elche para la defensa de los DDHH y de la tierra'><span class=\"iconfont\" aria-hidden='true' data-av_icon='\ue836' data-av_iconfont='entypo-fontello'><\/span><\/a><\/div><div class='entry-content-wrapper clearfix standard-content'><header class=\"entry-content-header\"><div class='estado'>En execuci\u00f3<\/div><div class=\"temas\"><div class=\"Defensadelterritori term-58\">Defensa del territori<\/div><div class=\"ProtecciadefensoresDDHH term-71\">Protecci\u00f3 a defensores DD.HH.<\/div><div class=\"clearfix\"><\/div><\/div><div class=\"clearfix\"><\/div><\/span><h2 class='post-title entry-title '  itemprop=\"headline\" >\t<a href='https:\/\/www.entrepobles.org\/repositoriweb\/pr_educativos\/tejiendo-redes-defensa-ddhh-tierra\/' rel='bookmark' title='Permanent Link: Tejiendo redes desde Elche para la defensa de los DDHH y de la tierra'>Tejiendo redes desde Elche para la defensa de los DDHH y de la tierra\t\t\t<span class='post-format-icon minor-meta'><\/span>\t<\/a><\/h2><\/header><div class=\"entry-content\"  itemprop=\"text\" ><p>Este proyecto quiere visibilizar la labor de las defensoras de los DDHH y sus luchas, los modelos de desarrollo que defienden, a la vez que visibilizar\u2026<\/p>\n<div class=\"read-more-link\"><a href=\"https:\/\/www.entrepobles.org\/repositoriweb\/pr_educativos\/tejiendo-redes-defensa-ddhh-tierra\/\" class=\"more-link\">Llegir m\u00e9s<span class=\"more-link-arrow\">  &rarr;<\/span><\/a><\/div>\n<\/div><footer class=\"entry-footer\"><\/footer><div class='post_delimiter'><\/div><\/div><div class='post_author_timeline'><\/div><\/article><article class='post-entry post-entry-type-standard post-entry-24237 post-loop-4 post-parity-even single-small post proyecto proyecto-educativo section_load_ajax with-slider post-24237 pr_educativos type-pr_educativos status-publish has-post-thumbnail hentry category-ecologisme-social category-feminismes category-projectes category-proteccio-a-defensores-dd-hh category-temas-ca category-territoris'  itemscope=\"itemscope\" itemtype=\"https:\/\/schema.org\/CreativeWork\" ><div class='blog-meta'><a href='https:\/\/www.entrepobles.org\/repositoriweb\/pr_educativos\/emergencia-climatica-i-ecologic\/' class='small-preview' title='Protegir el dret a defensar un futur en un m\u00f3n en emerg\u00e8ncia clim\u00e0tica i ecol\u00f2gic'><img loading=\"lazy\" decoding=\"async\" width=\"180\" height=\"180\" src=\"https:\/\/www.entrepobles.org\/repositoriweb\/wp-content\/uploads\/2021\/01\/teixint-resistencias-180x180.jpeg\" class=\"wp-image-24232 avia-img-lazy-loading-24232 attachment-square size-square wp-post-image\" alt=\"\" srcset=\"https:\/\/www.entrepobles.org\/repositoriweb\/wp-content\/uploads\/2021\/01\/teixint-resistencias-180x180.jpeg 180w, https:\/\/www.entrepobles.org\/repositoriweb\/wp-content\/uploads\/2021\/01\/teixint-resistencias-80x80.jpeg 80w, https:\/\/www.entrepobles.org\/repositoriweb\/wp-content\/uploads\/2021\/01\/teixint-resistencias-36x36.jpeg 36w, https:\/\/www.entrepobles.org\/repositoriweb\/wp-content\/uploads\/2021\/01\/teixint-resistencias-300x300.jpeg 300w\" sizes=\"auto, (max-width: 180px) 100vw, 180px\" \/><span class=\"iconfont\" aria-hidden='true' data-av_icon='\ue836' data-av_iconfont='entypo-fontello'><\/span><\/a><\/div><div class='entry-content-wrapper clearfix standard-content'><header class=\"entry-content-header\"><div class='estado'>En execuci\u00f3<\/div><div class=\"temas\"><div class=\"Ecologismesocial term-59\">Ecologisme social<\/div><div class=\"Feminismes term-66\">Feminismes<\/div><div class=\"ProtecciadefensoresDDHH term-71\">Protecci\u00f3 a defensores DD.HH.<\/div><div class=\"clearfix\"><\/div><\/div><div class=\"clearfix\"><\/div><\/span><h2 class='post-title entry-title '  itemprop=\"headline\" >\t<a href='https:\/\/www.entrepobles.org\/repositoriweb\/pr_educativos\/emergencia-climatica-i-ecologic\/' rel='bookmark' title='Permanent Link: Protegir el dret a defensar un futur en un m\u00f3n en emerg\u00e8ncia clim\u00e0tica i ecol\u00f2gic'>Protegir el dret a defensar un futur en un m\u00f3n en emerg\u00e8ncia clim\u00e0tica i ecol\u00f2gic\t\t\t<span class='post-format-icon minor-meta'><\/span>\t<\/a><\/h2><\/header><div class=\"entry-content\"  itemprop=\"text\" ><p>El programa que presentem Entrepobles i IDHC \u00e9s continu\u00eftat de l\u2019aprovat en convocat\u00f2ria 2017 actualment en curs. En la descripci\u00f3 del programa anterior\u2026<\/p>\n<div class=\"read-more-link\"><a href=\"https:\/\/www.entrepobles.org\/repositoriweb\/pr_educativos\/emergencia-climatica-i-ecologic\/\" class=\"more-link\">Llegir m\u00e9s<span class=\"more-link-arrow\">  &rarr;<\/span><\/a><\/div>\n<\/div><footer class=\"entry-footer\"><\/footer><div class='post_delimiter'><\/div><\/div><div class='post_author_timeline'><\/div><\/article><article class='post-entry post-entry-type-standard post-entry-24150 post-loop-5 post-parity-odd single-small post proyecto proyecto-educativo section_load_ajax with-slider post-24150 pr_educativos type-pr_educativos status-publish has-post-thumbnail hentry category-blogs-ca category-projectes'  itemscope=\"itemscope\" itemtype=\"https:\/\/schema.org\/CreativeWork\" ><div class='blog-meta'><a href='https:\/\/www.entrepobles.org\/repositoriweb\/pr_educativos\/cultopias-iniciativas-culturales-para-transformar-el-mundo\/' class='small-preview' title='Cultop\u00edas: Iniciativas culturales para transformar el mundo'><img loading=\"lazy\" decoding=\"async\" width=\"180\" height=\"180\" src=\"https:\/\/www.entrepobles.org\/repositoriweb\/wp-content\/uploads\/2021\/01\/Cultopias_Gral_2-180x180.jpg\" class=\"wp-image-24145 avia-img-lazy-loading-24145 attachment-square size-square wp-post-image\" alt=\"\" srcset=\"https:\/\/www.entrepobles.org\/repositoriweb\/wp-content\/uploads\/2021\/01\/Cultopias_Gral_2-180x180.jpg 180w, https:\/\/www.entrepobles.org\/repositoriweb\/wp-content\/uploads\/2021\/01\/Cultopias_Gral_2-80x80.jpg 80w, https:\/\/www.entrepobles.org\/repositoriweb\/wp-content\/uploads\/2021\/01\/Cultopias_Gral_2-36x36.jpg 36w, https:\/\/www.entrepobles.org\/repositoriweb\/wp-content\/uploads\/2021\/01\/Cultopias_Gral_2-300x300.jpg 300w\" sizes=\"auto, (max-width: 180px) 100vw, 180px\" \/><span class=\"iconfont\" aria-hidden='true' data-av_icon='\ue836' data-av_iconfont='entypo-fontello'><\/span><\/a><\/div><div class='entry-content-wrapper clearfix standard-content'><header class=\"entry-content-header\"><div class='estado'>En execuci\u00f3<\/div><div class=\"formato\"><div class=\"Blogs\">Blogs<\/div><div class=\"clearfix\"><\/div><\/div><div class=\"clearfix\"><\/div><\/span><h2 class='post-title entry-title '  itemprop=\"headline\" >\t<a href='https:\/\/www.entrepobles.org\/repositoriweb\/pr_educativos\/cultopias-iniciativas-culturales-para-transformar-el-mundo\/' rel='bookmark' title='Permanent Link: Cultop\u00edas: Iniciativas culturales para transformar el mundo'>Cultop\u00edas: Iniciativas culturales para transformar el mundo\t\t\t<span class='post-format-icon minor-meta'><\/span>\t<\/a><\/h2><\/header><div class=\"entry-content\"  itemprop=\"text\" ><p>Con el presente proyecto se pretende crear un &#8220;contenedor cultural&#8221; web con las creaciones de colectivos que ponen sus diferentes artes en\u2026<\/p>\n<div class=\"read-more-link\"><a href=\"https:\/\/www.entrepobles.org\/repositoriweb\/pr_educativos\/cultopias-iniciativas-culturales-para-transformar-el-mundo\/\" class=\"more-link\">Llegir m\u00e9s<span class=\"more-link-arrow\">  &rarr;<\/span><\/a><\/div>\n<\/div><footer class=\"entry-footer\"><\/footer><div class='post_delimiter'><\/div><\/div><div class='post_author_timeline'><\/div><\/article><article class='post-entry post-entry-type-standard post-entry-5799 post-loop-6 post-parity-even single-small post proyecto proyecto-educativo section_load_ajax proyecto-terminado with-slider post-5799 pr_educativos type-pr_educativos status-publish has-post-thumbnail hentry category-feminismes category-projectes'  itemscope=\"itemscope\" itemtype=\"https:\/\/schema.org\/CreativeWork\" ><div class='blog-meta'><a href='https:\/\/www.entrepobles.org\/repositoriweb\/pr_educativos\/ciutats-i-pobles-vivibles-per-a-totes-i-tots-catalunya-des-de-la-diversitat-que-lhabita\/' class='small-preview' title='Ciutats i pobles vivibles per a totes i tots: Catalunya des de la diversitat que l&#8217;habita'><img loading=\"lazy\" decoding=\"async\" width=\"180\" height=\"180\" src=\"https:\/\/www.entrepobles.org\/repositoriweb\/wp-content\/uploads\/2018\/08\/5.-Catalunya-_Ciutats-i-pobles-vivibles-per-180x180.jpg\" class=\"wp-image-9442 avia-img-lazy-loading-9442 attachment-square size-square wp-post-image\" alt=\"\" srcset=\"https:\/\/www.entrepobles.org\/repositoriweb\/wp-content\/uploads\/2018\/08\/5.-Catalunya-_Ciutats-i-pobles-vivibles-per-180x180.jpg 180w, https:\/\/www.entrepobles.org\/repositoriweb\/wp-content\/uploads\/2018\/08\/5.-Catalunya-_Ciutats-i-pobles-vivibles-per-80x80.jpg 80w, https:\/\/www.entrepobles.org\/repositoriweb\/wp-content\/uploads\/2018\/08\/5.-Catalunya-_Ciutats-i-pobles-vivibles-per-36x36.jpg 36w, https:\/\/www.entrepobles.org\/repositoriweb\/wp-content\/uploads\/2018\/08\/5.-Catalunya-_Ciutats-i-pobles-vivibles-per-120x120.jpg 120w, https:\/\/www.entrepobles.org\/repositoriweb\/wp-content\/uploads\/2018\/08\/5.-Catalunya-_Ciutats-i-pobles-vivibles-per-300x300.jpg 300w, https:\/\/www.entrepobles.org\/repositoriweb\/wp-content\/uploads\/2018\/08\/5.-Catalunya-_Ciutats-i-pobles-vivibles-per-450x450.jpg 450w\" sizes=\"auto, (max-width: 180px) 100vw, 180px\" \/><span class=\"iconfont\" aria-hidden='true' data-av_icon='\ue836' data-av_iconfont='entypo-fontello'><\/span><\/a><\/div><div class='entry-content-wrapper clearfix standard-content'><header class=\"entry-content-header\"><div class='estado'>Acabat<\/div><div class=\"temas\"><div class=\"Feminismes term-66\">Feminismes<\/div><div class=\"clearfix\"><\/div><\/div><div class=\"clearfix\"><\/div><\/span><h2 class='post-title entry-title '  itemprop=\"headline\" >\t<a href='https:\/\/www.entrepobles.org\/repositoriweb\/pr_educativos\/ciutats-i-pobles-vivibles-per-a-totes-i-tots-catalunya-des-de-la-diversitat-que-lhabita\/' rel='bookmark' title='Permanent Link: Ciutats i pobles vivibles per a totes i tots: Catalunya des de la diversitat que l&#8217;habita'>Ciutats i pobles vivibles per a totes i tots: Catalunya des de la diversitat que l&#8217;habita\t\t\t<span class='post-format-icon minor-meta'><\/span>\t<\/a><\/h2><\/header><div class=\"entry-content\"  itemprop=\"text\" ><p>Empoderar els col\u00b7lectius de dones catalanes i altres persones implicades, construint aliances per millorar la qualitat de la seva acci\u00f3 individual,\u2026<\/p>\n<div class=\"read-more-link\"><a href=\"https:\/\/www.entrepobles.org\/repositoriweb\/pr_educativos\/ciutats-i-pobles-vivibles-per-a-totes-i-tots-catalunya-des-de-la-diversitat-que-lhabita\/\" class=\"more-link\">Llegir m\u00e9s<span class=\"more-link-arrow\">  &rarr;<\/span><\/a><\/div>\n<\/div><footer class=\"entry-footer\"><\/footer><div class='post_delimiter'><\/div><\/div><div class='post_author_timeline'><\/div><\/article><article class='post-entry post-entry-type-standard post-entry-5779 post-loop-7 post-parity-odd single-small post proyecto proyecto-educativo section_load_ajax proyecto-terminado with-slider post-5779 pr_educativos type-pr_educativos status-publish has-post-thumbnail hentry category-ecologisme-social category-feminismes category-sobirania-alimentaria category-temas-ca'  itemscope=\"itemscope\" itemtype=\"https:\/\/schema.org\/CreativeWork\" ><div class='blog-meta'><a href='https:\/\/www.entrepobles.org\/repositoriweb\/pr_educativos\/les-persones-i-el-planeta-primer-defensar-els-que-defensen\/' class='small-preview' title='Les persones i el planeta primer: defensar els que defensen.'><img loading=\"lazy\" decoding=\"async\" width=\"180\" height=\"180\" src=\"https:\/\/www.entrepobles.org\/repositoriweb\/wp-content\/uploads\/2018\/07\/Las-personas-y-el-planeta-180x180.jpg\" class=\"wp-image-9416 avia-img-lazy-loading-9416 attachment-square size-square wp-post-image\" alt=\"\" srcset=\"https:\/\/www.entrepobles.org\/repositoriweb\/wp-content\/uploads\/2018\/07\/Las-personas-y-el-planeta-180x180.jpg 180w, https:\/\/www.entrepobles.org\/repositoriweb\/wp-content\/uploads\/2018\/07\/Las-personas-y-el-planeta-80x80.jpg 80w, https:\/\/www.entrepobles.org\/repositoriweb\/wp-content\/uploads\/2018\/07\/Las-personas-y-el-planeta-36x36.jpg 36w, https:\/\/www.entrepobles.org\/repositoriweb\/wp-content\/uploads\/2018\/07\/Las-personas-y-el-planeta-120x120.jpg 120w, https:\/\/www.entrepobles.org\/repositoriweb\/wp-content\/uploads\/2018\/07\/Las-personas-y-el-planeta-450x450.jpg 450w, https:\/\/www.entrepobles.org\/repositoriweb\/wp-content\/uploads\/2018\/07\/Las-personas-y-el-planeta-300x300.jpg 300w\" sizes=\"auto, (max-width: 180px) 100vw, 180px\" \/><span class=\"iconfont\" aria-hidden='true' data-av_icon='\ue836' data-av_iconfont='entypo-fontello'><\/span><\/a><\/div><div class='entry-content-wrapper clearfix standard-content'><header class=\"entry-content-header\"><div class='estado'>Acabat<\/div><div class=\"temas\"><div class=\"Ecologismesocial term-59\">Ecologisme social<\/div><div class=\"Feminismes term-66\">Feminismes<\/div><div class=\"Sobiraniaalimentria term-73\">Sobirania aliment\u00e0ria<\/div><div class=\"clearfix\"><\/div><\/div><div class=\"clearfix\"><\/div><\/span><h2 class='post-title entry-title '  itemprop=\"headline\" >\t<a href='https:\/\/www.entrepobles.org\/repositoriweb\/pr_educativos\/les-persones-i-el-planeta-primer-defensar-els-que-defensen\/' rel='bookmark' title='Permanent Link: Les persones i el planeta primer: defensar els que defensen.'>Les persones i el planeta primer: defensar els que defensen.\t\t\t<span class='post-format-icon minor-meta'><\/span>\t<\/a><\/h2><\/header><div class=\"entry-content\"  itemprop=\"text\" ><p>Impulsar un debat ciutad\u00e0 entorn de la defensa del planeta, els l\u00edmits del creixement, generant recursos i espais de treball en xarxa, que tinguin com\u2026<\/p>\n<div class=\"read-more-link\"><a href=\"https:\/\/www.entrepobles.org\/repositoriweb\/pr_educativos\/les-persones-i-el-planeta-primer-defensar-els-que-defensen\/\" class=\"more-link\">Llegir m\u00e9s<span class=\"more-link-arrow\">  &rarr;<\/span><\/a><\/div>\n<\/div><footer class=\"entry-footer\"><\/footer><div class='post_delimiter'><\/div><\/div><div class='post_author_timeline'><\/div><\/article><article class='post-entry post-entry-type-standard post-entry-5769 post-loop-8 post-parity-even single-small post proyecto proyecto-educativo section_load_ajax proyecto-terminado with-slider post-5769 pr_educativos type-pr_educativos status-publish has-post-thumbnail hentry category-feminismes category-multinacionals-i-tractats category-proteccio-a-defensores-dd-hh category-temas-ca'  itemscope=\"itemscope\" itemtype=\"https:\/\/schema.org\/CreativeWork\" ><div class='blog-meta'><a href='https:\/\/www.entrepobles.org\/repositoriweb\/pr_educativos\/eixint-xarxes-de-complicitat-amb-america-llatina-per-la-cura-dels-drets-de-totes-i-tots\/' class='small-preview' title='Teixint xarxes de complicitat amb Am\u00e8rica Llatina per la cura dels drets de totes i tots.'><img loading=\"lazy\" decoding=\"async\" width=\"180\" height=\"180\" src=\"https:\/\/www.entrepobles.org\/repositoriweb\/wp-content\/uploads\/2018\/07\/Actua-y-participa-180x180.jpg\" class=\"wp-image-9413 avia-img-lazy-loading-9413 attachment-square size-square wp-post-image\" alt=\"\" srcset=\"https:\/\/www.entrepobles.org\/repositoriweb\/wp-content\/uploads\/2018\/07\/Actua-y-participa-180x180.jpg 180w, https:\/\/www.entrepobles.org\/repositoriweb\/wp-content\/uploads\/2018\/07\/Actua-y-participa-80x80.jpg 80w, https:\/\/www.entrepobles.org\/repositoriweb\/wp-content\/uploads\/2018\/07\/Actua-y-participa-36x36.jpg 36w, https:\/\/www.entrepobles.org\/repositoriweb\/wp-content\/uploads\/2018\/07\/Actua-y-participa-120x120.jpg 120w, https:\/\/www.entrepobles.org\/repositoriweb\/wp-content\/uploads\/2018\/07\/Actua-y-participa-450x450.jpg 450w, https:\/\/www.entrepobles.org\/repositoriweb\/wp-content\/uploads\/2018\/07\/Actua-y-participa-300x300.jpg 300w\" sizes=\"auto, (max-width: 180px) 100vw, 180px\" \/><span class=\"iconfont\" aria-hidden='true' data-av_icon='\ue836' data-av_iconfont='entypo-fontello'><\/span><\/a><\/div><div class='entry-content-wrapper clearfix standard-content'><header class=\"entry-content-header\"><div class='estado'>Acabat<\/div><div class=\"temas\"><div class=\"Feminismes term-66\">Feminismes<\/div><div class=\"Multinacionalsitractats term-69\">Multinacionals i tractats<\/div><div class=\"ProtecciadefensoresDDHH term-71\">Protecci\u00f3 a defensores DD.HH.<\/div><div class=\"clearfix\"><\/div><\/div><div class=\"clearfix\"><\/div><\/span><h2 class='post-title entry-title '  itemprop=\"headline\" >\t<a href='https:\/\/www.entrepobles.org\/repositoriweb\/pr_educativos\/eixint-xarxes-de-complicitat-amb-america-llatina-per-la-cura-dels-drets-de-totes-i-tots\/' rel='bookmark' title='Permanent Link: Teixint xarxes de complicitat amb Am\u00e8rica Llatina per la cura dels drets de totes i tots.'>Teixint xarxes de complicitat amb Am\u00e8rica Llatina per la cura dels drets de totes i tots.\t\t\t<span class='post-format-icon minor-meta'><\/span>\t<\/a><\/h2><\/header><div class=\"entry-content\"  itemprop=\"text\" ><p>Promoure la concertaci\u00f3 entre el conjunt d&#8217;actors p\u00fablics i privats de Barcelona implicats en l&#8217;Educaci\u00f3 per al Desenvolupament, l&#8217;Educaci\u00f3\u2026<\/p>\n<div class=\"read-more-link\"><a href=\"https:\/\/www.entrepobles.org\/repositoriweb\/pr_educativos\/eixint-xarxes-de-complicitat-amb-america-llatina-per-la-cura-dels-drets-de-totes-i-tots\/\" class=\"more-link\">Llegir m\u00e9s<span class=\"more-link-arrow\">  &rarr;<\/span><\/a><\/div>\n<\/div><footer class=\"entry-footer\"><\/footer><div class='post_delimiter'><\/div><\/div><div class='post_author_timeline'><\/div><\/article><article class='post-entry post-entry-type-standard post-entry-5741 post-loop-9 post-parity-odd single-small post proyecto proyecto-educativo section_load_ajax proyecto-terminado with-slider post-5741 pr_educativos type-pr_educativos status-publish has-post-thumbnail hentry category-migracions-i-refugi category-temas-ca'  itemscope=\"itemscope\" itemtype=\"https:\/\/schema.org\/CreativeWork\" ><div class='blog-meta'><a href='https:\/\/www.entrepobles.org\/repositoriweb\/pr_educativos\/cap-al-tribunal-permanent-dels-pobles-tpp-sobre-la-violacio-amb-impunitat-dels-drets-humans-de-les-persones-migrants-i-refugiades\/' class='small-preview' title='Cap al Tribunal Permanent dels Pobles (TPP) sobre la violaci\u00f3 amb impunitat dels drets humans de les persones migrants i refugiades'><img loading=\"lazy\" decoding=\"async\" width=\"180\" height=\"180\" src=\"https:\/\/www.entrepobles.org\/repositoriweb\/wp-content\/uploads\/2018\/08\/10.-Catalunya-Hacia-el-Tribunal-1-180x180.jpg\" class=\"wp-image-5999 avia-img-lazy-loading-5999 attachment-square size-square wp-post-image\" alt=\"\" srcset=\"https:\/\/www.entrepobles.org\/repositoriweb\/wp-content\/uploads\/2018\/08\/10.-Catalunya-Hacia-el-Tribunal-1-180x180.jpg 180w, https:\/\/www.entrepobles.org\/repositoriweb\/wp-content\/uploads\/2018\/08\/10.-Catalunya-Hacia-el-Tribunal-1-80x80.jpg 80w, https:\/\/www.entrepobles.org\/repositoriweb\/wp-content\/uploads\/2018\/08\/10.-Catalunya-Hacia-el-Tribunal-1-36x36.jpg 36w, https:\/\/www.entrepobles.org\/repositoriweb\/wp-content\/uploads\/2018\/08\/10.-Catalunya-Hacia-el-Tribunal-1-120x120.jpg 120w, https:\/\/www.entrepobles.org\/repositoriweb\/wp-content\/uploads\/2018\/08\/10.-Catalunya-Hacia-el-Tribunal-1-450x450.jpg 450w, https:\/\/www.entrepobles.org\/repositoriweb\/wp-content\/uploads\/2018\/08\/10.-Catalunya-Hacia-el-Tribunal-1-300x300.jpg 300w\" sizes=\"auto, (max-width: 180px) 100vw, 180px\" \/><span class=\"iconfont\" aria-hidden='true' data-av_icon='\ue836' data-av_iconfont='entypo-fontello'><\/span><\/a><\/div><div class='entry-content-wrapper clearfix standard-content'><header class=\"entry-content-header\"><div class='estado'>Acabat<\/div><div class=\"temas\"><div class=\"Migracionsirefugi term-68\">Migracions i refugi<\/div><div class=\"clearfix\"><\/div><\/div><div class=\"clearfix\"><\/div><\/span><h2 class='post-title entry-title '  itemprop=\"headline\" >\t<a href='https:\/\/www.entrepobles.org\/repositoriweb\/pr_educativos\/cap-al-tribunal-permanent-dels-pobles-tpp-sobre-la-violacio-amb-impunitat-dels-drets-humans-de-les-persones-migrants-i-refugiades\/' rel='bookmark' title='Permanent Link: Cap al Tribunal Permanent dels Pobles (TPP) sobre la violaci\u00f3 amb impunitat dels drets humans de les persones migrants i refugiades'>Cap al Tribunal Permanent dels Pobles (TPP) sobre la violaci\u00f3 amb impunitat dels drets humans de les persones migrants i refugiades\t\t\t<span class='post-format-icon minor-meta'><\/span>\t<\/a><\/h2><\/header><div class=\"entry-content\"  itemprop=\"text\" ><p>Celebrar una sessi\u00f3 espec\u00edfica del Tribunal Permanent dels Pobles (TPP) amb l&#8217;objectiu d&#8217;identificar i jutjar la cadena de corresponsabilitat\u2026<\/p>\n<div class=\"read-more-link\"><a href=\"https:\/\/www.entrepobles.org\/repositoriweb\/pr_educativos\/cap-al-tribunal-permanent-dels-pobles-tpp-sobre-la-violacio-amb-impunitat-dels-drets-humans-de-les-persones-migrants-i-refugiades\/\" class=\"more-link\">Llegir m\u00e9s<span class=\"more-link-arrow\">  &rarr;<\/span><\/a><\/div>\n<\/div><footer class=\"entry-footer\"><\/footer><div class='post_delimiter'><\/div><\/div><div class='post_author_timeline'><\/div><\/article><article class='post-entry post-entry-type-standard post-entry-5729 post-loop-10 post-parity-even single-small post proyecto proyecto-educativo section_load_ajax proyecto-terminado with-slider post-5729 pr_educativos type-pr_educativos status-publish has-post-thumbnail hentry category-educacio-emancipatoria category-projectes category-proteccio-a-defensores-dd-hh category-temas-ca'  itemscope=\"itemscope\" itemtype=\"https:\/\/schema.org\/CreativeWork\" ><div class='blog-meta'><a href='https:\/\/www.entrepobles.org\/repositoriweb\/pr_educativos\/idear-eines-de-suport-a-persones-perseguides-per-defensar-els-drets-humans-i-la-natura\/' class='small-preview' title='&#8220;Germinant rebel\u00b7lies&#8221; Idear eines de suport a persones perseguides per defensar els Drets Humans i la Natura'><img loading=\"lazy\" decoding=\"async\" width=\"180\" height=\"180\" src=\"https:\/\/www.entrepobles.org\/repositoriweb\/wp-content\/uploads\/2018\/07\/Idear-herramientas-180x180.jpg\" class=\"wp-image-9405 avia-img-lazy-loading-9405 attachment-square size-square wp-post-image\" alt=\"\" srcset=\"https:\/\/www.entrepobles.org\/repositoriweb\/wp-content\/uploads\/2018\/07\/Idear-herramientas-180x180.jpg 180w, https:\/\/www.entrepobles.org\/repositoriweb\/wp-content\/uploads\/2018\/07\/Idear-herramientas-80x80.jpg 80w, https:\/\/www.entrepobles.org\/repositoriweb\/wp-content\/uploads\/2018\/07\/Idear-herramientas-36x36.jpg 36w, https:\/\/www.entrepobles.org\/repositoriweb\/wp-content\/uploads\/2018\/07\/Idear-herramientas-120x120.jpg 120w, https:\/\/www.entrepobles.org\/repositoriweb\/wp-content\/uploads\/2018\/07\/Idear-herramientas-450x450.jpg 450w, https:\/\/www.entrepobles.org\/repositoriweb\/wp-content\/uploads\/2018\/07\/Idear-herramientas-300x300.jpg 300w\" sizes=\"auto, (max-width: 180px) 100vw, 180px\" \/><span class=\"iconfont\" aria-hidden='true' data-av_icon='\ue836' data-av_iconfont='entypo-fontello'><\/span><\/a><\/div><div class='entry-content-wrapper clearfix standard-content'><header class=\"entry-content-header\"><div class='estado'>Acabat<\/div><div class=\"temas\"><div class=\"Educaciemancipatria term-61\">Educaci\u00f3 emancipat\u00f2ria<\/div><div class=\"ProtecciadefensoresDDHH term-71\">Protecci\u00f3 a defensores DD.HH.<\/div><div class=\"clearfix\"><\/div><\/div><div class=\"clearfix\"><\/div><\/span><h2 class='post-title entry-title '  itemprop=\"headline\" >\t<a href='https:\/\/www.entrepobles.org\/repositoriweb\/pr_educativos\/idear-eines-de-suport-a-persones-perseguides-per-defensar-els-drets-humans-i-la-natura\/' rel='bookmark' title='Permanent Link: &#8220;Germinant rebel\u00b7lies&#8221; Idear eines de suport a persones perseguides per defensar els Drets Humans i la Natura'>&#8220;Germinant rebel\u00b7lies&#8221; Idear eines de suport a persones perseguides per defensar els Drets Humans i la Natura\t\t\t<span class='post-format-icon minor-meta'><\/span>\t<\/a><\/h2><\/header><div class=\"entry-content\"  itemprop=\"text\" ><p>Es tracta d&#8217;un projecte creatiu, de construcci\u00f3 comunit\u00e0ria d&#8217;instruments col\u00b7lectius per a la defensa de persones perseguides. Es desenvolupar\u00e0\u2026<\/p>\n<div class=\"read-more-link\"><a href=\"https:\/\/www.entrepobles.org\/repositoriweb\/pr_educativos\/idear-eines-de-suport-a-persones-perseguides-per-defensar-els-drets-humans-i-la-natura\/\" class=\"more-link\">Llegir m\u00e9s<span class=\"more-link-arrow\">  &rarr;<\/span><\/a><\/div>\n<\/div><footer class=\"entry-footer\"><\/footer><div class='post_delimiter'><\/div><\/div><div class='post_author_timeline'><\/div><\/article><article class='post-entry post-entry-type-standard post-entry-5829 post-loop-11 post-parity-odd single-small post proyecto proyecto-educativo section_load_ajax proyecto-terminado  post-5829 pr_educativos type-pr_educativos status-publish hentry category-feminismes category-projectes category-temas-ca'  itemscope=\"itemscope\" itemtype=\"https:\/\/schema.org\/CreativeWork\" ><div class='blog-meta'><a href='https:\/\/www.entrepobles.org\/repositoriweb\/pr_educativos\/ciutats-vivibles-i-acollidores-per-a-totes-i-tots-des-de-la-diversitat-que-les-habita\/' class='small-preview' title='Ciutats vivibles i acollidores per a totes i tots, des de la diversitat que les habita'><span class=\"iconfont\" aria-hidden='true' data-av_icon='\ue836' data-av_iconfont='entypo-fontello'><\/span><\/a><\/div><div class='entry-content-wrapper clearfix standard-content'><header class=\"entry-content-header\"><div class='estado'>Acabat<\/div><div class=\"temas\"><div class=\"Feminismes term-66\">Feminismes<\/div><div class=\"clearfix\"><\/div><\/div><div class=\"clearfix\"><\/div><\/span><h2 class='post-title entry-title '  itemprop=\"headline\" >\t<a href='https:\/\/www.entrepobles.org\/repositoriweb\/pr_educativos\/ciutats-vivibles-i-acollidores-per-a-totes-i-tots-des-de-la-diversitat-que-les-habita\/' rel='bookmark' title='Permanent Link: Ciutats vivibles i acollidores per a totes i tots, des de la diversitat que les habita'>Ciutats vivibles i acollidores per a totes i tots, des de la diversitat que les habita\t\t\t<span class='post-format-icon minor-meta'><\/span>\t<\/a><\/h2><\/header><div class=\"entry-content\"  itemprop=\"text\" ><p>Aquest projecte vol ampliar l\u2019\u00e0rea d\u2019acci\u00f3 territorial m\u00e9s enll\u00e0 de la ciutat de Barcelona, abastant zones i localitats de Tarragona, Lleida i\u2026<\/p>\n<div class=\"read-more-link\"><a href=\"https:\/\/www.entrepobles.org\/repositoriweb\/pr_educativos\/ciutats-vivibles-i-acollidores-per-a-totes-i-tots-des-de-la-diversitat-que-les-habita\/\" class=\"more-link\">Llegir m\u00e9s<span class=\"more-link-arrow\">  &rarr;<\/span><\/a><\/div>\n<\/div><footer class=\"entry-footer\"><\/footer><div class='post_delimiter'><\/div><\/div><div class='post_author_timeline'><\/div><\/article><article class='post-entry post-entry-type-standard post-entry-5809 post-loop-12 post-parity-even single-small post proyecto proyecto-educativo section_load_ajax proyecto-terminado with-slider post-5809 pr_educativos type-pr_educativos status-publish has-post-thumbnail hentry category-feminismes category-migracions-i-refugi category-projectes category-temas-ca'  itemscope=\"itemscope\" itemtype=\"https:\/\/schema.org\/CreativeWork\" ><div class='blog-meta'><a href='https:\/\/www.entrepobles.org\/repositoriweb\/pr_educativos\/les-que-ja-son-aqui-les-refugiades-invisibles\/' class='small-preview' title='Les que ja s\u00f3n aqu\u00ed: les refugiades invisibles'><img loading=\"lazy\" decoding=\"async\" width=\"180\" height=\"180\" src=\"https:\/\/www.entrepobles.org\/repositoriweb\/wp-content\/uploads\/2018\/08\/4.-Barcelona-Las-que-ya-180x180.jpg\" class=\"wp-image-9423 avia-img-lazy-loading-9423 attachment-square size-square wp-post-image\" alt=\"\" srcset=\"https:\/\/www.entrepobles.org\/repositoriweb\/wp-content\/uploads\/2018\/08\/4.-Barcelona-Las-que-ya-180x180.jpg 180w, https:\/\/www.entrepobles.org\/repositoriweb\/wp-content\/uploads\/2018\/08\/4.-Barcelona-Las-que-ya-80x80.jpg 80w, https:\/\/www.entrepobles.org\/repositoriweb\/wp-content\/uploads\/2018\/08\/4.-Barcelona-Las-que-ya-36x36.jpg 36w, https:\/\/www.entrepobles.org\/repositoriweb\/wp-content\/uploads\/2018\/08\/4.-Barcelona-Las-que-ya-120x120.jpg 120w, https:\/\/www.entrepobles.org\/repositoriweb\/wp-content\/uploads\/2018\/08\/4.-Barcelona-Las-que-ya-450x450.jpg 450w, https:\/\/www.entrepobles.org\/repositoriweb\/wp-content\/uploads\/2018\/08\/4.-Barcelona-Las-que-ya-300x300.jpg 300w\" sizes=\"auto, (max-width: 180px) 100vw, 180px\" \/><span class=\"iconfont\" aria-hidden='true' data-av_icon='\ue836' data-av_iconfont='entypo-fontello'><\/span><\/a><\/div><div class='entry-content-wrapper clearfix standard-content'><header class=\"entry-content-header\"><div class='estado'>Acabat<\/div><div class=\"temas\"><div class=\"Feminismes term-66\">Feminismes<\/div><div class=\"Migracionsirefugi term-68\">Migracions i refugi<\/div><div class=\"clearfix\"><\/div><\/div><div class=\"clearfix\"><\/div><\/span><h2 class='post-title entry-title '  itemprop=\"headline\" >\t<a href='https:\/\/www.entrepobles.org\/repositoriweb\/pr_educativos\/les-que-ja-son-aqui-les-refugiades-invisibles\/' rel='bookmark' title='Permanent Link: Les que ja s\u00f3n aqu\u00ed: les refugiades invisibles'>Les que ja s\u00f3n aqu\u00ed: les refugiades invisibles\t\t\t<span class='post-format-icon minor-meta'><\/span>\t<\/a><\/h2><\/header><div class=\"entry-content\"  itemprop=\"text\" ><p>Aquest projecte, t\u00e9 com objectiu millorar capacitats i eines de la societat civil organitzada per incidir al context pol\u00edtic i legal vulnerador dels\u2026<\/p>\n<div class=\"read-more-link\"><a href=\"https:\/\/www.entrepobles.org\/repositoriweb\/pr_educativos\/les-que-ja-son-aqui-les-refugiades-invisibles\/\" class=\"more-link\">Llegir m\u00e9s<span class=\"more-link-arrow\">  &rarr;<\/span><\/a><\/div>\n<\/div><footer class=\"entry-footer\"><\/footer><div class='post_delimiter'><\/div><\/div><div class='post_author_timeline'><\/div><\/article><article class='post-entry post-entry-type-standard post-entry-5819 post-loop-13 post-parity-odd single-small post proyecto proyecto-educativo section_load_ajax proyecto-terminado with-slider post-5819 pr_educativos type-pr_educativos status-publish has-post-thumbnail hentry category-multinacionals-i-tractats category-temas-ca'  itemscope=\"itemscope\" itemtype=\"https:\/\/schema.org\/CreativeWork\" ><div class='blog-meta'><a href='https:\/\/www.entrepobles.org\/repositoriweb\/pr_educativos\/barcelona-a-lalianca-europea-de-municipis-i-regions-front-els-tractats-de-lliure-comerc-i-inversions\/' class='small-preview' title='Barcelona a l\u2019Alian\u00e7a Europea de Municipis i Regions front els Tractats de Lliure Comer\u00e7 i Inversions'><img loading=\"lazy\" decoding=\"async\" width=\"180\" height=\"180\" src=\"https:\/\/www.entrepobles.org\/repositoriweb\/wp-content\/uploads\/2018\/08\/3.-Barcelona-Barcelona-a-la-Alianza-Europea-de-1-180x180.jpg\" class=\"wp-image-9426 avia-img-lazy-loading-9426 attachment-square size-square wp-post-image\" alt=\"\" srcset=\"https:\/\/www.entrepobles.org\/repositoriweb\/wp-content\/uploads\/2018\/08\/3.-Barcelona-Barcelona-a-la-Alianza-Europea-de-1-180x180.jpg 180w, https:\/\/www.entrepobles.org\/repositoriweb\/wp-content\/uploads\/2018\/08\/3.-Barcelona-Barcelona-a-la-Alianza-Europea-de-1-80x80.jpg 80w, https:\/\/www.entrepobles.org\/repositoriweb\/wp-content\/uploads\/2018\/08\/3.-Barcelona-Barcelona-a-la-Alianza-Europea-de-1-36x36.jpg 36w, https:\/\/www.entrepobles.org\/repositoriweb\/wp-content\/uploads\/2018\/08\/3.-Barcelona-Barcelona-a-la-Alianza-Europea-de-1-120x120.jpg 120w, https:\/\/www.entrepobles.org\/repositoriweb\/wp-content\/uploads\/2018\/08\/3.-Barcelona-Barcelona-a-la-Alianza-Europea-de-1-450x450.jpg 450w, https:\/\/www.entrepobles.org\/repositoriweb\/wp-content\/uploads\/2018\/08\/3.-Barcelona-Barcelona-a-la-Alianza-Europea-de-1-300x300.jpg 300w\" sizes=\"auto, (max-width: 180px) 100vw, 180px\" \/><span class=\"iconfont\" aria-hidden='true' data-av_icon='\ue836' data-av_iconfont='entypo-fontello'><\/span><\/a><\/div><div class='entry-content-wrapper clearfix standard-content'><header class=\"entry-content-header\"><div class='estado'>Acabat<\/div><div class=\"temas\"><div class=\"Multinacionalsitractats term-69\">Multinacionals i tractats<\/div><div class=\"clearfix\"><\/div><\/div><div class=\"clearfix\"><\/div><\/span><h2 class='post-title entry-title '  itemprop=\"headline\" >\t<a href='https:\/\/www.entrepobles.org\/repositoriweb\/pr_educativos\/barcelona-a-lalianca-europea-de-municipis-i-regions-front-els-tractats-de-lliure-comerc-i-inversions\/' rel='bookmark' title='Permanent Link: Barcelona a l\u2019Alian\u00e7a Europea de Municipis i Regions front els Tractats de Lliure Comer\u00e7 i Inversions'>Barcelona a l\u2019Alian\u00e7a Europea de Municipis i Regions front els Tractats de Lliure Comer\u00e7 i Inversions\t\t\t<span class='post-format-icon minor-meta'><\/span>\t<\/a><\/h2><\/header><div class=\"entry-content\"  itemprop=\"text\" ><p>El projecte pret\u00e9n promoure des de la societat civil de Barcelona el lideratge i l\u2019exercici de la responsabilitat global de la ciutat al moviment de\u2026<\/p>\n<div class=\"read-more-link\"><a href=\"https:\/\/www.entrepobles.org\/repositoriweb\/pr_educativos\/barcelona-a-lalianca-europea-de-municipis-i-regions-front-els-tractats-de-lliure-comerc-i-inversions\/\" class=\"more-link\">Llegir m\u00e9s<span class=\"more-link-arrow\">  &rarr;<\/span><\/a><\/div>\n<\/div><footer class=\"entry-footer\"><\/footer><div class='post_delimiter'><\/div><\/div><div class='post_author_timeline'><\/div><\/article><article class='post-entry post-entry-type-standard post-entry-5750 post-loop-14 post-parity-even single-small post proyecto proyecto-educativo section_load_ajax proyecto-terminado with-slider post-5750 pr_educativos type-pr_educativos status-publish has-post-thumbnail hentry category-economia-social-y-solidaria-ca category-sobirania-alimentaria category-temas-ca'  itemscope=\"itemscope\" itemtype=\"https:\/\/schema.org\/CreativeWork\" ><div class='blog-meta'><a href='https:\/\/www.entrepobles.org\/repositoriweb\/pr_educativos\/educacio-en-el-consum-responsable-en-els-menjadors-escolars-de-barcelona\/' class='small-preview' title='Educaci\u00f3 en el consum responsable en els menjadors escolars de Barcelona'><img loading=\"lazy\" decoding=\"async\" width=\"180\" height=\"180\" src=\"https:\/\/www.entrepobles.org\/repositoriweb\/wp-content\/uploads\/2018\/07\/Educacion-en-el-consumo-responsable-180x180.jpg\" class=\"wp-image-6013 avia-img-lazy-loading-6013 attachment-square size-square wp-post-image\" alt=\"\" srcset=\"https:\/\/www.entrepobles.org\/repositoriweb\/wp-content\/uploads\/2018\/07\/Educacion-en-el-consumo-responsable-180x180.jpg 180w, https:\/\/www.entrepobles.org\/repositoriweb\/wp-content\/uploads\/2018\/07\/Educacion-en-el-consumo-responsable-80x80.jpg 80w, https:\/\/www.entrepobles.org\/repositoriweb\/wp-content\/uploads\/2018\/07\/Educacion-en-el-consumo-responsable-36x36.jpg 36w, https:\/\/www.entrepobles.org\/repositoriweb\/wp-content\/uploads\/2018\/07\/Educacion-en-el-consumo-responsable-120x120.jpg 120w, https:\/\/www.entrepobles.org\/repositoriweb\/wp-content\/uploads\/2018\/07\/Educacion-en-el-consumo-responsable-450x450.jpg 450w, https:\/\/www.entrepobles.org\/repositoriweb\/wp-content\/uploads\/2018\/07\/Educacion-en-el-consumo-responsable-300x300.jpg 300w\" sizes=\"auto, (max-width: 180px) 100vw, 180px\" \/><span class=\"iconfont\" aria-hidden='true' data-av_icon='\ue836' data-av_iconfont='entypo-fontello'><\/span><\/a><\/div><div class='entry-content-wrapper clearfix standard-content'><header class=\"entry-content-header\"><div class='estado'>Acabat<\/div><div class=\"temas\"><div class=\"Economiasocialysolidria term-60\">Economia social y solid\u00e0ria<\/div><div class=\"Sobiraniaalimentria term-73\">Sobirania aliment\u00e0ria<\/div><div class=\"clearfix\"><\/div><\/div><div class=\"clearfix\"><\/div><\/span><h2 class='post-title entry-title '  itemprop=\"headline\" >\t<a href='https:\/\/www.entrepobles.org\/repositoriweb\/pr_educativos\/educacio-en-el-consum-responsable-en-els-menjadors-escolars-de-barcelona\/' rel='bookmark' title='Permanent Link: Educaci\u00f3 en el consum responsable en els menjadors escolars de Barcelona'>Educaci\u00f3 en el consum responsable en els menjadors escolars de Barcelona\t\t\t<span class='post-format-icon minor-meta'><\/span>\t<\/a><\/h2><\/header><div class=\"entry-content\"  itemprop=\"text\" ><p>Establir les bases per incidir i incrementar el consum responsable en els menjadors escolars de Barcelona en basa a criteris ecol\u00f2gics, de proximitat\u2026<\/p>\n<div class=\"read-more-link\"><a href=\"https:\/\/www.entrepobles.org\/repositoriweb\/pr_educativos\/educacio-en-el-consum-responsable-en-els-menjadors-escolars-de-barcelona\/\" class=\"more-link\">Llegir m\u00e9s<span class=\"more-link-arrow\">  &rarr;<\/span><\/a><\/div>\n<\/div><footer class=\"entry-footer\"><\/footer><div class='post_delimiter'><\/div><\/div><div class='post_author_timeline'><\/div><\/article><article class='post-entry post-entry-type-standard post-entry-5790 post-loop-15 post-parity-odd single-small post proyecto proyecto-educativo section_load_ajax proyecto-terminado with-slider post-5790 pr_educativos type-pr_educativos status-publish has-post-thumbnail hentry category-proteccio-a-defensores-dd-hh category-temas-ca'  itemscope=\"itemscope\" itemtype=\"https:\/\/schema.org\/CreativeWork\" ><div class='blog-meta'><a href='https:\/\/www.entrepobles.org\/repositoriweb\/pr_educativos\/defensar-als-qui-defensen-els-drets-humans\/' class='small-preview' title='Defensar als qui defensen els Drets Humans'><img loading=\"lazy\" decoding=\"async\" width=\"180\" height=\"180\" src=\"https:\/\/www.entrepobles.org\/repositoriweb\/wp-content\/uploads\/2018\/07\/Defender-a-quienes-defenden-180x180.jpg\" class=\"wp-image-9419 avia-img-lazy-loading-9419 attachment-square size-square wp-post-image\" alt=\"\" srcset=\"https:\/\/www.entrepobles.org\/repositoriweb\/wp-content\/uploads\/2018\/07\/Defender-a-quienes-defenden-180x180.jpg 180w, https:\/\/www.entrepobles.org\/repositoriweb\/wp-content\/uploads\/2018\/07\/Defender-a-quienes-defenden-80x80.jpg 80w, https:\/\/www.entrepobles.org\/repositoriweb\/wp-content\/uploads\/2018\/07\/Defender-a-quienes-defenden-36x36.jpg 36w, https:\/\/www.entrepobles.org\/repositoriweb\/wp-content\/uploads\/2018\/07\/Defender-a-quienes-defenden-120x120.jpg 120w, https:\/\/www.entrepobles.org\/repositoriweb\/wp-content\/uploads\/2018\/07\/Defender-a-quienes-defenden-450x450.jpg 450w, https:\/\/www.entrepobles.org\/repositoriweb\/wp-content\/uploads\/2018\/07\/Defender-a-quienes-defenden-300x300.jpg 300w\" sizes=\"auto, (max-width: 180px) 100vw, 180px\" \/><span class=\"iconfont\" aria-hidden='true' data-av_icon='\ue836' data-av_iconfont='entypo-fontello'><\/span><\/a><\/div><div class='entry-content-wrapper clearfix standard-content'><header class=\"entry-content-header\"><div class='estado'>Acabat<\/div><div class=\"temas\"><div class=\"ProtecciadefensoresDDHH term-71\">Protecci\u00f3 a defensores DD.HH.<\/div><div class=\"clearfix\"><\/div><\/div><div class=\"clearfix\"><\/div><\/span><h2 class='post-title entry-title '  itemprop=\"headline\" >\t<a href='https:\/\/www.entrepobles.org\/repositoriweb\/pr_educativos\/defensar-als-qui-defensen-els-drets-humans\/' rel='bookmark' title='Permanent Link: Defensar als qui defensen els Drets Humans'>Defensar als qui defensen els Drets Humans\t\t\t<span class='post-format-icon minor-meta'><\/span>\t<\/a><\/h2><\/header><div class=\"entry-content\"  itemprop=\"text\" ><p>Donar a con\u00e8ixer el paper protagonista de les dones en la defensa dels Drets de la Natura i els Drets humans, especialment a l&#8217;alimentaci\u00f3 ia la\u2026<\/p>\n<div class=\"read-more-link\"><a href=\"https:\/\/www.entrepobles.org\/repositoriweb\/pr_educativos\/defensar-als-qui-defensen-els-drets-humans\/\" class=\"more-link\">Llegir m\u00e9s<span class=\"more-link-arrow\">  &rarr;<\/span><\/a><\/div>\n<\/div><footer class=\"entry-footer\"><\/footer><div class='post_delimiter'><\/div><\/div><div class='post_author_timeline'><\/div><\/article><article class='post-entry post-entry-type-standard post-entry-13399 post-loop-16 post-parity-even post-entry-last single-small post proyecto proyecto-educativo section_load_ajax proyecto-terminado with-slider post-13399 pr_educativos type-pr_educativos status-publish has-post-thumbnail hentry category-defensa-del-territori category-feminismes category-projectes category-proteccio-a-defensores-dd-hh category-temas-ca'  itemscope=\"itemscope\" itemtype=\"https:\/\/schema.org\/CreativeWork\" ><div class='blog-meta'><a href='https:\/\/www.entrepobles.org\/repositoriweb\/pr_educativos\/pero-no-sabian-que-eramos-semillas-defender-a-quienes-defienden\/' class='small-preview' title='\u201c\u2026 pero no sab\u00edan que \u00e9ramos semillas\u201d Defender a quienes defienden'><img loading=\"lazy\" decoding=\"async\" width=\"180\" height=\"180\" src=\"https:\/\/www.entrepobles.org\/repositoriweb\/wp-content\/uploads\/2018\/11\/Valladolid-cartel-semillas-2017-180x180.jpg\" class=\"wp-image-13393 avia-img-lazy-loading-13393 attachment-square size-square wp-post-image\" alt=\"\" srcset=\"https:\/\/www.entrepobles.org\/repositoriweb\/wp-content\/uploads\/2018\/11\/Valladolid-cartel-semillas-2017-180x180.jpg 180w, https:\/\/www.entrepobles.org\/repositoriweb\/wp-content\/uploads\/2018\/11\/Valladolid-cartel-semillas-2017-80x80.jpg 80w, https:\/\/www.entrepobles.org\/repositoriweb\/wp-content\/uploads\/2018\/11\/Valladolid-cartel-semillas-2017-300x300.jpg 300w, https:\/\/www.entrepobles.org\/repositoriweb\/wp-content\/uploads\/2018\/11\/Valladolid-cartel-semillas-2017-36x36.jpg 36w, https:\/\/www.entrepobles.org\/repositoriweb\/wp-content\/uploads\/2018\/11\/Valladolid-cartel-semillas-2017-705x705.jpg 705w, https:\/\/www.entrepobles.org\/repositoriweb\/wp-content\/uploads\/2018\/11\/Valladolid-cartel-semillas-2017-120x120.jpg 120w, https:\/\/www.entrepobles.org\/repositoriweb\/wp-content\/uploads\/2018\/11\/Valladolid-cartel-semillas-2017-450x450.jpg 450w, https:\/\/www.entrepobles.org\/repositoriweb\/wp-content\/uploads\/2018\/11\/Valladolid-cartel-semillas-2017.jpg 708w\" sizes=\"auto, (max-width: 180px) 100vw, 180px\" \/><span class=\"iconfont\" aria-hidden='true' data-av_icon='\ue836' data-av_iconfont='entypo-fontello'><\/span><\/a><\/div><div class='entry-content-wrapper clearfix standard-content'><header class=\"entry-content-header\"><div class='estado'>Acabat<\/div><div class=\"temas\"><div class=\"Defensadelterritori term-58\">Defensa del territori<\/div><div class=\"Feminismes term-66\">Feminismes<\/div><div class=\"ProtecciadefensoresDDHH term-71\">Protecci\u00f3 a defensores DD.HH.<\/div><div class=\"clearfix\"><\/div><\/div><div class=\"clearfix\"><\/div><\/span><h2 class='post-title entry-title '  itemprop=\"headline\" >\t<a href='https:\/\/www.entrepobles.org\/repositoriweb\/pr_educativos\/pero-no-sabian-que-eramos-semillas-defender-a-quienes-defienden\/' rel='bookmark' title='Permanent Link: \u201c\u2026 pero no sab\u00edan que \u00e9ramos semillas\u201d Defender a quienes defienden'>\u201c\u2026 pero no sab\u00edan que \u00e9ramos semillas\u201d Defender a quienes defienden\t\t\t<span class='post-format-icon minor-meta'><\/span>\t<\/a><\/h2><\/header><div class=\"entry-content\"  itemprop=\"text\" ><p>Proyecto que trata de conocer en profundidad y difundir la persecuci\u00f3n que est\u00e1n sufriendo las personas que luchan por \u00a0los Derechos Humanos, atendiendo\u2026<\/p>\n<div class=\"read-more-link\"><a href=\"https:\/\/www.entrepobles.org\/repositoriweb\/pr_educativos\/pero-no-sabian-que-eramos-semillas-defender-a-quienes-defienden\/\" class=\"more-link\">Llegir m\u00e9s<span class=\"more-link-arrow\">  &rarr;<\/span><\/a><\/div>\n<\/div><footer class=\"entry-footer\"><\/footer><div class='post_delimiter'><\/div><\/div><div class='post_author_timeline'><\/div><\/article><\/div><\/p><\/div>\n","protected":false},"excerpt":{"rendered":"","protected":false},"author":9,"featured_media":0,"parent":0,"menu_order":0,"comment_status":"closed","ping_status":"closed","template":"","meta":{"_acf_changed":false,"_price":"","_stock":"","_tribe_ticket_header":"","_tribe_default_ticket_provider":"","_tribe_ticket_capacity":"0","_ticket_start_date":"","_ticket_end_date":"","_tribe_ticket_show_description":"","_tribe_ticket_show_not_going":false,"_tribe_ticket_use_global_stock":"","_tribe_ticket_global_stock_level":"","_global_stock_mode":"","_global_stock_cap":"","_tribe_rsvp_for_event":"","_tribe_ticket_going_count":"","_tribe_ticket_not_going_count":"","_tribe_tickets_list":"[]","_tribe_ticket_has_attendee_info_fields":false,"footnotes":"","_tec_slr_enabled":"","_tec_slr_layout":""},"class_list":["post-5373","page","type-page","status-publish","hentry"],"acf":[],"yoast_head":"<!-- This site is optimized with the Yoast SEO plugin v25.0 - https:\/\/yoast.com\/wordpress\/plugins\/seo\/ -->\n<title>EDUCACI\u00d3 EMANCIPADORA - Entrepueblos<\/title>\n<meta name=\"robots\" content=\"index, follow, max-snippet:-1, max-image-preview:large, max-video-preview:-1\" \/>\n<link rel=\"canonical\" href=\"https:\/\/www.entrepobles.org\/repositoriweb\/educacio-emancipadora\/\" \/>\n<meta property=\"og:locale\" content=\"ca_ES\" \/>\n<meta property=\"og:type\" content=\"article\" \/>\n<meta property=\"og:title\" content=\"EDUCACI\u00d3 EMANCIPADORA - Entrepueblos\" \/>\n<meta property=\"og:url\" content=\"https:\/\/www.entrepobles.org\/repositoriweb\/educacio-emancipadora\/\" \/>\n<meta property=\"og:site_name\" content=\"Entrepueblos\" \/>\n<meta property=\"article:modified_time\" content=\"2018-07-16T08:33:02+00:00\" \/>\n<meta name=\"twitter:card\" content=\"summary_large_image\" \/>\n<meta name=\"twitter:label1\" content=\"Temps estimat de lectura\" \/>\n\t<meta name=\"twitter:data1\" content=\"3 minuts\" \/>\n<script type=\"application\/ld+json\" class=\"yoast-schema-graph\">{\"@context\":\"https:\/\/schema.org\",\"@graph\":[{\"@type\":\"WebPage\",\"@id\":\"https:\/\/www.entrepobles.org\/repositoriweb\/educacio-emancipadora\/\",\"url\":\"https:\/\/www.entrepobles.org\/repositoriweb\/educacio-emancipadora\/\",\"name\":\"EDUCACI\u00d3 EMANCIPADORA - Entrepueblos\",\"isPartOf\":{\"@id\":\"https:\/\/www.entrepueblos.org\/repositoriweb\/#website\"},\"datePublished\":\"2018-05-08T16:24:56+00:00\",\"dateModified\":\"2018-07-16T08:33:02+00:00\",\"breadcrumb\":{\"@id\":\"https:\/\/www.entrepobles.org\/repositoriweb\/educacio-emancipadora\/#breadcrumb\"},\"inLanguage\":\"ca\",\"potentialAction\":[{\"@type\":\"ReadAction\",\"target\":[\"https:\/\/www.entrepobles.org\/repositoriweb\/educacio-emancipadora\/\"]}]},{\"@type\":\"BreadcrumbList\",\"@id\":\"https:\/\/www.entrepobles.org\/repositoriweb\/educacio-emancipadora\/#breadcrumb\",\"itemListElement\":[{\"@type\":\"ListItem\",\"position\":1,\"name\":\"Portada\",\"item\":\"https:\/\/www.entrepobles.org\/repositoriweb\/\"},{\"@type\":\"ListItem\",\"position\":2,\"name\":\"EDUCACI\u00d3 EMANCIPADORA\"}]},{\"@type\":\"WebSite\",\"@id\":\"https:\/\/www.entrepueblos.org\/repositoriweb\/#website\",\"url\":\"https:\/\/www.entrepueblos.org\/repositoriweb\/\",\"name\":\"Entrepueblos\",\"description\":\"Cooperaci\u00f3n pueblo a pueblo\",\"potentialAction\":[{\"@type\":\"SearchAction\",\"target\":{\"@type\":\"EntryPoint\",\"urlTemplate\":\"https:\/\/www.entrepueblos.org\/repositoriweb\/?s={search_term_string}\"},\"query-input\":{\"@type\":\"PropertyValueSpecification\",\"valueRequired\":true,\"valueName\":\"search_term_string\"}}],\"inLanguage\":\"ca\"}]}<\/script>\n<!-- \/ Yoast SEO plugin. -->","yoast_head_json":{"title":"EDUCACI\u00d3 EMANCIPADORA - Entrepueblos","robots":{"index":"index","follow":"follow","max-snippet":"max-snippet:-1","max-image-preview":"max-image-preview:large","max-video-preview":"max-video-preview:-1"},"canonical":"https:\/\/www.entrepobles.org\/repositoriweb\/educacio-emancipadora\/","og_locale":"ca_ES","og_type":"article","og_title":"EDUCACI\u00d3 EMANCIPADORA - Entrepueblos","og_url":"https:\/\/www.entrepobles.org\/repositoriweb\/educacio-emancipadora\/","og_site_name":"Entrepueblos","article_modified_time":"2018-07-16T08:33:02+00:00","twitter_card":"summary_large_image","twitter_misc":{"Temps estimat de lectura":"3 minuts"},"schema":{"@context":"https:\/\/schema.org","@graph":[{"@type":"WebPage","@id":"https:\/\/www.entrepobles.org\/repositoriweb\/educacio-emancipadora\/","url":"https:\/\/www.entrepobles.org\/repositoriweb\/educacio-emancipadora\/","name":"EDUCACI\u00d3 EMANCIPADORA - Entrepueblos","isPartOf":{"@id":"https:\/\/www.entrepueblos.org\/repositoriweb\/#website"},"datePublished":"2018-05-08T16:24:56+00:00","dateModified":"2018-07-16T08:33:02+00:00","breadcrumb":{"@id":"https:\/\/www.entrepobles.org\/repositoriweb\/educacio-emancipadora\/#breadcrumb"},"inLanguage":"ca","potentialAction":[{"@type":"ReadAction","target":["https:\/\/www.entrepobles.org\/repositoriweb\/educacio-emancipadora\/"]}]},{"@type":"BreadcrumbList","@id":"https:\/\/www.entrepobles.org\/repositoriweb\/educacio-emancipadora\/#breadcrumb","itemListElement":[{"@type":"ListItem","position":1,"name":"Portada","item":"https:\/\/www.entrepobles.org\/repositoriweb\/"},{"@type":"ListItem","position":2,"name":"EDUCACI\u00d3 EMANCIPADORA"}]},{"@type":"WebSite","@id":"https:\/\/www.entrepueblos.org\/repositoriweb\/#website","url":"https:\/\/www.entrepueblos.org\/repositoriweb\/","name":"Entrepueblos","description":"Cooperaci\u00f3n pueblo a pueblo","potentialAction":[{"@type":"SearchAction","target":{"@type":"EntryPoint","urlTemplate":"https:\/\/www.entrepueblos.org\/repositoriweb\/?s={search_term_string}"},"query-input":{"@type":"PropertyValueSpecification","valueRequired":true,"valueName":"search_term_string"}}],"inLanguage":"ca"}]}},"ticketed":false,"_links":{"self":[{"href":"https:\/\/www.entrepobles.org\/repositoriweb\/wp-json\/wp\/v2\/pages\/5373","targetHints":{"allow":["GET"]}}],"collection":[{"href":"https:\/\/www.entrepobles.org\/repositoriweb\/wp-json\/wp\/v2\/pages"}],"about":[{"href":"https:\/\/www.entrepobles.org\/repositoriweb\/wp-json\/wp\/v2\/types\/page"}],"author":[{"embeddable":true,"href":"https:\/\/www.entrepobles.org\/repositoriweb\/wp-json\/wp\/v2\/users\/9"}],"replies":[{"embeddable":true,"href":"https:\/\/www.entrepobles.org\/repositoriweb\/wp-json\/wp\/v2\/comments?post=5373"}],"version-history":[{"count":2,"href":"https:\/\/www.entrepobles.org\/repositoriweb\/wp-json\/wp\/v2\/pages\/5373\/revisions"}],"predecessor-version":[{"id":7063,"href":"https:\/\/www.entrepobles.org\/repositoriweb\/wp-json\/wp\/v2\/pages\/5373\/revisions\/7063"}],"wp:attachment":[{"href":"https:\/\/www.entrepobles.org\/repositoriweb\/wp-json\/wp\/v2\/media?parent=5373"}],"curies":[{"name":"wp","href":"https:\/\/api.w.org\/{rel}","templated":true}]}}