{"id":5379,"date":"2018-06-19T12:33:05","date_gmt":"2018-06-19T12:33:05","guid":{"rendered":"https:\/\/entrepueblos.org\/publicaciones\/"},"modified":"2018-10-17T22:21:16","modified_gmt":"2018-10-17T22:21:16","slug":"publicacions","status":"publish","type":"page","link":"https:\/\/www.entrepobles.org\/repositoriweb\/publicacions\/","title":{"rendered":"PUBLICACIONS"},"content":{"rendered":"<div id='av_section_1'  class='avia-section main_color avia-section-default avia-no-border-styling  avia-full-stretch av-parallax-section av-section-color-overlay-active avia-bg-style-parallax  avia-builder-el-0  el_before_av_section  avia-builder-el-first  header-section  av-small-hide av-mini-hide av-minimum-height av-minimum-height-50  container_wrap sidebar_right' style=' '  data-section-bg-repeat='stretch' data-av_minimum_height_pc='50'><div class='av-parallax' data-avia-parallax-ratio='0.3' ><div class='av-parallax-inner main_color  avia-full-stretch' style = 'background-repeat: no-repeat; background-image: url(https:\/\/www.entrepobles.org\/repositoriweb\/wp-content\/uploads\/2018\/05\/proyectos.jpg);background-attachment: scroll; background-position: center center; ' ><\/div><\/div><div class='av-section-color-overlay-wrap'><div class='av-section-color-overlay' style='opacity: 0.7; background-color: #3f3f3f; '><\/div><div class='container' ><main  role=\"main\" itemprop=\"mainContentOfPage\"  class='template-page content  av-content-small alpha units'><div class='post-entry post-entry-type-page post-entry-5379'><div class='entry-content-wrapper clearfix'>\n<div class=\"flex_column av_one_full  flex_column_div av-zero-column-padding first  avia-builder-el-1  avia-builder-el-no-sibling  title-ot \" style='border-radius:0px; '><section class=\"av_textblock_section \"  itemscope=\"itemscope\" itemtype=\"https:\/\/schema.org\/CreativeWork\" ><div class='avia_textblock ot-title av_inherit_color '  style='color:#ffffff; '  itemprop=\"text\" ><h2 style=\"text-align: center;\">Elaborem eines per generar transformacions profundes a l\u2019actual model social i pol\u00edtic<\/h2>\n<\/div><\/section><\/div><\/div><\/div><\/main><!-- close content main element --><\/div><\/div><\/div><div id='av_section_2'  class='avia-section main_color avia-section-default avia-no-border-styling  avia-full-stretch av-parallax-section av-section-color-overlay-active avia-bg-style-parallax  avia-builder-el-3  el_after_av_section  el_before_av_codeblock  header-section-mobile  av-desktop-hide av-medium-hide av-minimum-height av-minimum-height-75  container_wrap sidebar_right' style=' '  data-section-bg-repeat='stretch' data-av_minimum_height_pc='75'><div class='av-parallax' data-avia-parallax-ratio='0.3' ><div class='av-parallax-inner main_color  avia-full-stretch' style = 'background-repeat: no-repeat; background-image: url(https:\/\/www.entrepobles.org\/repositoriweb\/wp-content\/uploads\/2018\/05\/proyectos.jpg);background-attachment: scroll; background-position: center center; ' ><\/div><\/div><div class='av-section-color-overlay-wrap'><div class='av-section-color-overlay' style='opacity: 0.7; background-color: #3f3f3f; '><\/div><div class='container' ><div class='template-page content  av-content-small alpha units'><div class='post-entry post-entry-type-page post-entry-5379'><div class='entry-content-wrapper clearfix'>\n<div class=\"flex_column av_one_full  flex_column_div av-zero-column-padding first  avia-builder-el-4  avia-builder-el-no-sibling  title-ot-mobile \" style='border-radius:0px; '><section class=\"av_textblock_section \"  itemscope=\"itemscope\" itemtype=\"https:\/\/schema.org\/CreativeWork\" ><div class='avia_textblock text-title-mobile av_inherit_color '  style='color:#ffffff; '  itemprop=\"text\" ><h2 style=\"text-align: center;\">Elaborem eines per generar transformacions profundes a l\u2019actual model social i pol\u00edtic<\/h2>\n<\/div><\/section><\/div><\/div><\/div><\/div><!-- close content main div --><\/div><\/div><\/div><div id='after_section_2'  class='main_color av_default_container_wrap container_wrap sidebar_right' style=' '  ><div class='container' ><div class='template-page content  av-content-small alpha units'><div class='post-entry post-entry-type-page post-entry-5379'><div class='entry-content-wrapper clearfix'><\/p>\n<div class=\"flex_column av_one_full  flex_column_div av-zero-column-padding first  avia-builder-el-7  el_after_av_codeblock  avia-builder-el-last  \" style='border-radius:0px; '><section class=\"av_textblock_section \"  itemscope=\"itemscope\" itemtype=\"https:\/\/schema.org\/CreativeWork\" ><div class='avia_textblock filtros-mobile-block '   itemprop=\"text\" ><div class=\"temas-filtro mobile\">\n<h3 class=\"widgettitle title-filtro\">FILTRAR PER TEMES<\/h3>\n<div class='category_filter'><ul>\t<li class=\"cat-item cat-item-58\"><a href=\"https:\/\/www.entrepobles.org\/repositoriweb\/category\/temas-ca\/defensa-del-territori\/\">Defensa del territori<\/a>\n<\/li>\n\t<li class=\"cat-item cat-item-59\"><a href=\"https:\/\/www.entrepobles.org\/repositoriweb\/category\/temas-ca\/ecologisme-social\/\">Ecologisme social<\/a>\n<\/li>\n\t<li class=\"cat-item cat-item-60\"><a href=\"https:\/\/www.entrepobles.org\/repositoriweb\/category\/temas-ca\/economia-social-y-solidaria-ca\/\">Economia social y solid\u00e0ria<\/a>\n<\/li>\n\t<li class=\"cat-item cat-item-61\"><a href=\"https:\/\/www.entrepobles.org\/repositoriweb\/category\/temas-ca\/educacio-emancipatoria\/\">Educaci\u00f3 emancipat\u00f2ria<\/a>\n<\/li>\n\t<li class=\"cat-item cat-item-66\"><a href=\"https:\/\/www.entrepobles.org\/repositoriweb\/category\/temas-ca\/feminismes\/\">Feminismes<\/a>\n<\/li>\n\t<li class=\"cat-item cat-item-67\"><a href=\"https:\/\/www.entrepobles.org\/repositoriweb\/category\/temas-ca\/memoria-historica-ca\/\">Mem\u00f2ria hist\u00f2rica<\/a>\n<\/li>\n\t<li class=\"cat-item cat-item-68\"><a href=\"https:\/\/www.entrepobles.org\/repositoriweb\/category\/temas-ca\/migracions-i-refugi\/\">Migracions i refugi<\/a>\n<\/li>\n\t<li class=\"cat-item cat-item-69\"><a href=\"https:\/\/www.entrepobles.org\/repositoriweb\/category\/temas-ca\/multinacionals-i-tractats\/\">Multinacionals i tractats<\/a>\n<\/li>\n\t<li class=\"cat-item cat-item-72\"><a href=\"https:\/\/www.entrepobles.org\/repositoriweb\/category\/temas-ca\/pobles-indigenes\/\">Pobles ind\u00edgenes<\/a>\n<\/li>\n\t<li class=\"cat-item cat-item-71\"><a href=\"https:\/\/www.entrepobles.org\/repositoriweb\/category\/temas-ca\/proteccio-a-defensores-dd-hh\/\">Protecci\u00f3 a defensores DD.HH.<\/a>\n<\/li>\n\t<li class=\"cat-item cat-item-73\"><a href=\"https:\/\/www.entrepobles.org\/repositoriweb\/category\/temas-ca\/sobirania-alimentaria\/\">Sobirania aliment\u00e0ria<\/a>\n<\/li>\n\t<li class=\"cat-item cat-item-70\"><a href=\"https:\/\/www.entrepobles.org\/repositoriweb\/category\/temas-ca\/zaltres\/\">Altres<\/a>\n<\/li>\n<\/ul><\/div><\/div>\n<div class=\"formato-filtro mobile\">\n<h3 class=\"widgettitle title-filtro\">FILTRAR PER FORMAT<\/h3>\n<div class='category_filter'><ul>\t<li class=\"cat-item cat-item-75\"><a href=\"https:\/\/www.entrepobles.org\/repositoriweb\/category\/formats\/blogs-ca\/\">Blogs<\/a>\n<\/li>\n\t<li class=\"cat-item cat-item-77\"><a href=\"https:\/\/www.entrepobles.org\/repositoriweb\/category\/formats\/documentals\/\">Documentals<\/a>\n<\/li>\n\t<li class=\"cat-item cat-item-78\"><a href=\"https:\/\/www.entrepobles.org\/repositoriweb\/category\/formats\/exposicions\/\">Exposicions<\/a>\n<\/li>\n\t<li class=\"cat-item cat-item-79\"><a href=\"https:\/\/www.entrepobles.org\/repositoriweb\/category\/formats\/guies-didactiques\/\">Guies did\u00e0ctiques<\/a>\n<\/li>\n\t<li class=\"cat-item cat-item-80\"><a href=\"https:\/\/www.entrepobles.org\/repositoriweb\/category\/formats\/llibres\/\">Llibres<\/a>\n<\/li>\n\t<li class=\"cat-item cat-item-83\"><a href=\"https:\/\/www.entrepobles.org\/repositoriweb\/category\/formats\/revistes-i-butlletins\/\">Revistes i butlletins<\/a>\n<\/li>\n\t<li class=\"cat-item cat-item-945\"><a href=\"https:\/\/www.entrepobles.org\/repositoriweb\/category\/formats\/videos-formats\/\">Videos<\/a>\n<\/li>\n\t<li class=\"cat-item cat-item-82\"><a href=\"https:\/\/www.entrepobles.org\/repositoriweb\/category\/formats\/zaltres-ca\/\">Altres<\/a>\n<ul class='children'>\n\t<li class=\"cat-item cat-item-944\"><a href=\"https:\/\/www.entrepobles.org\/repositoriweb\/category\/formats\/zaltres-ca\/videos-zaltres-ca\/\">Videos<\/a>\n<\/li>\n<\/ul>\n<\/li>\n<\/ul><\/div><\/div>\n<div class='filter_clean'><a>Limpiar filtros<\/a><\/div>\n<\/div><\/section><br \/>\n<div  class='av-alb-blogposts template-blog  av-blog-meta-author-disabled av-blog-meta-comments-disabled '  itemscope=\"itemscope\" itemtype=\"https:\/\/schema.org\/Blog\" ><article class='post-entry post-entry-type-standard post-entry-43650 post-loop-1 post-parity-odd single-small post proyecto publicacion with-slider post-43650 publicaciones type-publicaciones status-publish has-post-thumbnail hentry category-feminismes category-publicacions'  itemscope=\"itemscope\" itemtype=\"https:\/\/schema.org\/CreativeWork\" ><div class='blog-meta'><a href='https:\/\/www.entrepobles.org\/repositoriweb\/publicaciones\/flama-ecofeminista-suplement\/' class='small-preview' title='Flama Ecofeminista: Aprenentatges de la primera trobada d&#8217;Economia feminista d&#8217;Abya Yala'><img loading=\"lazy\" decoding=\"async\" width=\"180\" height=\"180\" src=\"https:\/\/www.entrepobles.org\/repositoriweb\/wp-content\/uploads\/2025\/09\/SUPLEMENT-Amb-la-Directa-592-publiquem-Flama-Eco-feminista.Un-suplement-de-@efabyayala25-@-180x180.jpg\" class=\"wp-image-43655 avia-img-lazy-loading-43655 attachment-square size-square wp-post-image\" alt=\"\" srcset=\"https:\/\/www.entrepobles.org\/repositoriweb\/wp-content\/uploads\/2025\/09\/SUPLEMENT-Amb-la-Directa-592-publiquem-Flama-Eco-feminista.Un-suplement-de-@efabyayala25-@-180x180.jpg 180w, https:\/\/www.entrepobles.org\/repositoriweb\/wp-content\/uploads\/2025\/09\/SUPLEMENT-Amb-la-Directa-592-publiquem-Flama-Eco-feminista.Un-suplement-de-@efabyayala25-@-80x80.jpg 80w, https:\/\/www.entrepobles.org\/repositoriweb\/wp-content\/uploads\/2025\/09\/SUPLEMENT-Amb-la-Directa-592-publiquem-Flama-Eco-feminista.Un-suplement-de-@efabyayala25-@-36x36.jpg 36w, https:\/\/www.entrepobles.org\/repositoriweb\/wp-content\/uploads\/2025\/09\/SUPLEMENT-Amb-la-Directa-592-publiquem-Flama-Eco-feminista.Un-suplement-de-@efabyayala25-@-300x300.jpg 300w\" sizes=\"auto, (max-width: 180px) 100vw, 180px\" \/><span class=\"iconfont\" aria-hidden='true' data-av_icon='\ue836' data-av_iconfont='entypo-fontello'><\/span><\/a><\/div><div class='entry-content-wrapper clearfix standard-content'><header class=\"entry-content-header\"><div class=\"temas\"><div class=\"Feminismes term-66\">Feminismes<\/div><div class=\"clearfix\"><\/div><\/div><div class=\"clearfix\"><\/div><\/span><h2 class='post-title entry-title '  itemprop=\"headline\" >\t<a href='https:\/\/www.entrepobles.org\/repositoriweb\/publicaciones\/flama-ecofeminista-suplement\/' rel='bookmark' title='Permanent Link: Flama Ecofeminista: Aprenentatges de la primera trobada d&#8217;Economia feminista d&#8217;Abya Yala'>Flama Ecofeminista: Aprenentatges de la primera trobada d&#8217;Economia feminista d&#8217;Abya Yala\t\t\t<span class='post-format-icon minor-meta'><\/span>\t<\/a><\/h2><\/header><div class=\"entry-content\"  itemprop=\"text\" ><p>Nou suplement en col\u00b7laboraci\u00f3 amb La Directa, Flama Ecofeminista: Aprenentatges de la primera trobada d&#8217;Economia feminista d&#8217;Abya Yala A\u2026<\/p>\n<div class=\"read-more-link\"><a href=\"https:\/\/www.entrepobles.org\/repositoriweb\/publicaciones\/flama-ecofeminista-suplement\/\" class=\"more-link\">Llegir m\u00e9s<span class=\"more-link-arrow\">  &rarr;<\/span><\/a><\/div>\n<\/div><footer class=\"entry-footer\"><\/footer><div class='post_delimiter'><\/div><\/div><div class='post_author_timeline'><\/div><\/article><article class='post-entry post-entry-type-standard post-entry-43476 post-loop-2 post-parity-even single-small post proyecto publicacion with-slider post-43476 publicaciones type-publicaciones status-publish has-post-thumbnail hentry category-memories category-memories-2'  itemscope=\"itemscope\" itemtype=\"https:\/\/schema.org\/CreativeWork\" ><div class='blog-meta'><a href='https:\/\/www.entrepobles.org\/repositoriweb\/publicaciones\/memoria-dactivitats-2024\/' class='small-preview' title='Mem\u00f2ria d\u2019activitats 2024: Resist\u00e8ncies que sostenen la vida. Feminismes, sobiranies i lluites per la just\u00edcia global'><img loading=\"lazy\" decoding=\"async\" width=\"180\" height=\"180\" src=\"https:\/\/www.entrepobles.org\/repositoriweb\/wp-content\/uploads\/2025\/07\/capcaleramemoria2024cat-180x180.png\" class=\"wp-image-43478 avia-img-lazy-loading-43478 attachment-square size-square wp-post-image\" alt=\"\" srcset=\"https:\/\/www.entrepobles.org\/repositoriweb\/wp-content\/uploads\/2025\/07\/capcaleramemoria2024cat-180x180.png 180w, https:\/\/www.entrepobles.org\/repositoriweb\/wp-content\/uploads\/2025\/07\/capcaleramemoria2024cat-80x80.png 80w, https:\/\/www.entrepobles.org\/repositoriweb\/wp-content\/uploads\/2025\/07\/capcaleramemoria2024cat-36x36.png 36w, https:\/\/www.entrepobles.org\/repositoriweb\/wp-content\/uploads\/2025\/07\/capcaleramemoria2024cat-300x300.png 300w\" sizes=\"auto, (max-width: 180px) 100vw, 180px\" \/><span class=\"iconfont\" aria-hidden='true' data-av_icon='\ue836' data-av_iconfont='entypo-fontello'><\/span><\/a><\/div><div class='entry-content-wrapper clearfix standard-content'><header class=\"entry-content-header\"><\/span><h2 class='post-title entry-title '  itemprop=\"headline\" >\t<a href='https:\/\/www.entrepobles.org\/repositoriweb\/publicaciones\/memoria-dactivitats-2024\/' rel='bookmark' title='Permanent Link: Mem\u00f2ria d\u2019activitats 2024: Resist\u00e8ncies que sostenen la vida. Feminismes, sobiranies i lluites per la just\u00edcia global'>Mem\u00f2ria d\u2019activitats 2024: Resist\u00e8ncies que sostenen la vida. Feminismes, sobiranies i lluites per la just\u00edcia global\t\t\t<span class='post-format-icon minor-meta'><\/span>\t<\/a><\/h2><\/header><div class=\"entry-content\"  itemprop=\"text\" ><p>Qu\u00e8 hem fet aquest any? M\u00e9s de 200 activitats d\u2019educaci\u00f3, sensibilitzaci\u00f3 i incid\u00e8ncia feminista, ecosocial i antiracista impulsades des d\u2019Entrepobles\u2026<\/p>\n<div class=\"read-more-link\"><a href=\"https:\/\/www.entrepobles.org\/repositoriweb\/publicaciones\/memoria-dactivitats-2024\/\" class=\"more-link\">Llegir m\u00e9s<span class=\"more-link-arrow\">  &rarr;<\/span><\/a><\/div>\n<\/div><footer class=\"entry-footer\"><\/footer><div class='post_delimiter'><\/div><\/div><div class='post_author_timeline'><\/div><\/article><article class='post-entry post-entry-type-standard post-entry-43381 post-loop-3 post-parity-odd single-small post proyecto publicacion with-slider post-43381 publicaciones type-publicaciones status-publish has-post-thumbnail hentry category-ecologisme-social category-guies-didactiques'  itemscope=\"itemscope\" itemtype=\"https:\/\/schema.org\/CreativeWork\" ><div class='blog-meta'><a href='https:\/\/www.entrepobles.org\/repositoriweb\/publicaciones\/guia-de-emergencia-climatica-una-propuesta-educativa-para-1o-y-2o-eso\/' class='small-preview' title='Gu\u00eda de Emergencia Clim\u00e1tica: Una propuesta educativa para 1\u00ba y 2\u00ba ESO'><img loading=\"lazy\" decoding=\"async\" width=\"180\" height=\"180\" src=\"https:\/\/www.entrepobles.org\/repositoriweb\/wp-content\/uploads\/2025\/07\/emergenciaclimatica_guia-180x180.png\" class=\"wp-image-43385 avia-img-lazy-loading-43385 attachment-square size-square wp-post-image\" alt=\"\" srcset=\"https:\/\/www.entrepobles.org\/repositoriweb\/wp-content\/uploads\/2025\/07\/emergenciaclimatica_guia-180x180.png 180w, https:\/\/www.entrepobles.org\/repositoriweb\/wp-content\/uploads\/2025\/07\/emergenciaclimatica_guia-298x300.png 298w, https:\/\/www.entrepobles.org\/repositoriweb\/wp-content\/uploads\/2025\/07\/emergenciaclimatica_guia-80x80.png 80w, https:\/\/www.entrepobles.org\/repositoriweb\/wp-content\/uploads\/2025\/07\/emergenciaclimatica_guia-36x36.png 36w, https:\/\/www.entrepobles.org\/repositoriweb\/wp-content\/uploads\/2025\/07\/emergenciaclimatica_guia-300x300.png 300w, https:\/\/www.entrepobles.org\/repositoriweb\/wp-content\/uploads\/2025\/07\/emergenciaclimatica_guia.png 763w\" sizes=\"auto, (max-width: 180px) 100vw, 180px\" \/><span class=\"iconfont\" aria-hidden='true' data-av_icon='\ue836' data-av_iconfont='entypo-fontello'><\/span><\/a><\/div><div class='entry-content-wrapper clearfix standard-content'><header class=\"entry-content-header\"><div class=\"formato\"><div class=\"Guiesdidctiques\">Guies did\u00e0ctiques<\/div><div class=\"clearfix\"><\/div><\/div><div class=\"clearfix\"><\/div><div class=\"temas\"><div class=\"Ecologismesocial term-59\">Ecologisme social<\/div><div class=\"clearfix\"><\/div><\/div><div class=\"clearfix\"><\/div><\/span><h2 class='post-title entry-title '  itemprop=\"headline\" >\t<a href='https:\/\/www.entrepobles.org\/repositoriweb\/publicaciones\/guia-de-emergencia-climatica-una-propuesta-educativa-para-1o-y-2o-eso\/' rel='bookmark' title='Permanent Link: Gu\u00eda de Emergencia Clim\u00e1tica: Una propuesta educativa para 1\u00ba y 2\u00ba ESO'>Gu\u00eda de Emergencia Clim\u00e1tica: Una propuesta educativa para 1\u00ba y 2\u00ba ESO\t\t\t<span class='post-format-icon minor-meta'><\/span>\t<\/a><\/h2><\/header><div class=\"entry-content\"  itemprop=\"text\" ><p>En los \u00faltimos a\u00f1os, dada la situaci\u00f3n de emergencia clim\u00e1tica en la que nos encontramos, venimos preparando gu\u00edas para impulsar este tipo de educaci\u00f3n\u2026<\/p>\n<div class=\"read-more-link\"><a href=\"https:\/\/www.entrepobles.org\/repositoriweb\/publicaciones\/guia-de-emergencia-climatica-una-propuesta-educativa-para-1o-y-2o-eso\/\" class=\"more-link\">Llegir m\u00e9s<span class=\"more-link-arrow\">  &rarr;<\/span><\/a><\/div>\n<\/div><footer class=\"entry-footer\"><\/footer><div class='post_delimiter'><\/div><\/div><div class='post_author_timeline'><\/div><\/article><article class='post-entry post-entry-type-standard post-entry-42637 post-loop-4 post-parity-even single-small post proyecto publicacion with-slider post-42637 publicaciones type-publicaciones status-publish has-post-thumbnail hentry category-feminismes category-proteccio-a-defensores-dd-hh category-publicacions'  itemscope=\"itemscope\" itemtype=\"https:\/\/schema.org\/CreativeWork\" ><div class='blog-meta'><a href='https:\/\/www.entrepobles.org\/repositoriweb\/publicaciones\/podcast-desmantelando-el-salto\/' class='small-preview' title='Podcast &#8220;Desmantelando&#8221; en col\u00b7laboraci\u00f3 amb El Salto'><img loading=\"lazy\" decoding=\"async\" width=\"180\" height=\"180\" src=\"https:\/\/www.entrepobles.org\/repositoriweb\/wp-content\/uploads\/2025\/05\/desmantelando_horizontal-1-180x180.jpg\" class=\"wp-image-42642 avia-img-lazy-loading-42642 attachment-square size-square wp-post-image\" alt=\"\" srcset=\"https:\/\/www.entrepobles.org\/repositoriweb\/wp-content\/uploads\/2025\/05\/desmantelando_horizontal-1-180x180.jpg 180w, https:\/\/www.entrepobles.org\/repositoriweb\/wp-content\/uploads\/2025\/05\/desmantelando_horizontal-1-80x80.jpg 80w, https:\/\/www.entrepobles.org\/repositoriweb\/wp-content\/uploads\/2025\/05\/desmantelando_horizontal-1-36x36.jpg 36w, https:\/\/www.entrepobles.org\/repositoriweb\/wp-content\/uploads\/2025\/05\/desmantelando_horizontal-1-300x300.jpg 300w\" sizes=\"auto, (max-width: 180px) 100vw, 180px\" \/><span class=\"iconfont\" aria-hidden='true' data-av_icon='\ue836' data-av_iconfont='entypo-fontello'><\/span><\/a><\/div><div class='entry-content-wrapper clearfix standard-content'><header class=\"entry-content-header\"><div class=\"temas\"><div class=\"Feminismes term-66\">Feminismes<\/div><div class=\"ProtecciadefensoresDDHH term-71\">Protecci\u00f3 a defensores DD.HH.<\/div><div class=\"clearfix\"><\/div><\/div><div class=\"clearfix\"><\/div><\/span><h2 class='post-title entry-title '  itemprop=\"headline\" >\t<a href='https:\/\/www.entrepobles.org\/repositoriweb\/publicaciones\/podcast-desmantelando-el-salto\/' rel='bookmark' title='Permanent Link: Podcast &#8220;Desmantelando&#8221; en col\u00b7laboraci\u00f3 amb El Salto'>Podcast &#8220;Desmantelando&#8221; en col\u00b7laboraci\u00f3 amb El Salto\t\t\t<span class='post-format-icon minor-meta'><\/span>\t<\/a><\/h2><\/header><div class=\"entry-content\"  itemprop=\"text\" ><p>Des d&#8217;Entrepobles hem co-creat el nou p\u00f2dcast &#8220;Desmantelando&#8221; al costat del Salt i la periodista Berta Camprub\u00ed. Desmantelando \u00e9s\u2026<\/p>\n<div class=\"read-more-link\"><a href=\"https:\/\/www.entrepobles.org\/repositoriweb\/publicaciones\/podcast-desmantelando-el-salto\/\" class=\"more-link\">Llegir m\u00e9s<span class=\"more-link-arrow\">  &rarr;<\/span><\/a><\/div>\n<\/div><footer class=\"entry-footer\"><\/footer><div class='post_delimiter'><\/div><\/div><div class='post_author_timeline'><\/div><\/article><article class='post-entry post-entry-type-standard post-entry-42730 post-loop-5 post-parity-odd single-small post proyecto publicacion with-slider post-42730 publicaciones type-publicaciones status-publish has-post-thumbnail hentry category-defensa-del-territori category-ecologisme-social category-educacio-emancipatoria category-feminismes category-publicacions category-revistes-i-butlletins category-territoris'  itemscope=\"itemscope\" itemtype=\"https:\/\/schema.org\/CreativeWork\" ><div class='blog-meta'><a href='https:\/\/www.entrepobles.org\/repositoriweb\/publicaciones\/revista-83-castellano\/' class='small-preview' title='Screenshot'><img loading=\"lazy\" decoding=\"async\" width=\"180\" height=\"180\" src=\"https:\/\/www.entrepobles.org\/repositoriweb\/wp-content\/uploads\/2025\/04\/revista83_entrepueblos_portada-180x180.jpg\" class=\"wp-image-42396 avia-img-lazy-loading-42396 attachment-square size-square wp-post-image\" alt=\"\" srcset=\"https:\/\/www.entrepobles.org\/repositoriweb\/wp-content\/uploads\/2025\/04\/revista83_entrepueblos_portada-180x180.jpg 180w, https:\/\/www.entrepobles.org\/repositoriweb\/wp-content\/uploads\/2025\/04\/revista83_entrepueblos_portada-80x80.jpg 80w, https:\/\/www.entrepobles.org\/repositoriweb\/wp-content\/uploads\/2025\/04\/revista83_entrepueblos_portada-36x36.jpg 36w, https:\/\/www.entrepobles.org\/repositoriweb\/wp-content\/uploads\/2025\/04\/revista83_entrepueblos_portada-300x300.jpg 300w\" sizes=\"auto, (max-width: 180px) 100vw, 180px\" \/><span class=\"iconfont\" aria-hidden='true' data-av_icon='\ue836' data-av_iconfont='entypo-fontello'><\/span><\/a><\/div><div class='entry-content-wrapper clearfix standard-content'><header class=\"entry-content-header\"><div class=\"formato\"><div class=\"Revistesibutlletins\">Revistes i butlletins<\/div><div class=\"clearfix\"><\/div><\/div><div class=\"clearfix\"><\/div><div class=\"temas\"><div class=\"Defensadelterritori term-58\">Defensa del territori<\/div><div class=\"Ecologismesocial term-59\">Ecologisme social<\/div><div class=\"Educaciemancipatria term-61\">Educaci\u00f3 emancipat\u00f2ria<\/div><div class=\"Feminismes term-66\">Feminismes<\/div><div class=\"clearfix\"><\/div><\/div><div class=\"clearfix\"><\/div><\/span><h2 class='post-title entry-title '  itemprop=\"headline\" >\t<a href='https:\/\/www.entrepobles.org\/repositoriweb\/publicaciones\/revista-83-castellano\/' rel='bookmark' title='Permanent Link: Revista 83: An\u00e1lisis de Alberto Acosta sobre Ecuador; resistencias clim\u00e1ticas desde El Salvador a Val\u00e8ncia; feminismos de Abya Yala; justicia para las mujeres de Manta y mucho m\u00e1s&#8230;'>Revista 83: An\u00e1lisis de Alberto Acosta sobre Ecuador; resistencias clim\u00e1ticas desde El Salvador a Val\u00e8ncia; feminismos de Abya Yala; justicia para las mujeres de Manta y mucho m\u00e1s&#8230;\t\t\t<span class='post-format-icon minor-meta'><\/span>\t<\/a><\/h2><\/header><div class=\"entry-content\"  itemprop=\"text\" ><p>Ya est\u00e1 disponible el nuevo n\u00famero 83 de la Revista Entrepueblos, que se abre con un an\u00e1lisis urgente del economista Alberto Acosta sobre la coyuntura\u2026<\/p>\n<div class=\"read-more-link\"><a href=\"https:\/\/www.entrepobles.org\/repositoriweb\/publicaciones\/revista-83-castellano\/\" class=\"more-link\">Llegir m\u00e9s<span class=\"more-link-arrow\">  &rarr;<\/span><\/a><\/div>\n<\/div><footer class=\"entry-footer\"><\/footer><div class='post_delimiter'><\/div><\/div><div class='post_author_timeline'><\/div><\/article><article class='post-entry post-entry-type-standard post-entry-41964 post-loop-6 post-parity-even single-small post proyecto publicacion with-slider post-41964 publicaciones type-publicaciones status-publish has-post-thumbnail hentry category-defensa-del-territori category-feminismes category-multinacionals-i-tractats category-proteccio-a-defensores-dd-hh category-publicacions'  itemscope=\"itemscope\" itemtype=\"https:\/\/schema.org\/CreativeWork\" ><div class='blog-meta'><a href='https:\/\/www.entrepobles.org\/repositoriweb\/publicaciones\/segunda-gira-yasunicemos-el-mundo-de-la-ecotopia-a-la-realidad\/' class='small-preview' title='Segunda gira Yasunicemos el Mundo: de la ecotop\u00eda a la realidad'><img loading=\"lazy\" decoding=\"async\" width=\"180\" height=\"180\" src=\"https:\/\/www.entrepobles.org\/repositoriweb\/wp-content\/uploads\/2025\/03\/Encontro-Galiza-Ecuador-Defensoras-do-territorio-ELAS-PARAN-O-ESPOLIO-22-outubro-2024-19.00h-180x180.png\" class=\"wp-image-41956 avia-img-lazy-loading-41956 attachment-square size-square wp-post-image\" alt=\"\" srcset=\"https:\/\/www.entrepobles.org\/repositoriweb\/wp-content\/uploads\/2025\/03\/Encontro-Galiza-Ecuador-Defensoras-do-territorio-ELAS-PARAN-O-ESPOLIO-22-outubro-2024-19.00h-180x180.png 180w, https:\/\/www.entrepobles.org\/repositoriweb\/wp-content\/uploads\/2025\/03\/Encontro-Galiza-Ecuador-Defensoras-do-territorio-ELAS-PARAN-O-ESPOLIO-22-outubro-2024-19.00h-300x300.png 300w, https:\/\/www.entrepobles.org\/repositoriweb\/wp-content\/uploads\/2025\/03\/Encontro-Galiza-Ecuador-Defensoras-do-territorio-ELAS-PARAN-O-ESPOLIO-22-outubro-2024-19.00h-1030x1030.png 1030w, https:\/\/www.entrepobles.org\/repositoriweb\/wp-content\/uploads\/2025\/03\/Encontro-Galiza-Ecuador-Defensoras-do-territorio-ELAS-PARAN-O-ESPOLIO-22-outubro-2024-19.00h-80x80.png 80w, https:\/\/www.entrepobles.org\/repositoriweb\/wp-content\/uploads\/2025\/03\/Encontro-Galiza-Ecuador-Defensoras-do-territorio-ELAS-PARAN-O-ESPOLIO-22-outubro-2024-19.00h-768x768.png 768w, https:\/\/www.entrepobles.org\/repositoriweb\/wp-content\/uploads\/2025\/03\/Encontro-Galiza-Ecuador-Defensoras-do-territorio-ELAS-PARAN-O-ESPOLIO-22-outubro-2024-19.00h-36x36.png 36w, https:\/\/www.entrepobles.org\/repositoriweb\/wp-content\/uploads\/2025\/03\/Encontro-Galiza-Ecuador-Defensoras-do-territorio-ELAS-PARAN-O-ESPOLIO-22-outubro-2024-19.00h-705x705.png 705w, https:\/\/www.entrepobles.org\/repositoriweb\/wp-content\/uploads\/2025\/03\/Encontro-Galiza-Ecuador-Defensoras-do-territorio-ELAS-PARAN-O-ESPOLIO-22-outubro-2024-19.00h.png 1080w\" sizes=\"auto, (max-width: 180px) 100vw, 180px\" \/><span class=\"iconfont\" aria-hidden='true' data-av_icon='\ue836' data-av_iconfont='entypo-fontello'><\/span><\/a><\/div><div class='entry-content-wrapper clearfix standard-content'><header class=\"entry-content-header\"><div class=\"temas\"><div class=\"Defensadelterritori term-58\">Defensa del territori<\/div><div class=\"Feminismes term-66\">Feminismes<\/div><div class=\"Multinacionalsitractats term-69\">Multinacionals i tractats<\/div><div class=\"ProtecciadefensoresDDHH term-71\">Protecci\u00f3 a defensores DD.HH.<\/div><div class=\"clearfix\"><\/div><\/div><div class=\"clearfix\"><\/div><\/span><h2 class='post-title entry-title '  itemprop=\"headline\" >\t<a href='https:\/\/www.entrepobles.org\/repositoriweb\/publicaciones\/segunda-gira-yasunicemos-el-mundo-de-la-ecotopia-a-la-realidad\/' rel='bookmark' title='Permanent Link: Segunda gira Yasunicemos el Mundo: de la ecotop\u00eda a la realidad'>Segunda gira Yasunicemos el Mundo: de la ecotop\u00eda a la realidad\t\t\t<span class='post-format-icon minor-meta'><\/span>\t<\/a><\/h2><\/header><div class=\"entry-content\"  itemprop=\"text\" ><p>Durante octubre de 2024 desde la Asociaci\u00f3n Entrepueblos organizamos la Gira europea &#8220;Yasunicemos el Mundo: de la ecotop\u00eda a la realidad&#8221;.\u2026<\/p>\n<div class=\"read-more-link\"><a href=\"https:\/\/www.entrepobles.org\/repositoriweb\/publicaciones\/segunda-gira-yasunicemos-el-mundo-de-la-ecotopia-a-la-realidad\/\" class=\"more-link\">Llegir m\u00e9s<span class=\"more-link-arrow\">  &rarr;<\/span><\/a><\/div>\n<\/div><footer class=\"entry-footer\"><\/footer><div class='post_delimiter'><\/div><\/div><div class='post_author_timeline'><\/div><\/article><article class='post-entry post-entry-type-standard post-entry-41641 post-loop-7 post-parity-odd single-small post proyecto publicacion with-slider post-41641 publicaciones type-publicaciones status-publish has-post-thumbnail hentry category-defensa-del-territori category-ecologisme-social category-sobirania-alimentaria category-temas-ca'  itemscope=\"itemscope\" itemtype=\"https:\/\/schema.org\/CreativeWork\" ><div class='blog-meta'><a href='https:\/\/www.entrepobles.org\/repositoriweb\/publicaciones\/50-graus-volum-2-alternatives-reals-emergencia-climatica\/' class='small-preview' title='Documental 50\u00b0C volum II'><img loading=\"lazy\" decoding=\"async\" width=\"180\" height=\"180\" src=\"https:\/\/www.entrepobles.org\/repositoriweb\/wp-content\/uploads\/2025\/02\/50oc_documental_entrepobles-180x180.png\" class=\"wp-image-41642 avia-img-lazy-loading-41642 attachment-square size-square wp-post-image\" alt=\"\" srcset=\"https:\/\/www.entrepobles.org\/repositoriweb\/wp-content\/uploads\/2025\/02\/50oc_documental_entrepobles-180x180.png 180w, https:\/\/www.entrepobles.org\/repositoriweb\/wp-content\/uploads\/2025\/02\/50oc_documental_entrepobles-80x80.png 80w, https:\/\/www.entrepobles.org\/repositoriweb\/wp-content\/uploads\/2025\/02\/50oc_documental_entrepobles-36x36.png 36w, https:\/\/www.entrepobles.org\/repositoriweb\/wp-content\/uploads\/2025\/02\/50oc_documental_entrepobles-300x300.png 300w\" sizes=\"auto, (max-width: 180px) 100vw, 180px\" \/><span class=\"iconfont\" aria-hidden='true' data-av_icon='\ue836' data-av_iconfont='entypo-fontello'><\/span><\/a><\/div><div class='entry-content-wrapper clearfix standard-content'><header class=\"entry-content-header\"><div class=\"temas\"><div class=\"Defensadelterritori term-58\">Defensa del territori<\/div><div class=\"Ecologismesocial term-59\">Ecologisme social<\/div><div class=\"Sobiraniaalimentria term-73\">Sobirania aliment\u00e0ria<\/div><div class=\"clearfix\"><\/div><\/div><div class=\"clearfix\"><\/div><\/span><h2 class='post-title entry-title '  itemprop=\"headline\" >\t<a href='https:\/\/www.entrepobles.org\/repositoriweb\/publicaciones\/50-graus-volum-2-alternatives-reals-emergencia-climatica\/' rel='bookmark' title='Permanent Link: Documental 50\u00b0C volum II'>Documental 50\u00b0C volum II\t\t\t<span class='post-format-icon minor-meta'><\/span>\t<\/a><\/h2><\/header><div class=\"entry-content\"  itemprop=\"text\" ><p>50\u00b0C volum II ens porta m\u00e9s enll\u00e0 del diagn\u00f2stic de l\u2019emerg\u00e8ncia clim\u00e0tica, amb els seus impactes cada cop m\u00e9s freq\u00fcents, com les sequeres, les\u2026<\/p>\n<div class=\"read-more-link\"><a href=\"https:\/\/www.entrepobles.org\/repositoriweb\/publicaciones\/50-graus-volum-2-alternatives-reals-emergencia-climatica\/\" class=\"more-link\">Llegir m\u00e9s<span class=\"more-link-arrow\">  &rarr;<\/span><\/a><\/div>\n<\/div><footer class=\"entry-footer\"><\/footer><div class='post_delimiter'><\/div><\/div><div class='post_author_timeline'><\/div><\/article><article class='post-entry post-entry-type-standard post-entry-41400 post-loop-8 post-parity-even single-small post proyecto publicacion with-slider post-41400 publicaciones type-publicaciones status-publish has-post-thumbnail hentry category-publicacions'  itemscope=\"itemscope\" itemtype=\"https:\/\/schema.org\/CreativeWork\" ><div class='blog-meta'><a href='https:\/\/www.entrepobles.org\/repositoriweb\/publicaciones\/contruint-alternatives-ecosocials-i-feministes\/' class='small-preview' title='Construint alternatives ecosocials i feministes'><img loading=\"lazy\" decoding=\"async\" width=\"180\" height=\"180\" src=\"https:\/\/www.entrepobles.org\/repositoriweb\/wp-content\/uploads\/2025\/02\/1_intro_logos_todos-01-180x180.jpg\" class=\"wp-image-41413 avia-img-lazy-loading-41413 attachment-square size-square wp-post-image\" alt=\"\" srcset=\"https:\/\/www.entrepobles.org\/repositoriweb\/wp-content\/uploads\/2025\/02\/1_intro_logos_todos-01-180x180.jpg 180w, https:\/\/www.entrepobles.org\/repositoriweb\/wp-content\/uploads\/2025\/02\/1_intro_logos_todos-01-300x300.jpg 300w, https:\/\/www.entrepobles.org\/repositoriweb\/wp-content\/uploads\/2025\/02\/1_intro_logos_todos-01-80x80.jpg 80w, https:\/\/www.entrepobles.org\/repositoriweb\/wp-content\/uploads\/2025\/02\/1_intro_logos_todos-01-768x768.jpg 768w, https:\/\/www.entrepobles.org\/repositoriweb\/wp-content\/uploads\/2025\/02\/1_intro_logos_todos-01-36x36.jpg 36w, https:\/\/www.entrepobles.org\/repositoriweb\/wp-content\/uploads\/2025\/02\/1_intro_logos_todos-01-705x705.jpg 705w, https:\/\/www.entrepobles.org\/repositoriweb\/wp-content\/uploads\/2025\/02\/1_intro_logos_todos-01.jpg 886w\" sizes=\"auto, (max-width: 180px) 100vw, 180px\" \/><span class=\"iconfont\" aria-hidden='true' data-av_icon='\ue836' data-av_iconfont='entypo-fontello'><\/span><\/a><\/div><div class='entry-content-wrapper clearfix standard-content'><header class=\"entry-content-header\"><\/span><h2 class='post-title entry-title '  itemprop=\"headline\" >\t<a href='https:\/\/www.entrepobles.org\/repositoriweb\/publicaciones\/contruint-alternatives-ecosocials-i-feministes\/' rel='bookmark' title='Permanent Link: Construint alternatives ecosocials i feministes'>Construint alternatives ecosocials i feministes\t\t\t<span class='post-format-icon minor-meta'><\/span>\t<\/a><\/h2><\/header><div class=\"entry-content\"  itemprop=\"text\" ><p>Des d&#8217;Entrepobles tenim com a objectiu accelerar l\u2019acci\u00f3 pol\u00edtica per a una transici\u00f3 ecosocial a Barcelona amb una visi\u00f3 que s\u2019est\u00e9n a\u2026<\/p>\n<div class=\"read-more-link\"><a href=\"https:\/\/www.entrepobles.org\/repositoriweb\/publicaciones\/contruint-alternatives-ecosocials-i-feministes\/\" class=\"more-link\">Llegir m\u00e9s<span class=\"more-link-arrow\">  &rarr;<\/span><\/a><\/div>\n<\/div><footer class=\"entry-footer\"><\/footer><div class='post_delimiter'><\/div><\/div><div class='post_author_timeline'><\/div><\/article><article class='post-entry post-entry-type-standard post-entry-41133 post-loop-9 post-parity-odd single-small post proyecto publicacion with-slider post-41133 publicaciones type-publicaciones status-publish has-post-thumbnail hentry category-feminismes category-multinacionals-i-tractats category-proteccio-a-defensores-dd-hh category-publicacions'  itemscope=\"itemscope\" itemtype=\"https:\/\/schema.org\/CreativeWork\" ><div class='blog-meta'><a href='https:\/\/www.entrepobles.org\/repositoriweb\/publicaciones\/relatoria-de-les-jornades-drets-humans-i-pau-en-lamerica-central\/' class='small-preview' title='Relatoria de les jornades Drets humans i pau en l&#8217;Am\u00e8rica Central'><img loading=\"lazy\" decoding=\"async\" width=\"180\" height=\"180\" src=\"https:\/\/www.entrepobles.org\/repositoriweb\/wp-content\/uploads\/2024\/12\/relatoria_taulaxcentreamerica-180x180.png\" class=\"wp-image-41138 avia-img-lazy-loading-41138 attachment-square size-square wp-post-image\" alt=\"\" srcset=\"https:\/\/www.entrepobles.org\/repositoriweb\/wp-content\/uploads\/2024\/12\/relatoria_taulaxcentreamerica-180x180.png 180w, https:\/\/www.entrepobles.org\/repositoriweb\/wp-content\/uploads\/2024\/12\/relatoria_taulaxcentreamerica-80x80.png 80w, https:\/\/www.entrepobles.org\/repositoriweb\/wp-content\/uploads\/2024\/12\/relatoria_taulaxcentreamerica-36x36.png 36w, https:\/\/www.entrepobles.org\/repositoriweb\/wp-content\/uploads\/2024\/12\/relatoria_taulaxcentreamerica-300x300.png 300w\" sizes=\"auto, (max-width: 180px) 100vw, 180px\" \/><span class=\"iconfont\" aria-hidden='true' data-av_icon='\ue836' data-av_iconfont='entypo-fontello'><\/span><\/a><\/div><div class='entry-content-wrapper clearfix standard-content'><header class=\"entry-content-header\"><div class=\"temas\"><div class=\"Feminismes term-66\">Feminismes<\/div><div class=\"Multinacionalsitractats term-69\">Multinacionals i tractats<\/div><div class=\"ProtecciadefensoresDDHH term-71\">Protecci\u00f3 a defensores DD.HH.<\/div><div class=\"clearfix\"><\/div><\/div><div class=\"clearfix\"><\/div><\/span><h2 class='post-title entry-title '  itemprop=\"headline\" >\t<a href='https:\/\/www.entrepobles.org\/repositoriweb\/publicaciones\/relatoria-de-les-jornades-drets-humans-i-pau-en-lamerica-central\/' rel='bookmark' title='Permanent Link: Relatoria de les jornades Drets humans i pau en l&#8217;Am\u00e8rica Central'>Relatoria de les jornades Drets humans i pau en l&#8217;Am\u00e8rica Central\t\t\t<span class='post-format-icon minor-meta'><\/span>\t<\/a><\/h2><\/header><div class=\"entry-content\"  itemprop=\"text\" ><p>Ja tenim disponible la relatoria de les jornades sobre els reptes que afronta Centream\u00e8rica, organitzades a Barcelona amb la nova Taula Catalana pels\u2026<\/p>\n<div class=\"read-more-link\"><a href=\"https:\/\/www.entrepobles.org\/repositoriweb\/publicaciones\/relatoria-de-les-jornades-drets-humans-i-pau-en-lamerica-central\/\" class=\"more-link\">Llegir m\u00e9s<span class=\"more-link-arrow\">  &rarr;<\/span><\/a><\/div>\n<\/div><footer class=\"entry-footer\"><\/footer><div class='post_delimiter'><\/div><\/div><div class='post_author_timeline'><\/div><\/article><article class='post-entry post-entry-type-standard post-entry-40971 post-loop-10 post-parity-even post-entry-last single-small post proyecto publicacion with-slider post-40971 publicaciones type-publicaciones status-publish has-post-thumbnail hentry category-publicacions category-revistes-i-butlletins'  itemscope=\"itemscope\" itemtype=\"https:\/\/schema.org\/CreativeWork\" ><div class='blog-meta'><a href='https:\/\/www.entrepobles.org\/repositoriweb\/publicaciones\/revista-82-cat\/' class='small-preview' title='Revista 82: L&#8217;assasinat de Juan L\u00f3pez, defensor del medi ambient; Segona Gira Yasunitzem el M\u00f3n; Dona\u2019m Cine culmina amb \u00e8xit la seva VI edici\u00f3; entrevista a Mujeres de Frente i molt m\u00e9s'><img loading=\"lazy\" decoding=\"async\" width=\"180\" height=\"180\" src=\"https:\/\/www.entrepobles.org\/repositoriweb\/wp-content\/uploads\/2024\/12\/kaqla_revista82-180x180.png\" class=\"wp-image-40989 avia-img-lazy-loading-40989 attachment-square size-square wp-post-image\" alt=\"\" srcset=\"https:\/\/www.entrepobles.org\/repositoriweb\/wp-content\/uploads\/2024\/12\/kaqla_revista82-180x180.png 180w, https:\/\/www.entrepobles.org\/repositoriweb\/wp-content\/uploads\/2024\/12\/kaqla_revista82-80x80.png 80w, https:\/\/www.entrepobles.org\/repositoriweb\/wp-content\/uploads\/2024\/12\/kaqla_revista82-36x36.png 36w, https:\/\/www.entrepobles.org\/repositoriweb\/wp-content\/uploads\/2024\/12\/kaqla_revista82-300x300.png 300w\" sizes=\"auto, (max-width: 180px) 100vw, 180px\" \/><span class=\"iconfont\" aria-hidden='true' data-av_icon='\ue836' data-av_iconfont='entypo-fontello'><\/span><\/a><\/div><div class='entry-content-wrapper clearfix standard-content'><header class=\"entry-content-header\"><div class=\"formato\"><div class=\"Revistesibutlletins\">Revistes i butlletins<\/div><div class=\"clearfix\"><\/div><\/div><div class=\"clearfix\"><\/div><\/span><h2 class='post-title entry-title '  itemprop=\"headline\" >\t<a href='https:\/\/www.entrepobles.org\/repositoriweb\/publicaciones\/revista-82-cat\/' rel='bookmark' title='Permanent Link: Revista 82: L&#8217;assasinat de Juan L\u00f3pez, defensor del medi ambient; Segona Gira Yasunitzem el M\u00f3n; Dona\u2019m Cine culmina amb \u00e8xit la seva VI edici\u00f3; entrevista a Mujeres de Frente i molt m\u00e9s'>Revista 82: L&#8217;assasinat de Juan L\u00f3pez, defensor del medi ambient; Segona Gira Yasunitzem el M\u00f3n; Dona\u2019m Cine culmina amb \u00e8xit la seva VI edici\u00f3; entrevista a Mujeres de Frente i molt m\u00e9s\t\t\t<span class='post-format-icon minor-meta'><\/span>\t<\/a><\/h2><\/header><div class=\"entry-content\"  itemprop=\"text\" ><p>Ja tenim la nova revista n\u00famero 82 d&#8217;Entrepobles que inclou una an\u00e0lisi sobre l&#8217;assassinat de Juan L\u00f3pez, les fites i compromisos de la\u2026<\/p>\n<div class=\"read-more-link\"><a href=\"https:\/\/www.entrepobles.org\/repositoriweb\/publicaciones\/revista-82-cat\/\" class=\"more-link\">Llegir m\u00e9s<span class=\"more-link-arrow\">  &rarr;<\/span><\/a><\/div>\n<\/div><footer class=\"entry-footer\"><\/footer><div class='post_delimiter'><\/div><\/div><div class='post_author_timeline'><\/div><\/article><div><a href='https:\/\/www.entrepobles.org\/repositoriweb\/wp-json\/wp\/v2\/pages\/5379\/page\/2\/' class='load-more'>VEURE'N M\u00c9S<\/a><\/div><\/div><\/p><\/div>\n","protected":false},"excerpt":{"rendered":"","protected":false},"author":9,"featured_media":0,"parent":0,"menu_order":0,"comment_status":"closed","ping_status":"closed","template":"","meta":{"_acf_changed":false,"_price":"","_stock":"","_tribe_ticket_header":"","_tribe_default_ticket_provider":"","_tribe_ticket_capacity":"0","_ticket_start_date":"","_ticket_end_date":"","_tribe_ticket_show_description":"","_tribe_ticket_show_not_going":false,"_tribe_ticket_use_global_stock":"","_tribe_ticket_global_stock_level":"","_global_stock_mode":"","_global_stock_cap":"","_tribe_rsvp_for_event":"","_tribe_ticket_going_count":"","_tribe_ticket_not_going_count":"","_tribe_tickets_list":"[]","_tribe_ticket_has_attendee_info_fields":false,"footnotes":"","_tec_slr_enabled":"","_tec_slr_layout":""},"class_list":["post-5379","page","type-page","status-publish","hentry"],"acf":[],"yoast_head":"<!-- This site is optimized with the Yoast SEO plugin v25.0 - https:\/\/yoast.com\/wordpress\/plugins\/seo\/ -->\n<title>PUBLICACIONS - Entrepueblos<\/title>\n<meta name=\"robots\" content=\"index, follow, max-snippet:-1, max-image-preview:large, max-video-preview:-1\" \/>\n<link rel=\"canonical\" href=\"https:\/\/www.entrepobles.org\/repositoriweb\/publicacions\/\" \/>\n<meta property=\"og:locale\" content=\"ca_ES\" \/>\n<meta property=\"og:type\" content=\"article\" \/>\n<meta property=\"og:title\" content=\"PUBLICACIONS - Entrepueblos\" \/>\n<meta property=\"og:url\" content=\"https:\/\/www.entrepobles.org\/repositoriweb\/publicacions\/\" \/>\n<meta property=\"og:site_name\" content=\"Entrepueblos\" \/>\n<meta property=\"article:modified_time\" content=\"2018-10-17T22:21:16+00:00\" \/>\n<meta name=\"twitter:card\" content=\"summary_large_image\" \/>\n<meta name=\"twitter:label1\" content=\"Temps estimat de lectura\" \/>\n\t<meta name=\"twitter:data1\" content=\"3 minuts\" \/>\n<script type=\"application\/ld+json\" class=\"yoast-schema-graph\">{\"@context\":\"https:\/\/schema.org\",\"@graph\":[{\"@type\":\"WebPage\",\"@id\":\"https:\/\/www.entrepobles.org\/repositoriweb\/publicacions\/\",\"url\":\"https:\/\/www.entrepobles.org\/repositoriweb\/publicacions\/\",\"name\":\"PUBLICACIONS - Entrepueblos\",\"isPartOf\":{\"@id\":\"https:\/\/www.entrepueblos.org\/repositoriweb\/#website\"},\"datePublished\":\"2018-06-19T12:33:05+00:00\",\"dateModified\":\"2018-10-17T22:21:16+00:00\",\"breadcrumb\":{\"@id\":\"https:\/\/www.entrepobles.org\/repositoriweb\/publicacions\/#breadcrumb\"},\"inLanguage\":\"ca\",\"potentialAction\":[{\"@type\":\"ReadAction\",\"target\":[\"https:\/\/www.entrepobles.org\/repositoriweb\/publicacions\/\"]}]},{\"@type\":\"BreadcrumbList\",\"@id\":\"https:\/\/www.entrepobles.org\/repositoriweb\/publicacions\/#breadcrumb\",\"itemListElement\":[{\"@type\":\"ListItem\",\"position\":1,\"name\":\"Portada\",\"item\":\"https:\/\/www.entrepobles.org\/repositoriweb\/\"},{\"@type\":\"ListItem\",\"position\":2,\"name\":\"PUBLICACIONS\"}]},{\"@type\":\"WebSite\",\"@id\":\"https:\/\/www.entrepueblos.org\/repositoriweb\/#website\",\"url\":\"https:\/\/www.entrepueblos.org\/repositoriweb\/\",\"name\":\"Entrepueblos\",\"description\":\"Cooperaci\u00f3n pueblo a pueblo\",\"potentialAction\":[{\"@type\":\"SearchAction\",\"target\":{\"@type\":\"EntryPoint\",\"urlTemplate\":\"https:\/\/www.entrepueblos.org\/repositoriweb\/?s={search_term_string}\"},\"query-input\":{\"@type\":\"PropertyValueSpecification\",\"valueRequired\":true,\"valueName\":\"search_term_string\"}}],\"inLanguage\":\"ca\"}]}<\/script>\n<!-- \/ Yoast SEO plugin. -->","yoast_head_json":{"title":"PUBLICACIONS - Entrepueblos","robots":{"index":"index","follow":"follow","max-snippet":"max-snippet:-1","max-image-preview":"max-image-preview:large","max-video-preview":"max-video-preview:-1"},"canonical":"https:\/\/www.entrepobles.org\/repositoriweb\/publicacions\/","og_locale":"ca_ES","og_type":"article","og_title":"PUBLICACIONS - Entrepueblos","og_url":"https:\/\/www.entrepobles.org\/repositoriweb\/publicacions\/","og_site_name":"Entrepueblos","article_modified_time":"2018-10-17T22:21:16+00:00","twitter_card":"summary_large_image","twitter_misc":{"Temps estimat de lectura":"3 minuts"},"schema":{"@context":"https:\/\/schema.org","@graph":[{"@type":"WebPage","@id":"https:\/\/www.entrepobles.org\/repositoriweb\/publicacions\/","url":"https:\/\/www.entrepobles.org\/repositoriweb\/publicacions\/","name":"PUBLICACIONS - Entrepueblos","isPartOf":{"@id":"https:\/\/www.entrepueblos.org\/repositoriweb\/#website"},"datePublished":"2018-06-19T12:33:05+00:00","dateModified":"2018-10-17T22:21:16+00:00","breadcrumb":{"@id":"https:\/\/www.entrepobles.org\/repositoriweb\/publicacions\/#breadcrumb"},"inLanguage":"ca","potentialAction":[{"@type":"ReadAction","target":["https:\/\/www.entrepobles.org\/repositoriweb\/publicacions\/"]}]},{"@type":"BreadcrumbList","@id":"https:\/\/www.entrepobles.org\/repositoriweb\/publicacions\/#breadcrumb","itemListElement":[{"@type":"ListItem","position":1,"name":"Portada","item":"https:\/\/www.entrepobles.org\/repositoriweb\/"},{"@type":"ListItem","position":2,"name":"PUBLICACIONS"}]},{"@type":"WebSite","@id":"https:\/\/www.entrepueblos.org\/repositoriweb\/#website","url":"https:\/\/www.entrepueblos.org\/repositoriweb\/","name":"Entrepueblos","description":"Cooperaci\u00f3n pueblo a pueblo","potentialAction":[{"@type":"SearchAction","target":{"@type":"EntryPoint","urlTemplate":"https:\/\/www.entrepueblos.org\/repositoriweb\/?s={search_term_string}"},"query-input":{"@type":"PropertyValueSpecification","valueRequired":true,"valueName":"search_term_string"}}],"inLanguage":"ca"}]}},"ticketed":false,"_links":{"self":[{"href":"https:\/\/www.entrepobles.org\/repositoriweb\/wp-json\/wp\/v2\/pages\/5379","targetHints":{"allow":["GET"]}}],"collection":[{"href":"https:\/\/www.entrepobles.org\/repositoriweb\/wp-json\/wp\/v2\/pages"}],"about":[{"href":"https:\/\/www.entrepobles.org\/repositoriweb\/wp-json\/wp\/v2\/types\/page"}],"author":[{"embeddable":true,"href":"https:\/\/www.entrepobles.org\/repositoriweb\/wp-json\/wp\/v2\/users\/9"}],"replies":[{"embeddable":true,"href":"https:\/\/www.entrepobles.org\/repositoriweb\/wp-json\/wp\/v2\/comments?post=5379"}],"version-history":[{"count":5,"href":"https:\/\/www.entrepobles.org\/repositoriweb\/wp-json\/wp\/v2\/pages\/5379\/revisions"}],"predecessor-version":[{"id":8045,"href":"https:\/\/www.entrepobles.org\/repositoriweb\/wp-json\/wp\/v2\/pages\/5379\/revisions\/8045"}],"wp:attachment":[{"href":"https:\/\/www.entrepobles.org\/repositoriweb\/wp-json\/wp\/v2\/media?parent=5379"}],"curies":[{"name":"wp","href":"https:\/\/api.w.org\/{rel}","templated":true}]}}